{"id":116,"date":"2023-09-19T13:01:30","date_gmt":"2023-09-19T13:01:30","guid":{"rendered":"https:\/\/tvt.travelblox.eu\/?page_id=116"},"modified":"2026-04-27T09:41:53","modified_gmt":"2026-04-27T09:41:53","slug":"amalfi","status":"publish","type":"page","link":"https:\/\/tvt.travelblox.eu\/fr\/amalfi\/","title":{"rendered":"Amalfi"},"content":{"rendered":"<div class=\"tb-header tb-block align-center background-dark pattern-none variant-none\" id=\"header\" data-fallback-background=\"https:\/\/vz-2d98b19f-729.b-cdn.net\/bf50736c-33e8-47e1-ad1d-4a4ceff5e4d6\/thumbnail_0d806ca7.jpg\" style=\"background-image: url('https:\/\/vz-2d98b19f-729.b-cdn.net\/bf50736c-33e8-47e1-ad1d-4a4ceff5e4d6\/thumbnail_0d806ca7.jpg'); background-position:center;\">\n    <div class=\"tb-header-foreground\">\n        <div class=\"inner-block\">\n\n            <div class=\"main-part\">\n                <div class=\"text-part\">\n                                            <p>Le Vespa Trip<\/p>\n                                                                <h1 class=\"tb-title\">C\u00f4te Amalfitaine<\/h1>\n                                                                <h2 class=\"tb-subtitle\">\t\t<div class=\"translation-block\"><p>Un road trip en Vespa sur l'une des plus belles c\u00f4tes d'Italie<\/p><\/div>\n\t<\/h2>\n                                                                                            <div class=\"tb-properties\">\n                                                                    <div class=\"tb-property\">\n                                                                                    <div class=\"tb-property__icon\">\n                                                \t\t\t\t<i class=\"icon fa-solid fa-calendar-days\" aria-hidden=\"true\"><\/i>\n\t\t\t                                            <\/div>\n                                                                                <div class=\"tb-property__label\">\n                                            5 jours                                        <\/div>\n                                    <\/div>\n                                    <div class=\"tb-properties__divider\"><\/div>\n                                                                                                    <div class=\"tb-property\">\n                                                                                    <div class=\"tb-property__icon\">\n                                                \t\t\t\t<i class=\"icon fa-solid fa-bed-front\" aria-hidden=\"true\"><\/i>\n\t\t\t                                            <\/div>\n                                                                                <div class=\"tb-property__label\">\n                                            s\u00e9jour \u00e0 l'h\u00f4tel                                        <\/div>\n                                    <\/div>\n                                    <div class=\"tb-properties__divider\"><\/div>\n                                                                                                    <div class=\"tb-property\">\n                                                                                    <div class=\"tb-property__icon\">\n                                                \t\t\t\t<i class=\"icon fa-solid fa-person-simple\" aria-hidden=\"true\"><\/i>\n\t\t\t                                            <\/div>\n                                                                                <div class=\"tb-property__label\">\n                                            guid\u00e9 \/ autoguid\u00e9                                        <\/div>\n                                    <\/div>\n                                                            <\/div>\n                                                                                        <div class=\"tb-buttons-part\">\n                                                            \t\t<a href=\"#join\"  target=\"\" class=\"tb-button\">\n\t\t\tR\u00e9servez maintenant\t\t<\/a>\n\t\t                                                                                        \t\t<a href=\"#more-info\"  target=\"\" class=\"tb-buttonlink\">\n\t\t\tPlus d'infos\t\t<\/a>\n\t\t                                                    <\/div>\n                                                        <\/div>\n            <\/div>\n            \n                    <\/div>\n    <\/div>\n\n                        <div class=\"tb-header-background tb-header-background--has-iframe\">\n                        <iframe src=\"https:\/\/iframe.mediadelivery.net\/embed\/306445\/bf50736c-33e8-47e1-ad1d-4a4ceff5e4d6?autoplay=true&#038;preload=true&#038;loop=true&#038;responsive=true&#038;muted=true\" allow=\"accelerometer;gyroscope;encrypted-media;picture-in-picture;autoplay;muted;\" allowfullscreen=\"true\" style=\"border: none;\" loading=\"lazy\"><\/iframe>                    <\/div>\n    \n    \n        <nav class=\"tb-header__subnav\">\n            <div class=\"inner-block\">\n                <div class=\"tb-header__pagename\">\n                    Amalfi                <\/div>\n\n                <ul>\n                                            <li>\n                            <a href=\"#route\">Itin\u00e9raires<\/a>\n                        <\/li>\n\n                                            <li>\n                            <a href=\"#dayschedule\">Programme<\/a>\n                        <\/li>\n\n                                            <li>\n                            <a href=\"#yourstay-amalfi\">H\u00f4tel<\/a>\n                        <\/li>\n\n                                            <li>\n                            <a href=\"#practical\">D\u00e9tails<\/a>\n                        <\/li>\n\n                                            <li>\n                            <a href=\"#howtogetthere-1\">Transport<\/a>\n                        <\/li>\n\n                    \n                                                <li class=\"tb-header__subnav_cta\">\n                                <a href=\"#join\" class=\"tb-button\" >Dates &amp; prix<\/a>\n                            <\/li>\n                                    <\/ul>\n            <\/div>\n        <\/nav>\n\n    \n<\/div>\n\n\n<div class=\"tb-intro tb-block align-none background-light pattern-default variant-none tb-collapsible-margins\" id=\"intro\">\n    <div class=\"inner-block tb-fade-in tb-fade-in--subtle\">\n\n        \n\n        <div class=\"text-part content-part\">\n            <div class=\"title-meta-inclusive\">\n                <div class=\"title-and-meta\">\n                                            <div class=\"title-part\">\n                                                            <h3>Le Vespa Trip Amalfi<\/h3>\n                                                                                                                            <h5>\t\t<div class=\"translation-block\">Ressentez la magie de la c\u00f4te amalfitaine sur votre Vespa. Parcourez les routes en bord de falaise, fl\u00e2nez dans des villages pittoresques et plongez dans la v\u00e9ritable culture italienne.<\/div>\n\t<\/h5>\n                                                                                    <\/div>\n                                        <ul class=\"meta-data\">\n                                                    <li>\n                                <i class=\"fa fa-regular fa-tag\"><\/i>\n                                <span>\u00c0 partir de 640 \u20ac<\/span>\n                            <\/li>\n                                                                            <li>\n                                <i class=\"fa fa-regular fa-calendar\"><\/i>\n                                <span><p><a href=\"#join\">17 mai &#8211; 8 octobre<\/a><\/p>\n<\/span>\n                            <\/li>\n                                            <\/ul>\n                <\/div>\n                                    <div class=\"inclusive inclusive--has-overflow\">\n                                                    <h6>Inclus<\/h6>\n                                                <ul class=\"\">\n                                                            <li class=\"visible\">\n                                                                            \t\t\t\t<i class=\"icon fa-kit fa-tb-icon-hotel\" aria-hidden=\"true\"><\/i>\n\t\t\t                                                                                                                <span>4 nuits dans un h\u00f4tel charmant avec petit-d\u00e9jeuner inclus.<\/span>\n                                                                    <\/li>\n                                                            <li class=\"visible\">\n                                                                            \t\t\t\t<i class=\"icon fa-solid fa-moped\" aria-hidden=\"true\"><\/i>\n\t\t\t                                                                                                                <span>Votre Vespa (3 jours), casque(s) et cadenas<\/span>\n                                                                    <\/li>\n                                                            <li class=\"visible\">\n                                                                            \t\t\t\t<i class=\"icon fa-solid fa-route\" aria-hidden=\"true\"><\/i>\n\t\t\t                                                                                                                <span>La libert\u00e9 de choisir : suivre le guide ou explorer en solo.<\/span>\n                                                                    <\/li>\n                                                            <li class=\"visible\">\n                                                                            \t\t\t\t<i class=\"icon fa-solid fa-building\" aria-hidden=\"true\"><\/i>\n\t\t\t                                                                                                                <span>Positano, Amalfi, Ravello &amp; Sorrento<\/span>\n                                                                    <\/li>\n                                                            <li class=\"visible\">\n                                                                            \t\t\t\t<i class=\"icon fa-solid fa-volcano\" aria-hidden=\"true\"><\/i>\n\t\t\t                                                                                                                <span>Des vues spectaculaires sur le V\u00e9suve et la baie de Naples<\/span>\n                                                                    <\/li>\n                                                            <li class=\"hidden inclusive__overflow-item\">\n                                                                            \t\t\t\t<i class=\"icon fa-solid fa-person-simple\" aria-hidden=\"true\"><\/i>\n\t\t\t                                                                                                                <span>Accompagnement par nos guides<\/span>\n                                                                    <\/li>\n                                                    <\/ul>\n                                                    <div class=\"inclusive__overflow-container\">\n                                                                                                                                                                                                                                                                                                                                                                                                                                                                <div class=\"inclusive__overflow-item\">\n                                                                                            \t\t\t\t<i class=\"icon fa-solid fa-person-simple\" aria-hidden=\"true\"><\/i>\n\t\t\t                                                                                                                                        <span>Accompagnement par nos guides<\/span>\n                                                                                    <\/div>\n                                                                                                <\/div>\n                            <span class=\"show-more-inclusive\">Voir plus (1)<\/span>\n                            <span class=\"show-less-inclusive hidden\">Voir moins<\/span>\n                                            <\/div>\n                            <\/div>\n\n                            <div class=\"tb-buttons desktop-only\">\n                                            <a href=\"#join\" class=\"tb-button\">\n                                                            Dates &amp; prix                                                    <\/a>\n                                                                <a href=\"#route\" class=\"tb-buttonlink\">\n                                                            Plus d'infos                                                    <\/a>\n                                    <\/div>\n                    <\/div>\n                                    <div class=\"image-part\">\n                    \t\t\t\t<div class=\"inner-block-full-width has-tb-carousel tb-carousel-slider\" >\n\t\t\t<div class=\"tb-carousel-container\">\n\t\t\t\t<div class=\"entries tb-cards\" data-slider-first=\"0\">\n\t\t\t\t\t\t\t\t\t<div class=\"entry\">\n\t\t\t\t<div class=\"tb-image-part\">\n\t\t\t\t\t<figure>\n\t\t\t\t\t\t<img src='https:\/\/tvt.travelblox.eu\/wp-content\/uploads\/sites\/49\/2025\/10\/BrittLeonie-09523-768x1152.jpg' width='768' height='1152' alt='view of amalfi coast' style='object-position:50% 50%' loading='lazy' image_size='medium_large'>\t\t\t\t\t\t\t\t\t\t\t\t\t\t\t\t\t\t\t\t\t\t\t\t\t\t\t\t\t\t\t<\/figure>\n\t\t\t\t<\/div>\n\t\t\t<\/div>\n\t\t\t\t\t<div class=\"entry\">\n\t\t\t\t<div class=\"tb-image-part\">\n\t\t\t\t\t<figure>\n\t\t\t\t\t\t<img src='https:\/\/tvt.travelblox.eu\/wp-content\/uploads\/sites\/49\/2025\/10\/BrittLeonie-09987-768x512.jpg' width='768' height='512' alt='view from a red vespa along amalfi coast' style='object-position:50% 50%' loading='lazy' image_size='medium_large'>\t\t\t\t\t\t\t\t\t\t\t\t\t\t\t\t\t\t\t\t\t\t\t\t\t\t\t\t\t\t\t<\/figure>\n\t\t\t\t<\/div>\n\t\t\t<\/div>\n\t\t\t\t\t<div class=\"entry\">\n\t\t\t\t<div class=\"tb-image-part\">\n\t\t\t\t\t<figure>\n\t\t\t\t\t\t<img src='https:\/\/tvt.travelblox.eu\/wp-content\/uploads\/sites\/49\/2025\/10\/BrittLeonie-01356-768x512.jpg' width='768' height='512' alt='plage bleue magnifique pr\u00e8s de Nerano' style='object-position:50% 50%' loading='lazy' image_size='medium_large'>\t\t\t\t\t\t\t\t\t\t\t\t\t\t\t\t\t\t\t\t\t\t\t\t\t\t\t\t\t\t\t<\/figure>\n\t\t\t\t<\/div>\n\t\t\t<\/div>\n\t\t\t\t\t<div class=\"entry\">\n\t\t\t\t<div class=\"tb-image-part\">\n\t\t\t\t\t<figure>\n\t\t\t\t\t\t<img src='https:\/\/tvt.travelblox.eu\/wp-content\/uploads\/sites\/49\/2025\/10\/BrittLeonie-08366-768x512.jpg' width='768' height='512' alt='deux assiettes de d\u00e9licieuses p\u00e2tes' style='object-position:50% 50%' loading='lazy' image_size='medium_large'>\t\t\t\t\t\t\t\t\t\t\t\t\t\t\t\t\t\t\t\t\t\t\t\t\t\t\t\t\t\t\t<\/figure>\n\t\t\t\t<\/div>\n\t\t\t<\/div>\n\t\t\t\t\t<div class=\"entry\">\n\t\t\t\t<div class=\"tb-image-part\">\n\t\t\t\t\t<figure>\n\t\t\t\t\t\t<img src='https:\/\/tvt.travelblox.eu\/wp-content\/uploads\/sites\/49\/2023\/09\/TVT22_MilanPieteraerents_HR-1-103-768x512.jpg' width='768' height='512' loading='lazy' image_size='medium_large'>\t\t\t\t\t\t\t\t\t\t\t\t\t\t\t\t\t\t\t\t\t\t\t\t\t\t\t\t\t\t\t<\/figure>\n\t\t\t\t<\/div>\n\t\t\t<\/div>\n\t\t\t\t\t<div class=\"entry\">\n\t\t\t\t<div class=\"tb-image-part\">\n\t\t\t\t\t<figure>\n\t\t\t\t\t\t<img src='https:\/\/tvt.travelblox.eu\/wp-content\/uploads\/sites\/49\/2025\/10\/lemon-768x725.png' width='768' height='725' loading='lazy' image_size='medium_large'>\t\t\t\t\t\t\t\t\t\t\t\t\t\t\t\t\t\t\t\t\t\t\t\t\t\t\t\t\t\t\t<\/figure>\n\t\t\t\t<\/div>\n\t\t\t<\/div>\n\t\t\t\t\t<div class=\"entry\">\n\t\t\t\t<div class=\"tb-image-part\">\n\t\t\t\t\t<figure>\n\t\t\t\t\t\t<img src='https:\/\/tvt.travelblox.eu\/wp-content\/uploads\/sites\/49\/2023\/09\/TVT22_MilanPieteraerents_HR-1-92-768x512.jpg' width='768' height='512' loading='lazy' image_size='medium_large'>\t\t\t\t\t\t\t\t\t\t\t\t\t\t\t\t\t\t\t\t\t\t\t\t\t\t\t\t\t\t\t<\/figure>\n\t\t\t\t<\/div>\n\t\t\t<\/div>\n\t\t\t\t\t\t\t\t<\/div>\n\t\t\t\t\t\t<div class=\"tb-carousel-nav\">\n\t\t\t<div class=\"dots\">\n\t\t\t\t<div class=\"dot active\"><\/div>\n\t\t\t\t<div class=\"dot\"><\/div>\n\t\t\t\t<div class=\"dot\"><\/div>\n\t\t\t<\/div>\n\t\t\t<div class=\"arrows\">\n\t\t\t\t<div class=\"prev disabled\">\n\t\t\t\t\t<span><i class=\"fa fa-chevron-left\"><\/i><\/span>\n\t\t\t\t<\/div>\n\t\t\t\t<div class=\"next\">\n\t\t\t\t\t<span><i class=\"fa fa-chevron-right\"><\/i><\/span>\n\t\t\t\t<\/div>\n\t\t\t<\/div>\n\t\t<\/div>\n\t\t\t\t<\/div>\n\t\t<\/div>\n\t\t                <\/div>\n                                        <div class=\"tb-buttons mobile-only\">\n                                    <a href=\"#join\" class=\"tb-button\">\n                                                    Dates &amp; prix                                            <\/a>\n                                                    <a href=\"#route\" class=\"tb-buttonlink\">\n                                                    Plus d'infos                                            <\/a>\n                            <\/div>\n            <\/div>\n<\/div>\n\n\n<div class=\"tb-gallery tb-block align-center background-light pattern-none variant-grid\" id=\"gallery\">\n\t<div>\n\t\t<div class=\"desktop tb-has-popup-content\">\n\t\t\t\t\t\t\t<ul class=\"tb-gallery-grid\">\n\t\t\t\t\t\t\t\t\t\t\t\t\t\t\t\t\t\t<li class=\"slide\">\n\t\t\t\t\t\t\t\t<div class=\"tb-popup-trigger\">\n\t\t\t\t\t\t\t\t\t<img src='https:\/\/tvt.travelblox.eu\/wp-content\/uploads\/sites\/49\/2025\/10\/BrittLeonie-01207-Gemiddeld.jpg' width='1151' height='768' alt='beach' style='object-position:50% 50%' loading='lazy'>\t\t\t\t\t\t\t\t<\/div>\n\t\t\t\t\t\t\t<\/li>\n\t\t\t\t\t\t\t\t\t\t\t\t\t<li class=\"slide\">\n\t\t\t\t\t\t\t\t<div class=\"tb-popup-trigger\">\n\t\t\t\t\t\t\t\t\t<img src='https:\/\/tvt.travelblox.eu\/wp-content\/uploads\/sites\/49\/2025\/10\/BrittLeonie-08274-Gemiddeld.jpg' width='768' height='1152' alt='vespa and fruits' style='object-position:50% 50%' loading='lazy'>\t\t\t\t\t\t\t\t<\/div>\n\t\t\t\t\t\t\t<\/li>\n\t\t\t\t\t\t\t\t\t\t\t\t\t<li class=\"slide\">\n\t\t\t\t\t\t\t\t<div class=\"tb-popup-trigger\">\n\t\t\t\t\t\t\t\t\t<img src='https:\/\/tvt.travelblox.eu\/wp-content\/uploads\/sites\/49\/2025\/10\/BrittLeonie-08591-Gemiddeld.jpg' width='1151' height='768' alt='plage c\u00f4ti\u00e8re' style='object-position:50% 50%' loading='lazy'>\t\t\t\t\t\t\t\t<\/div>\n\t\t\t\t\t\t\t<\/li>\n\t\t\t\t\t\t\t\t\t\t\t\t\t\t\t<\/ul>\n\t\t\t\t\t\t<div class=\"tb-popup tb-popup--open-clicked-image\">\n\t\t\t\t<div class=\"tb-gallery-popup\">\n\t\t\t\t\t<div class=\"tb-image-part\">\n\t\t\t\t\t\t\t\t\t\t<div class=\"inner-block-full-width has-tb-carousel tb-carousel-slider\" >\n\t\t\t<div class=\"tb-carousel-container\">\n\t\t\t\t<div class=\"entries tb-cards\" data-slider-first=\"2\">\n\t\t\t\t\t\t\t\t\t<div class=\"entry\">\n\t\t\t\t<div class=\"tb-image-part\">\n\t\t\t\t\t<figure>\n\t\t\t\t\t\t<img src='https:\/\/tvt.travelblox.eu\/wp-content\/uploads\/sites\/49\/2025\/10\/BrittLeonie-01207-Gemiddeld.jpg' width='1151' height='768' alt='beach' style='object-position:50% 50%' loading='lazy' image_size='full'>\t\t\t\t\t\t\t\t\t\t\t<\/figure>\n\t\t\t\t<\/div>\n\t\t\t<\/div>\n\t\t\t\t\t<div class=\"entry\">\n\t\t\t\t<div class=\"tb-image-part\">\n\t\t\t\t\t<figure>\n\t\t\t\t\t\t<img src='https:\/\/tvt.travelblox.eu\/wp-content\/uploads\/sites\/49\/2025\/10\/BrittLeonie-08274-Gemiddeld.jpg' width='768' height='1152' alt='vespa and fruits' style='object-position:50% 50%' loading='lazy' image_size='full'>\t\t\t\t\t\t\t\t\t\t\t<\/figure>\n\t\t\t\t<\/div>\n\t\t\t<\/div>\n\t\t\t\t\t<div class=\"entry\">\n\t\t\t\t<div class=\"tb-image-part\">\n\t\t\t\t\t<figure>\n\t\t\t\t\t\t<img src='https:\/\/tvt.travelblox.eu\/wp-content\/uploads\/sites\/49\/2025\/10\/BrittLeonie-08591-Gemiddeld.jpg' width='1151' height='768' alt='plage c\u00f4ti\u00e8re' style='object-position:50% 50%' loading='lazy' image_size='full'>\t\t\t\t\t\t\t\t\t\t\t<\/figure>\n\t\t\t\t<\/div>\n\t\t\t<\/div>\n\t\t\t\t\t\t\t\t<\/div>\n\t\t\t\t\t\t<div class=\"tb-carousel-nav\">\n\t\t\t<div class=\"dots\">\n\t\t\t\t<div class=\"dot active\"><\/div>\n\t\t\t\t<div class=\"dot\"><\/div>\n\t\t\t\t<div class=\"dot\"><\/div>\n\t\t\t<\/div>\n\t\t\t<div class=\"arrows\">\n\t\t\t\t<div class=\"prev disabled\">\n\t\t\t\t\t<span><i class=\"fa fa-chevron-left\"><\/i><\/span>\n\t\t\t\t<\/div>\n\t\t\t\t<div class=\"next\">\n\t\t\t\t\t<span><i class=\"fa fa-chevron-right\"><\/i><\/span>\n\t\t\t\t<\/div>\n\t\t\t<\/div>\n\t\t<\/div>\n\t\t\t\t<\/div>\n\t\t<\/div>\n\t\t\t\t\t\t\t<\/div>\n\t\t\t\t<\/div>\n\t\t\t<\/div>\n\t\t<\/div>\n\t\t<div class=\"mobile\">\n\t\t\t<div class=\"tb-image-part\">\n\t\t\t\t\t\t\t\t<div class=\"inner-block-full-width has-tb-carousel tb-carousel-slider\" >\n\t\t\t<div class=\"tb-carousel-container\">\n\t\t\t\t<div class=\"entries tb-cards\" data-slider-first=\"0\">\n\t\t\t\t\t\t\t\t\t<div class=\"entry\">\n\t\t\t\t<div class=\"tb-image-part\">\n\t\t\t\t\t<figure>\n\t\t\t\t\t\t<img src='https:\/\/tvt.travelblox.eu\/wp-content\/uploads\/sites\/49\/2025\/10\/BrittLeonie-01207-Gemiddeld-768x512.jpg' width='768' height='512' alt='beach' style='object-position:50% 50%' loading='lazy' image_size='medium_large'>\t\t\t\t\t\t\t\t\t\t\t<\/figure>\n\t\t\t\t<\/div>\n\t\t\t<\/div>\n\t\t\t\t\t<div class=\"entry\">\n\t\t\t\t<div class=\"tb-image-part\">\n\t\t\t\t\t<figure>\n\t\t\t\t\t\t<img src='https:\/\/tvt.travelblox.eu\/wp-content\/uploads\/sites\/49\/2025\/10\/BrittLeonie-08274-Gemiddeld.jpg' width='768' height='1152' alt='vespa and fruits' style='object-position:50% 50%' loading='lazy' image_size='medium_large'>\t\t\t\t\t\t\t\t\t\t\t<\/figure>\n\t\t\t\t<\/div>\n\t\t\t<\/div>\n\t\t\t\t\t<div class=\"entry\">\n\t\t\t\t<div class=\"tb-image-part\">\n\t\t\t\t\t<figure>\n\t\t\t\t\t\t<img src='https:\/\/tvt.travelblox.eu\/wp-content\/uploads\/sites\/49\/2025\/10\/BrittLeonie-08591-Gemiddeld-768x512.jpg' width='768' height='512' alt='plage c\u00f4ti\u00e8re' style='object-position:50% 50%' loading='lazy' image_size='medium_large'>\t\t\t\t\t\t\t\t\t\t\t<\/figure>\n\t\t\t\t<\/div>\n\t\t\t<\/div>\n\t\t\t\t\t\t\t\t<\/div>\n\t\t\t\t\t\t<div class=\"tb-carousel-nav\">\n\t\t\t<div class=\"dots\">\n\t\t\t\t<div class=\"dot active\"><\/div>\n\t\t\t\t<div class=\"dot\"><\/div>\n\t\t\t\t<div class=\"dot\"><\/div>\n\t\t\t<\/div>\n\t\t\t<div class=\"arrows\">\n\t\t\t\t<div class=\"prev disabled\">\n\t\t\t\t\t<span><i class=\"fa fa-chevron-left\"><\/i><\/span>\n\t\t\t\t<\/div>\n\t\t\t\t<div class=\"next\">\n\t\t\t\t\t<span><i class=\"fa fa-chevron-right\"><\/i><\/span>\n\t\t\t\t<\/div>\n\t\t\t<\/div>\n\t\t<\/div>\n\t\t\t\t<\/div>\n\t\t<\/div>\n\t\t\t\t\t<\/div>\n\t\t<\/div>\n\t<\/div>\n<\/div>\n\n\n\n<div class=\"tb-textimage1 tb-block align-center background-light pattern-none variant-none tb-collapsible-margins\" id=\"route\">\n\t<div class=\"inner-block tb-fade-in tb-fade-in--subtle\">\n\n\t\t\n\t\t<div class=\"text-part\">\n\t\t\t<h2>Les routes d'Amalfi<\/h2>\n\t\t\t\t\t<div class=\"translation-block\"><p>Votre point de d\u00e9part est id\u00e9alement situ\u00e9 dans la petite ville de <strong>Sant'Agata<\/strong>. De l\u00e0, vous avez la possibilit\u00e9 de suivre <strong>trois itin\u00e9raires diff\u00e9rents<\/strong>, qui vous permettront de d\u00e9couvrir la C\u00f4te Amalfitaine sous tous ses angles. Alors, c'est parti ! Chaque jour, vous aurez le choix de rouler seul (avec votre <strong>carnet de route num\u00e9rique<\/strong> &amp; <strong>GPS<\/strong>) ou de suivre votre guide et de profiter de l'ambiance de groupe !<\/p><p>&nbsp;<\/p><\/div>\n\t\t\t<\/div>\n\t<\/div>\n\t<div class=\"inner-block\">\n\t\t\t\t\t\t\t\t\t<div class=\"tb-image-part\">\n\t\t\t\t\t<img src='https:\/\/tvt.travelblox.eu\/wp-content\/uploads\/sites\/49\/2023\/09\/amalfi.svg' width='1' height='1' alt='carte avec les itin\u00e9raires pr\u00e9vus \u00e0 Amalfi, Sorrente, Positano, Ravello, Pomp\u00e9i, Sant&#039;Agata carte de la c\u00f4te amalfitaine lors de la visite en Vespa' class='no-cut-off' style='object-position:50% 50%' loading='lazy' image_size='1536x1536'>\t\t\t\t<\/div>\n\t\t\t\t\t\t<\/div>\n\t<div class=\"inner-block tb-fade-in tb-fade-in--subtle\">\n\t\t<div class=\"text-part\">\n\t\t\t\t\t<div class=\"translation-block\"><\/div>\n\t\t\t\t<div class=\"tb-buttons-part\">\n\t\t\t\t\t\t\t\t\t\t\t<\/div>\n\t\t<\/div>\n\t<\/div>\n<\/div>\n\n\n<div class=\"tb-dayschedule tb-block align-center background-light pattern-default variant-none tb-collapsible-margins\" id=\"dayschedule\">\n\n\t<div class=\"inner-block tb-fade-in tb-fade-in--subtle\">\n\t\t<div class=\"text-part\">\n\t\t\t<h2>Programme<\/h2>\n\t\t\t\t\t<div class=\"translation-block\"><p>L'ordre des itin\u00e9raires \u00e0 Amalfi est flexible. Si tu roules en solo, tu peux choisir ton itin\u00e9raire. Si tu es avec le groupe, nos guides choisiront le meilleur itin\u00e9raire chaque jour, en tenant compte \u00e0 la fois de la m\u00e9t\u00e9o et de l'exp\u00e9rience de conduite du groupe, afin que chacun ait un voyage agr\u00e9able et m\u00e9morable.<\/p><\/div>\n\t\t\t\t\t\t\t\t\t\t\t\t\t<\/div>\n\t<\/div>\n\t\t\t<div class=\"tb-sections\">\n\t\t\t\t\t\t\t\t\t\t\t\t\t\t<div class=\"inner-block-full-width has-tb-carousel tb-section\" id=\"dayschedule-section-0\">\n\t\t\t<div class=\"tb-carousel-container\">\n\t\t\t\t<div class=\"entries tb-cards\" data-slider-first=\"1\">\n\t\t\t\t\t\t\t\t\t\t\t\t\t\t\t<div class=\"tb-card entry tb-popup-trigger tb-unfold-on-hover\">\n\t\t\t\t\t\t\t<div class=\"tb-image-part\">\n\t\t\t\t\t\t\t\t<div class=\"tag\">\n\t\t\t\t\t\t\t\t\t<div>JOUR 1<\/div>\n\t\t\t\t\t\t\t\t<\/div>\n\n\t\t\t\t\t\t\t\t<img src='https:\/\/tvt.travelblox.eu\/wp-content\/uploads\/sites\/49\/2024\/10\/Untitled-design-9-768x512.jpg' width='768' height='512' alt='Vespa blanche pour une visite en Vespa \u00e0 Amalfi Vespa pour une visite en Vespa le long de la c\u00f4te amalfitaine.' style='object-position:50% 50%' loading='lazy' image_size='medium_large'>\t\t\t\t\t\t\t<\/div>\n\t\t\t\t\t\t\t<div class=\"tb-card-bottom-wrapper\">\n\t\t\t\t\t\t\t\t<div class=\"tb-card-bottom\">\n\n\t\t\t\t\t\t\t\t\t<span class=\"tb-card-bottom__title\">\n\t\t\t\t\t\t\t\t\t\t<span class=\"tb-card-bottom__place\">\n\t\t\t\t\t\t\t\t\t\t\tJOURN\u00c9E D\u00c9COUVERTE\t\t\t\t\t\t\t\t\t\t\t\t\t\t\t\t\t\t\t\t\t<\/span>\n\n\t\t\t\t\t\t\t\t\t<\/span>\n\t\t\t\t\t\t\t\t\t<div class=\"tb-card-bottom__content\">\n\t\t\t\t\t\t\t\t\t\t<div>\n\t\t\t\t\t\t\t\t\t\t\t\t\t\t\t\t\t\t\t\t\t\t\t<i class=\"icon fa-regular fa-bed\"><\/i> O Sole Mio\t\t\t\t\t\t\t\t\t\t\t\t\t\t\t\t\t\t\t\t\t<\/div>\n\t\t\t\t\t\t\t\t\t<\/div>\n\t\t\t\t\t\t\t\t\t<div class=\"tb-card-bottom__teaser tb-unfold-on-hover__content\" data-no-translation>\n\t\t\t\t\t\t\t\t\t\t\t\t\t\t\t\t\t\t\t\t\t\t\t\t\t\t\t\t\t\t\u00c0 partir de 14h, vous pourrez vous enregistrer et profiter du confort de l\u2019h\u00f4tel. Votre Vespa vous a&#8230; <span class=\"link\">Lire la suite<\/span>\t\t\t\t\t\t\t\t\t<\/div>\n\t\t\t\t\t\t\t\t<\/div>\n\n\t\t\t\t\t\t\t<\/div>\n\t\t\t\t\t\t\t<dialog class=\"tb-popup tb-popup-with-padding tb-dayschedule-popup-wrapper\">\n\t\t\t\t\t\t\t\t<div class=\"tb-dayschedule-popup\">\n\t\t\t\t\t\t\t\t\t<h5>\n\t\t\t\t\t\t\t\t\t\t\t\t\t\t\t\t\t\t\t\t\t\t\t\t\t\t\t\t\t\t\t<div>\n\t\t\t\t\t\t\t\t\t\t\t\t\t\t\t\t\t\t\t\t\t\t\t\t\tJOURN\u00c9E D\u00c9COUVERTE\t\t\t\t\t\t\t\t\t\t\t\t\t\t\t\t\t\t\t\t\t\t\t\t\t\t\t\t\t\t\t\t\t\t\t<\/div>\n\t\t\t\t\t\t\t\t\t\t\t\t\t\t\t\t\t\t\t<\/h5>\n\t\t\t\t\t\t\t\t\t<div class=\"tb-columns\">\n\t\t\t\t\t\t\t\t\t\t<div class=\"tb-column tb-column--text\">\n\t\t\t\t\t\t\t\t\t\t\t<div class=\"text-part\">\n\t\t\t\t\t\t\t\t\t\t\t\t\t\t\t\t\t\t\t\t\t\t\t\t\t<div class=\"tb-dayschedule-popup__icons\">\n\t\t\t\t\t\t\t\t\t\t\t\t\t\t\t\t\t\t\t\t\t\t\t\t\t\t\t\t\t\t\t\t\t\t\t\t\t\t\t\t\t\t\t<div class=\"tb-dayschedule-popup__icon\">\n\t\t\t\t\t\t\t\t\t\t\t\t\t\t\t\t<i class=\"icon fa-regular fa-bed\"><\/i>\n\t\t\t\t\t\t\t\t\t\t\t\t\t\t\t\t<span>\n\t\t\t\t\t\t\t\t\t\t\t\t\t\t\t\t\tO Sole Mio\t\t\t\t\t\t\t\t\t\t\t\t\t\t\t\t<\/span>\n\t\t\t\t\t\t\t\t\t\t\t\t\t\t\t<\/div>\n\t\t\t\t\t\t\t\t\t\t\t\t\t\t\t\t\t\t\t\t\t\t\t\t\t\t\t<\/div>\n\t\t\t\t\t\t\t\t\t\t\t\t\n\t\t\t\t\t\t\t\t\t\t\t\t\t\t\t\t\t\t\t\t\t\t\t\t\t<div class=\"tb-dayschedule-popup__keywords\">\n\t\t\t\t\t\t\t\t\t\t\t\t\t\t\t\t<div class=\"translation-block\"><p><br data-mce-bogus=\"1\" \/><\/p><\/div>\n\t\t\t\t\t\t\t\t\t\t\t\t\t\t<\/div>\n\t\t\t\t\t\t\t\t\t\t\t\t\n\t\t\t\t\t\t\t\t\t\t\t\t<div>\n\t\t\t\t\t\t\t\t\t\t\t\t\t<strong>JOUR 1<\/strong>\n\t\t\t\t\t\t\t\t\t\t\t\t\t\t\t<div class=\"translation-block\"><p>\u00c0 partir de <strong>14h<\/strong>, vous pourrez vous enregistrer et profiter du confort de <strong>l\u2019h\u00f4tel<\/strong>. Votre <strong>Vespa<\/strong> vous attendra le <strong>lendemain<\/strong> matin. Dans la journ\u00e9e, votre <strong>guide<\/strong> viendra vous accueillir personnellement et vous pr\u00e9sentera en d\u00e9tail l\u2019aventure qui vous attend. L\u2019apr\u00e8s-midi, prenez le temps de <strong>vous d\u00e9tendre<\/strong> : au bord de la <strong>piscine<\/strong>, lors d\u2019une <strong>balade<\/strong> dans le <strong>village voisin<\/strong>, ou simplement en profitant de la douceur des lieux.<\/p><p><strong>C\u2019est votre premier Vespa Trip ?<\/strong><br>Si vous n\u2019avez encore jamais conduit de Vespa ou que c\u2019est votre premi\u00e8re exp\u00e9rience, nous vous recommandons notre session <strong>Start to Vespa<\/strong> : une initiation en douceur pour prendre confiance avant le grand d\u00e9part.<\/p><p><strong>Envie de d\u00e9marrer l\u2019aventure plus t\u00f4t ?<\/strong><br>Pour un suppl\u00e9ment de 50 \u20ac, vous pouvez r\u00e9server un <strong>Early Pick-Up<\/strong> et r\u00e9cup\u00e9rer les cl\u00e9s de votre Vespa d\u00e8s 14h le jour de votre arriv\u00e9e.<\/p><\/div>\n\t\t\t\t\t\t\t\t\t\t\t\t\t<\/div>\n\n\n\t\t\t\t\t\t\t\t\t\t\t<\/div>\n\t\t\t\t\t\t\t\t\t\t<\/div>\n\t\t\t\t\t\t\t\t\t\t<div class=\"tb-column tb-column--image\">\n\n\t\t\t\t\t\t\t\t\t\t\t<div class=\"tb-image-part\">\n\t\t\t\t\t\t\t\t\t\t\t\t\t\t\t\t<div class=\"inner-block-full-width has-tb-carousel tb-carousel-slider\" >\n\t\t\t<div class=\"tb-carousel-container\">\n\t\t\t\t<div class=\"entries tb-cards\" data-slider-first=\"0\">\n\t\t\t\t\t\t\t\t\t<div class=\"entry\">\n\t\t\t\t<div class=\"tb-image-part\">\n\t\t\t\t\t<figure>\n\t\t\t\t\t\t<img src='https:\/\/tvt.travelblox.eu\/wp-content\/uploads\/sites\/49\/2024\/10\/Untitled-design-9-1024x683.jpg' width='1024' height='683' alt='Vespa blanche pour une visite en Vespa \u00e0 Amalfi Vespa pour une visite en Vespa le long de la c\u00f4te amalfitaine.' style='object-position:50% 50%' loading='lazy' image_size='large'>\t\t\t\t\t\t\t\t\t\t\t<\/figure>\n\t\t\t\t<\/div>\n\t\t\t<\/div>\n\t\t\t\t\t<div class=\"entry\">\n\t\t\t\t<div class=\"tb-image-part\">\n\t\t\t\t\t<figure>\n\t\t\t\t\t\t<img src='https:\/\/tvt.travelblox.eu\/wp-content\/uploads\/sites\/49\/2023\/12\/DSC07868-1024x682.jpg' width='1024' height='682' alt='Les Vespas color\u00e9es d&#039;Amalfi.' loading='lazy' image_size='large'>\t\t\t\t\t\t\t\t\t\t\t<\/figure>\n\t\t\t\t<\/div>\n\t\t\t<\/div>\n\t\t\t\t\t\t\t\t<\/div>\n\t\t\t\t\t\t<div class=\"tb-carousel-nav\">\n\t\t\t<div class=\"dots\">\n\t\t\t\t<div class=\"dot active\"><\/div>\n\t\t\t\t<div class=\"dot\"><\/div>\n\t\t\t\t<div class=\"dot\"><\/div>\n\t\t\t<\/div>\n\t\t\t<div class=\"arrows\">\n\t\t\t\t<div class=\"prev disabled\">\n\t\t\t\t\t<span><i class=\"fa fa-chevron-left\"><\/i><\/span>\n\t\t\t\t<\/div>\n\t\t\t\t<div class=\"next\">\n\t\t\t\t\t<span><i class=\"fa fa-chevron-right\"><\/i><\/span>\n\t\t\t\t<\/div>\n\t\t\t<\/div>\n\t\t<\/div>\n\t\t\t\t<\/div>\n\t\t<\/div>\n\t\t\t\t\t\t\t\t\t\t\t\t\t<\/div>\n\t\t\t\t\t\t\t\t\t\t<\/div>\n\t\t\t\t\t\t\t\t\t<\/div>\n\t\t\t\t\t\t\t\t\t\t\t<div class=\"tb-popup-nav\">\n\t\t\t<a href=\"#\" class=\"tb-buttonlink-with-icon tb-buttonlink-with-arrow icon-first tb-popup-previous\">\n\t\t\t\t<i class=\"icon fa fa-chevron-left\"><\/i>\n\t\t\t\t<span>Jour pr\u00e9c\u00e9dent<\/span>\n\t\t\t<\/a>\n\t\t\t<a href=\"#\" class=\"tb-buttonlink-with-icon tb-buttonlink-with-arrow tb-popup-next\">\n\t\t\t\t<span>Jour suivant<\/span>\n\t\t\t\t<i class=\"icon fa fa-chevron-right\"><\/i>\n\t\t\t<\/a>\n\t\t<\/div>\n\t\n\t\t\t\t\t\t\t\t<\/div>\n\t\t\t\t\t\t\t<\/dialog>\n\t\t\t\t\t\t<\/div>\n\t\t\t\t\t\t\t\t\t\t\t<div class=\"tb-card entry tb-popup-trigger tb-unfold-on-hover\">\n\t\t\t\t\t\t\t<div class=\"tb-image-part\">\n\t\t\t\t\t\t\t\t<div class=\"tag\">\n\t\t\t\t\t\t\t\t\t<div>JOUR 2<\/div>\n\t\t\t\t\t\t\t\t<\/div>\n\n\t\t\t\t\t\t\t\t<img src='https:\/\/tvt.travelblox.eu\/wp-content\/uploads\/sites\/49\/2024\/01\/TVT_Rache_WorthwhileWanderer_LR-55-768x577.jpg' width='768' height='577' alt='Positano au coucher du soleil lors de The Vespa Trip Positano pendant la tourn\u00e9e en Vespa Amalfi.' style='object-position:50% 50%' loading='lazy' image_size='medium_large'>\t\t\t\t\t\t\t<\/div>\n\t\t\t\t\t\t\t<div class=\"tb-card-bottom-wrapper\">\n\t\t\t\t\t\t\t\t<div class=\"tb-card-bottom\">\n\n\t\t\t\t\t\t\t\t\t<span class=\"tb-card-bottom__title\">\n\t\t\t\t\t\t\t\t\t\t<span class=\"tb-card-bottom__place\">\n\t\t\t\t\t\t\t\t\t\t\tLA C\u00d4TE AMALFITAINE\t\t\t\t\t\t\t\t\t\t\t\t\t\t\t\t\t\t\t\t\t<\/span>\n\n\t\t\t\t\t\t\t\t\t<\/span>\n\t\t\t\t\t\t\t\t\t<div class=\"tb-card-bottom__content\">\n\t\t\t\t\t\t\t\t\t\t<div>\n\t\t\t\t\t\t\t\t\t\t\t\t\t\t\t\t\t\t\t\t\t\t\t<i class=\"icon fa-regular fa-bed\"><\/i> O Sole Mio\t\t\t\t\t\t\t\t\t\t\t\t\t\t\t\t\t\t\t\t\t<\/div>\n\t\t\t\t\t\t\t\t\t<\/div>\n\t\t\t\t\t\t\t\t\t<div class=\"tb-card-bottom__teaser tb-unfold-on-hover__content\" data-no-translation>\n\t\t\t\t\t\t\t\t\t\t\t\t\t\t\t\t\t\t\t\t\t\t\t\t\t\t\t\t\t\tJuste apr\u00e8s avoir quitt\u00e9 l&#8217;h\u00f4tel, vous serez accueilli par l&#8217;une des vues les plus \u00e9poustouflantes d&#8230; <span class=\"link\">Lire la suite<\/span>\t\t\t\t\t\t\t\t\t<\/div>\n\t\t\t\t\t\t\t\t<\/div>\n\n\t\t\t\t\t\t\t<\/div>\n\t\t\t\t\t\t\t<dialog class=\"tb-popup tb-popup-with-padding tb-dayschedule-popup-wrapper\">\n\t\t\t\t\t\t\t\t<div class=\"tb-dayschedule-popup\">\n\t\t\t\t\t\t\t\t\t<h5>\n\t\t\t\t\t\t\t\t\t\t\t\t\t\t\t\t\t\t\t\t\t\t\t\t\t\t\t\t\t\t\t<div>\n\t\t\t\t\t\t\t\t\t\t\t\t\t\t\t\t\t\t\t\t\t\t\t\t\tLA C\u00d4TE AMALFITAINE\t\t\t\t\t\t\t\t\t\t\t\t\t\t\t\t\t\t\t\t\t\t\t\t\t\t\t\t\t\t\t\t\t\t\t<\/div>\n\t\t\t\t\t\t\t\t\t\t\t\t\t\t\t\t\t\t\t<\/h5>\n\t\t\t\t\t\t\t\t\t<div class=\"tb-columns\">\n\t\t\t\t\t\t\t\t\t\t<div class=\"tb-column tb-column--text\">\n\t\t\t\t\t\t\t\t\t\t\t<div class=\"text-part\">\n\t\t\t\t\t\t\t\t\t\t\t\t\t\t\t\t\t\t\t\t\t\t\t\t\t<div class=\"tb-dayschedule-popup__icons\">\n\t\t\t\t\t\t\t\t\t\t\t\t\t\t\t\t\t\t\t\t\t\t\t\t\t\t\t\t\t\t\t\t\t\t\t\t\t\t\t\t\t\t\t<div class=\"tb-dayschedule-popup__icon\">\n\t\t\t\t\t\t\t\t\t\t\t\t\t\t\t\t<i class=\"icon fa-regular fa-bed\"><\/i>\n\t\t\t\t\t\t\t\t\t\t\t\t\t\t\t\t<span>\n\t\t\t\t\t\t\t\t\t\t\t\t\t\t\t\t\tO Sole Mio\t\t\t\t\t\t\t\t\t\t\t\t\t\t\t\t<\/span>\n\t\t\t\t\t\t\t\t\t\t\t\t\t\t\t<\/div>\n\t\t\t\t\t\t\t\t\t\t\t\t\t\t\t\t\t\t\t\t\t\t\t\t\t\t\t<\/div>\n\t\t\t\t\t\t\t\t\t\t\t\t\n\t\t\t\t\t\t\t\t\t\t\t\t\n\t\t\t\t\t\t\t\t\t\t\t\t<div>\n\t\t\t\t\t\t\t\t\t\t\t\t\t<strong>JOUR 2<\/strong>\n\t\t\t\t\t\t\t\t\t\t\t\t\t\t\t<div class=\"translation-block\"><p>Juste apr\u00e8s avoir quitt\u00e9 l'h\u00f4tel, vous serez accueilli par l'une des vues les plus \u00e9poustouflantes de cette c\u00f4te. En chemin, vous passerez par le village de <strong>Positano<\/strong>, id\u00e9al pour une premi\u00e8re halte. Un incontournable est \u00e9galement le pittoresque village de <strong>Ravello<\/strong>, o\u00f9 vous pourrez d\u00e9jeuner dans un lieu unique \u00e0 la Villa Amore, avec peut-\u00eatre la plus belle vue sur toute la c\u00f4te amalfitaine. Pr\u00e9voyez \u00e9galement une visite de la Villa Cimbrone pour admirer le merveilleux jardin.<\/p><p>Vous pr\u00e9f\u00e9rez moins de culture et plus de plage ? Alors choisissez de faire un arr\u00eat \u00e0 <strong>Marina di Praia<\/strong> o\u00f9 vous pourrez profiter d'une baignade dans la mer M\u00e9diterran\u00e9e.<\/p><\/div>\n\t\t\t\t\t\t\t\t\t\t\t\t\t<\/div>\n\n\n\t\t\t\t\t\t\t\t\t\t\t<\/div>\n\t\t\t\t\t\t\t\t\t\t<\/div>\n\t\t\t\t\t\t\t\t\t\t<div class=\"tb-column tb-column--image\">\n\n\t\t\t\t\t\t\t\t\t\t\t<div class=\"tb-image-part\">\n\t\t\t\t\t\t\t\t\t\t\t\t\t\t\t\t<div class=\"inner-block-full-width has-tb-carousel tb-carousel-slider\" >\n\t\t\t<div class=\"tb-carousel-container\">\n\t\t\t\t<div class=\"entries tb-cards\" data-slider-first=\"0\">\n\t\t\t\t\t\t\t\t\t<div class=\"entry\">\n\t\t\t\t<div class=\"tb-image-part\">\n\t\t\t\t\t<figure>\n\t\t\t\t\t\t<img src='https:\/\/tvt.travelblox.eu\/wp-content\/uploads\/sites\/49\/2024\/01\/TVT_Rache_WorthwhileWanderer_LR-55-1024x769.jpg' width='1024' height='769' alt='Positano au coucher du soleil lors de The Vespa Trip Positano pendant la tourn\u00e9e en Vespa Amalfi.' style='object-position:50% 50%' loading='lazy' image_size='large'>\t\t\t\t\t\t\t\t\t\t\t<\/figure>\n\t\t\t\t<\/div>\n\t\t\t<\/div>\n\t\t\t\t\t<div class=\"entry\">\n\t\t\t\t<div class=\"tb-image-part\">\n\t\t\t\t\t<figure>\n\t\t\t\t\t\t<img src='https:\/\/tvt.travelblox.eu\/wp-content\/uploads\/sites\/49\/2023\/09\/TVT22_MilanPieteraerents_HR-1-184-1024x682.jpg' width='1024' height='682' alt='Vue a\u00e9rienne de la c\u00f4te amalfitaine avec un drone' loading='lazy' image_size='large'>\t\t\t\t\t\t\t\t\t\t\t<\/figure>\n\t\t\t\t<\/div>\n\t\t\t<\/div>\n\t\t\t\t\t\t\t\t<\/div>\n\t\t\t\t\t\t<div class=\"tb-carousel-nav\">\n\t\t\t<div class=\"dots\">\n\t\t\t\t<div class=\"dot active\"><\/div>\n\t\t\t\t<div class=\"dot\"><\/div>\n\t\t\t\t<div class=\"dot\"><\/div>\n\t\t\t<\/div>\n\t\t\t<div class=\"arrows\">\n\t\t\t\t<div class=\"prev disabled\">\n\t\t\t\t\t<span><i class=\"fa fa-chevron-left\"><\/i><\/span>\n\t\t\t\t<\/div>\n\t\t\t\t<div class=\"next\">\n\t\t\t\t\t<span><i class=\"fa fa-chevron-right\"><\/i><\/span>\n\t\t\t\t<\/div>\n\t\t\t<\/div>\n\t\t<\/div>\n\t\t\t\t<\/div>\n\t\t<\/div>\n\t\t\t\t\t\t\t\t\t\t\t\t\t<\/div>\n\t\t\t\t\t\t\t\t\t\t<\/div>\n\t\t\t\t\t\t\t\t\t<\/div>\n\t\t\t\t\t\t\t\t\t\t\t<div class=\"tb-popup-nav\">\n\t\t\t<a href=\"#\" class=\"tb-buttonlink-with-icon tb-buttonlink-with-arrow icon-first tb-popup-previous\">\n\t\t\t\t<i class=\"icon fa fa-chevron-left\"><\/i>\n\t\t\t\t<span>Jour pr\u00e9c\u00e9dent<\/span>\n\t\t\t<\/a>\n\t\t\t<a href=\"#\" class=\"tb-buttonlink-with-icon tb-buttonlink-with-arrow tb-popup-next\">\n\t\t\t\t<span>Jour suivant<\/span>\n\t\t\t\t<i class=\"icon fa fa-chevron-right\"><\/i>\n\t\t\t<\/a>\n\t\t<\/div>\n\t\n\t\t\t\t\t\t\t\t<\/div>\n\t\t\t\t\t\t\t<\/dialog>\n\t\t\t\t\t\t<\/div>\n\t\t\t\t\t\t\t\t\t\t\t<div class=\"tb-card entry tb-popup-trigger tb-unfold-on-hover\">\n\t\t\t\t\t\t\t<div class=\"tb-image-part\">\n\t\t\t\t\t\t\t\t<div class=\"tag\">\n\t\t\t\t\t\t\t\t\t<div>JOUR 3<\/div>\n\t\t\t\t\t\t\t\t<\/div>\n\n\t\t\t\t\t\t\t\t<img src='https:\/\/tvt.travelblox.eu\/wp-content\/uploads\/sites\/49\/2023\/09\/TVT22_MilanPieteraerents_HR-1-70-768x1152.jpg' width='768' height='1152' alt='Visitez Pomp\u00e9i \u00e0 Amalfi lors d&#039;une visite en Vespa.' style='object-position:50% 50%' loading='lazy' image_size='medium_large'>\t\t\t\t\t\t\t<\/div>\n\t\t\t\t\t\t\t<div class=\"tb-card-bottom-wrapper\">\n\t\t\t\t\t\t\t\t<div class=\"tb-card-bottom\">\n\n\t\t\t\t\t\t\t\t\t<span class=\"tb-card-bottom__title\">\n\t\t\t\t\t\t\t\t\t\t<span class=\"tb-card-bottom__place\">\n\t\t\t\t\t\t\t\t\t\t\tPOMP\u00c9I\t\t\t\t\t\t\t\t\t\t\t\t\t\t\t\t\t\t\t\t\t<\/span>\n\n\t\t\t\t\t\t\t\t\t<\/span>\n\t\t\t\t\t\t\t\t\t<div class=\"tb-card-bottom__content\">\n\t\t\t\t\t\t\t\t\t\t<div>\n\t\t\t\t\t\t\t\t\t\t\t\t\t\t\t\t\t\t\t\t\t\t\t<i class=\"icon fa-regular fa-bed\"><\/i> O Sole Mio\t\t\t\t\t\t\t\t\t\t\t\t\t\t\t\t\t\t\t\t\t<\/div>\n\t\t\t\t\t\t\t\t\t<\/div>\n\t\t\t\t\t\t\t\t\t<div class=\"tb-card-bottom__teaser tb-unfold-on-hover__content\" data-no-translation>\n\t\t\t\t\t\t\t\t\t\t\t\t\t\t\t\t\t\t\t\t\t\t\t\t\t\t\t\t\t\tSur cet itin\u00e9raire, vous roulerez vers la ville historique de Pomp\u00e9i, qui a \u00e9t\u00e9 recouverte de lave l&#8230; <span class=\"link\">Lire la suite<\/span>\t\t\t\t\t\t\t\t\t<\/div>\n\t\t\t\t\t\t\t\t<\/div>\n\n\t\t\t\t\t\t\t<\/div>\n\t\t\t\t\t\t\t<dialog class=\"tb-popup tb-popup-with-padding tb-dayschedule-popup-wrapper\">\n\t\t\t\t\t\t\t\t<div class=\"tb-dayschedule-popup\">\n\t\t\t\t\t\t\t\t\t<h5>\n\t\t\t\t\t\t\t\t\t\t\t\t\t\t\t\t\t\t\t\t\t\t\t\t\t\t\t\t\t\t\t<div>\n\t\t\t\t\t\t\t\t\t\t\t\t\t\t\t\t\t\t\t\t\t\t\t\t\tPOMP\u00c9I\t\t\t\t\t\t\t\t\t\t\t\t\t\t\t\t\t\t\t\t\t\t\t\t\t\t\t\t\t\t\t\t\t\t\t<\/div>\n\t\t\t\t\t\t\t\t\t\t\t\t\t\t\t\t\t\t\t<\/h5>\n\t\t\t\t\t\t\t\t\t<div class=\"tb-columns\">\n\t\t\t\t\t\t\t\t\t\t<div class=\"tb-column tb-column--text\">\n\t\t\t\t\t\t\t\t\t\t\t<div class=\"text-part\">\n\t\t\t\t\t\t\t\t\t\t\t\t\t\t\t\t\t\t\t\t\t\t\t\t\t<div class=\"tb-dayschedule-popup__icons\">\n\t\t\t\t\t\t\t\t\t\t\t\t\t\t\t\t\t\t\t\t\t\t\t\t\t\t\t\t\t\t\t\t\t\t\t\t\t\t\t\t\t\t\t<div class=\"tb-dayschedule-popup__icon\">\n\t\t\t\t\t\t\t\t\t\t\t\t\t\t\t\t<i class=\"icon fa-regular fa-bed\"><\/i>\n\t\t\t\t\t\t\t\t\t\t\t\t\t\t\t\t<span>\n\t\t\t\t\t\t\t\t\t\t\t\t\t\t\t\t\tO Sole Mio\t\t\t\t\t\t\t\t\t\t\t\t\t\t\t\t<\/span>\n\t\t\t\t\t\t\t\t\t\t\t\t\t\t\t<\/div>\n\t\t\t\t\t\t\t\t\t\t\t\t\t\t\t\t\t\t\t\t\t\t\t\t\t\t\t<\/div>\n\t\t\t\t\t\t\t\t\t\t\t\t\n\t\t\t\t\t\t\t\t\t\t\t\t\t\t\t\t\t\t\t\t\t\t\t\t\t<div class=\"tb-dayschedule-popup__keywords\">\n\t\t\t\t\t\t\t\t\t\t\t\t\t\t\t\t<div class=\"translation-block\"><p><br data-mce-bogus=\"1\" \/><\/p><\/div>\n\t\t\t\t\t\t\t\t\t\t\t\t\t\t<\/div>\n\t\t\t\t\t\t\t\t\t\t\t\t\n\t\t\t\t\t\t\t\t\t\t\t\t<div>\n\t\t\t\t\t\t\t\t\t\t\t\t\t<strong>JOUR 3<\/strong>\n\t\t\t\t\t\t\t\t\t\t\t\t\t\t\t<div class=\"translation-block\"><p>Sur cet itin\u00e9raire, vous roulerez vers la <strong>ville historique de Pomp\u00e9i<\/strong>, qui a \u00e9t\u00e9 recouverte de lave lors d'une \u00e9ruption du volcan V\u00e9suve dans l'Antiquit\u00e9. \u00c0 Pomp\u00e9i, vous pouvez fl\u00e2ner pendant de nombreuses heures et \u00eatre transport\u00e9 quelques milliers d'ann\u00e9es en arri\u00e8re. Depuis Pomp\u00e9i, vous pouvez choisir de continuer votre route de mani\u00e8re ind\u00e9pendante vers le volcan V\u00e9suve.<\/p><p>Sur le chemin du retour de Pomp\u00e9i, vous passerez devant des villes charmantes comme Vico Equense et Meta, qui offrent des endroits id\u00e9aux pour un d\u00e9jeuner rafra\u00eechissant ou une baignade rapide.<\/p><p>Vous ne voulez pas visiter Pomp\u00e9i ? Nos guides peuvent vous sugg\u00e9rer des alternatives dans la r\u00e9gion.<\/p><\/div>\n\t\t\t\t\t\t\t\t\t\t\t\t\t<\/div>\n\n\n\t\t\t\t\t\t\t\t\t\t\t<\/div>\n\t\t\t\t\t\t\t\t\t\t<\/div>\n\t\t\t\t\t\t\t\t\t\t<div class=\"tb-column tb-column--image\">\n\n\t\t\t\t\t\t\t\t\t\t\t<div class=\"tb-image-part\">\n\t\t\t\t\t\t\t\t\t\t\t\t\t\t\t\t<div class=\"inner-block-full-width has-tb-carousel tb-carousel-slider\" >\n\t\t\t<div class=\"tb-carousel-container\">\n\t\t\t\t<div class=\"entries tb-cards\" data-slider-first=\"0\">\n\t\t\t\t\t\t\t\t\t<div class=\"entry\">\n\t\t\t\t<div class=\"tb-image-part\">\n\t\t\t\t\t<figure>\n\t\t\t\t\t\t<img src='https:\/\/tvt.travelblox.eu\/wp-content\/uploads\/sites\/49\/2023\/09\/TVT22_MilanPieteraerents_HR-1-70-683x1024.jpg' width='683' height='1024' alt='Visitez Pomp\u00e9i \u00e0 Amalfi lors d&#039;une visite en Vespa.' style='object-position:50% 50%' loading='lazy' image_size='large'>\t\t\t\t\t\t\t\t\t\t\t<\/figure>\n\t\t\t\t<\/div>\n\t\t\t<\/div>\n\t\t\t\t\t<div class=\"entry\">\n\t\t\t\t<div class=\"tb-image-part\">\n\t\t\t\t\t<figure>\n\t\t\t\t\t\t<img src='https:\/\/tvt.travelblox.eu\/wp-content\/uploads\/sites\/49\/2024\/01\/3U6A0983-1024x683.jpg' width='1024' height='683' alt='pompeii' style='object-position:50% 50%' loading='lazy' image_size='large'>\t\t\t\t\t\t\t\t\t\t\t<\/figure>\n\t\t\t\t<\/div>\n\t\t\t<\/div>\n\t\t\t\t\t\t\t\t<\/div>\n\t\t\t\t\t\t<div class=\"tb-carousel-nav\">\n\t\t\t<div class=\"dots\">\n\t\t\t\t<div class=\"dot active\"><\/div>\n\t\t\t\t<div class=\"dot\"><\/div>\n\t\t\t\t<div class=\"dot\"><\/div>\n\t\t\t<\/div>\n\t\t\t<div class=\"arrows\">\n\t\t\t\t<div class=\"prev disabled\">\n\t\t\t\t\t<span><i class=\"fa fa-chevron-left\"><\/i><\/span>\n\t\t\t\t<\/div>\n\t\t\t\t<div class=\"next\">\n\t\t\t\t\t<span><i class=\"fa fa-chevron-right\"><\/i><\/span>\n\t\t\t\t<\/div>\n\t\t\t<\/div>\n\t\t<\/div>\n\t\t\t\t<\/div>\n\t\t<\/div>\n\t\t\t\t\t\t\t\t\t\t\t\t\t<\/div>\n\t\t\t\t\t\t\t\t\t\t<\/div>\n\t\t\t\t\t\t\t\t\t<\/div>\n\t\t\t\t\t\t\t\t\t\t\t<div class=\"tb-popup-nav\">\n\t\t\t<a href=\"#\" class=\"tb-buttonlink-with-icon tb-buttonlink-with-arrow icon-first tb-popup-previous\">\n\t\t\t\t<i class=\"icon fa fa-chevron-left\"><\/i>\n\t\t\t\t<span>Jour pr\u00e9c\u00e9dent<\/span>\n\t\t\t<\/a>\n\t\t\t<a href=\"#\" class=\"tb-buttonlink-with-icon tb-buttonlink-with-arrow tb-popup-next\">\n\t\t\t\t<span>Jour suivant<\/span>\n\t\t\t\t<i class=\"icon fa fa-chevron-right\"><\/i>\n\t\t\t<\/a>\n\t\t<\/div>\n\t\n\t\t\t\t\t\t\t\t<\/div>\n\t\t\t\t\t\t\t<\/dialog>\n\t\t\t\t\t\t<\/div>\n\t\t\t\t\t\t\t\t\t\t\t<div class=\"tb-card entry tb-popup-trigger tb-unfold-on-hover\">\n\t\t\t\t\t\t\t<div class=\"tb-image-part\">\n\t\t\t\t\t\t\t\t<div class=\"tag\">\n\t\t\t\t\t\t\t\t\t<div>JOUR 4<\/div>\n\t\t\t\t\t\t\t\t<\/div>\n\n\t\t\t\t\t\t\t\t<img src='https:\/\/tvt.travelblox.eu\/wp-content\/uploads\/sites\/49\/2023\/09\/TVT22_MilanPieteraerents_HR-1-142-768x512.jpg' width='768' height='512' alt='couple conduisant une Vespa \u00e0 Amalfi lors d&#039;un voyage en Vespa' style='object-position:50% 50%' loading='lazy' image_size='medium_large'>\t\t\t\t\t\t\t<\/div>\n\t\t\t\t\t\t\t<div class=\"tb-card-bottom-wrapper\">\n\t\t\t\t\t\t\t\t<div class=\"tb-card-bottom\">\n\n\t\t\t\t\t\t\t\t\t<span class=\"tb-card-bottom__title\">\n\t\t\t\t\t\t\t\t\t\t<span class=\"tb-card-bottom__place\">\n\t\t\t\t\t\t\t\t\t\t\tMONTE FAITO &amp; SORRENTE\t\t\t\t\t\t\t\t\t\t\t\t\t\t\t\t\t\t\t\t\t<\/span>\n\n\t\t\t\t\t\t\t\t\t<\/span>\n\t\t\t\t\t\t\t\t\t<div class=\"tb-card-bottom__content\">\n\t\t\t\t\t\t\t\t\t\t<div>\n\t\t\t\t\t\t\t\t\t\t\t\t\t\t\t\t\t\t\t\t\t\t\t<i class=\"icon fa-regular fa-bed\"><\/i> O Sole Mio\t\t\t\t\t\t\t\t\t\t\t\t\t\t\t\t\t\t\t\t\t<\/div>\n\t\t\t\t\t\t\t\t\t<\/div>\n\t\t\t\t\t\t\t\t\t<div class=\"tb-card-bottom__teaser tb-unfold-on-hover__content\" data-no-translation>\n\t\t\t\t\t\t\t\t\t\t\t\t\t\t\t\t\t\t\t\t\t\t\t\t\t\t\t\t\t\tCette journ\u00e9e vous m\u00e8ne \u00e0 la d\u00e9couverte de l&#8217;arri\u00e8re-pays et ses tr\u00e9sors cach\u00e9s, avec comme destinat&#8230; <span class=\"link\">Lire la suite<\/span>\t\t\t\t\t\t\t\t\t<\/div>\n\t\t\t\t\t\t\t\t<\/div>\n\n\t\t\t\t\t\t\t<\/div>\n\t\t\t\t\t\t\t<dialog class=\"tb-popup tb-popup-with-padding tb-dayschedule-popup-wrapper\">\n\t\t\t\t\t\t\t\t<div class=\"tb-dayschedule-popup\">\n\t\t\t\t\t\t\t\t\t<h5>\n\t\t\t\t\t\t\t\t\t\t\t\t\t\t\t\t\t\t\t\t\t\t\t\t\t\t\t\t\t\t\t<div>\n\t\t\t\t\t\t\t\t\t\t\t\t\t\t\t\t\t\t\t\t\t\t\t\t\tMONTE FAITO &amp; SORRENTE\t\t\t\t\t\t\t\t\t\t\t\t\t\t\t\t\t\t\t\t\t\t\t\t\t\t\t\t\t\t\t\t\t\t\t<\/div>\n\t\t\t\t\t\t\t\t\t\t\t\t\t\t\t\t\t\t\t<\/h5>\n\t\t\t\t\t\t\t\t\t<div class=\"tb-columns\">\n\t\t\t\t\t\t\t\t\t\t<div class=\"tb-column tb-column--text\">\n\t\t\t\t\t\t\t\t\t\t\t<div class=\"text-part\">\n\t\t\t\t\t\t\t\t\t\t\t\t\t\t\t\t\t\t\t\t\t\t\t\t\t<div class=\"tb-dayschedule-popup__icons\">\n\t\t\t\t\t\t\t\t\t\t\t\t\t\t\t\t\t\t\t\t\t\t\t\t\t\t\t\t\t\t\t\t\t\t\t\t\t\t\t\t\t\t\t<div class=\"tb-dayschedule-popup__icon\">\n\t\t\t\t\t\t\t\t\t\t\t\t\t\t\t\t<i class=\"icon fa-regular fa-bed\"><\/i>\n\t\t\t\t\t\t\t\t\t\t\t\t\t\t\t\t<span>\n\t\t\t\t\t\t\t\t\t\t\t\t\t\t\t\t\tO Sole Mio\t\t\t\t\t\t\t\t\t\t\t\t\t\t\t\t<\/span>\n\t\t\t\t\t\t\t\t\t\t\t\t\t\t\t<\/div>\n\t\t\t\t\t\t\t\t\t\t\t\t\t\t\t\t\t\t\t\t\t\t\t\t\t\t\t<\/div>\n\t\t\t\t\t\t\t\t\t\t\t\t\n\t\t\t\t\t\t\t\t\t\t\t\t\t\t\t\t\t\t\t\t\t\t\t\t\t<div class=\"tb-dayschedule-popup__keywords\">\n\t\t\t\t\t\t\t\t\t\t\t\t\t\t\t\t<div class=\"translation-block\"><p><br data-mce-bogus=\"1\" \/><\/p><\/div>\n\t\t\t\t\t\t\t\t\t\t\t\t\t\t<\/div>\n\t\t\t\t\t\t\t\t\t\t\t\t\n\t\t\t\t\t\t\t\t\t\t\t\t<div>\n\t\t\t\t\t\t\t\t\t\t\t\t\t<strong>JOUR 4<\/strong>\n\t\t\t\t\t\t\t\t\t\t\t\t\t\t\t<div class=\"translation-block\"><p>Cette journ\u00e9e vous m\u00e8ne \u00e0 la d\u00e9couverte de l'arri\u00e8re-pays et ses tr\u00e9sors cach\u00e9s, avec comme destination phare le <strong>Villaggio Monte Faito<\/strong>. Ce village de montagne authentique, principalement fr\u00e9quent\u00e9 par les locaux, offre un contraste saisissant avec l'effervescence c\u00f4ti\u00e8re. Votre route serpente \u00e0 travers des villages italiens paisibles et pr\u00e9serv\u00e9s, avant d'atteindre un point de vue spectaculaire sur la baie de <strong>Naples<\/strong>, le <strong>V\u00e9suve<\/strong> et la ville en contrebas.<\/p><p>L'apr\u00e8s-midi, vous ferez \u00e9tape \u00e0 <strong>Sorrente<\/strong> pour le d\u00e9jeuner. Ensuite, deux options s'offrent \u00e0 vous : explorer les charmes de <strong>Sorrente<\/strong> ou vous \u00e9vader vers la crique secr\u00e8te de <strong>Bagni di Regina Giovanna<\/strong>. Les deux destinations ne sont qu'\u00e0 20 minutes de votre h\u00f4tel.<\/p><\/div>\n\t\t\t\t\t\t\t\t\t\t\t\t\t<\/div>\n\n\n\t\t\t\t\t\t\t\t\t\t\t<\/div>\n\t\t\t\t\t\t\t\t\t\t<\/div>\n\t\t\t\t\t\t\t\t\t\t<div class=\"tb-column tb-column--image\">\n\n\t\t\t\t\t\t\t\t\t\t\t<div class=\"tb-image-part\">\n\t\t\t\t\t\t\t\t\t\t\t\t\t\t\t\t<div class=\"inner-block-full-width has-tb-carousel tb-carousel-slider\" >\n\t\t\t<div class=\"tb-carousel-container\">\n\t\t\t\t<div class=\"entries tb-cards\" data-slider-first=\"0\">\n\t\t\t\t\t\t\t\t\t<div class=\"entry\">\n\t\t\t\t<div class=\"tb-image-part\">\n\t\t\t\t\t<figure>\n\t\t\t\t\t\t<img src='https:\/\/tvt.travelblox.eu\/wp-content\/uploads\/sites\/49\/2023\/09\/TVT22_MilanPieteraerents_HR-1-142-1024x683.jpg' width='1024' height='683' alt='couple conduisant une Vespa \u00e0 Amalfi lors d&#039;un voyage en Vespa' style='object-position:50% 50%' loading='lazy' image_size='large'>\t\t\t\t\t\t\t\t\t\t\t<\/figure>\n\t\t\t\t<\/div>\n\t\t\t<\/div>\n\t\t\t\t\t<div class=\"entry\">\n\t\t\t\t<div class=\"tb-image-part\">\n\t\t\t\t\t<figure>\n\t\t\t\t\t\t<img src='https:\/\/tvt.travelblox.eu\/wp-content\/uploads\/sites\/49\/2024\/01\/DSC07621-2-1024x682.jpg' width='1024' height='682' alt='sorrento' style='object-position:50% 50%' loading='lazy' image_size='large'>\t\t\t\t\t\t\t\t\t\t\t<\/figure>\n\t\t\t\t<\/div>\n\t\t\t<\/div>\n\t\t\t\t\t\t\t\t<\/div>\n\t\t\t\t\t\t<div class=\"tb-carousel-nav\">\n\t\t\t<div class=\"dots\">\n\t\t\t\t<div class=\"dot active\"><\/div>\n\t\t\t\t<div class=\"dot\"><\/div>\n\t\t\t\t<div class=\"dot\"><\/div>\n\t\t\t<\/div>\n\t\t\t<div class=\"arrows\">\n\t\t\t\t<div class=\"prev disabled\">\n\t\t\t\t\t<span><i class=\"fa fa-chevron-left\"><\/i><\/span>\n\t\t\t\t<\/div>\n\t\t\t\t<div class=\"next\">\n\t\t\t\t\t<span><i class=\"fa fa-chevron-right\"><\/i><\/span>\n\t\t\t\t<\/div>\n\t\t\t<\/div>\n\t\t<\/div>\n\t\t\t\t<\/div>\n\t\t<\/div>\n\t\t\t\t\t\t\t\t\t\t\t\t\t<\/div>\n\t\t\t\t\t\t\t\t\t\t<\/div>\n\t\t\t\t\t\t\t\t\t<\/div>\n\t\t\t\t\t\t\t\t\t\t\t<div class=\"tb-popup-nav\">\n\t\t\t<a href=\"#\" class=\"tb-buttonlink-with-icon tb-buttonlink-with-arrow icon-first tb-popup-previous\">\n\t\t\t\t<i class=\"icon fa fa-chevron-left\"><\/i>\n\t\t\t\t<span>Jour pr\u00e9c\u00e9dent<\/span>\n\t\t\t<\/a>\n\t\t\t<a href=\"#\" class=\"tb-buttonlink-with-icon tb-buttonlink-with-arrow tb-popup-next\">\n\t\t\t\t<span>Jour suivant<\/span>\n\t\t\t\t<i class=\"icon fa fa-chevron-right\"><\/i>\n\t\t\t<\/a>\n\t\t<\/div>\n\t\n\t\t\t\t\t\t\t\t<\/div>\n\t\t\t\t\t\t\t<\/dialog>\n\t\t\t\t\t\t<\/div>\n\t\t\t\t\t\t\t\t\t\t\t<div class=\"tb-card entry tb-popup-trigger tb-unfold-on-hover\">\n\t\t\t\t\t\t\t<div class=\"tb-image-part\">\n\t\t\t\t\t\t\t\t<div class=\"tag\">\n\t\t\t\t\t\t\t\t\t<div>JOUR 5<\/div>\n\t\t\t\t\t\t\t\t<\/div>\n\n\t\t\t\t\t\t\t\t<img src='https:\/\/tvt.travelblox.eu\/wp-content\/uploads\/sites\/49\/2023\/09\/TVT22_MilanPieteraerents_HR-1-768x1152.jpg' width='768' height='1152' alt='Dernier jour de votre tour en Vespa \u00e0 Amalfi, en Italie. Dernier jour du voyage en Vespa \u00e0 Amalfi.' style='object-position:50% 50%' loading='lazy' image_size='medium_large'>\t\t\t\t\t\t\t<\/div>\n\t\t\t\t\t\t\t<div class=\"tb-card-bottom-wrapper\">\n\t\t\t\t\t\t\t\t<div class=\"tb-card-bottom\">\n\n\t\t\t\t\t\t\t\t\t<span class=\"tb-card-bottom__title\">\n\t\t\t\t\t\t\t\t\t\t<span class=\"tb-card-bottom__place\">\n\t\t\t\t\t\t\t\t\t\t\tCIAO BELLA\t\t\t\t\t\t\t\t\t\t\t\t\t\t\t\t\t\t\t\t\t<\/span>\n\n\t\t\t\t\t\t\t\t\t<\/span>\n\t\t\t\t\t\t\t\t\t<div class=\"tb-card-bottom__content\">\n\t\t\t\t\t\t\t\t\t\t<div>\n\t\t\t\t\t\t\t\t\t\t\t\t\t\t\t\t\t\t\t\t\t<\/div>\n\t\t\t\t\t\t\t\t\t<\/div>\n\t\t\t\t\t\t\t\t\t<div class=\"tb-card-bottom__teaser tb-unfold-on-hover__content\" data-no-translation>\n\t\t\t\t\t\t\t\t\t\t\t\t\t\t\t\t\t\t\t\t\t\t\t\t\t\t\t\t\t\tSavourez un dernier petit-d\u00e9jeuner \u00e0 l\u2019h\u00f4tel avant de d\u00e9cider de la suite de votre voyage : retour \u00e0&#8230; <span class=\"link\">Lire la suite<\/span>\t\t\t\t\t\t\t\t\t<\/div>\n\t\t\t\t\t\t\t\t<\/div>\n\n\t\t\t\t\t\t\t<\/div>\n\t\t\t\t\t\t\t<dialog class=\"tb-popup tb-popup-with-padding tb-dayschedule-popup-wrapper\">\n\t\t\t\t\t\t\t\t<div class=\"tb-dayschedule-popup\">\n\t\t\t\t\t\t\t\t\t<h5>\n\t\t\t\t\t\t\t\t\t\t\t\t\t\t\t\t\t\t\t\t\t\t\t\t\t\t\t\t\t\t\t<div>\n\t\t\t\t\t\t\t\t\t\t\t\t\t\t\t\t\t\t\t\t\t\t\t\t\tCIAO BELLA\t\t\t\t\t\t\t\t\t\t\t\t\t\t\t\t\t\t\t\t\t\t\t\t\t\t\t\t\t\t\t\t\t\t\t<\/div>\n\t\t\t\t\t\t\t\t\t\t\t\t\t\t\t\t\t\t\t<\/h5>\n\t\t\t\t\t\t\t\t\t<div class=\"tb-columns\">\n\t\t\t\t\t\t\t\t\t\t<div class=\"tb-column tb-column--text\">\n\t\t\t\t\t\t\t\t\t\t\t<div class=\"text-part\">\n\t\t\t\t\t\t\t\t\t\t\t\t\n\t\t\t\t\t\t\t\t\t\t\t\t\t\t\t\t\t\t\t\t\t\t\t\t\t<div class=\"tb-dayschedule-popup__keywords\">\n\t\t\t\t\t\t\t\t\t\t\t\t\t\t\t\t<div class=\"translation-block\"><p><br data-mce-bogus=\"1\" \/><\/p><\/div>\n\t\t\t\t\t\t\t\t\t\t\t\t\t\t<\/div>\n\t\t\t\t\t\t\t\t\t\t\t\t\n\t\t\t\t\t\t\t\t\t\t\t\t<div>\n\t\t\t\t\t\t\t\t\t\t\t\t\t<strong>JOUR 5<\/strong>\n\t\t\t\t\t\t\t\t\t\t\t\t\t\t\t<div class=\"translation-block\"><p>Savourez un <strong>dernier petit-d\u00e9jeuner<\/strong> \u00e0 l\u2019h\u00f4tel avant de d\u00e9cider de la suite de votre voyage : retour \u00e0 la maison ou nouvelle \u00e9tape en Italie, \u00e0 vous de choisir.<\/p><p>Et si vous souhaitez <strong>profiter un peu plus longtemps<\/strong> de votre Vespa, optez pour l\u2019option <strong>Late Drop-Off<\/strong> et gardez-la jusqu\u2019\u00e0 14h. L\u2019occasion parfaite pour une derni\u00e8re balade \u00e0 travers les paysages toscans, avant de leur dire au revoir.<\/p><\/div>\n\t\t\t\t\t\t\t\t\t\t\t\t\t<\/div>\n\n\n\t\t\t\t\t\t\t\t\t\t\t<\/div>\n\t\t\t\t\t\t\t\t\t\t<\/div>\n\t\t\t\t\t\t\t\t\t\t<div class=\"tb-column tb-column--image\">\n\n\t\t\t\t\t\t\t\t\t\t\t<div class=\"tb-image-part\">\n\t\t\t\t\t\t\t\t\t\t\t\t\t\t\t\t<div class=\"inner-block-full-width has-tb-carousel tb-carousel-slider\" >\n\t\t\t<div class=\"tb-carousel-container\">\n\t\t\t\t<div class=\"entries tb-cards\" data-slider-first=\"0\">\n\t\t\t\t\t\t\t\t\t<div class=\"entry\">\n\t\t\t\t<div class=\"tb-image-part\">\n\t\t\t\t\t<figure>\n\t\t\t\t\t\t<img src='https:\/\/tvt.travelblox.eu\/wp-content\/uploads\/sites\/49\/2023\/09\/TVT22_MilanPieteraerents_HR-1-683x1024.jpg' width='683' height='1024' alt='Dernier jour de votre tour en Vespa \u00e0 Amalfi, en Italie. Dernier jour du voyage en Vespa \u00e0 Amalfi.' style='object-position:50% 50%' loading='lazy' image_size='large'>\t\t\t\t\t\t\t\t\t\t\t<\/figure>\n\t\t\t\t<\/div>\n\t\t\t<\/div>\n\t\t\t\t\t<div class=\"entry\">\n\t\t\t\t<div class=\"tb-image-part\">\n\t\t\t\t\t<figure>\n\t\t\t\t\t\t<img src='https:\/\/tvt.travelblox.eu\/wp-content\/uploads\/sites\/49\/2024\/01\/TVT22_MilanPieteraerents_HR-1-86-2-1024x683.jpg' width='1024' height='683' alt='deux personnes profitant de la vue c\u00f4ti\u00e8re \u00e0 Amalfi' style='object-position:50% 50%' loading='lazy' image_size='large'>\t\t\t\t\t\t\t\t\t\t\t<\/figure>\n\t\t\t\t<\/div>\n\t\t\t<\/div>\n\t\t\t\t\t\t\t\t<\/div>\n\t\t\t\t\t\t<div class=\"tb-carousel-nav\">\n\t\t\t<div class=\"dots\">\n\t\t\t\t<div class=\"dot active\"><\/div>\n\t\t\t\t<div class=\"dot\"><\/div>\n\t\t\t\t<div class=\"dot\"><\/div>\n\t\t\t<\/div>\n\t\t\t<div class=\"arrows\">\n\t\t\t\t<div class=\"prev disabled\">\n\t\t\t\t\t<span><i class=\"fa fa-chevron-left\"><\/i><\/span>\n\t\t\t\t<\/div>\n\t\t\t\t<div class=\"next\">\n\t\t\t\t\t<span><i class=\"fa fa-chevron-right\"><\/i><\/span>\n\t\t\t\t<\/div>\n\t\t\t<\/div>\n\t\t<\/div>\n\t\t\t\t<\/div>\n\t\t<\/div>\n\t\t\t\t\t\t\t\t\t\t\t\t\t<\/div>\n\t\t\t\t\t\t\t\t\t\t<\/div>\n\t\t\t\t\t\t\t\t\t<\/div>\n\t\t\t\t\t\t\t\t\t\t\t<div class=\"tb-popup-nav\">\n\t\t\t<a href=\"#\" class=\"tb-buttonlink-with-icon tb-buttonlink-with-arrow icon-first tb-popup-previous\">\n\t\t\t\t<i class=\"icon fa fa-chevron-left\"><\/i>\n\t\t\t\t<span>Jour pr\u00e9c\u00e9dent<\/span>\n\t\t\t<\/a>\n\t\t\t<a href=\"#\" class=\"tb-buttonlink-with-icon tb-buttonlink-with-arrow tb-popup-next\">\n\t\t\t\t<span>Jour suivant<\/span>\n\t\t\t\t<i class=\"icon fa fa-chevron-right\"><\/i>\n\t\t\t<\/a>\n\t\t<\/div>\n\t\n\t\t\t\t\t\t\t\t<\/div>\n\t\t\t\t\t\t\t<\/dialog>\n\t\t\t\t\t\t<\/div>\n\t\t\t\t\t\t\t\t\t\t\t\t\t\t<\/div>\n\t\t\t\t\t\t<div class=\"tb-carousel-nav\">\n\t\t\t<div class=\"dots\">\n\t\t\t\t<div class=\"dot active\"><\/div>\n\t\t\t\t<div class=\"dot\"><\/div>\n\t\t\t\t<div class=\"dot\"><\/div>\n\t\t\t<\/div>\n\t\t\t<div class=\"arrows\">\n\t\t\t\t<div class=\"prev disabled\">\n\t\t\t\t\t<span><i class=\"fa fa-chevron-left\"><\/i><\/span>\n\t\t\t\t<\/div>\n\t\t\t\t<div class=\"next\">\n\t\t\t\t\t<span><i class=\"fa fa-chevron-right\"><\/i><\/span>\n\t\t\t\t<\/div>\n\t\t\t<\/div>\n\t\t<\/div>\n\t\t\t\t<\/div>\n\t\t<\/div>\n\t\t\t\t\t\t\t\t\t\t<\/div>\n\t\n<\/div>\n\n<div class=\"tb-magazine tb-block align-none background-light pattern-none variant-none tb-collapsible-margins\" id=\"magazine\">\n\t<div class=\"inner-block tb-image-orientation-landscape tb-fade-in tb-fade-in--subtle\">\n\t\t<div class=\"inner-inner-block tb-image-alignment--center\">\n\t\t\t<div class=\"tb-magazine-image\">\n\t\t\t\t<img src='https:\/\/tvt.travelblox.eu\/wp-content\/uploads\/sites\/49\/2026\/02\/tvt25-nl-9-1.png' width='1439' height='1056' loading='lazy'>\t\t\t<\/div>\n\t\t\t<div class=\"text-part\">\n\t\t\t\t<h2>Envie d'en savoir plus sur la C\u00f4te Amalfitaine ?<\/h2>\n\t\t\t\t\t\t<div class=\"translation-block\"><p>Dans ce guide, vous trouverez l'essentiel sur la C\u00f4te Amalfitaine, des infos suppl\u00e9mentaires sur les itin\u00e9raires, et quelques-unes de nos bonnes adresses.<\/p><p>T\u00e9l\u00e9chargez-le gratuitement, laissez-vous inspirer et profitez pleinement de votre aventure !<\/p><\/div>\n\t\t\t\t\t<div class=\"tb-buttons-part\">\n\t\t\t\t\t\t\t<a href=\"https:\/\/travelbase.typeform.com\/AMALFI26FR\"  target=\"\" data-mode=\"popup\" data-url=\"https:\/\/travelbase.typeform.com\/AMALFI26EN\" class=\"tb-button typeform-share\">\n\t\t\tT\u00e9l\u00e9charger le magazine\t\t<\/a>\n\t\t\t\t\t<script>\n\t\t\t\t(function() {\n\t\t\t\t\tvar qs, js, q, s, d = document,\n\t\t\t\t\t\tgi = d.getElementById,\n\t\t\t\t\t\tce = d.createElement,\n\t\t\t\t\t\tgt = d.getElementsByTagName,\n\t\t\t\t\t\tid = \"typef_orm_share\",\n\t\t\t\t\t\tb = \"https:\/\/embed.typeform.com\/\";\n\t\t\t\t\tif (!gi.call(d, id)) {\n\t\t\t\t\t\tjs = ce.call(d, \"script\");\n\t\t\t\t\t\tjs.id = id;\n\t\t\t\t\t\tjs.src = b + \"embed.js\";\n\t\t\t\t\t\tq = gt.call(d, \"script\")[0];\n\t\t\t\t\t\tq.parentNode.insertBefore(js, q);\n\t\t\t\t\t}\n\t\t\t\t})();\n\t\t\t<\/script>\n\t\t\t\t\t\t\t\t\t\t\t<\/div>\n\t\t\t<\/div>\n\t\t<\/div>\n\t<\/div>\n<\/div>\n\n\n\n<div class=\"tb-textimage2 tb-block align-left background-light pattern-custom variant-text_first tb-collapsible-margins\" id=\"yourstay-amalfi\" style=\"background-image: url()\">\n\t<div class=\"inner-block tb-fade-in\">\n\n\t\t\n\t\t<div class=\"tb-columns\">\n\t\t\t<div class=\"tb-column\">\n\t\t\t\t<div class=\"tb-text-part\">\n\t\t\t\t\t<h2>L'h\u00f4tel<\/h2>\n\t\t\t\t\t\t\t<div class=\"translation-block\"><p><strong>L'H\u00f4tel O Sole Mio<\/strong> vous accueille dans le cadre privil\u00e9gi\u00e9 des collines de Sorrente. Vous appr\u00e9cierez le confort des chambres, la qui\u00e9tude du jardin et les moments de d\u00e9tente au bord de la piscine.<\/p><p>Le petit-d\u00e9jeuner, inclus dans votre s\u00e9jour, est servi chaque matin, et vous avez la possibilit\u00e9 de r\u00e9server les repas du midi et du soir sur place. \u00c0 seulement 5 minutes \u00e0 pied, le village et ses restaurants typiques vous invitent \u00e0 d\u00e9couvrir la gastronomie locale.<\/p><\/div>\n\t\t\t\t\t\t\t\t\t\t\t<div class=\"tb-buttons-part\">\n\t\t\t\t\t\t\t\t\t\t\t\t\t\t\t\t\t<\/div>\n\t\t\t\t<\/div>\n\t\t\t<\/div>\n\t\t\t<div class=\"tb-column\">\n\t\t\t\t\t\t\t\t\t\t\t\t\t\t\t<div class=\"tb-image-part\">\n\t\t\t\t\t\t\t\t\t\t\t<div class=\"inner-block-full-width has-tb-carousel tb-carousel-slider\" >\n\t\t\t<div class=\"tb-carousel-container\">\n\t\t\t\t<div class=\"entries tb-cards\" data-slider-first=\"0\">\n\t\t\t\t\t\t\t\t\t<div class=\"entry\">\n\t\t\t\t<div class=\"tb-image-part\">\n\t\t\t\t\t<figure>\n\t\t\t\t\t\t<img src='https:\/\/tvt.travelblox.eu\/wp-content\/uploads\/sites\/49\/2023\/09\/Amalfi-Hotel-O-Sole-Mio-1-768x512.jpeg' width='768' height='512' alt='H\u00f4tel \u00e0 Amalfi, en Italie' style='object-position:50% 50%' loading='lazy' image_size='medium_large'>\t\t\t\t\t\t\t\t\t\t\t\t\t\t\t\t\t\t\t\t\t\t\t\t\t\t\t\t\t\t\t<\/figure>\n\t\t\t\t<\/div>\n\t\t\t<\/div>\n\t\t\t\t\t<div class=\"entry\">\n\t\t\t\t<div class=\"tb-image-part\">\n\t\t\t\t\t<figure>\n\t\t\t\t\t\t<img src='https:\/\/tvt.travelblox.eu\/wp-content\/uploads\/sites\/49\/2023\/09\/Amalfi-Hotel-O-Sole-Mio-3-768x512.jpeg' width='768' height='512' alt='H\u00f4tel \u00e0 Amalfi avec piscine pendant la visite en Vespa, h\u00f4tel avec piscine \u00e0 Amalfi lors du voyage en Vespa.' style='object-position:50% 50%' loading='lazy' image_size='medium_large'>\t\t\t\t\t\t\t\t\t\t\t\t\t\t\t\t\t\t\t\t\t\t\t\t\t\t\t\t\t\t\t<\/figure>\n\t\t\t\t<\/div>\n\t\t\t<\/div>\n\t\t\t\t\t<div class=\"entry\">\n\t\t\t\t<div class=\"tb-image-part\">\n\t\t\t\t\t<figure>\n\t\t\t\t\t\t<img src='https:\/\/tvt.travelblox.eu\/wp-content\/uploads\/sites\/49\/2023\/09\/Amalfi-Hotel-O-Sole-Mio-4-768x512.jpeg' width='768' height='512' alt='H\u00f4tel Amalfi pendant le Vespa Trip Amalfi, h\u00f4tel avec piscine \u00e0 Amalfi pendant la visite en Vespa d&#039;Amalfi.' style='object-position:50% 50%' loading='lazy' image_size='medium_large'>\t\t\t\t\t\t\t\t\t\t\t\t\t\t\t\t\t\t\t\t\t\t\t\t\t\t\t\t\t\t\t<\/figure>\n\t\t\t\t<\/div>\n\t\t\t<\/div>\n\t\t\t\t\t<div class=\"entry\">\n\t\t\t\t<div class=\"tb-image-part\">\n\t\t\t\t\t<figure>\n\t\t\t\t\t\t<img src='https:\/\/tvt.travelblox.eu\/wp-content\/uploads\/sites\/49\/2023\/09\/Amalfi-Hotel-O-Sole-Mio-2-768x512.jpeg' width='768' height='512' alt='H\u00f4tel \u00e0 Amalfi avec piscine lors d&#039;une visite en vespa en Italie.' style='object-position:50% 50%' loading='lazy' image_size='medium_large'>\t\t\t\t\t\t\t\t\t\t\t\t\t\t\t\t\t\t\t\t\t\t\t\t\t\t\t\t\t\t\t<\/figure>\n\t\t\t\t<\/div>\n\t\t\t<\/div>\n\t\t\t\t\t\t\t\t<\/div>\n\t\t\t\t\t\t<div class=\"tb-carousel-nav\">\n\t\t\t<div class=\"dots\">\n\t\t\t\t<div class=\"dot active\"><\/div>\n\t\t\t\t<div class=\"dot\"><\/div>\n\t\t\t\t<div class=\"dot\"><\/div>\n\t\t\t<\/div>\n\t\t\t<div class=\"arrows\">\n\t\t\t\t<div class=\"prev disabled\">\n\t\t\t\t\t<span><i class=\"fa fa-chevron-left\"><\/i><\/span>\n\t\t\t\t<\/div>\n\t\t\t\t<div class=\"next\">\n\t\t\t\t\t<span><i class=\"fa fa-chevron-right\"><\/i><\/span>\n\t\t\t\t<\/div>\n\t\t\t<\/div>\n\t\t<\/div>\n\t\t\t\t<\/div>\n\t\t<\/div>\n\t\t\t\t\t\t\t\t<\/div>\n\t\t\t\t\t\t\t\t\t\t\t\t<\/div>\n\t\t<\/div>\n\t<\/div>\n<\/div>\n\n\n<div class=\"tb-textimage2 tb-block align-left background-light pattern-none variant-image_first tb-collapsible-margins\" id=\"textimage2\">\n\t<div class=\"inner-block tb-fade-in\">\n\n\t\t\n\t\t<div class=\"tb-columns\">\n\t\t\t<div class=\"tb-column\">\n\t\t\t\t<div class=\"tb-text-part\">\n\t\t\t\t\t<h2>Lemon Tour \u00e0 Sorrente<\/h2>\n\t\t\t\t\t\t\t<div class=\"translation-block\"><p>Saviez-vous que les <strong>citrons<\/strong> sont le symbole officieux de la c\u00f4te amalfitaine ? Sorrente est m\u00eame souvent consid\u00e9r\u00e9e comme la capitale du citron.<\/p><p>Pendant votre Vespa Trip, vous pouvez vivre une exp\u00e9rience autour du citron aussi authentique qu\u2019incontournable. Partez \u00e0 la d\u00e9couverte de la culture traditionnelle du citron lors d\u2019une visite d\u2019un <strong>verger local<\/strong> chez <strong>Galano Sorrento<\/strong>.<\/p><p>Voici ce qui vous attend (40\u20ac\/p.p) :<\/p><ul><li>Une visite guid\u00e9e dans un verger de citronniers et le laboratoire de production<\/li><li>Une d\u00e9monstration d\u2019\u00e9pluchage, avec d\u00e9gustation de citron frais<\/li><li>Des explications sur la commercialisation<\/li><li>Un passage par le showroom pour d\u00e9couvrir des produits locaux \u00e0 base de citron<\/li><li>Et pour terminer en beaut\u00e9 : un dessert artisanal \u00e0 base de citron<\/li><\/ul><\/div>\n\t\t\t\t\t\t\t\t\t\t\t<div class=\"tb-buttons-part\">\n\t\t\t\t\t\t\t\t\t\t\t\t\t\t\t\t\t<\/div>\n\t\t\t\t<\/div>\n\t\t\t<\/div>\n\t\t\t<div class=\"tb-column\">\n\t\t\t\t\t\t\t\t\t\t\t\t\t\t\t<div class=\"tb-image-part\">\n\t\t\t\t\t\t\t<img src='https:\/\/tvt.travelblox.eu\/wp-content\/uploads\/sites\/49\/2026\/04\/Untitled-design-34-768x960.jpg' width='768' height='960' style='object-position:58% 57%' loading='lazy' image_size='medium_large'>\t\t\t\t\t\t<\/div>\n\t\t\t\t\t\t\t\t\t\t\t\t<\/div>\n\t\t<\/div>\n\t<\/div>\n<\/div>\n\n\n<div class=\"tb-textimage1 tb-block align-center background-light pattern-none variant-none tb-collapsible-margins\" id=\"textimage1\">\n\t<div class=\"inner-block tb-fade-in tb-fade-in--subtle\">\n\n\t\t\n\t\t<div class=\"text-part\">\n\t\t\t<h2><\/h2>\n\t\t\t\t\t<div class=\"translation-block\"><\/div>\n\t\t\t<\/div>\n\t<\/div>\n\t<div class=\"inner-block\">\n\t\t\t\t\t\t\t\t<\/div>\n\t<div class=\"inner-block tb-fade-in tb-fade-in--subtle\">\n\t\t<div class=\"text-part\">\n\t\t\t\t\t<div class=\"translation-block\"><\/div>\n\t\t\t\t<div class=\"tb-buttons-part\">\n\t\t\t\t\t\t\t\t\t\t\t<\/div>\n\t\t<\/div>\n\t<\/div>\n<\/div>\n\n<div class=\"tb-practical tb-block align-none background-light pattern-default variant-none tb-collapsible-margins\" id=\"practical\">\n\t<div class=\"inner-block tb-fade-in\">\n\t\t<div class=\"text-part\">\n\t\t\t<h2>Le Vespa Trip en d\u00e9tails<\/h2>\n\t\t\t\t\t<div class=\"translation-block\"><\/div>\n\t\t\t<\/div>\n\t<\/div>\n\t<div class=\"inner-block tb-fade-in\">\n\t\t\t\t\t<div class=\"practical-cols\">\n\t\t\t\t<div class=\"practical-nav-container\">\n\t\t\t\t\t<ul class=\"practical-nav tb-style-block\">\n\t\t\t\t\t\t\t\t\t\t\t\t\t<li><a href=\"#practical-block-0\">QU'EST-CE QUI EST INCLUS<\/a><\/li>\n\t\t\t\t\t\t\t\t\t\t\t\t\t<li><a href=\"#practical-block-1\">VOTRE VESPA<\/a><\/li>\n\t\t\t\t\t\t\t\t\t\t\t\t\t<li><a href=\"#practical-block-2\">PERMIS DE CONDUIRE<\/a><\/li>\n\t\t\t\t\t\t\t\t\t\t\t\t\t<li><a href=\"#practical-block-3\">START-TO-VESPA<\/a><\/li>\n\t\t\t\t\t\t\t\t\t\t\t\t\t<li><a href=\"#practical-block-4\">GPS<\/a><\/li>\n\t\t\t\t\t\t\t\t\t\t\t\t\t<li><a href=\"#practical-block-5\">REPAS<\/a><\/li>\n\t\t\t\t\t\t\t\t\t\t\t\t\t<li><a href=\"#practical-block-6\">ASSURANCES VESPA<\/a><\/li>\n\t\t\t\t\t\t\t\t\t\t\t\t\t<li><a href=\"#practical-block-7\">ASSURANCES<\/a><\/li>\n\t\t\t\t\t\t\t\t\t\t\t\t\t<li><a href=\"#practical-block-8\">FAQ<\/a><\/li>\n\t\t\t\t\t\t\t\t\t\t\t<\/ul>\n\t\t\t\t<\/div>\n\t\t\t\t<div class=\"tb-accordion tb-accordion--animation tb-accordion-mobile-only text-part\">\n\t\t\t\t\t\t\t\t\t\t\t<div class=\"details\" id=\"practical-block-0\">\n\t\t\t\t\t\t\t<div class=\"summary\">\n\t\t\t\t\t\t\t\t\t\t\t\t<i class=\"icon fa-solid fa-square-check tb-style-block\" aria-hidden=\"true\"><\/i>\n\t\t\t QU'EST-CE QUI EST INCLUS\t\t\t\t\t\t\t<\/div>\n\t\t\t\t\t\t\t<div class=\"content\">\n\t\t\t\t\t\t\t\t\t\t<div class=\"translation-block\"><p>Le prix du Vespa Trip \u00e0 Amalfi commence \u00e0 <strong>640\u20ac par personne*<\/strong> et comprend :<\/p><ul><li><strong>Quatre nuits<\/strong> dans un h\u00f4tel charmant, petit d\u00e9jeuner inclus<\/li><li>La location de votre <strong>Vespa<\/strong>, casques et cadenas<\/li><li><strong>Parking<\/strong> \u00e0 l'h\u00f4tel<\/li><li>Les conseils de nos <strong>guides<\/strong><\/li><li>Des <strong>itin\u00e9raires<\/strong> soigneusement con\u00e7us<\/li><li><strong>Probablement la meilleure exp\u00e9rience de votre vie !<\/strong><\/li><\/ul><p>Le carburant pour votre vespa (environ 30 \u20ac - 40 \u20ac pour toute la semaine), les excursions, votre d\u00e9jeuner et d\u00eener ne sont <strong>pas inclus<\/strong>.<\/p><p>*Le prix indiqu\u00e9 est calcul\u00e9 sur la base de deux personnes par Vespa. Vous trouverez plus d\u2019informations sur la conduite en solo dans la section \u00ab Votre Vespa \u00bb.<\/p><\/div>\n\t\t\t\t\t\t\t\t<\/div>\n\t\t\t\t\t\t<\/div>\n\t\t\t\t\t\t\t\t\t\t\t<div class=\"details\" id=\"practical-block-1\">\n\t\t\t\t\t\t\t<div class=\"summary\">\n\t\t\t\t\t\t\t\t\t\t\t\t<i class=\"icon fa-solid fa-key tb-style-block\" aria-hidden=\"true\"><\/i>\n\t\t\t VOTRE VESPA\t\t\t\t\t\t\t<\/div>\n\t\t\t\t\t\t\t<div class=\"content\">\n\t\t\t\t\t\t\t\t\t\t<div class=\"translation-block\"><p>Tout au long du voyage, vous aurez \u00e0 votre disposition <strong>votre propre Vespa 125cc<\/strong>. Vous la recevrez le lendemain matin de votre arriv\u00e9e et la rendrez le dernier soir. La Vespa est \u00e0 vous pendant tout le voyage, m\u00eame le soir.<\/p><p>Prolongez votre exp\u00e9rience en Vespa avec nos options <strong>\"Early Pick-Up\"<\/strong> et <strong>\"Late Drop-Off\"<\/strong>.<\/p><p>L'option <strong>\"Early Pick-Up\"<\/strong> vous permet de r\u00e9cup\u00e9rer votre Vespa d\u00e8s 14h le jour de votre arriv\u00e9e, tandis que l'option <strong>\"Late Drop-Off\"<\/strong> vous permet d'en profiter jusqu'\u00e0 14h le jour de votre d\u00e9part. Chaque option est disponible au tarif de 50 \u20ac par Vespa.<\/p><p><strong>Puis-je conduire la Vespa seul(e) ?<\/strong><\/p><p>Les prix sont calcul\u00e9s en supposant que la Vespa est partag\u00e9e entre 2 personnes. Si vous souhaitez conduire seul(e), il y a un suppl\u00e9ment de 130 \u20ac par conducteur individuel.<\/p><p><strong>Dois-je avoir de l'exp\u00e9rience de conduite avec une Vespa ou un scooter pour conduire la Vespa \u00e0 Amalfi ?<\/strong><\/p><p>Les routes et la circulation \u00e0 Amalfi sont un peu plus difficiles que dans les autres destinations. Si vous n'avez jamais conduit de Vespa ou de scooter, ou si vous manquez d'assurance, nous vous recommandons vivement notre initiation <strong>\"Start-to-Vespa\"<\/strong>.<\/p><p>Cette br\u00e8ve formation vous permettra d'acqu\u00e9rir les bons r\u00e9flexes pour rouler en toute s\u00e9r\u00e9nit\u00e9 et profiter pleinement des splendides paysages de la c\u00f4te.<\/p><\/div>\n\t\t\t\t\t\t\t\t<\/div>\n\t\t\t\t\t\t<\/div>\n\t\t\t\t\t\t\t\t\t\t\t<div class=\"details\" id=\"practical-block-2\">\n\t\t\t\t\t\t\t<div class=\"summary\">\n\t\t\t\t\t\t\t\t\t\t\t\t<i class=\"icon fa-solid fa-id-card tb-style-block\" aria-hidden=\"true\"><\/i>\n\t\t\t PERMIS DE CONDUIRE\t\t\t\t\t\t\t<\/div>\n\t\t\t\t\t\t\t<div class=\"content\">\n\t\t\t\t\t\t\t\t\t\t<div class=\"translation-block\"><p>Pour conduire nos Vespas \u00e0 Amalfi, vous devez avoir un <strong>permis de conduire (B)<\/strong> ou un <strong>permis de moto (A)<\/strong> et avoir <strong>18 ans ou plus<\/strong>. Le <strong>permis (AM) n'est pas valide<\/strong>. Le passager assis \u00e0 l'arri\u00e8re n'a pas besoin d'avoir 18 ans ni de permis de conduire.<\/p><p>Vous avez un permis de conduire europ\u00e9en ? C'est parfait ! <strong>Votre permis n'est pas pour l'Europe ?<\/strong> Alors vous devrez demander un <strong>permis de conduire international<\/strong>.<\/p><\/div>\n\t\t\t\t\t\t\t\t<\/div>\n\t\t\t\t\t\t<\/div>\n\t\t\t\t\t\t\t\t\t\t\t<div class=\"details\" id=\"practical-block-3\">\n\t\t\t\t\t\t\t<div class=\"summary\">\n\t\t\t\t\t\t\t\t\t\t\t\t<i class=\"icon fa-solid fa-graduation-cap tb-style-block\" aria-hidden=\"true\"><\/i>\n\t\t\t START-TO-VESPA\t\t\t\t\t\t\t<\/div>\n\t\t\t\t\t\t\t<div class=\"content\">\n\t\t\t\t\t\t\t\t\t\t<div class=\"translation-block\"><p>Vous n'avez encore jamais conduit de Vespa ? Pas de soucis ! Le jour de votre arriv\u00e9e, vous pouvez participer au cours <strong>\u00abStart-to-Vespa \u00bb<\/strong> lors duquel le guide vous expliquera comment conduire une Vespa. Apr\u00e8s ce cours, vous pouvez garder votre Vespa pour vous entra\u00eener un peu plus et commencer \u00e0 explorer.<\/p><p>Le cours co\u00fbte 50 euros par personne.<\/p><\/div>\n\t\t\t\t\t\t\t\t<\/div>\n\t\t\t\t\t\t<\/div>\n\t\t\t\t\t\t\t\t\t\t\t<div class=\"details\" id=\"practical-block-4\">\n\t\t\t\t\t\t\t<div class=\"summary\">\n\t\t\t\t\t\t\t\t\t\t\t\t<i class=\"icon fa-solid fa-location-arrow tb-style-block\" aria-hidden=\"true\"><\/i>\n\t\t\t GPS\t\t\t\t\t\t\t<\/div>\n\t\t\t\t\t\t\t<div class=\"content\">\n\t\t\t\t\t\t\t\t\t\t<div class=\"translation-block\"><p>Les <strong>itin\u00e9raires con\u00e7us<\/strong> sont t\u00e9l\u00e9charg\u00e9s sur un <strong>GPS<\/strong>, que vous pouvez facilement fixer au volant de votre Vespa. Avec ce GPS (+ 30 \u20ac), vous emprunterez les plus belles routes et arriverez aux arr\u00eats les plus \u00e9poustouflants de la c\u00f4te amalfitaine.<\/p><\/div>\n\t\t\t\t\t\t\t\t<\/div>\n\t\t\t\t\t\t<\/div>\n\t\t\t\t\t\t\t\t\t\t\t<div class=\"details\" id=\"practical-block-5\">\n\t\t\t\t\t\t\t<div class=\"summary\">\n\t\t\t\t\t\t\t\t\t\t\t\t<i class=\"icon fa-solid fa-utensils tb-style-block\" aria-hidden=\"true\"><\/i>\n\t\t\t REPAS\t\t\t\t\t\t\t<\/div>\n\t\t\t\t\t\t\t<div class=\"content\">\n\t\t\t\t\t\t\t\t\t\t<div class=\"translation-block\"><p>Un <strong>petit-d\u00e9jeuner<\/strong> journalier est <strong>inclus<\/strong> dans le prix. Pour le lunch ou le d\u00eener, nous avons toujours de chouettes adresses \u00e0 vous recommander. A Sant'Agatha, le village o\u00f9 vous serez bas\u00e9s lors de votre Vespa Trip, il y a de nombreux bars et restaurants tr\u00e8s sympas.<\/p><\/div>\n\t\t\t\t\t\t\t\t<\/div>\n\t\t\t\t\t\t<\/div>\n\t\t\t\t\t\t\t\t\t\t\t<div class=\"details\" id=\"practical-block-6\">\n\t\t\t\t\t\t\t<div class=\"summary\">\n\t\t\t\t\t\t\t\t\t\t\t\t<i class=\"icon fa-solid fa-umbrella tb-style-block\" aria-hidden=\"true\"><\/i>\n\t\t\t ASSURANCES VESPA\t\t\t\t\t\t\t<\/div>\n\t\t\t\t\t\t\t<div class=\"content\">\n\t\t\t\t\t\t\t\t\t\t<div class=\"translation-block\"><p>Votre Vespa inclut automatiquement une assurance pour les dommages caus\u00e9s \u00e0 des tiers. Pour la couverture des dommages \u00e0 votre propre Vespa, vous pouvez choisir entre deux options. Vous pouvez opter pour une <strong>couverture d\u00e9gats<\/strong> <strong>de 89 \u20ac par Vespa<\/strong>, ce qui ram\u00e8ne votre responsabilit\u00e9 \u00e0 0 \u20ac et ne n\u00e9cessite pas de caution. Si vous pr\u00e9f\u00e9rez ne pas prendre la renonciation, une <strong>caution de 500 \u20ac<\/strong> sera requis, pour lequel vous \u00eates enti\u00e8rement responsable en cas de dommage.<\/p><p>Environ un mois avant le d\u00e9part, vous recevrez un e-mail o\u00f9 vous pourrez s\u00e9lectionner l'option qui vous convient le mieux.<\/p><\/div>\n\t\t\t\t\t\t\t\t<\/div>\n\t\t\t\t\t\t<\/div>\n\t\t\t\t\t\t\t\t\t\t\t<div class=\"details\" id=\"practical-block-7\">\n\t\t\t\t\t\t\t<div class=\"summary\">\n\t\t\t\t\t\t\t\t\t\t\t\t<i class=\"icon fa-solid fa-umbrella tb-style-block\" aria-hidden=\"true\"><\/i>\n\t\t\t ASSURANCES\t\t\t\t\t\t\t<\/div>\n\t\t\t\t\t\t\t<div class=\"content\">\n\t\t\t\t\t\t\t\t\t\t<div class=\"translation-block\"><p><strong>ASSURANCE ANNULATION<\/strong><\/p><p>Cet assurance vous permet de r\u00e9server sans souci. Vous pourrez annuler votre voyage en Amalfi jusqu'au jour du d\u00e9part et recevoir un remboursement complet, \u00e0 condition de pouvoir justifier d'un motif valable. Vous pouvez lire les conditions <a href=\"https:\/\/travelbase.eu\/u\/source\/cancellation\/summer\/conditions-en.pdf\" target=\"_blank\">ici<\/a>.<\/p><p><strong>ASSURANCE VOYAGE<\/strong><\/p><p>Cette assurance voyage offre une assistance en cas d'accident. Assurez-vous de ne jamais voyager sans assurance ! Les r\u00e9sidents d'Europe peuvent souscrire une <a href=\"https:\/\/thevespatrip.com\/en\/travelinsurance\/\">assurance voyage<\/a> par notre interm\u00e9diaire lors de la r\u00e9servation.<\/p><\/div>\n\t\t\t\t\t\t\t\t<\/div>\n\t\t\t\t\t\t<\/div>\n\t\t\t\t\t\t\t\t\t\t\t<div class=\"details\" id=\"practical-block-8\">\n\t\t\t\t\t\t\t<div class=\"summary\">\n\t\t\t\t\t\t\t\t\t\t\t\t<i class=\"icon fa-solid fa-question tb-style-block\" aria-hidden=\"true\"><\/i>\n\t\t\t FAQ\t\t\t\t\t\t\t<\/div>\n\t\t\t\t\t\t\t<div class=\"content\">\n\t\t\t\t\t\t\t\t\t\t<div class=\"translation-block\"><p>Des questions sur le voyage ? On y r\u00e9pond dans notre <a href=\"#faq\">FAQ<\/a>.<\/p><\/div>\n\t\t\t\t\t\t\t\t<\/div>\n\t\t\t\t\t\t<\/div>\n\t\t\t\t\t\t\t\t\t<\/div>\n\t\t\t<\/div>\n\t\t\t<\/div>\n<\/div>\n\n\n\n<div class=\"tb-quoteparallax tb-block align-center background-dark pattern-none variant-text_on_image\" id=\"quoteparallax\" style=\"background-image: url('https:\/\/tvt.travelblox.eu\/wp-content\/uploads\/sites\/49\/2024\/10\/Copy-of-10000595141-1-scaled.jpg');\">\n\t\t<div class=\"inner-block tb-fade-in tb-fade-in--subtle\">\n\t\t\t\t\t<div class=\"text-part\">\n\t\t\t\t<h2>Life is a journey, enjoy the ride<\/h2>\n\t\t\t\t\t\t<div class=\"translation-block\"><\/div>\n\t\t\t\t\t\t\t\t<\/div>\n\t\t\t\t\t<\/div>\n<\/div>\n\n\n\n<div class=\"tb-howtogetthere tb-block align-none background-light pattern-none variant-none tb-collapsible-margins\" id=\"howtogetthere-1\">\n\t<div class=\"inner-block tb-fade-in tb-fade-in--subtle\">\n\t\t<div class=\"text-part\">\n\t\t\t<h2>Comment se rendre sur la c\u00f4te Amalfitaine ?<\/h2>\n\t\t\t\t\t<div class=\"translation-block\"><p>Le meilleur moyen de se rendre en Italie pour le Vespa Trip Amalfi est de prendre l\u2019avion jusqu'\u00e0 <strong>l\u2019a\u00e9roport de Naples (NAP)<\/strong>.<\/p><\/div>\n\t\t\t\t\t\t\t\t<div class=\"select-part\">\n\t\t\t\t\t<label>Voyage depuis<\/label>\n\t\t\t\t\t<select>\n\t\t\t\t\t\t\t\t\t\t\t\t\t<option value=\"0\" data-section=\"howtogetthere-1-section-0\">\ud83c\udde7\ud83c\uddea Belgique<\/option>\n\t\t\t\t\t\t\t\t\t\t\t\t\t<option value=\"1\" data-section=\"howtogetthere-1-section-1\">\ud83c\uddf3\ud83c\uddf1 Pays-Bas<\/option>\n\t\t\t\t\t\t\t\t\t\t\t\t\t<option value=\"2\" data-section=\"howtogetthere-1-section-2\">\ud83c\udde9\ud83c\uddea Allemagne<\/option>\n\t\t\t\t\t\t\t\t\t\t\t\t\t<option value=\"3\" data-section=\"howtogetthere-1-section-3\">\ud83c\uddeb\ud83c\uddf7 France<\/option>\n\t\t\t\t\t\t\t\t\t\t\t<\/select>\n\t\t\t\t<\/div>\n\t\t\t\t\t<\/div>\n\t<\/div>\n\t\t\t<div class=\"inner-block tb-fade-in tb-fade-in--subtle\">\n\t\t\t\t\t\t\t<div class=\"tb-sections\">\n\t\t\t\t\t\t\t\t\t\t\t\t\t\t\t\t\t\t<div class=\"tb-section entries\" id=\"howtogetthere-1-section-0\">\n\t\t\t\t\t\t\t\t\t\t\t\t\t\t\t\t\t<div class=\"entry\">\n\t\t\t\t\t\t\t\t\t\t\t\t\t\t<i class=\"icon fa-solid fa-plane\" aria-hidden=\"true\"><\/i>\n\t\t\t\t\t\t\t\t\t\t\t\t\t<div class=\"text-part\">\n\t\t\t\t\t\t\t\t\t\t\t<h4>DE BRUXELLES<\/h4>\n\t\t\t\t\t\t\t\t\t\t\t\t\t<div class=\"translation-block\"><p><strong>Vol aller<\/strong> (<em>de Bruxelles \u00e0 Naples<\/em>)<\/p>\n<ul>\n<li>Ryanair : num\u00e9ro de vol FR 1302, r\u00e9servez-le <a href=\"https:\/\/www.ryanair.com\" target=\"_blank\" rel=\"noopener\">ici<\/a><\/li>\n<li>Brussels Airlines : num\u00e9ro de vol SN 3169, r\u00e9servez-le <a href=\"https:\/\/www.brusselsairlines.com\/\" target=\"_blank\" rel=\"noopener\">ici<\/a><\/li>\n<\/ul>\n<p><strong>Vol retour<\/strong> (<em>de Naples \u00e0 Bruxelles<\/em>)<\/p>\n<ul>\n<li>Ryanair : num\u00e9ro de vol FR 1303\/1311, r\u00e9servez-le <a href=\"https:\/\/www.ryanair.com\" target=\"_blank\" rel=\"noopener\">ici<\/a><\/li>\n<li>Brussels Airlines : num\u00e9ro de vol SN 3170, r\u00e9servez-le <a href=\"https:\/\/www.brusselsairlines.com\/\" target=\"_blank\" rel=\"noopener\">ici<\/a><\/li>\n<\/ul><\/div>\n\t\t\t\t\t\t\t\t\t\t\t<\/div>\n\t\t\t\t\t\t\t\t\t<\/div>\n\t\t\t\t\t\t\t\t\t\t\t\t\t\t\t\t\t<div class=\"entry\">\n\t\t\t\t\t\t\t\t\t\t\t\t\t\t<i class=\"icon fa-solid fa-bus\" aria-hidden=\"true\"><\/i>\n\t\t\t\t\t\t\t\t\t\t\t\t\t<div class=\"text-part\">\n\t\t\t\t\t\t\t\t\t\t\t<h4>NAVETTE DEPUIS L 'A\u00c9ROPORT<\/h4>\n\t\t\t\t\t\t\t\t\t\t\t\t\t<div class=\"translation-block\"><p>Le premier et le dernier jour de votre voyage en Vespa, vous pouvez r\u00e9server une navette pour 40 \u20ac par personne (par trajet) qui vous emm\u00e8nera directement de l'a\u00e9roport de Naples \u00e0 l'h\u00f4tel O Sole Mio, et de l'h\u00f4tel \u00e0 l'a\u00e9roport.<\/p><p><strong>Veuillez noter !<\/strong> Vous ne pouvez r\u00e9server cette navette que le premier jour (de l'a\u00e9roport \u00e0 l'h\u00f4tel) et le dernier jour (de l'h\u00f4tel \u00e0 l'a\u00e9roport) de votre voyage en Vespa. Vous trouverez <a href=\"https:\/\/admin.travelbase.eu\/u\/source\/TVT\/TVT26_shuttles_amalfi\/TVT26_Transfers_Amalfi_FR.pdf\" target=\"_blank\">l'horaire<\/a> complet ici.<\/p><p>La navette peut attendre \u00e0 l'a\u00e9roport pendant <strong>jusqu'\u00e0 30 minutes<\/strong>. Comme les retards de vol \u00e9chappent malheureusement \u00e0 notre contr\u00f4le, nous ne pouvons pas offrir de remboursement en cas de rat\u00e9 de la navette.<\/p><\/div>\n\t\t\t\t\t\t\t\t\t\t\t<\/div>\n\t\t\t\t\t\t\t\t\t<\/div>\n\t\t\t\t\t\t\t\t\t\t\t\t\t\t\t\t\t<div class=\"entry\">\n\t\t\t\t\t\t\t\t\t\t\t\t\t\t<i class=\"icon fa-solid fa-train\" aria-hidden=\"true\"><\/i>\n\t\t\t\t\t\t\t\t\t\t\t\t\t<div class=\"text-part\">\n\t\t\t\t\t\t\t\t\t\t\t<h4>EN TRAIN<\/h4>\n\t\t\t\t\t\t\t\t\t\t\t\t\t<div class=\"translation-block\"><p>Depuis le centre de Naples, vous pouvez facilement prendre un train pour Sorrente. Plus d'infos sur le train se trouvent via <a href=\"https:\/\/www.trenitalia.com\/en.html\">ce lien.<\/a><\/p>\n<p>Depuis l'a\u00e9roport de Naples, il est \u00e9galement possible de prendre le bus Curreri Viaggi pour Sorrente. Plus d'infos sur le bus se trouvent via <a href=\"https:\/\/www.curreriviaggi.it\/en\/naples-airport-shuttle\">ce lien<\/a>.<\/p>\n<p>Depuis Sorrente, vous pouvez ensuite prendre un bus pour Sant'Agata, o\u00f9 vous \u00eates \u00e0 seulement 10 minutes de l'h\u00f4tel \u00e0 pied. Veuillez faire attention aux horaires. Plus d'infos sur le bus se trouvent via <a href=\"https:\/\/sitasudtrasporti.it\/campania\/orari\/\">ce lien<\/a>.<\/p><\/div>\n\t\t\t\t\t\t\t\t\t\t\t<\/div>\n\t\t\t\t\t\t\t\t\t<\/div>\n\t\t\t\t\t\t\t\t\t\t\t\t\t\t\t\t\t<div class=\"entry\">\n\t\t\t\t\t\t\t\t\t\t\t\t\t\t<i class=\"icon fa-solid fa-taxi\" aria-hidden=\"true\"><\/i>\n\t\t\t\t\t\t\t\t\t\t\t\t\t<div class=\"text-part\">\n\t\t\t\t\t\t\t\t\t\t\t<h4>EN TAXI<\/h4>\n\t\t\t\t\t\t\t\t\t\t\t\t\t<div class=\"translation-block\">Il y a environ 1h15 de trajet entre l\u2019h\u00f4tel (O Sole Mio Sant\u2019Agata) et l\u2019a\u00e9roport de Naples. En r\u00e9servant le taxi via l\u2019h\u00f4tel, vous ne devrez payer que 110\u20ac. Si vous prenez un taxi directement sur place, celui-ci vous co\u00fbtera entre 150\u20ac - 200\u20ac.<\/div>\n\t\t\t\t\t\t\t\t\t\t\t<\/div>\n\t\t\t\t\t\t\t\t\t<\/div>\n\t\t\t\t\t\t\t\t\t\t\t\t\t\t\t\t\t<div class=\"entry\">\n\t\t\t\t\t\t\t\t\t\t\t\t\t\t<i class=\"icon fa-solid fa-car\" aria-hidden=\"true\"><\/i>\n\t\t\t\t\t\t\t\t\t\t\t\t\t<div class=\"text-part\">\n\t\t\t\t\t\t\t\t\t\t\t<h4>EN VOITURE<\/h4>\n\t\t\t\t\t\t\t\t\t\t\t\t\t<div class=\"translation-block\"><p>Vous pouvez facilement vous parquer dans le parking gratuit en face de l\u2019h\u00f4tel. L\u2019adresse est <a href=\"https:\/\/goo.gl\/maps\/fWfUXQh2nVEm66Hq5\" target=\"_blank\">Via Deserto 13, 80061 Massa Lubrense, Italia<\/a>.<\/p><\/div>\n\t\t\t\t\t\t\t\t\t\t\t<\/div>\n\t\t\t\t\t\t\t\t\t<\/div>\n\t\t\t\t\t\t\t\t\t\t\t\t\t\t\t<\/div>\n\t\t\t\t\t\t\t\t\t\t\t\t\t\t\t\t\t\t\t\t\t\t\t\t<div class=\"tb-section entries hidden\" id=\"howtogetthere-1-section-1\">\n\t\t\t\t\t\t\t\t\t\t\t\t\t\t\t\t\t<div class=\"entry\">\n\t\t\t\t\t\t\t\t\t\t\t\t\t\t<i class=\"icon fa-solid fa-plane\" aria-hidden=\"true\"><\/i>\n\t\t\t\t\t\t\t\t\t\t\t\t\t<div class=\"text-part\">\n\t\t\t\t\t\t\t\t\t\t\t<h4>DEPUIS AMSTERDAM<\/h4>\n\t\t\t\t\t\t\t\t\t\t\t\t\t<div class=\"translation-block\"><p><strong>Vol aller<\/strong> (<em>depuis Amsterdam vers Naples<\/em>)<\/p>\n<ul>\n<li>Transavia : num\u00e9ro de vol HV 6411 ou HV 6409, r\u00e9servez-le <a href=\"https:\/\/www.transavia.com\/\" target=\"_blank\" rel=\"noopener\">ici<\/a><\/li>\n<li>Easyjet : num\u00e9ro de vol U2 4232 ou U2 4234, r\u00e9servez-le <a href=\"https:\/\/www.easyjet.com\/\" target=\"_blank\" rel=\"noopener\">ici<\/a><\/li>\n<\/ul>\n<p><strong>Vol retour<\/strong> (<em>depuis Naples vers Amsterdam<\/em>)<\/p>\n<ul>\n<li>Transavia : num\u00e9ro de vol HV 6410 ou HV 6412, r\u00e9servez-le <a href=\"https:\/\/www.transavia.com\/\" target=\"_blank\" rel=\"noopener\">ici<\/a><\/li>\n<li>Easyjet : num\u00e9ro de vol U2 4231 ou U2 4233, r\u00e9servez-le <a href=\"https:\/\/www.easyjet.com\/\" target=\"_blank\" rel=\"noopener\">ici<\/a><\/li>\n<\/ul><\/div>\n\t\t\t\t\t\t\t\t\t\t\t<\/div>\n\t\t\t\t\t\t\t\t\t<\/div>\n\t\t\t\t\t\t\t\t\t\t\t\t\t\t\t\t\t<div class=\"entry\">\n\t\t\t\t\t\t\t\t\t\t\t\t\t\t<i class=\"icon fa-solid fa-bus-simple\" aria-hidden=\"true\"><\/i>\n\t\t\t\t\t\t\t\t\t\t\t\t\t<div class=\"text-part\">\n\t\t\t\t\t\t\t\t\t\t\t<h4>NAVETTE A\u00c9ROPORT<\/h4>\n\t\t\t\t\t\t\t\t\t\t\t\t\t<div class=\"translation-block\"><p>Le premier et dernier jour de votre voyage en Vespa, vous pouvez r\u00e9server une navette pour 40 \u20ac par personne qui vous emm\u00e8nera directement de l'a\u00e9roport de Naples \u00e0 l'h\u00f4tel O Sole Mio, et de l'h\u00f4tel \u00e0 l'a\u00e9roport.<\/p><p><strong>Veuillez noter !<\/strong> Vous ne pouvez r\u00e9server cette navette que le premier jour (de l'a\u00e9roport \u00e0 l'h\u00f4tel) et le dernier jour (de l'h\u00f4tel \u00e0 l'a\u00e9roport) de votre voyage en Vespa. Vous pouvez trouver l'horaire complet <a href=\"https:\/\/admin.travelbase.eu\/u\/source\/TVT\/TVT26_shuttles_amalfi\/TVT26_Transfers_Amalfi_FR.pdf\" target=\"_blank\">ici<\/a>.<\/p><\/div>\n\t\t\t\t\t\t\t\t\t\t\t<\/div>\n\t\t\t\t\t\t\t\t\t<\/div>\n\t\t\t\t\t\t\t\t\t\t\t\t\t\t\t\t\t<div class=\"entry\">\n\t\t\t\t\t\t\t\t\t\t\t\t\t\t<i class=\"icon fa-solid fa-train\" aria-hidden=\"true\"><\/i>\n\t\t\t\t\t\t\t\t\t\t\t\t\t<div class=\"text-part\">\n\t\t\t\t\t\t\t\t\t\t\t<h4>EN TRAIN<\/h4>\n\t\t\t\t\t\t\t\t\t\t\t\t\t<div class=\"translation-block\"><p>Depuis le centre de Naples, vous pouvez facilement prendre un train pour Sorrente. Plus d'infos sur le train peuvent \u00eatre trouv\u00e9es via <a href=\"https:\/\/www.trenitalia.com\/en.html\" target=\"_blank\" rel=\"noopener\">ce lien.<\/a><\/p>\n<p>Depuis l'a\u00e9roport de Naples, il est \u00e9galement possible de prendre le bus Curreri Viaggi pour Sorrente. Plus d'infos sur le bus peuvent \u00eatre trouv\u00e9es via <a href=\"https:\/\/www.curreriviaggi.it\/en\/naples-airport-shuttle\">ce lien<\/a>.<\/p>\n<p>Depuis Sorrente, vous pouvez ensuite prendre un bus pour Sant\u2019Agata, o\u00f9 vous \u00eates \u00e0 seulement 10 minutes \u00e0 pied de l'h\u00f4tel. Veuillez faire attention aux horaires. Plus d'infos pour le bus peuvent \u00eatre trouv\u00e9es via <a href=\"https:\/\/sitasudtrasporti.it\/campania\/orari\/\">ce lien<\/a>.<\/p><\/div>\n\t\t\t\t\t\t\t\t\t\t\t<\/div>\n\t\t\t\t\t\t\t\t\t<\/div>\n\t\t\t\t\t\t\t\t\t\t\t\t\t\t\t\t\t<div class=\"entry\">\n\t\t\t\t\t\t\t\t\t\t\t\t\t\t<i class=\"icon fa-solid fa-taxi\" aria-hidden=\"true\"><\/i>\n\t\t\t\t\t\t\t\t\t\t\t\t\t<div class=\"text-part\">\n\t\t\t\t\t\t\t\t\t\t\t<h4>EN TAXI<\/h4>\n\t\t\t\t\t\t\t\t\t\t\t\t\t<div class=\"translation-block\">Il y a environ 1h15 de trajet entre l\u2019h\u00f4tel (O Sole Mio Sant\u2019Agata) et l\u2019a\u00e9roport de Naples. En r\u00e9servant le taxi via l\u2019h\u00f4tel, vous ne devrez payer que 110\u20ac. Si vous prenez un taxi directement sur place, celui-ci vous co\u00fbtera entre 150\u20ac - 200\u20ac.<\/div>\n\t\t\t\t\t\t\t\t\t\t\t<\/div>\n\t\t\t\t\t\t\t\t\t<\/div>\n\t\t\t\t\t\t\t\t\t\t\t\t\t\t\t\t\t<div class=\"entry\">\n\t\t\t\t\t\t\t\t\t\t\t\t\t\t<i class=\"icon fa-solid fa-car\" aria-hidden=\"true\"><\/i>\n\t\t\t\t\t\t\t\t\t\t\t\t\t<div class=\"text-part\">\n\t\t\t\t\t\t\t\t\t\t\t<h4>EN VOITURE<\/h4>\n\t\t\t\t\t\t\t\t\t\t\t\t\t<div class=\"translation-block\"><p>Vous pouvez facilement vous parquer dans le parking gratuit en face de l\u2019h\u00f4tel. L\u2019adresse est <a href=\"https:\/\/goo.gl\/maps\/fWfUXQh2nVEm66Hq5\" target=\"_blank\">Via Deserto 13, 80061 Massa Lubrense, Italia<\/a>.<\/p><\/div>\n\t\t\t\t\t\t\t\t\t\t\t<\/div>\n\t\t\t\t\t\t\t\t\t<\/div>\n\t\t\t\t\t\t\t\t\t\t\t\t\t\t\t<\/div>\n\t\t\t\t\t\t\t\t\t\t\t\t\t\t\t\t\t\t\t\t\t\t\t\t<div class=\"tb-section entries hidden\" id=\"howtogetthere-1-section-2\">\n\t\t\t\t\t\t\t\t\t\t\t\t\t\t\t\t\t<div class=\"entry\">\n\t\t\t\t\t\t\t\t\t\t\t\t\t\t<i class=\"icon fa-solid fa-plane\" aria-hidden=\"true\"><\/i>\n\t\t\t\t\t\t\t\t\t\t\t\t\t<div class=\"text-part\">\n\t\t\t\t\t\t\t\t\t\t\t<h4>DEPUIS L'ALLEMAGNE<\/h4>\n\t\t\t\t\t\t\t\t\t\t\t\t\t<div class=\"translation-block\"><p>Depuis l'Allemagne, il est possible de prendre un vol pour Naples plusieurs fois par semaine depuis tous les grands a\u00e9roports tels que <strong>Francfort<\/strong>, <strong>Munich<\/strong>, <strong>Hambourg<\/strong>, <strong>Cologne<\/strong>, <strong>D\u00fcsseldorf<\/strong> ou <strong>Berlin<\/strong>. Pendant la saison estivale, il y a des vols charter suppl\u00e9mentaires. Parfois, des correspondances sont n\u00e9cessaires. Le temps de vol sans escale est d'environ deux heures, selon le lieu de d\u00e9part.<\/p>\n<p>Si vous souhaitez utiliser notre service de navette, veuillez respecter les horaires de navette sp\u00e9cifi\u00e9s.<\/p><\/div>\n\t\t\t\t\t\t\t\t\t\t\t<\/div>\n\t\t\t\t\t\t\t\t\t<\/div>\n\t\t\t\t\t\t\t\t\t\t\t\t\t\t\t\t\t<div class=\"entry\">\n\t\t\t\t\t\t\t\t\t\t\t\t\t\t<i class=\"icon fa-solid fa-bus-simple\" aria-hidden=\"true\"><\/i>\n\t\t\t\t\t\t\t\t\t\t\t\t\t<div class=\"text-part\">\n\t\t\t\t\t\t\t\t\t\t\t<h4>NAVETTE A\u00c9ROPORT<\/h4>\n\t\t\t\t\t\t\t\t\t\t\t\t\t<div class=\"translation-block\"><p>Le premier et dernier jour de votre voyage en Vespa, vous pouvez r\u00e9server une navette pour 40 \u20ac par personne qui vous emm\u00e8nera directement de l'a\u00e9roport de Naples \u00e0 l'h\u00f4tel O Sole Mio, et de l'h\u00f4tel \u00e0 l'a\u00e9roport.<\/p><p><strong>Veuillez noter !<\/strong> Vous ne pouvez r\u00e9server cette navette que le premier jour (de l'a\u00e9roport \u00e0 l'h\u00f4tel) et le dernier jour (de l'h\u00f4tel \u00e0 l'a\u00e9roport) de votre voyage en Vespa. Vous pouvez trouver l'horaire complet <a href=\"https:\/\/admin.travelbase.eu\/u\/source\/TVT\/TVT26_shuttles_amalfi\/TVT26_Transfers_Amalfi_FR.pdf\" target=\"_blank\">ici<\/a>.<\/p><\/div>\n\t\t\t\t\t\t\t\t\t\t\t<\/div>\n\t\t\t\t\t\t\t\t\t<\/div>\n\t\t\t\t\t\t\t\t\t\t\t\t\t\t\t\t\t<div class=\"entry\">\n\t\t\t\t\t\t\t\t\t\t\t\t\t\t<i class=\"icon fa-solid fa-train\" aria-hidden=\"true\"><\/i>\n\t\t\t\t\t\t\t\t\t\t\t\t\t<div class=\"text-part\">\n\t\t\t\t\t\t\t\t\t\t\t<h4>EN TRAIN<\/h4>\n\t\t\t\t\t\t\t\t\t\t\t\t\t<div class=\"translation-block\"><p>Depuis le centre de Naples, vous pouvez facilement prendre un train pour Sorrente. Plus d'infos sur le train se trouvent via <a href=\"https:\/\/www.trenitalia.com\/en.html\">ce lien.<\/a><\/p>\n<p>Depuis l'a\u00e9roport de Naples, il est \u00e9galement possible de prendre le bus Curreri Viaggi pour Sorrente. Plus d'infos sur le bus se trouvent via <a href=\"https:\/\/www.curreriviaggi.it\/en\/naples-airport-shuttle\">ce lien<\/a>.<\/p>\n<p>Depuis Sorrente, vous pouvez ensuite prendre un bus pour Sant'Agata, o\u00f9 vous \u00eates \u00e0 seulement 10 minutes de l'h\u00f4tel \u00e0 pied. Veuillez faire attention aux horaires. Plus d'infos sur le bus se trouvent via <a href=\"https:\/\/sitasudtrasporti.it\/campania\/orari\/\">ce lien<\/a>.<\/p><\/div>\n\t\t\t\t\t\t\t\t\t\t\t<\/div>\n\t\t\t\t\t\t\t\t\t<\/div>\n\t\t\t\t\t\t\t\t\t\t\t\t\t\t\t\t\t<div class=\"entry\">\n\t\t\t\t\t\t\t\t\t\t\t\t\t\t<i class=\"icon fa-solid fa-taxi\" aria-hidden=\"true\"><\/i>\n\t\t\t\t\t\t\t\t\t\t\t\t\t<div class=\"text-part\">\n\t\t\t\t\t\t\t\t\t\t\t<h4>EN TAXI<\/h4>\n\t\t\t\t\t\t\t\t\t\t\t\t\t<div class=\"translation-block\">Il y a environ 1h15 de trajet entre l\u2019h\u00f4tel (O Sole Mio Sant\u2019Agata) et l\u2019a\u00e9roport de Naples. En r\u00e9servant le taxi via l\u2019h\u00f4tel, vous ne devrez payer que 110\u20ac. Si vous prenez un taxi directement sur place, celui-ci vous co\u00fbtera entre 150\u20ac - 200\u20ac.<\/div>\n\t\t\t\t\t\t\t\t\t\t\t<\/div>\n\t\t\t\t\t\t\t\t\t<\/div>\n\t\t\t\t\t\t\t\t\t\t\t\t\t\t\t\t\t<div class=\"entry\">\n\t\t\t\t\t\t\t\t\t\t\t\t\t\t<i class=\"icon fa-solid fa-car\" aria-hidden=\"true\"><\/i>\n\t\t\t\t\t\t\t\t\t\t\t\t\t<div class=\"text-part\">\n\t\t\t\t\t\t\t\t\t\t\t<h4>EN VOITURE<\/h4>\n\t\t\t\t\t\t\t\t\t\t\t\t\t<div class=\"translation-block\"><p>Vous pouvez facilement vous parquer dans le parking gratuit en face de l\u2019h\u00f4tel. L\u2019adresse est <a href=\"https:\/\/goo.gl\/maps\/fWfUXQh2nVEm66Hq5\" target=\"_blank\">Via Deserto 13, 80061 Massa Lubrense, Italia<\/a>.<\/p><\/div>\n\t\t\t\t\t\t\t\t\t\t\t<\/div>\n\t\t\t\t\t\t\t\t\t<\/div>\n\t\t\t\t\t\t\t\t\t\t\t\t\t\t\t<\/div>\n\t\t\t\t\t\t\t\t\t\t\t\t\t\t\t\t\t\t\t\t\t\t\t\t<div class=\"tb-section entries hidden\" id=\"howtogetthere-1-section-3\">\n\t\t\t\t\t\t\t\t\t\t\t\t\t\t\t\t\t<div class=\"entry\">\n\t\t\t\t\t\t\t\t\t\t\t\t\t\t<i class=\"icon fa-solid fa-plane\" aria-hidden=\"true\"><\/i>\n\t\t\t\t\t\t\t\t\t\t\t\t\t<div class=\"text-part\">\n\t\t\t\t\t\t\t\t\t\t\t<h4>EN AVION<\/h4>\n\t\t\t\t\t\t\t\t\t\t\t\t\t<div class=\"translation-block\"><p>Vols depuis <b>Paris<\/b> :<\/p>\n<ul>\n<li>Ryanair (BVA &#8211; NAP) : FR 7166, r\u00e9serve-le <a href=\"https:\/\/www.ryanair.com\/fr\/fr\">ici<\/a>.<\/li>\n<li>Air France (CDG &#8211; NAP) : AF 1578, r\u00e9serve-le <a href=\"https:\/\/wwws.airfrance.fr\/\">ici<\/a>.<\/li>\n<\/ul>\n<p>Vols depuis <b>Lyon<\/b> :<\/p>\n<ul>\n<li>EasyJet (LYS &#8211; NAP) : EJU 4188, r\u00e9serve-le <a href=\"https:\/\/www.easyjet.com\/fr\">ici<\/a>.<\/li>\n<\/ul><\/div>\n\t\t\t\t\t\t\t\t\t\t\t<\/div>\n\t\t\t\t\t\t\t\t\t<\/div>\n\t\t\t\t\t\t\t\t\t\t\t\t\t\t\t\t\t<div class=\"entry\">\n\t\t\t\t\t\t\t\t\t\t\t\t\t\t<i class=\"icon fa-solid fa-bus\" aria-hidden=\"true\"><\/i>\n\t\t\t\t\t\t\t\t\t\t\t\t\t<div class=\"text-part\">\n\t\t\t\t\t\t\t\t\t\t\t<h4>NAVETTE DEPUIS L 'A\u00c9ROPORT<\/h4>\n\t\t\t\t\t\t\t\t\t\t\t\t\t<div class=\"translation-block\"><p>Le premier et le dernier jour de votre voyage en Vespa, vous pouvez r\u00e9server une navette pour 40 \u20ac par personne, qui vous emm\u00e8nera directement de l'a\u00e9roport de Naples \u00e0 l'h\u00f4tel O Sole Mio, et de l'h\u00f4tel \u00e0 l'a\u00e9roport.<\/p><p><strong>Veuillez noter !<\/strong> Vous ne pouvez r\u00e9server cette navette que le premier jour (a\u00e9roport \u00e0 l'h\u00f4tel) et le dernier jour (h\u00f4tel \u00e0 l'a\u00e9roport) de votre voyage en Vespa. Vous trouverez <a href=\"https:\/\/admin.travelbase.eu\/u\/source\/TVT\/TVT26_shuttles_amalfi\/TVT26_Transfers_Amalfi_FR.pdf\" target=\"_blank\">l'horaire<\/a> complet ici.<\/p><\/div>\n\t\t\t\t\t\t\t\t\t\t\t<\/div>\n\t\t\t\t\t\t\t\t\t<\/div>\n\t\t\t\t\t\t\t\t\t\t\t\t\t\t\t\t\t<div class=\"entry\">\n\t\t\t\t\t\t\t\t\t\t\t\t\t\t<i class=\"icon fa-solid fa-train\" aria-hidden=\"true\"><\/i>\n\t\t\t\t\t\t\t\t\t\t\t\t\t<div class=\"text-part\">\n\t\t\t\t\t\t\t\t\t\t\t<h4>EN TRAIN<\/h4>\n\t\t\t\t\t\t\t\t\t\t\t\t\t<div class=\"translation-block\"><p>Depuis le centre de Naples, vous pouvez facilement prendre un train pour Sorrente. Plus d'infos sur le train se trouvent via <a href=\"https:\/\/www.trenitalia.com\/en.html\">ce lien.<\/a><\/p>\n<p>Depuis l'a\u00e9roport de Naples, il est \u00e9galement possible de prendre le bus Curreri Viaggi pour Sorrente. Plus d'infos sur le bus se trouvent via <a href=\"https:\/\/www.curreriviaggi.it\/en\/naples-airport-shuttle\">ce lien<\/a>.<\/p>\n<p>Depuis Sorrente, vous pouvez ensuite prendre un bus pour Sant'Agata, o\u00f9 vous \u00eates \u00e0 seulement 10 minutes de l'h\u00f4tel \u00e0 pied. Veuillez faire attention aux horaires. Plus d'infos sur le bus se trouvent via <a href=\"https:\/\/sitasudtrasporti.it\/campania\/orari\/\">ce lien<\/a>.<\/p><\/div>\n\t\t\t\t\t\t\t\t\t\t\t<\/div>\n\t\t\t\t\t\t\t\t\t<\/div>\n\t\t\t\t\t\t\t\t\t\t\t\t\t\t\t\t\t<div class=\"entry\">\n\t\t\t\t\t\t\t\t\t\t\t\t\t\t<i class=\"icon fa-solid fa-taxi\" aria-hidden=\"true\"><\/i>\n\t\t\t\t\t\t\t\t\t\t\t\t\t<div class=\"text-part\">\n\t\t\t\t\t\t\t\t\t\t\t<h4>EN TAXI<\/h4>\n\t\t\t\t\t\t\t\t\t\t\t\t\t<div class=\"translation-block\"><p>De l'a\u00e9roport de Naples \u00e0 l'h\u00f4tel (O Sole Mio \u00e0 Sant\u2019Agata), il faut environ une heure et quinze minutes en taxi (60 km). Si vous r\u00e9servez un taxi \u00e0 l'avance via l'h\u00f4tel, vous paierez entre 110 \u20ac et 150 \u20ac. Si vous ne r\u00e9servez pas de taxi et en prenez un \u00e0 l'a\u00e9roport, vous paierez facilement entre 190 \u20ac et 220 \u20ac pour un trajet simple.<\/p><\/div>\n\t\t\t\t\t\t\t\t\t\t\t<\/div>\n\t\t\t\t\t\t\t\t\t<\/div>\n\t\t\t\t\t\t\t\t\t\t\t\t\t\t\t\t\t<div class=\"entry\">\n\t\t\t\t\t\t\t\t\t\t\t\t\t\t<i class=\"icon fa-solid fa-car\" aria-hidden=\"true\"><\/i>\n\t\t\t\t\t\t\t\t\t\t\t\t\t<div class=\"text-part\">\n\t\t\t\t\t\t\t\t\t\t\t<h4>EN VOITURE<\/h4>\n\t\t\t\t\t\t\t\t\t\t\t\t\t<div class=\"translation-block\"><p>Si vous venez en voiture, vous pouvez facilement vous garer gratuitement dans le grand parking devant l'h\u00f4tel. L'adresse de l'h\u00f4tel est <a href=\"https:\/\/goo.gl\/maps\/fWfUXQh2nVEm66Hq5\">Via Deserto 13, 80061 Massa Lubrense, Italie<\/a>.<\/p><\/div>\n\t\t\t\t\t\t\t\t\t\t\t<\/div>\n\t\t\t\t\t\t\t\t\t<\/div>\n\t\t\t\t\t\t\t\t\t\t\t\t\t\t\t<\/div>\n\t\t\t\t\t\t\t\t\t\t\t\t\t\t\t<\/div>\n\t\t\t\t\t<\/div>\n\t<\/div>\n\n\n\n\n<div class=\"hide-some tb-faq tb-block align-center background-light pattern-custom variant-none tb-collapsible-margins\" id=\"faq\" style=\"background-image: url()\">\n\t<div class=\"inner-block tb-fade-in tb-fade-in--subtle\">\n\t\t<div class=\"text-part\">\n\t\t\t<h2>FAQs<\/h2>\n\t\t\t\t\t<div class=\"translation-block\"><\/div>\n\t\t\t<\/div>\n\t<\/div>\n\t<div class=\"inner-block\">\n\n\t\t\t\t\t<div class=\"faq-list tb-accordion tb-accordion--animation two-col\">\n\t\t\t\t\t\t\t\t\t<details class=\"details\">\n\t\t\t\t\t\t<summary class=\"summary\"><div>Ai-je besoin d'exp\u00e9rience de conduite avec une Vespa ou un scooter? <\/div><\/summary>\n\t\t\t\t\t\t<div class=\"content text-part\">\n\t\t\t\t\t\t\t\t\t<div class=\"translation-block\"><p>Les routes et la circulation \u00e0 Amalfi sont un peu plus difficiles que dans les autres destinations. Donc, si vous n'avez jamais conduit de Vespa ou de scooter auparavant ou si vous \u00eates inexp\u00e9riment\u00e9\/incertain, nous recommandons vivement de r\u00e9server l'initiation <strong>Start to Vespa<\/strong>, dispens\u00e9e par nos guides.<\/p><p>De cette fa\u00e7on, vous pourrez rouler en toute s\u00e9curit\u00e9, \u00e9viter de repr\u00e9senter un risque pour le groupe et profiter pleinement des panoramas exceptionnels de la r\u00e9gion.<\/p><\/div>\n\t\t\t\t\t\t\t<\/div>\n\t\t\t\t\t<\/details>\n\t\t\t\t\t\t\t\t\t<details class=\"details\">\n\t\t\t\t\t\t<summary class=\"summary\"><div>Y a-t-il des exigences vestimentaires pour conduire une Vespa ?<\/div><\/summary>\n\t\t\t\t\t\t<div class=\"content text-part\">\n\t\t\t\t\t\t\t\t\t<div class=\"translation-block\"><p>Un&nbsp;<strong>casque<\/strong>&nbsp;et des&nbsp;<strong>chaussures ferm\u00e9es<\/strong>&nbsp;(donc pas de tongs ni de sandales) sont toujours obligatoires lors des excursions en Vespa.<\/p><\/div>\n\t\t\t\t\t\t\t<\/div>\n\t\t\t\t\t<\/details>\n\t\t\t\t\t\t\t\t\t<details class=\"details\">\n\t\t\t\t\t\t<summary class=\"summary\"><div>Puis-je prendre des options?<\/div><\/summary>\n\t\t\t\t\t\t<div class=\"content text-part\">\n\t\t\t\t\t\t\t\t\t<div class=\"translation-block\"><ul><li><strong>Early Pick-Up \/ Late Drop-Off<\/strong> : 50 \u20ac par Vespa<\/li><li><strong>Cours Start-to-Vespa<\/strong> : 50 \u20ac par personne<\/li><li><strong>Suppl\u00e9ment chambre individuelle<\/strong> : 250 \u20ac par personne<\/li><li><strong>Suppl\u00e9ment conducteur de Vespa solo<\/strong> : 130 \u20ac par personne<\/li><li><strong>GPS<\/strong> : 30 \u20ac<\/li><li><strong>Assurance annulation<\/strong> : 49 \u20ac par personne<\/li><li><strong>Assurance voyage<\/strong> : 39 \u20ac par personne<\/li><li><strong>Assurance dommages Vespa<\/strong> : 89 \u20ac par Vespa<\/li><\/ul><\/div>\n\t\t\t\t\t\t\t<\/div>\n\t\t\t\t\t<\/details>\n\t\t\t\t\t\t\t\t\t<details class=\"details\">\n\t\t\t\t\t\t<summary class=\"summary\"><div>\u00c0 qui est destin\u00e9 ce voyage?<\/div><\/summary>\n\t\t\t\t\t\t<div class=\"content text-part\">\n\t\t\t\t\t\t\t\t\t<div class=\"translation-block\"><p>L'\u00e2ge moyen des participants \u00e0 The Vespa Trip en 2025 \u00e9tait de <strong>40 ans<\/strong>, la majorit\u00e9 \u00e9tant dans la vingtaine ou la cinquantaine. Tous les Vespa Trippers, jeunes ou vieux, partagent le m\u00eame amour pour la belle Italie et l'aventure. Lors de la derni\u00e8re \u00e9dition, les participants venaient principalement de Belgique, de France et des Pays-Bas. Cependant, nous avons eu des Vespa Trippers <strong>venant de 26 pays diff\u00e9rents.<\/strong><\/p>\n<p>En g\u00e9n\u00e9ral, les gens rejoignent cette aventure en groupe de <strong>deux ou quatre personnes<\/strong> : un m\u00e9lange d'amis et de couples.<\/p><\/div>\n\t\t\t\t\t\t\t<\/div>\n\t\t\t\t\t<\/details>\n\t\t\t\t\t\t\t\t\t<details class=\"details\">\n\t\t\t\t\t\t<summary class=\"summary\"><div>Roule-t-on seul\u00b7e ou en groupe ?<\/div><\/summary>\n\t\t\t\t\t\t<div class=\"content text-part\">\n\t\t\t\t\t\t\t\t\t<div class=\"translation-block\"><p>\u00c0 vous de choisir ! Vous recevez un <strong>road book<\/strong> comportant tous les arr\u00eats et lieux d'int\u00e9r\u00eats. Si vous pr\u00e9f\u00e9rez rouler de votre c\u00f4t\u00e9, vous pouvez prendre un <strong>GPS<\/strong> dans lequel tous les itin\u00e9raires sont charg\u00e9s.<\/p><p>Vous pr\u00e9f\u00e9rez <strong>suivre le guide<\/strong>? Super! Suivez le groupe et laissez-vous guider tout en profitant de la bonne humeur des Vespas Trippers.<\/p><p>Chaque jour, vous d\u00e9cidez si vous roulez seul ou avec le groupe.<\/p><\/div>\n\t\t\t\t\t\t\t<\/div>\n\t\t\t\t\t<\/details>\n\t\t\t\t\t\t\t\t\t<details class=\"details\">\n\t\t\t\t\t\t<summary class=\"summary\"><div>Rendez \u00e0 la nature : compensez les \u00e9missions de CO2 de votre Vespa Trip.<\/div><\/summary>\n\t\t\t\t\t\t<div class=\"content text-part\">\n\t\t\t\t\t\t\t\t\t<div class=\"translation-block\"><p>La plan\u00e8te nous offre tant de choses incroyables, mais si nous voulons pouvoir en profiter encore longtemps, nous devons la prot\u00e9ger aujourd'hui plus que jamais. Dans le formulaire de r\u00e9servation, on vous propose donc de <strong>compenser les \u00e9missions de CO2 de votre voyage via Greentripper de mani\u00e8re simple et fiable.<\/strong><\/p><\/div>\n\t\t\t\t\t\t\t<\/div>\n\t\t\t\t\t<\/details>\n\t\t\t\t\t\t\t<\/div>\n\t\t\t\t<div class=\"load-more-faqs-container\">\n\t\t\t<div class=\"load-more-faqs-link\">\n\t\t\t\t<a href=\"#\" class=\"tb-buttonlink-with-icon load-more\">\n\t\t\t\t\t<span>Afficher plus de FAQ<\/span>\n\t\t\t\t\t<i class=\"icon fa fa-plus\"><\/i>\n\t\t\t\t<\/a>\n\t\t\t\t<a href=\"#\" class=\"tb-buttonlink-with-icon load-less\">\n\t\t\t\t\t<span>Afficher moins de FAQ<\/span>\n\t\t\t\t\t<i class=\"icon fa fa-minus\"><\/i>\n\t\t\t\t<\/a>\n\t\t\t<\/div>\n\t\t<\/div>\n\t<\/div>\n\t\t\t<div class=\"inner-block tb-fade-in tb-fade-in--subtle\">\n\t\t\t<div class=\"faq-footer text-part\">\n\t\t\t\t<h3>Vous avez d'autres questions ? <\/h3>\t\t\t\t\n\t\t\t\t\t<div class=\"contact-team\">\n\t\t\t\t\t\t\t\t\t\t\t\t\t<span style=\"background-image:url('https:\/\/tvt.travelblox.eu\/wp-content\/uploads\/sites\/49\/2024\/10\/Travelbase_Group499-1-150x150.jpg');\"><\/span>\n\t\t\t\t\t\t\t\t\t\t\t<\/div>\n\t\t\t\t\t\t\t\t<p>Nous serions ravis d'y r\u00e9pondre par <a href=\"mailto:info@levespatrip.com\">email<\/a>!<\/p>\n\t\t\t\t\t\t\t\t\t<a href=\"mailto:info@levespatrip.com\" class=\"tb-buttonlink-with-icon\">\n\t\t\t\t\t\t<span>Consultez les questions les plus fr\u00e9quemment pos\u00e9es (FAQ)<\/span>\n\t\t\t\t\t\t<i class=\"icon fa fa-arrow-right\"><\/i>\n\t\t\t\t\t<\/a>\n\t\t\t\t\t\t\t<\/div>\n\t\t<\/div>\n\t<\/div>\n\n\n<div class=\"tb-gallery tb-block align-center background-light pattern-none variant-grid\" id=\"gallery-1\">\n\t<div>\n\t\t<div class=\"desktop tb-has-popup-content\">\n\t\t\t\t\t\t\t<ul class=\"tb-gallery-grid\">\n\t\t\t\t\t\t\t\t\t\t\t\t\t\t\t\t\t\t<li class=\"slide\">\n\t\t\t\t\t\t\t\t<div class=\"tb-popup-trigger\">\n\t\t\t\t\t\t\t\t\t<img src='https:\/\/tvt.travelblox.eu\/wp-content\/uploads\/sites\/49\/2023\/12\/Untitled-design-25.jpg' width='2000' height='1333' alt='point de vue lors de la visite en Vespa \u00e0 Amalfi' style='object-position:50% 50%' loading='lazy'>\t\t\t\t\t\t\t\t<\/div>\n\t\t\t\t\t\t\t<\/li>\n\t\t\t\t\t\t\t\t\t\t\t\t\t<li class=\"slide\">\n\t\t\t\t\t\t\t\t<div class=\"tb-popup-trigger\">\n\t\t\t\t\t\t\t\t\t<img src='https:\/\/tvt.travelblox.eu\/wp-content\/uploads\/sites\/49\/2024\/10\/Copy-of-IMG_7810-1-scaled.jpg' width='1365' height='2048' alt='Sorrento pendant la visite en Vespa \u00e0 Amalfi, Sorrento lors du voyage en Vespa \u00e0 Amalfi.' style='object-position:50% 50%' loading='lazy'>\t\t\t\t\t\t\t\t<\/div>\n\t\t\t\t\t\t\t<\/li>\n\t\t\t\t\t\t\t\t\t\t\t\t\t<li class=\"slide\">\n\t\t\t\t\t\t\t\t<div class=\"tb-popup-trigger\">\n\t\t\t\t\t\t\t\t\t<img src='https:\/\/tvt.travelblox.eu\/wp-content\/uploads\/sites\/49\/2024\/10\/Copy-of-BC31D7E4-3724-4CE3-8A6C-DEED8DF2EAD3-scaled.jpg' width='1153' height='2048' alt='vue panoramique sur la mer lors de la balade en Vespa sur la c\u00f4te amalfitaine' style='object-position:50% 50%' loading='lazy'>\t\t\t\t\t\t\t\t<\/div>\n\t\t\t\t\t\t\t<\/li>\n\t\t\t\t\t\t\t\t\t\t\t\t\t\t\t<\/ul>\n\t\t\t\t\t\t<div class=\"tb-popup tb-popup--open-clicked-image\">\n\t\t\t\t<div class=\"tb-gallery-popup\">\n\t\t\t\t\t<div class=\"tb-image-part\">\n\t\t\t\t\t\t\t\t\t\t<div class=\"inner-block-full-width has-tb-carousel tb-carousel-slider\" >\n\t\t\t<div class=\"tb-carousel-container\">\n\t\t\t\t<div class=\"entries tb-cards\" data-slider-first=\"2\">\n\t\t\t\t\t\t\t\t\t<div class=\"entry\">\n\t\t\t\t<div class=\"tb-image-part\">\n\t\t\t\t\t<figure>\n\t\t\t\t\t\t<img src='https:\/\/tvt.travelblox.eu\/wp-content\/uploads\/sites\/49\/2023\/12\/Untitled-design-25.jpg' width='2000' height='1333' alt='point de vue lors de la visite en Vespa \u00e0 Amalfi' style='object-position:50% 50%' loading='lazy' image_size='full'>\t\t\t\t\t\t\t\t\t\t\t<\/figure>\n\t\t\t\t<\/div>\n\t\t\t<\/div>\n\t\t\t\t\t<div class=\"entry\">\n\t\t\t\t<div class=\"tb-image-part\">\n\t\t\t\t\t<figure>\n\t\t\t\t\t\t<img src='https:\/\/tvt.travelblox.eu\/wp-content\/uploads\/sites\/49\/2024\/10\/Copy-of-IMG_7810-1-scaled.jpg' width='1365' height='2048' alt='Sorrento pendant la visite en Vespa \u00e0 Amalfi, Sorrento lors du voyage en Vespa \u00e0 Amalfi.' style='object-position:50% 50%' loading='lazy' image_size='full'>\t\t\t\t\t\t\t\t\t\t\t<\/figure>\n\t\t\t\t<\/div>\n\t\t\t<\/div>\n\t\t\t\t\t<div class=\"entry\">\n\t\t\t\t<div class=\"tb-image-part\">\n\t\t\t\t\t<figure>\n\t\t\t\t\t\t<img src='https:\/\/tvt.travelblox.eu\/wp-content\/uploads\/sites\/49\/2024\/10\/Copy-of-BC31D7E4-3724-4CE3-8A6C-DEED8DF2EAD3-scaled.jpg' width='1153' height='2048' alt='vue panoramique sur la mer lors de la balade en Vespa sur la c\u00f4te amalfitaine' style='object-position:50% 50%' loading='lazy' image_size='full'>\t\t\t\t\t\t\t\t\t\t\t<\/figure>\n\t\t\t\t<\/div>\n\t\t\t<\/div>\n\t\t\t\t\t\t\t\t<\/div>\n\t\t\t\t\t\t<div class=\"tb-carousel-nav\">\n\t\t\t<div class=\"dots\">\n\t\t\t\t<div class=\"dot active\"><\/div>\n\t\t\t\t<div class=\"dot\"><\/div>\n\t\t\t\t<div class=\"dot\"><\/div>\n\t\t\t<\/div>\n\t\t\t<div class=\"arrows\">\n\t\t\t\t<div class=\"prev disabled\">\n\t\t\t\t\t<span><i class=\"fa fa-chevron-left\"><\/i><\/span>\n\t\t\t\t<\/div>\n\t\t\t\t<div class=\"next\">\n\t\t\t\t\t<span><i class=\"fa fa-chevron-right\"><\/i><\/span>\n\t\t\t\t<\/div>\n\t\t\t<\/div>\n\t\t<\/div>\n\t\t\t\t<\/div>\n\t\t<\/div>\n\t\t\t\t\t\t\t<\/div>\n\t\t\t\t<\/div>\n\t\t\t<\/div>\n\t\t<\/div>\n\t\t<div class=\"mobile\">\n\t\t\t<div class=\"tb-image-part\">\n\t\t\t\t\t\t\t\t<div class=\"inner-block-full-width has-tb-carousel tb-carousel-slider\" >\n\t\t\t<div class=\"tb-carousel-container\">\n\t\t\t\t<div class=\"entries tb-cards\" data-slider-first=\"0\">\n\t\t\t\t\t\t\t\t\t<div class=\"entry\">\n\t\t\t\t<div class=\"tb-image-part\">\n\t\t\t\t\t<figure>\n\t\t\t\t\t\t<img src='https:\/\/tvt.travelblox.eu\/wp-content\/uploads\/sites\/49\/2023\/12\/Untitled-design-25-768x512.jpg' width='768' height='512' alt='point de vue lors de la visite en Vespa \u00e0 Amalfi' style='object-position:50% 50%' loading='lazy' image_size='medium_large'>\t\t\t\t\t\t\t\t\t\t\t<\/figure>\n\t\t\t\t<\/div>\n\t\t\t<\/div>\n\t\t\t\t\t<div class=\"entry\">\n\t\t\t\t<div class=\"tb-image-part\">\n\t\t\t\t\t<figure>\n\t\t\t\t\t\t<img src='https:\/\/tvt.travelblox.eu\/wp-content\/uploads\/sites\/49\/2024\/10\/Copy-of-IMG_7810-1-768x1152.jpg' width='768' height='1152' alt='Sorrento pendant la visite en Vespa \u00e0 Amalfi, Sorrento lors du voyage en Vespa \u00e0 Amalfi.' style='object-position:50% 50%' loading='lazy' image_size='medium_large'>\t\t\t\t\t\t\t\t\t\t\t<\/figure>\n\t\t\t\t<\/div>\n\t\t\t<\/div>\n\t\t\t\t\t<div class=\"entry\">\n\t\t\t\t<div class=\"tb-image-part\">\n\t\t\t\t\t<figure>\n\t\t\t\t\t\t<img src='https:\/\/tvt.travelblox.eu\/wp-content\/uploads\/sites\/49\/2024\/10\/Copy-of-BC31D7E4-3724-4CE3-8A6C-DEED8DF2EAD3-768x1364.jpg' width='768' height='1364' alt='vue panoramique sur la mer lors de la balade en Vespa sur la c\u00f4te amalfitaine' style='object-position:50% 50%' loading='lazy' image_size='medium_large'>\t\t\t\t\t\t\t\t\t\t\t<\/figure>\n\t\t\t\t<\/div>\n\t\t\t<\/div>\n\t\t\t\t\t\t\t\t<\/div>\n\t\t\t\t\t\t<div class=\"tb-carousel-nav\">\n\t\t\t<div class=\"dots\">\n\t\t\t\t<div class=\"dot active\"><\/div>\n\t\t\t\t<div class=\"dot\"><\/div>\n\t\t\t\t<div class=\"dot\"><\/div>\n\t\t\t<\/div>\n\t\t\t<div class=\"arrows\">\n\t\t\t\t<div class=\"prev disabled\">\n\t\t\t\t\t<span><i class=\"fa fa-chevron-left\"><\/i><\/span>\n\t\t\t\t<\/div>\n\t\t\t\t<div class=\"next\">\n\t\t\t\t\t<span><i class=\"fa fa-chevron-right\"><\/i><\/span>\n\t\t\t\t<\/div>\n\t\t\t<\/div>\n\t\t<\/div>\n\t\t\t\t<\/div>\n\t\t<\/div>\n\t\t\t\t\t<\/div>\n\t\t<\/div>\n\t<\/div>\n<\/div>\n\n\n\n    <div class=\"tb-calendarv2 tb-block align-center background-light pattern-none variant-none tb-collapsible-margins\" id=\"join\" data-field-packages='[{&quot;package_id&quot;:&quot;TVT-AM&quot;,&quot;prereg_url&quot;:&quot;&quot;,&quot;package_summary_content&quot;:&quot;&quot;,&quot;package_summary_inclusive&quot;:false,&quot;rowid&quot;:&quot;6841d081d2015&quot;}]' data-package-ids='[\"TVT-AM\"]' data-brands='[{&quot;type&quot;:&quot;brands&quot;,&quot;id&quot;:&quot;4&quot;,&quot;attributes&quot;:{&quot;name&quot;:&quot;The Vespa Trip&quot;,&quot;translatableName&quot;:{&quot;nl&quot;:&quot;The Vespa Trip&quot;,&quot;en&quot;:&quot;The Vespa Trip&quot;,&quot;fr&quot;:&quot;Le Vespa Trip&quot;,&quot;de&quot;:&quot;Der Vespa Trip&quot;}}}]' data-language='fr' data-allow-collapse-consecutive-sold-out-items='1' data-show-prereg-items='1' data-show-participants='0' data-show-departure-hours='0' data-no-participants-title=\"0 participants\" data-no-participants-text=\"Il n'y a pas encore de participants\" data-sold-out-cta=\"&lt;p&gt;Check our other &lt;a href=&quot;https:\/\/thevespatrip.com#destinations&quot;&gt;destinations&lt;\/a&gt;&lt;\/p&gt;\" data-show-months-toggle=\"1\" data-show-waiting-list-buttons=\"1\" data-show-price-toggle=\"1\" data-show-quote-request=\"1\" data-sort-filter-options-by-az-order='0' data-launch-unfiltered='0' data-merge-duplicate-filters='0'>\n        <div class=\"inner-block tb-fade-in tb-fade-in--subtle\">\n            <div class=\"text-part tb-fade-in tb-fade-in--subtle\">\n                                    <h2>R\u00e9servez votre Vespa Trip \u00e0 Amalfi<\/h2>\n                                                    \t\t<div class=\"translation-block\">Pr\u00eat \u00e0 explorer l\u2019Italie en Vespa ? Trouvez ci-dessous votre p\u00e9riode de voyage id\u00e9ale et r\u00e9servez votre aventure d\u00e8s aujourd\u2019hui!<\/div>\n\t                                                    <div class=\"tb-buttons-part\">\n                                                                            \t\t<a href=\"https:\/\/booking.travelbase.eu\/tvt26\/book?lang=fr\"  target=\"\" class=\"tb-button\">\n\t\t\tR\u00e9servez maintenant\t\t<\/a>\n\t\t                                                                                                                                        <a href=\"https:\/\/booking.travelbase.eu\/tvt26\/quote?lang=fr\" class=\"tb-buttonlink tb-quote-request\" target=\"_blank\"><span>Demander un devis<\/span><\/a>\n                                                                                                                                                        <\/div>\n                            <\/div>\n\n            \n            \n<div class=\"tb-skeleton tb-skeleton--calendar-v2 tb-skeleton--inactive\">\n    <!-- <div class=\"section-toggler section-toggler--small tb-skeleton__border tb-skeleton__disabled\">\n        <div class=\"section-toggler__inner\">\n            <div class=\"section-toggler__toggle-wrapper\">\n                <div class=\"section-toggler__toggles\">\n                    <input type=\"radio\" name=\"2025\" checked>\n                    <label class=\"tb-skeleton__background tb-skeleton__border\" for=\"\"><span class=\"tb-skeleton__bone\"><span class=\"tb-skeleton__invisible-text\">2025<\/span><\/span><\/label>\n                    <input type=\"radio\" name=\"2026\">\n                    <label class=\"tb-skeleton__border\" for=\"\"><span class=\"tb-skeleton__bone\"><span class=\"tb-skeleton__invisible-text\">2026<\/span><\/span><\/label>\n                <\/div>\n            <\/div>\n        <\/div>\n    <\/div> -->\n    <div class=\"tb-calendar-v2__year\" id=\"year-section-0\">\n        <div class=\"tb-block\">\n            <div class=\"section-toggler section-toggler--fake section-toggler--blocks tb-skeleton__border tb-skeleton__disabled\">\n                <div class=\"section-toggler__inner\">\n                    <div class=\"section-toggler__toggle-wrapper\">\n                        <div class=\"section-toggler__toggles\">\n                            <input type=\"radio\" name=\"Jan\" checked>\n                            <label class=\"tb-skeleton__background tb-skeleton__border\" for=\"\"><span class=\"tb-skeleton__bone\"><span class=\"tb-skeleton__invisible-text\">Jan<\/span><\/span><\/label>\n                            <input type=\"radio\" name=\"Feb\">\n                            <label class=\"tb-skeleton__border\" for=\"\"><span class=\"tb-skeleton__bone\"><span class=\"tb-skeleton__invisible-text\">Feb<\/span><\/span><\/label>\n                            <input type=\"radio\" name=\"Mar\">\n                            <label class=\"tb-skeleton__border\" for=\"\"><span class=\"tb-skeleton__bone\"><span class=\"tb-skeleton__invisible-text\">Mar<\/span><\/span><\/label>\n                            <input type=\"radio\" name=\"Apr\">\n                            <label class=\"tb-skeleton__border\" for=\"\"><span class=\"tb-skeleton__bone\"><span class=\"tb-skeleton__invisible-text\">Apr<\/span><\/span><\/label>\n                            <input type=\"radio\" name=\"May\">\n                            <label class=\"tb-skeleton__border\" for=\"\"><span class=\"tb-skeleton__bone\"><span class=\"tb-skeleton__invisible-text\">Mai<\/span><\/span><\/label>\n                        <\/div>\n                    <\/div>\n                <\/div>\n            <\/div>\n            <div class=\"tb-calendar-v2__month\" id=\"year-0-month-section-0\">\n                <ul class=\"tb-calendar-v2__departures\">\n                                            <li class=\"tb-calendar-v2__departure tb-calendar-v2-departure tb-skeleton__border\" data-availability=\"free\">\n                            <div class=\"tb-calendar-v2-departure__essential\">\n                                <div class=\"tb-calendar-v2-departure__first-part\">\n                                    <div class=\"tb-calendar-v2-departure__destination desktop-only\">\n                                        <span class=\"tb-skeleton__bone\"><span class=\"tb-skeleton__invisible-text\"><strong>Exemple de voyage<\/strong><\/span><\/span>\n                                    <\/div>\n                                    <div class=\"tb-calendar-v2-departure__dates\">\n                                        <div class=\"tb-calendar-v2-departure__startdate\">\n                                            <span class=\"tb-skeleton__bone\"><span class=\"tb-skeleton__invisible-text\">Lundi<\/span><\/span>\n                                            <span class=\"tb-skeleton__bone\"><span class=\"tb-skeleton__invisible-text\"><strong>20 janv. 2025<\/strong><\/span><\/span>\n                                        <\/div>\n                                        <span class=\"tb-skeleton__bone\"><span class=\"tb-skeleton__invisible-text\"><i class=\"fa-solid fa-arrow-right\"><\/i><\/span><\/span>\n                                        <div class=\"tb-calendar-v2-departure__enddate\">\n                                            <span class=\"tb-skeleton__bone\"><span class=\"tb-skeleton__invisible-text\">Dimanche<\/span><\/span>\n                                            <span class=\"tb-skeleton__bone\"><span class=\"tb-skeleton__invisible-text\"><strong>26 janv. 2025<\/strong><\/span><\/span>\n                                        <\/div>\n                                    <\/div>\n                                    <div class=\"tb-calendar-v2-departure__divider desktop-only tb-skeleton__bone\"><\/div>\n                                    <div class=\"tb-calendar-v2-departure__availability desktop-only\" data-availability=\"free\"><strong>\n                                            <span class=\"tb-skeleton__bone\"><span class=\"tb-skeleton__invisible-text\">Disponible<\/span><\/span>\n                                        <\/strong><\/div>\n                                    <div class=\"tb-calendar-v2-departure__spots desktop-only\">\n                                        <span class=\"tb-skeleton__bone\"><span class=\"tb-skeleton__invisible-text\">\n                                                                                             <\/span><\/span>\n                                    <\/div>\n                                <\/div>\n                                <div class=\"tb-calendar-v2-departure__last-part\">\n                                    <div class=\"tb-calendar-v2-departure__price\"><span class=\"tb-skeleton__bone\"><span class=\"tb-skeleton__invisible-text\"><strong>\u20ac 1450<\/strong><\/span><\/span><\/div>\n                                    <div class=\"tb-calendar-v2-departure__availability mobile-only\" data-availability=\"free\">\n                                        <strong>\n                                            <span class=\"tb-skeleton__bone\"><span class=\"tb-skeleton__invisible-text\">Disponible<\/span><\/span>\n                                        <\/strong>\n                                    <\/div>\n                                    <div class=\"tb-calendar-v2-departure__expand-button tb-skeleton__disabled desktop-only\" disabled>\n                                        <span class=\"tb-skeleton__bone\"><span class=\"tb-skeleton__invisible-text\"><i class=\"fa-solid fa-chevron-down\"><\/i><\/span><\/span>\n                                    <\/div>\n                                <\/div>\n                            <\/div>\n                            <div class=\"tb-calendar-v2-departure__divider mobile-only tb-skeleton__bone\"><\/div>\n                            <div class=\"tb-calendar-v2-departure__expand-button mobile-only tb-skeleton__disabled\" disabled>\n                                <span class=\"tb-skeleton__bone\"><span class=\"tb-skeleton__invisible-text\"><span class=\"more-info\">Plus d'infos<\/span> <span class=\"less-info\">Voir moins<\/span> <i class=\"fa-solid fa-chevron-down\"><\/i><\/span><\/span>\n                            <\/div>\n                        <\/li>\n                                            <li class=\"tb-calendar-v2__departure tb-calendar-v2-departure tb-skeleton__border\" data-availability=\"free\">\n                            <div class=\"tb-calendar-v2-departure__essential\">\n                                <div class=\"tb-calendar-v2-departure__first-part\">\n                                    <div class=\"tb-calendar-v2-departure__destination desktop-only\">\n                                        <span class=\"tb-skeleton__bone\"><span class=\"tb-skeleton__invisible-text\"><strong>Exemple de voyage<\/strong><\/span><\/span>\n                                    <\/div>\n                                    <div class=\"tb-calendar-v2-departure__dates\">\n                                        <div class=\"tb-calendar-v2-departure__startdate\">\n                                            <span class=\"tb-skeleton__bone\"><span class=\"tb-skeleton__invisible-text\">Lundi<\/span><\/span>\n                                            <span class=\"tb-skeleton__bone\"><span class=\"tb-skeleton__invisible-text\"><strong>20 janv. 2025<\/strong><\/span><\/span>\n                                        <\/div>\n                                        <span class=\"tb-skeleton__bone\"><span class=\"tb-skeleton__invisible-text\"><i class=\"fa-solid fa-arrow-right\"><\/i><\/span><\/span>\n                                        <div class=\"tb-calendar-v2-departure__enddate\">\n                                            <span class=\"tb-skeleton__bone\"><span class=\"tb-skeleton__invisible-text\">Dimanche<\/span><\/span>\n                                            <span class=\"tb-skeleton__bone\"><span class=\"tb-skeleton__invisible-text\"><strong>26 janv. 2025<\/strong><\/span><\/span>\n                                        <\/div>\n                                    <\/div>\n                                    <div class=\"tb-calendar-v2-departure__divider desktop-only tb-skeleton__bone\"><\/div>\n                                    <div class=\"tb-calendar-v2-departure__availability desktop-only\" data-availability=\"free\"><strong>\n                                            <span class=\"tb-skeleton__bone\"><span class=\"tb-skeleton__invisible-text\">Disponible<\/span><\/span>\n                                        <\/strong><\/div>\n                                    <div class=\"tb-calendar-v2-departure__spots desktop-only\">\n                                        <span class=\"tb-skeleton__bone\"><span class=\"tb-skeleton__invisible-text\">\n                                                                                             <\/span><\/span>\n                                    <\/div>\n                                <\/div>\n                                <div class=\"tb-calendar-v2-departure__last-part\">\n                                    <div class=\"tb-calendar-v2-departure__price\"><span class=\"tb-skeleton__bone\"><span class=\"tb-skeleton__invisible-text\"><strong>\u20ac 1450<\/strong><\/span><\/span><\/div>\n                                    <div class=\"tb-calendar-v2-departure__availability mobile-only\" data-availability=\"free\">\n                                        <strong>\n                                            <span class=\"tb-skeleton__bone\"><span class=\"tb-skeleton__invisible-text\">Disponible<\/span><\/span>\n                                        <\/strong>\n                                    <\/div>\n                                    <div class=\"tb-calendar-v2-departure__expand-button tb-skeleton__disabled desktop-only\" disabled>\n                                        <span class=\"tb-skeleton__bone\"><span class=\"tb-skeleton__invisible-text\"><i class=\"fa-solid fa-chevron-down\"><\/i><\/span><\/span>\n                                    <\/div>\n                                <\/div>\n                            <\/div>\n                            <div class=\"tb-calendar-v2-departure__divider mobile-only tb-skeleton__bone\"><\/div>\n                            <div class=\"tb-calendar-v2-departure__expand-button mobile-only tb-skeleton__disabled\" disabled>\n                                <span class=\"tb-skeleton__bone\"><span class=\"tb-skeleton__invisible-text\"><span class=\"more-info\">Plus d'infos<\/span> <span class=\"less-info\">Voir moins<\/span> <i class=\"fa-solid fa-chevron-down\"><\/i><\/span><\/span>\n                            <\/div>\n                        <\/li>\n                                            <li class=\"tb-calendar-v2__departure tb-calendar-v2-departure tb-skeleton__border\" data-availability=\"free\">\n                            <div class=\"tb-calendar-v2-departure__essential\">\n                                <div class=\"tb-calendar-v2-departure__first-part\">\n                                    <div class=\"tb-calendar-v2-departure__destination desktop-only\">\n                                        <span class=\"tb-skeleton__bone\"><span class=\"tb-skeleton__invisible-text\"><strong>Exemple de voyage<\/strong><\/span><\/span>\n                                    <\/div>\n                                    <div class=\"tb-calendar-v2-departure__dates\">\n                                        <div class=\"tb-calendar-v2-departure__startdate\">\n                                            <span class=\"tb-skeleton__bone\"><span class=\"tb-skeleton__invisible-text\">Lundi<\/span><\/span>\n                                            <span class=\"tb-skeleton__bone\"><span class=\"tb-skeleton__invisible-text\"><strong>20 janv. 2025<\/strong><\/span><\/span>\n                                        <\/div>\n                                        <span class=\"tb-skeleton__bone\"><span class=\"tb-skeleton__invisible-text\"><i class=\"fa-solid fa-arrow-right\"><\/i><\/span><\/span>\n                                        <div class=\"tb-calendar-v2-departure__enddate\">\n                                            <span class=\"tb-skeleton__bone\"><span class=\"tb-skeleton__invisible-text\">Dimanche<\/span><\/span>\n                                            <span class=\"tb-skeleton__bone\"><span class=\"tb-skeleton__invisible-text\"><strong>26 janv. 2025<\/strong><\/span><\/span>\n                                        <\/div>\n                                    <\/div>\n                                    <div class=\"tb-calendar-v2-departure__divider desktop-only tb-skeleton__bone\"><\/div>\n                                    <div class=\"tb-calendar-v2-departure__availability desktop-only\" data-availability=\"free\"><strong>\n                                            <span class=\"tb-skeleton__bone\"><span class=\"tb-skeleton__invisible-text\">Disponible<\/span><\/span>\n                                        <\/strong><\/div>\n                                    <div class=\"tb-calendar-v2-departure__spots desktop-only\">\n                                        <span class=\"tb-skeleton__bone\"><span class=\"tb-skeleton__invisible-text\">\n                                                                                             <\/span><\/span>\n                                    <\/div>\n                                <\/div>\n                                <div class=\"tb-calendar-v2-departure__last-part\">\n                                    <div class=\"tb-calendar-v2-departure__price\"><span class=\"tb-skeleton__bone\"><span class=\"tb-skeleton__invisible-text\"><strong>\u20ac 1450<\/strong><\/span><\/span><\/div>\n                                    <div class=\"tb-calendar-v2-departure__availability mobile-only\" data-availability=\"free\">\n                                        <strong>\n                                            <span class=\"tb-skeleton__bone\"><span class=\"tb-skeleton__invisible-text\">Disponible<\/span><\/span>\n                                        <\/strong>\n                                    <\/div>\n                                    <div class=\"tb-calendar-v2-departure__expand-button tb-skeleton__disabled desktop-only\" disabled>\n                                        <span class=\"tb-skeleton__bone\"><span class=\"tb-skeleton__invisible-text\"><i class=\"fa-solid fa-chevron-down\"><\/i><\/span><\/span>\n                                    <\/div>\n                                <\/div>\n                            <\/div>\n                            <div class=\"tb-calendar-v2-departure__divider mobile-only tb-skeleton__bone\"><\/div>\n                            <div class=\"tb-calendar-v2-departure__expand-button mobile-only tb-skeleton__disabled\" disabled>\n                                <span class=\"tb-skeleton__bone\"><span class=\"tb-skeleton__invisible-text\"><span class=\"more-info\">Plus d'infos<\/span> <span class=\"less-info\">Voir moins<\/span> <i class=\"fa-solid fa-chevron-down\"><\/i><\/span><\/span>\n                            <\/div>\n                        <\/li>\n                                            <li class=\"tb-calendar-v2__departure tb-calendar-v2-departure tb-skeleton__border\" data-availability=\"free\">\n                            <div class=\"tb-calendar-v2-departure__essential\">\n                                <div class=\"tb-calendar-v2-departure__first-part\">\n                                    <div class=\"tb-calendar-v2-departure__destination desktop-only\">\n                                        <span class=\"tb-skeleton__bone\"><span class=\"tb-skeleton__invisible-text\"><strong>Exemple de voyage<\/strong><\/span><\/span>\n                                    <\/div>\n                                    <div class=\"tb-calendar-v2-departure__dates\">\n                                        <div class=\"tb-calendar-v2-departure__startdate\">\n                                            <span class=\"tb-skeleton__bone\"><span class=\"tb-skeleton__invisible-text\">Lundi<\/span><\/span>\n                                            <span class=\"tb-skeleton__bone\"><span class=\"tb-skeleton__invisible-text\"><strong>20 janv. 2025<\/strong><\/span><\/span>\n                                        <\/div>\n                                        <span class=\"tb-skeleton__bone\"><span class=\"tb-skeleton__invisible-text\"><i class=\"fa-solid fa-arrow-right\"><\/i><\/span><\/span>\n                                        <div class=\"tb-calendar-v2-departure__enddate\">\n                                            <span class=\"tb-skeleton__bone\"><span class=\"tb-skeleton__invisible-text\">Dimanche<\/span><\/span>\n                                            <span class=\"tb-skeleton__bone\"><span class=\"tb-skeleton__invisible-text\"><strong>26 janv. 2025<\/strong><\/span><\/span>\n                                        <\/div>\n                                    <\/div>\n                                    <div class=\"tb-calendar-v2-departure__divider desktop-only tb-skeleton__bone\"><\/div>\n                                    <div class=\"tb-calendar-v2-departure__availability desktop-only\" data-availability=\"free\"><strong>\n                                            <span class=\"tb-skeleton__bone\"><span class=\"tb-skeleton__invisible-text\">Disponible<\/span><\/span>\n                                        <\/strong><\/div>\n                                    <div class=\"tb-calendar-v2-departure__spots desktop-only\">\n                                        <span class=\"tb-skeleton__bone\"><span class=\"tb-skeleton__invisible-text\">\n                                                                                             <\/span><\/span>\n                                    <\/div>\n                                <\/div>\n                                <div class=\"tb-calendar-v2-departure__last-part\">\n                                    <div class=\"tb-calendar-v2-departure__price\"><span class=\"tb-skeleton__bone\"><span class=\"tb-skeleton__invisible-text\"><strong>\u20ac 1450<\/strong><\/span><\/span><\/div>\n                                    <div class=\"tb-calendar-v2-departure__availability mobile-only\" data-availability=\"free\">\n                                        <strong>\n                                            <span class=\"tb-skeleton__bone\"><span class=\"tb-skeleton__invisible-text\">Disponible<\/span><\/span>\n                                        <\/strong>\n                                    <\/div>\n                                    <div class=\"tb-calendar-v2-departure__expand-button tb-skeleton__disabled desktop-only\" disabled>\n                                        <span class=\"tb-skeleton__bone\"><span class=\"tb-skeleton__invisible-text\"><i class=\"fa-solid fa-chevron-down\"><\/i><\/span><\/span>\n                                    <\/div>\n                                <\/div>\n                            <\/div>\n                            <div class=\"tb-calendar-v2-departure__divider mobile-only tb-skeleton__bone\"><\/div>\n                            <div class=\"tb-calendar-v2-departure__expand-button mobile-only tb-skeleton__disabled\" disabled>\n                                <span class=\"tb-skeleton__bone\"><span class=\"tb-skeleton__invisible-text\"><span class=\"more-info\">Plus d'infos<\/span> <span class=\"less-info\">Voir moins<\/span> <i class=\"fa-solid fa-chevron-down\"><\/i><\/span><\/span>\n                            <\/div>\n                        <\/li>\n                                            <li class=\"tb-calendar-v2__departure tb-calendar-v2-departure tb-skeleton__border\" data-availability=\"free\">\n                            <div class=\"tb-calendar-v2-departure__essential\">\n                                <div class=\"tb-calendar-v2-departure__first-part\">\n                                    <div class=\"tb-calendar-v2-departure__destination desktop-only\">\n                                        <span class=\"tb-skeleton__bone\"><span class=\"tb-skeleton__invisible-text\"><strong>Exemple de voyage<\/strong><\/span><\/span>\n                                    <\/div>\n                                    <div class=\"tb-calendar-v2-departure__dates\">\n                                        <div class=\"tb-calendar-v2-departure__startdate\">\n                                            <span class=\"tb-skeleton__bone\"><span class=\"tb-skeleton__invisible-text\">Lundi<\/span><\/span>\n                                            <span class=\"tb-skeleton__bone\"><span class=\"tb-skeleton__invisible-text\"><strong>20 janv. 2025<\/strong><\/span><\/span>\n                                        <\/div>\n                                        <span class=\"tb-skeleton__bone\"><span class=\"tb-skeleton__invisible-text\"><i class=\"fa-solid fa-arrow-right\"><\/i><\/span><\/span>\n                                        <div class=\"tb-calendar-v2-departure__enddate\">\n                                            <span class=\"tb-skeleton__bone\"><span class=\"tb-skeleton__invisible-text\">Dimanche<\/span><\/span>\n                                            <span class=\"tb-skeleton__bone\"><span class=\"tb-skeleton__invisible-text\"><strong>26 janv. 2025<\/strong><\/span><\/span>\n                                        <\/div>\n                                    <\/div>\n                                    <div class=\"tb-calendar-v2-departure__divider desktop-only tb-skeleton__bone\"><\/div>\n                                    <div class=\"tb-calendar-v2-departure__availability desktop-only\" data-availability=\"free\"><strong>\n                                            <span class=\"tb-skeleton__bone\"><span class=\"tb-skeleton__invisible-text\">Disponible<\/span><\/span>\n                                        <\/strong><\/div>\n                                    <div class=\"tb-calendar-v2-departure__spots desktop-only\">\n                                        <span class=\"tb-skeleton__bone\"><span class=\"tb-skeleton__invisible-text\">\n                                                                                             <\/span><\/span>\n                                    <\/div>\n                                <\/div>\n                                <div class=\"tb-calendar-v2-departure__last-part\">\n                                    <div class=\"tb-calendar-v2-departure__price\"><span class=\"tb-skeleton__bone\"><span class=\"tb-skeleton__invisible-text\"><strong>\u20ac 1450<\/strong><\/span><\/span><\/div>\n                                    <div class=\"tb-calendar-v2-departure__availability mobile-only\" data-availability=\"free\">\n                                        <strong>\n                                            <span class=\"tb-skeleton__bone\"><span class=\"tb-skeleton__invisible-text\">Disponible<\/span><\/span>\n                                        <\/strong>\n                                    <\/div>\n                                    <div class=\"tb-calendar-v2-departure__expand-button tb-skeleton__disabled desktop-only\" disabled>\n                                        <span class=\"tb-skeleton__bone\"><span class=\"tb-skeleton__invisible-text\"><i class=\"fa-solid fa-chevron-down\"><\/i><\/span><\/span>\n                                    <\/div>\n                                <\/div>\n                            <\/div>\n                            <div class=\"tb-calendar-v2-departure__divider mobile-only tb-skeleton__bone\"><\/div>\n                            <div class=\"tb-calendar-v2-departure__expand-button mobile-only tb-skeleton__disabled\" disabled>\n                                <span class=\"tb-skeleton__bone\"><span class=\"tb-skeleton__invisible-text\"><span class=\"more-info\">Plus d'infos<\/span> <span class=\"less-info\">Voir moins<\/span> <i class=\"fa-solid fa-chevron-down\"><\/i><\/span><\/span>\n                            <\/div>\n                        <\/li>\n                                            <li class=\"tb-calendar-v2__departure tb-calendar-v2-departure tb-skeleton__border\" data-availability=\"free\">\n                            <div class=\"tb-calendar-v2-departure__essential\">\n                                <div class=\"tb-calendar-v2-departure__first-part\">\n                                    <div class=\"tb-calendar-v2-departure__destination desktop-only\">\n                                        <span class=\"tb-skeleton__bone\"><span class=\"tb-skeleton__invisible-text\"><strong>Exemple de voyage<\/strong><\/span><\/span>\n                                    <\/div>\n                                    <div class=\"tb-calendar-v2-departure__dates\">\n                                        <div class=\"tb-calendar-v2-departure__startdate\">\n                                            <span class=\"tb-skeleton__bone\"><span class=\"tb-skeleton__invisible-text\">Lundi<\/span><\/span>\n                                            <span class=\"tb-skeleton__bone\"><span class=\"tb-skeleton__invisible-text\"><strong>20 janv. 2025<\/strong><\/span><\/span>\n                                        <\/div>\n                                        <span class=\"tb-skeleton__bone\"><span class=\"tb-skeleton__invisible-text\"><i class=\"fa-solid fa-arrow-right\"><\/i><\/span><\/span>\n                                        <div class=\"tb-calendar-v2-departure__enddate\">\n                                            <span class=\"tb-skeleton__bone\"><span class=\"tb-skeleton__invisible-text\">Dimanche<\/span><\/span>\n                                            <span class=\"tb-skeleton__bone\"><span class=\"tb-skeleton__invisible-text\"><strong>26 janv. 2025<\/strong><\/span><\/span>\n                                        <\/div>\n                                    <\/div>\n                                    <div class=\"tb-calendar-v2-departure__divider desktop-only tb-skeleton__bone\"><\/div>\n                                    <div class=\"tb-calendar-v2-departure__availability desktop-only\" data-availability=\"free\"><strong>\n                                            <span class=\"tb-skeleton__bone\"><span class=\"tb-skeleton__invisible-text\">Disponible<\/span><\/span>\n                                        <\/strong><\/div>\n                                    <div class=\"tb-calendar-v2-departure__spots desktop-only\">\n                                        <span class=\"tb-skeleton__bone\"><span class=\"tb-skeleton__invisible-text\">\n                                                                                             <\/span><\/span>\n                                    <\/div>\n                                <\/div>\n                                <div class=\"tb-calendar-v2-departure__last-part\">\n                                    <div class=\"tb-calendar-v2-departure__price\"><span class=\"tb-skeleton__bone\"><span class=\"tb-skeleton__invisible-text\"><strong>\u20ac 1450<\/strong><\/span><\/span><\/div>\n                                    <div class=\"tb-calendar-v2-departure__availability mobile-only\" data-availability=\"free\">\n                                        <strong>\n                                            <span class=\"tb-skeleton__bone\"><span class=\"tb-skeleton__invisible-text\">Disponible<\/span><\/span>\n                                        <\/strong>\n                                    <\/div>\n                                    <div class=\"tb-calendar-v2-departure__expand-button tb-skeleton__disabled desktop-only\" disabled>\n                                        <span class=\"tb-skeleton__bone\"><span class=\"tb-skeleton__invisible-text\"><i class=\"fa-solid fa-chevron-down\"><\/i><\/span><\/span>\n                                    <\/div>\n                                <\/div>\n                            <\/div>\n                            <div class=\"tb-calendar-v2-departure__divider mobile-only tb-skeleton__bone\"><\/div>\n                            <div class=\"tb-calendar-v2-departure__expand-button mobile-only tb-skeleton__disabled\" disabled>\n                                <span class=\"tb-skeleton__bone\"><span class=\"tb-skeleton__invisible-text\"><span class=\"more-info\">Plus d'infos<\/span> <span class=\"less-info\">Voir moins<\/span> <i class=\"fa-solid fa-chevron-down\"><\/i><\/span><\/span>\n                            <\/div>\n                        <\/li>\n                                    <\/ul>\n            <\/div>\n        <\/div>\n    <\/div>\n<\/div>            <div class=\"tb-calendar-v2 tb-sections\" data-calendar-data=\"{&quot;brands&quot;:[{&quot;type&quot;:&quot;brands&quot;,&quot;id&quot;:&quot;4&quot;,&quot;attributes&quot;:{&quot;name&quot;:&quot;The Vespa Trip&quot;,&quot;translatableName&quot;:{&quot;nl&quot;:&quot;The Vespa Trip&quot;,&quot;en&quot;:&quot;The Vespa Trip&quot;,&quot;fr&quot;:&quot;Le Vespa Trip&quot;,&quot;de&quot;:&quot;Der Vespa Trip&quot;}}}],&quot;packages&quot;:[{&quot;type&quot;:&quot;packages&quot;,&quot;id&quot;:&quot;TVT-AM&quot;,&quot;attributes&quot;:{&quot;name&quot;:&quot;The Vespa Trip - Amalfi&quot;,&quot;destinationName&quot;:&quot;Amalfi&quot;,&quot;destinationCountry&quot;:&quot;IT&quot;,&quot;destinationTitle&quot;:{&quot;nl&quot;:&quot;Amalfi&quot;,&quot;en&quot;:&quot;Amalfi&quot;,&quot;fr&quot;:&quot;Amalfi&quot;,&quot;de&quot;:&quot;Amalfik\\u00fcste&quot;},&quot;status&quot;:&quot;active&quot;,&quot;updatedAt&quot;:&quot;2026-05-01T16:29:15.000000Z&quot;},&quot;relationships&quot;:{&quot;brand&quot;:{&quot;data&quot;:{&quot;type&quot;:&quot;brands&quot;,&quot;id&quot;:&quot;4&quot;}}}}],&quot;departures&quot;:[{&quot;type&quot;:&quot;departures&quot;,&quot;id&quot;:&quot;t10520&quot;,&quot;attributes&quot;:{&quot;name&quot;:&quot;A-W21-SUN-4D&quot;,&quot;start&quot;:&quot;2026-05-17T10:00:00.000000Z&quot;,&quot;end&quot;:&quot;2026-05-21T12:00:00.000000Z&quot;,&quot;cheapestPrice&quot;:640,&quot;languages&quot;:[],&quot;availableSpots&quot;:0,&quot;bookedSpots&quot;:30,&quot;fakeLabel&quot;:&quot;sold out&quot;,&quot;availabilityLabel&quot;:&quot;sold out&quot;,&quot;promoLabel&quot;:null,&quot;calendarToggles&quot;:null,&quot;bookable&quot;:false,&quot;bookingUrl&quot;:&quot;https:\\\/\\\/booking.travelbase.eu\\\/tvt26\\\/book?trip=10520&quot;,&quot;packageId&quot;:&quot;TVT-AM&quot;}},{&quot;type&quot;:&quot;departures&quot;,&quot;id&quot;:&quot;t10521&quot;,&quot;attributes&quot;:{&quot;name&quot;:&quot;A-W21-THU-4D&quot;,&quot;start&quot;:&quot;2026-05-21T10:00:00.000000Z&quot;,&quot;end&quot;:&quot;2026-05-25T12:00:00.000000Z&quot;,&quot;cheapestPrice&quot;:640,&quot;languages&quot;:[],&quot;availableSpots&quot;:0,&quot;bookedSpots&quot;:28,&quot;fakeLabel&quot;:&quot;sold out&quot;,&quot;availabilityLabel&quot;:&quot;sold out&quot;,&quot;promoLabel&quot;:null,&quot;calendarToggles&quot;:null,&quot;bookable&quot;:false,&quot;bookingUrl&quot;:&quot;https:\\\/\\\/booking.travelbase.eu\\\/tvt26\\\/book?trip=10521&quot;,&quot;packageId&quot;:&quot;TVT-AM&quot;}},{&quot;type&quot;:&quot;departures&quot;,&quot;id&quot;:&quot;t10522&quot;,&quot;attributes&quot;:{&quot;name&quot;:&quot;A-W22-MON-4D&quot;,&quot;start&quot;:&quot;2026-05-25T10:00:00.000000Z&quot;,&quot;end&quot;:&quot;2026-05-29T12:00:00.000000Z&quot;,&quot;cheapestPrice&quot;:660,&quot;languages&quot;:[],&quot;availableSpots&quot;:0,&quot;bookedSpots&quot;:28,&quot;fakeLabel&quot;:&quot;sold out&quot;,&quot;availabilityLabel&quot;:&quot;sold out&quot;,&quot;promoLabel&quot;:null,&quot;calendarToggles&quot;:null,&quot;bookable&quot;:false,&quot;bookingUrl&quot;:&quot;https:\\\/\\\/booking.travelbase.eu\\\/tvt26\\\/book?trip=10522&quot;,&quot;packageId&quot;:&quot;TVT-AM&quot;}},{&quot;type&quot;:&quot;departures&quot;,&quot;id&quot;:&quot;t10523&quot;,&quot;attributes&quot;:{&quot;name&quot;:&quot;A-W22-FRI-4D&quot;,&quot;start&quot;:&quot;2026-05-29T10:00:00.000000Z&quot;,&quot;end&quot;:&quot;2026-06-02T12:00:00.000000Z&quot;,&quot;cheapestPrice&quot;:640,&quot;languages&quot;:[],&quot;availableSpots&quot;:0,&quot;bookedSpots&quot;:31,&quot;fakeLabel&quot;:&quot;sold out&quot;,&quot;availabilityLabel&quot;:&quot;sold out&quot;,&quot;promoLabel&quot;:null,&quot;calendarToggles&quot;:null,&quot;bookable&quot;:false,&quot;bookingUrl&quot;:&quot;https:\\\/\\\/booking.travelbase.eu\\\/tvt26\\\/book?trip=10523&quot;,&quot;packageId&quot;:&quot;TVT-AM&quot;}},{&quot;type&quot;:&quot;departures&quot;,&quot;id&quot;:&quot;t10524&quot;,&quot;attributes&quot;:{&quot;name&quot;:&quot;A-W23-TUE-4D&quot;,&quot;start&quot;:&quot;2026-06-02T10:00:00.000000Z&quot;,&quot;end&quot;:&quot;2026-06-06T12:00:00.000000Z&quot;,&quot;cheapestPrice&quot;:640,&quot;languages&quot;:[],&quot;availableSpots&quot;:0,&quot;bookedSpots&quot;:33,&quot;fakeLabel&quot;:&quot;sold out&quot;,&quot;availabilityLabel&quot;:&quot;sold out&quot;,&quot;promoLabel&quot;:null,&quot;calendarToggles&quot;:null,&quot;bookable&quot;:false,&quot;bookingUrl&quot;:&quot;https:\\\/\\\/booking.travelbase.eu\\\/tvt26\\\/book?trip=10524&quot;,&quot;packageId&quot;:&quot;TVT-AM&quot;}},{&quot;type&quot;:&quot;departures&quot;,&quot;id&quot;:&quot;t10525&quot;,&quot;attributes&quot;:{&quot;name&quot;:&quot;A-W23-SAT-4D&quot;,&quot;start&quot;:&quot;2026-06-06T10:00:00.000000Z&quot;,&quot;end&quot;:&quot;2026-06-10T12:00:00.000000Z&quot;,&quot;cheapestPrice&quot;:660,&quot;languages&quot;:[],&quot;availableSpots&quot;:0,&quot;bookedSpots&quot;:31,&quot;fakeLabel&quot;:&quot;sold out&quot;,&quot;availabilityLabel&quot;:&quot;sold out&quot;,&quot;promoLabel&quot;:null,&quot;calendarToggles&quot;:null,&quot;bookable&quot;:false,&quot;bookingUrl&quot;:&quot;https:\\\/\\\/booking.travelbase.eu\\\/tvt26\\\/book?trip=10525&quot;,&quot;packageId&quot;:&quot;TVT-AM&quot;}},{&quot;type&quot;:&quot;departures&quot;,&quot;id&quot;:&quot;t10526&quot;,&quot;attributes&quot;:{&quot;name&quot;:&quot;A-W24-WED-4D&quot;,&quot;start&quot;:&quot;2026-06-10T10:00:00.000000Z&quot;,&quot;end&quot;:&quot;2026-06-14T12:00:00.000000Z&quot;,&quot;cheapestPrice&quot;:660,&quot;languages&quot;:[],&quot;availableSpots&quot;:6,&quot;bookedSpots&quot;:24,&quot;fakeLabel&quot;:&quot;sold out&quot;,&quot;availabilityLabel&quot;:&quot;sold out&quot;,&quot;promoLabel&quot;:null,&quot;calendarToggles&quot;:null,&quot;bookable&quot;:false,&quot;bookingUrl&quot;:&quot;https:\\\/\\\/booking.travelbase.eu\\\/tvt26\\\/book?trip=10526&quot;,&quot;packageId&quot;:&quot;TVT-AM&quot;}},{&quot;type&quot;:&quot;departures&quot;,&quot;id&quot;:&quot;t10527&quot;,&quot;attributes&quot;:{&quot;name&quot;:&quot;A-W25-SUN-4D&quot;,&quot;start&quot;:&quot;2026-06-14T10:00:00.000000Z&quot;,&quot;end&quot;:&quot;2026-06-18T12:00:00.000000Z&quot;,&quot;cheapestPrice&quot;:660,&quot;languages&quot;:[],&quot;availableSpots&quot;:8,&quot;bookedSpots&quot;:24,&quot;fakeLabel&quot;:&quot;&quot;,&quot;availabilityLabel&quot;:&quot;&quot;,&quot;promoLabel&quot;:null,&quot;calendarToggles&quot;:null,&quot;bookable&quot;:true,&quot;bookingUrl&quot;:&quot;https:\\\/\\\/booking.travelbase.eu\\\/tvt26\\\/book?trip=10527&quot;,&quot;packageId&quot;:&quot;TVT-AM&quot;}},{&quot;type&quot;:&quot;departures&quot;,&quot;id&quot;:&quot;t10528&quot;,&quot;attributes&quot;:{&quot;name&quot;:&quot;A-W25-THU-4D&quot;,&quot;start&quot;:&quot;2026-06-18T10:00:00.000000Z&quot;,&quot;end&quot;:&quot;2026-06-22T12:00:00.000000Z&quot;,&quot;cheapestPrice&quot;:660,&quot;languages&quot;:[],&quot;availableSpots&quot;:8,&quot;bookedSpots&quot;:23,&quot;fakeLabel&quot;:&quot;last stock&quot;,&quot;availabilityLabel&quot;:&quot;last spots&quot;,&quot;promoLabel&quot;:null,&quot;calendarToggles&quot;:null,&quot;bookable&quot;:true,&quot;bookingUrl&quot;:&quot;https:\\\/\\\/booking.travelbase.eu\\\/tvt26\\\/book?trip=10528&quot;,&quot;packageId&quot;:&quot;TVT-AM&quot;}},{&quot;type&quot;:&quot;departures&quot;,&quot;id&quot;:&quot;t10529&quot;,&quot;attributes&quot;:{&quot;name&quot;:&quot;A-W26-MON-4D&quot;,&quot;start&quot;:&quot;2026-06-22T10:00:00.000000Z&quot;,&quot;end&quot;:&quot;2026-06-26T12:00:00.000000Z&quot;,&quot;cheapestPrice&quot;:660,&quot;languages&quot;:[],&quot;availableSpots&quot;:16,&quot;bookedSpots&quot;:15,&quot;fakeLabel&quot;:&quot;last stock&quot;,&quot;availabilityLabel&quot;:&quot;last spots&quot;,&quot;promoLabel&quot;:null,&quot;calendarToggles&quot;:null,&quot;bookable&quot;:true,&quot;bookingUrl&quot;:&quot;https:\\\/\\\/booking.travelbase.eu\\\/tvt26\\\/book?trip=10529&quot;,&quot;packageId&quot;:&quot;TVT-AM&quot;}},{&quot;type&quot;:&quot;departures&quot;,&quot;id&quot;:&quot;t10530&quot;,&quot;attributes&quot;:{&quot;name&quot;:&quot;A-W26-FRI-4D&quot;,&quot;start&quot;:&quot;2026-06-26T10:00:00.000000Z&quot;,&quot;end&quot;:&quot;2026-06-30T12:00:00.000000Z&quot;,&quot;cheapestPrice&quot;:660,&quot;languages&quot;:[],&quot;availableSpots&quot;:16,&quot;bookedSpots&quot;:13,&quot;fakeLabel&quot;:&quot;last stock&quot;,&quot;availabilityLabel&quot;:&quot;last spots&quot;,&quot;promoLabel&quot;:null,&quot;calendarToggles&quot;:null,&quot;bookable&quot;:true,&quot;bookingUrl&quot;:&quot;https:\\\/\\\/booking.travelbase.eu\\\/tvt26\\\/book?trip=10530&quot;,&quot;packageId&quot;:&quot;TVT-AM&quot;}},{&quot;type&quot;:&quot;departures&quot;,&quot;id&quot;:&quot;t10531&quot;,&quot;attributes&quot;:{&quot;name&quot;:&quot;A-W27-TUE-4D&quot;,&quot;start&quot;:&quot;2026-06-30T10:00:00.000000Z&quot;,&quot;end&quot;:&quot;2026-07-04T12:00:00.000000Z&quot;,&quot;cheapestPrice&quot;:640,&quot;languages&quot;:[],&quot;availableSpots&quot;:26,&quot;bookedSpots&quot;:6,&quot;fakeLabel&quot;:&quot;last stock&quot;,&quot;availabilityLabel&quot;:&quot;last spots&quot;,&quot;promoLabel&quot;:null,&quot;calendarToggles&quot;:null,&quot;bookable&quot;:true,&quot;bookingUrl&quot;:&quot;https:\\\/\\\/booking.travelbase.eu\\\/tvt26\\\/book?trip=10531&quot;,&quot;packageId&quot;:&quot;TVT-AM&quot;}},{&quot;type&quot;:&quot;departures&quot;,&quot;id&quot;:&quot;t10532&quot;,&quot;attributes&quot;:{&quot;name&quot;:&quot;A-W27-SAT-4D&quot;,&quot;start&quot;:&quot;2026-07-04T10:00:00.000000Z&quot;,&quot;end&quot;:&quot;2026-07-08T12:00:00.000000Z&quot;,&quot;cheapestPrice&quot;:640,&quot;languages&quot;:[],&quot;availableSpots&quot;:12,&quot;bookedSpots&quot;:18,&quot;fakeLabel&quot;:&quot;&quot;,&quot;availabilityLabel&quot;:&quot;&quot;,&quot;promoLabel&quot;:null,&quot;calendarToggles&quot;:null,&quot;bookable&quot;:true,&quot;bookingUrl&quot;:&quot;https:\\\/\\\/booking.travelbase.eu\\\/tvt26\\\/book?trip=10532&quot;,&quot;packageId&quot;:&quot;TVT-AM&quot;}},{&quot;type&quot;:&quot;departures&quot;,&quot;id&quot;:&quot;t10533&quot;,&quot;attributes&quot;:{&quot;name&quot;:&quot;A-W28-WED-4D&quot;,&quot;start&quot;:&quot;2026-07-08T10:00:00.000000Z&quot;,&quot;end&quot;:&quot;2026-07-12T12:00:00.000000Z&quot;,&quot;cheapestPrice&quot;:660,&quot;languages&quot;:[],&quot;availableSpots&quot;:10,&quot;bookedSpots&quot;:22,&quot;fakeLabel&quot;:&quot;last stock&quot;,&quot;availabilityLabel&quot;:&quot;last spots&quot;,&quot;promoLabel&quot;:null,&quot;calendarToggles&quot;:null,&quot;bookable&quot;:true,&quot;bookingUrl&quot;:&quot;https:\\\/\\\/booking.travelbase.eu\\\/tvt26\\\/book?trip=10533&quot;,&quot;packageId&quot;:&quot;TVT-AM&quot;}},{&quot;type&quot;:&quot;departures&quot;,&quot;id&quot;:&quot;t10534&quot;,&quot;attributes&quot;:{&quot;name&quot;:&quot;A-W29-SUN-4D&quot;,&quot;start&quot;:&quot;2026-07-12T10:00:00.000000Z&quot;,&quot;end&quot;:&quot;2026-07-16T12:00:00.000000Z&quot;,&quot;cheapestPrice&quot;:640,&quot;languages&quot;:[],&quot;availableSpots&quot;:20,&quot;bookedSpots&quot;:12,&quot;fakeLabel&quot;:&quot;&quot;,&quot;availabilityLabel&quot;:&quot;&quot;,&quot;promoLabel&quot;:null,&quot;calendarToggles&quot;:null,&quot;bookable&quot;:true,&quot;bookingUrl&quot;:&quot;https:\\\/\\\/booking.travelbase.eu\\\/tvt26\\\/book?trip=10534&quot;,&quot;packageId&quot;:&quot;TVT-AM&quot;}},{&quot;type&quot;:&quot;departures&quot;,&quot;id&quot;:&quot;t10535&quot;,&quot;attributes&quot;:{&quot;name&quot;:&quot;A-W29-THU-4D&quot;,&quot;start&quot;:&quot;2026-07-16T10:00:00.000000Z&quot;,&quot;end&quot;:&quot;2026-07-20T12:00:00.000000Z&quot;,&quot;cheapestPrice&quot;:640,&quot;languages&quot;:[],&quot;availableSpots&quot;:16,&quot;bookedSpots&quot;:14,&quot;fakeLabel&quot;:&quot;&quot;,&quot;availabilityLabel&quot;:&quot;&quot;,&quot;promoLabel&quot;:null,&quot;calendarToggles&quot;:null,&quot;bookable&quot;:true,&quot;bookingUrl&quot;:&quot;https:\\\/\\\/booking.travelbase.eu\\\/tvt26\\\/book?trip=10535&quot;,&quot;packageId&quot;:&quot;TVT-AM&quot;}},{&quot;type&quot;:&quot;departures&quot;,&quot;id&quot;:&quot;t10536&quot;,&quot;attributes&quot;:{&quot;name&quot;:&quot;A-W30-MON-4D&quot;,&quot;start&quot;:&quot;2026-07-20T10:00:00.000000Z&quot;,&quot;end&quot;:&quot;2026-07-24T12:00:00.000000Z&quot;,&quot;cheapestPrice&quot;:660,&quot;languages&quot;:[],&quot;availableSpots&quot;:14,&quot;bookedSpots&quot;:16,&quot;fakeLabel&quot;:&quot;last stock&quot;,&quot;availabilityLabel&quot;:&quot;last spots&quot;,&quot;promoLabel&quot;:null,&quot;calendarToggles&quot;:null,&quot;bookable&quot;:true,&quot;bookingUrl&quot;:&quot;https:\\\/\\\/booking.travelbase.eu\\\/tvt26\\\/book?trip=10536&quot;,&quot;packageId&quot;:&quot;TVT-AM&quot;}},{&quot;type&quot;:&quot;departures&quot;,&quot;id&quot;:&quot;t10537&quot;,&quot;attributes&quot;:{&quot;name&quot;:&quot;A-W30-FRI-4D&quot;,&quot;start&quot;:&quot;2026-07-24T10:00:00.000000Z&quot;,&quot;end&quot;:&quot;2026-07-28T12:00:00.000000Z&quot;,&quot;cheapestPrice&quot;:660,&quot;languages&quot;:[],&quot;availableSpots&quot;:30,&quot;bookedSpots&quot;:2,&quot;fakeLabel&quot;:&quot;&quot;,&quot;availabilityLabel&quot;:&quot;&quot;,&quot;promoLabel&quot;:null,&quot;calendarToggles&quot;:null,&quot;bookable&quot;:true,&quot;bookingUrl&quot;:&quot;https:\\\/\\\/booking.travelbase.eu\\\/tvt26\\\/book?trip=10537&quot;,&quot;packageId&quot;:&quot;TVT-AM&quot;}},{&quot;type&quot;:&quot;departures&quot;,&quot;id&quot;:&quot;t10538&quot;,&quot;attributes&quot;:{&quot;name&quot;:&quot;A-W31-TUE-4D&quot;,&quot;start&quot;:&quot;2026-07-28T10:00:00.000000Z&quot;,&quot;end&quot;:&quot;2026-08-01T12:00:00.000000Z&quot;,&quot;cheapestPrice&quot;:660,&quot;languages&quot;:[],&quot;availableSpots&quot;:14,&quot;bookedSpots&quot;:16,&quot;fakeLabel&quot;:&quot;last stock&quot;,&quot;availabilityLabel&quot;:&quot;last spots&quot;,&quot;promoLabel&quot;:null,&quot;calendarToggles&quot;:null,&quot;bookable&quot;:true,&quot;bookingUrl&quot;:&quot;https:\\\/\\\/booking.travelbase.eu\\\/tvt26\\\/book?trip=10538&quot;,&quot;packageId&quot;:&quot;TVT-AM&quot;}},{&quot;type&quot;:&quot;departures&quot;,&quot;id&quot;:&quot;t10539&quot;,&quot;attributes&quot;:{&quot;name&quot;:&quot;A-W31-SAT-4D&quot;,&quot;start&quot;:&quot;2026-08-01T10:00:00.000000Z&quot;,&quot;end&quot;:&quot;2026-08-05T12:00:00.000000Z&quot;,&quot;cheapestPrice&quot;:660,&quot;languages&quot;:[],&quot;availableSpots&quot;:24,&quot;bookedSpots&quot;:8,&quot;fakeLabel&quot;:&quot;&quot;,&quot;availabilityLabel&quot;:&quot;&quot;,&quot;promoLabel&quot;:null,&quot;calendarToggles&quot;:null,&quot;bookable&quot;:true,&quot;bookingUrl&quot;:&quot;https:\\\/\\\/booking.travelbase.eu\\\/tvt26\\\/book?trip=10539&quot;,&quot;packageId&quot;:&quot;TVT-AM&quot;}},{&quot;type&quot;:&quot;departures&quot;,&quot;id&quot;:&quot;t10540&quot;,&quot;attributes&quot;:{&quot;name&quot;:&quot;A-W32-WED-4D&quot;,&quot;start&quot;:&quot;2026-08-05T10:00:00.000000Z&quot;,&quot;end&quot;:&quot;2026-08-09T12:00:00.000000Z&quot;,&quot;cheapestPrice&quot;:660,&quot;languages&quot;:[],&quot;availableSpots&quot;:8,&quot;bookedSpots&quot;:8,&quot;fakeLabel&quot;:&quot;&quot;,&quot;availabilityLabel&quot;:&quot;&quot;,&quot;promoLabel&quot;:null,&quot;calendarToggles&quot;:null,&quot;bookable&quot;:true,&quot;bookingUrl&quot;:&quot;https:\\\/\\\/booking.travelbase.eu\\\/tvt26\\\/book?trip=10540&quot;,&quot;packageId&quot;:&quot;TVT-AM&quot;}},{&quot;type&quot;:&quot;departures&quot;,&quot;id&quot;:&quot;t10541&quot;,&quot;attributes&quot;:{&quot;name&quot;:&quot;A-W33-SUN-4D&quot;,&quot;start&quot;:&quot;2026-08-09T10:00:00.000000Z&quot;,&quot;end&quot;:&quot;2026-08-13T12:00:00.000000Z&quot;,&quot;cheapestPrice&quot;:660,&quot;languages&quot;:[],&quot;availableSpots&quot;:2,&quot;bookedSpots&quot;:14,&quot;fakeLabel&quot;:&quot;last stock&quot;,&quot;availabilityLabel&quot;:&quot;last spots&quot;,&quot;promoLabel&quot;:null,&quot;calendarToggles&quot;:null,&quot;bookable&quot;:true,&quot;bookingUrl&quot;:&quot;https:\\\/\\\/booking.travelbase.eu\\\/tvt26\\\/book?trip=10541&quot;,&quot;packageId&quot;:&quot;TVT-AM&quot;}},{&quot;type&quot;:&quot;departures&quot;,&quot;id&quot;:&quot;t10542&quot;,&quot;attributes&quot;:{&quot;name&quot;:&quot;A-W33-THU-4D&quot;,&quot;start&quot;:&quot;2026-08-13T10:00:00.000000Z&quot;,&quot;end&quot;:&quot;2026-08-17T12:00:00.000000Z&quot;,&quot;cheapestPrice&quot;:660,&quot;languages&quot;:[],&quot;availableSpots&quot;:14,&quot;bookedSpots&quot;:2,&quot;fakeLabel&quot;:&quot;&quot;,&quot;availabilityLabel&quot;:&quot;&quot;,&quot;promoLabel&quot;:null,&quot;calendarToggles&quot;:null,&quot;bookable&quot;:true,&quot;bookingUrl&quot;:&quot;https:\\\/\\\/booking.travelbase.eu\\\/tvt26\\\/book?trip=10542&quot;,&quot;packageId&quot;:&quot;TVT-AM&quot;}},{&quot;type&quot;:&quot;departures&quot;,&quot;id&quot;:&quot;t10543&quot;,&quot;attributes&quot;:{&quot;name&quot;:&quot;A-W34-MON-4D&quot;,&quot;start&quot;:&quot;2026-08-17T10:00:00.000000Z&quot;,&quot;end&quot;:&quot;2026-08-21T12:00:00.000000Z&quot;,&quot;cheapestPrice&quot;:660,&quot;languages&quot;:[],&quot;availableSpots&quot;:4,&quot;bookedSpots&quot;:11,&quot;fakeLabel&quot;:&quot;&quot;,&quot;availabilityLabel&quot;:&quot;&quot;,&quot;promoLabel&quot;:null,&quot;calendarToggles&quot;:null,&quot;bookable&quot;:true,&quot;bookingUrl&quot;:&quot;https:\\\/\\\/booking.travelbase.eu\\\/tvt26\\\/book?trip=10543&quot;,&quot;packageId&quot;:&quot;TVT-AM&quot;}},{&quot;type&quot;:&quot;departures&quot;,&quot;id&quot;:&quot;t10544&quot;,&quot;attributes&quot;:{&quot;name&quot;:&quot;A-W34-FRI-4D&quot;,&quot;start&quot;:&quot;2026-08-21T10:00:00.000000Z&quot;,&quot;end&quot;:&quot;2026-08-25T12:00:00.000000Z&quot;,&quot;cheapestPrice&quot;:660,&quot;languages&quot;:[],&quot;availableSpots&quot;:30,&quot;bookedSpots&quot;:2,&quot;fakeLabel&quot;:&quot;&quot;,&quot;availabilityLabel&quot;:&quot;&quot;,&quot;promoLabel&quot;:null,&quot;calendarToggles&quot;:null,&quot;bookable&quot;:true,&quot;bookingUrl&quot;:&quot;https:\\\/\\\/booking.travelbase.eu\\\/tvt26\\\/book?trip=10544&quot;,&quot;packageId&quot;:&quot;TVT-AM&quot;}},{&quot;type&quot;:&quot;departures&quot;,&quot;id&quot;:&quot;t10545&quot;,&quot;attributes&quot;:{&quot;name&quot;:&quot;A-W35-TUE-4D&quot;,&quot;start&quot;:&quot;2026-08-25T10:00:00.000000Z&quot;,&quot;end&quot;:&quot;2026-08-29T12:00:00.000000Z&quot;,&quot;cheapestPrice&quot;:660,&quot;languages&quot;:[],&quot;availableSpots&quot;:6,&quot;bookedSpots&quot;:7,&quot;fakeLabel&quot;:&quot;&quot;,&quot;availabilityLabel&quot;:&quot;&quot;,&quot;promoLabel&quot;:null,&quot;calendarToggles&quot;:null,&quot;bookable&quot;:true,&quot;bookingUrl&quot;:&quot;https:\\\/\\\/booking.travelbase.eu\\\/tvt26\\\/book?trip=10545&quot;,&quot;packageId&quot;:&quot;TVT-AM&quot;}},{&quot;type&quot;:&quot;departures&quot;,&quot;id&quot;:&quot;t10546&quot;,&quot;attributes&quot;:{&quot;name&quot;:&quot;A-W35-SAT-4D&quot;,&quot;start&quot;:&quot;2026-08-29T10:00:00.000000Z&quot;,&quot;end&quot;:&quot;2026-09-02T12:00:00.000000Z&quot;,&quot;cheapestPrice&quot;:660,&quot;languages&quot;:[],&quot;availableSpots&quot;:16,&quot;bookedSpots&quot;:15,&quot;fakeLabel&quot;:&quot;last stock&quot;,&quot;availabilityLabel&quot;:&quot;last spots&quot;,&quot;promoLabel&quot;:null,&quot;calendarToggles&quot;:null,&quot;bookable&quot;:true,&quot;bookingUrl&quot;:&quot;https:\\\/\\\/booking.travelbase.eu\\\/tvt26\\\/book?trip=10546&quot;,&quot;packageId&quot;:&quot;TVT-AM&quot;}},{&quot;type&quot;:&quot;departures&quot;,&quot;id&quot;:&quot;t10547&quot;,&quot;attributes&quot;:{&quot;name&quot;:&quot;A-W36-WED-4D&quot;,&quot;start&quot;:&quot;2026-09-02T10:00:00.000000Z&quot;,&quot;end&quot;:&quot;2026-09-06T12:00:00.000000Z&quot;,&quot;cheapestPrice&quot;:660,&quot;languages&quot;:[],&quot;availableSpots&quot;:8,&quot;bookedSpots&quot;:24,&quot;fakeLabel&quot;:&quot;last stock&quot;,&quot;availabilityLabel&quot;:&quot;last spots&quot;,&quot;promoLabel&quot;:null,&quot;calendarToggles&quot;:null,&quot;bookable&quot;:true,&quot;bookingUrl&quot;:&quot;https:\\\/\\\/booking.travelbase.eu\\\/tvt26\\\/book?trip=10547&quot;,&quot;packageId&quot;:&quot;TVT-AM&quot;}},{&quot;type&quot;:&quot;departures&quot;,&quot;id&quot;:&quot;t10548&quot;,&quot;attributes&quot;:{&quot;name&quot;:&quot;A-W37-SUN-4D&quot;,&quot;start&quot;:&quot;2026-09-06T10:00:00.000000Z&quot;,&quot;end&quot;:&quot;2026-09-10T12:00:00.000000Z&quot;,&quot;cheapestPrice&quot;:660,&quot;languages&quot;:[],&quot;availableSpots&quot;:0,&quot;bookedSpots&quot;:26,&quot;fakeLabel&quot;:&quot;sold out&quot;,&quot;availabilityLabel&quot;:&quot;sold out&quot;,&quot;promoLabel&quot;:null,&quot;calendarToggles&quot;:null,&quot;bookable&quot;:false,&quot;bookingUrl&quot;:&quot;https:\\\/\\\/booking.travelbase.eu\\\/tvt26\\\/book?trip=10548&quot;,&quot;packageId&quot;:&quot;TVT-AM&quot;}},{&quot;type&quot;:&quot;departures&quot;,&quot;id&quot;:&quot;t10549&quot;,&quot;attributes&quot;:{&quot;name&quot;:&quot;A-W37-THU-4D&quot;,&quot;start&quot;:&quot;2026-09-10T10:00:00.000000Z&quot;,&quot;end&quot;:&quot;2026-09-14T12:00:00.000000Z&quot;,&quot;cheapestPrice&quot;:660,&quot;languages&quot;:[],&quot;availableSpots&quot;:4,&quot;bookedSpots&quot;:25,&quot;fakeLabel&quot;:&quot;last stock&quot;,&quot;availabilityLabel&quot;:&quot;last spots&quot;,&quot;promoLabel&quot;:null,&quot;calendarToggles&quot;:null,&quot;bookable&quot;:true,&quot;bookingUrl&quot;:&quot;https:\\\/\\\/booking.travelbase.eu\\\/tvt26\\\/book?trip=10549&quot;,&quot;packageId&quot;:&quot;TVT-AM&quot;}},{&quot;type&quot;:&quot;departures&quot;,&quot;id&quot;:&quot;t10550&quot;,&quot;attributes&quot;:{&quot;name&quot;:&quot;A-W38-MON-4D&quot;,&quot;start&quot;:&quot;2026-09-14T10:00:00.000000Z&quot;,&quot;end&quot;:&quot;2026-09-18T12:00:00.000000Z&quot;,&quot;cheapestPrice&quot;:660,&quot;languages&quot;:[],&quot;availableSpots&quot;:8,&quot;bookedSpots&quot;:24,&quot;fakeLabel&quot;:&quot;last stock&quot;,&quot;availabilityLabel&quot;:&quot;last spots&quot;,&quot;promoLabel&quot;:null,&quot;calendarToggles&quot;:null,&quot;bookable&quot;:true,&quot;bookingUrl&quot;:&quot;https:\\\/\\\/booking.travelbase.eu\\\/tvt26\\\/book?trip=10550&quot;,&quot;packageId&quot;:&quot;TVT-AM&quot;}},{&quot;type&quot;:&quot;departures&quot;,&quot;id&quot;:&quot;t10551&quot;,&quot;attributes&quot;:{&quot;name&quot;:&quot;A-W38-FRI-4D&quot;,&quot;start&quot;:&quot;2026-09-18T10:00:00.000000Z&quot;,&quot;end&quot;:&quot;2026-09-22T12:00:00.000000Z&quot;,&quot;cheapestPrice&quot;:660,&quot;languages&quot;:[],&quot;availableSpots&quot;:12,&quot;bookedSpots&quot;:15,&quot;fakeLabel&quot;:&quot;last stock&quot;,&quot;availabilityLabel&quot;:&quot;last spots&quot;,&quot;promoLabel&quot;:null,&quot;calendarToggles&quot;:null,&quot;bookable&quot;:true,&quot;bookingUrl&quot;:&quot;https:\\\/\\\/booking.travelbase.eu\\\/tvt26\\\/book?trip=10551&quot;,&quot;packageId&quot;:&quot;TVT-AM&quot;}},{&quot;type&quot;:&quot;departures&quot;,&quot;id&quot;:&quot;t10552&quot;,&quot;attributes&quot;:{&quot;name&quot;:&quot;A-W39-TUE-4D&quot;,&quot;start&quot;:&quot;2026-09-22T10:00:00.000000Z&quot;,&quot;end&quot;:&quot;2026-09-26T12:00:00.000000Z&quot;,&quot;cheapestPrice&quot;:660,&quot;languages&quot;:[],&quot;availableSpots&quot;:24,&quot;bookedSpots&quot;:7,&quot;fakeLabel&quot;:&quot;&quot;,&quot;availabilityLabel&quot;:&quot;&quot;,&quot;promoLabel&quot;:null,&quot;calendarToggles&quot;:null,&quot;bookable&quot;:true,&quot;bookingUrl&quot;:&quot;https:\\\/\\\/booking.travelbase.eu\\\/tvt26\\\/book?trip=10552&quot;,&quot;packageId&quot;:&quot;TVT-AM&quot;}},{&quot;type&quot;:&quot;departures&quot;,&quot;id&quot;:&quot;t10553&quot;,&quot;attributes&quot;:{&quot;name&quot;:&quot;A-W39-SAT-4D&quot;,&quot;start&quot;:&quot;2026-09-26T10:00:00.000000Z&quot;,&quot;end&quot;:&quot;2026-09-30T12:00:00.000000Z&quot;,&quot;cheapestPrice&quot;:660,&quot;languages&quot;:[],&quot;availableSpots&quot;:24,&quot;bookedSpots&quot;:8,&quot;fakeLabel&quot;:&quot;&quot;,&quot;availabilityLabel&quot;:&quot;&quot;,&quot;promoLabel&quot;:null,&quot;calendarToggles&quot;:null,&quot;bookable&quot;:true,&quot;bookingUrl&quot;:&quot;https:\\\/\\\/booking.travelbase.eu\\\/tvt26\\\/book?trip=10553&quot;,&quot;packageId&quot;:&quot;TVT-AM&quot;}},{&quot;type&quot;:&quot;departures&quot;,&quot;id&quot;:&quot;t10554&quot;,&quot;attributes&quot;:{&quot;name&quot;:&quot;A-W40-WED-4D&quot;,&quot;start&quot;:&quot;2026-09-30T10:00:00.000000Z&quot;,&quot;end&quot;:&quot;2026-10-04T12:00:00.000000Z&quot;,&quot;cheapestPrice&quot;:660,&quot;languages&quot;:[],&quot;availableSpots&quot;:16,&quot;bookedSpots&quot;:15,&quot;fakeLabel&quot;:&quot;last stock&quot;,&quot;availabilityLabel&quot;:&quot;last spots&quot;,&quot;promoLabel&quot;:null,&quot;calendarToggles&quot;:null,&quot;bookable&quot;:true,&quot;bookingUrl&quot;:&quot;https:\\\/\\\/booking.travelbase.eu\\\/tvt26\\\/book?trip=10554&quot;,&quot;packageId&quot;:&quot;TVT-AM&quot;}},{&quot;type&quot;:&quot;departures&quot;,&quot;id&quot;:&quot;t10555&quot;,&quot;attributes&quot;:{&quot;name&quot;:&quot;A-W41-SUN-4D&quot;,&quot;start&quot;:&quot;2026-10-04T10:00:00.000000Z&quot;,&quot;end&quot;:&quot;2026-10-08T12:00:00.000000Z&quot;,&quot;cheapestPrice&quot;:660,&quot;languages&quot;:[],&quot;availableSpots&quot;:32,&quot;bookedSpots&quot;:0,&quot;fakeLabel&quot;:&quot;&quot;,&quot;availabilityLabel&quot;:&quot;&quot;,&quot;promoLabel&quot;:null,&quot;calendarToggles&quot;:null,&quot;bookable&quot;:true,&quot;bookingUrl&quot;:&quot;https:\\\/\\\/booking.travelbase.eu\\\/tvt26\\\/book?trip=10555&quot;,&quot;packageId&quot;:&quot;TVT-AM&quot;}}]}\" data-summary-content=\"Only 30% to confirm your booking\" data-summary-inclusive='[{&quot;remark&quot;:&quot;Four nights in an amazing hotel&quot;,&quot;rowid&quot;:&quot;6841d081d1f73&quot;},{&quot;remark&quot;:&quot;Breakfast included&quot;,&quot;rowid&quot;:&quot;68f9f60c60df4&quot;},{&quot;remark&quot;:&quot;The rent of your Vespa, helmet(s) and lock&quot;,&quot;rowid&quot;:&quot;6841d081d1f91&quot;},{&quot;remark&quot;:&quot;The care of our guides&quot;,&quot;rowid&quot;:&quot;6841d081d1fc8&quot;}]'><\/div>\n        <\/div>\n    <\/div>","protected":false},"excerpt":{"rendered":"","protected":false},"author":46,"featured_media":502,"parent":0,"menu_order":0,"comment_status":"closed","ping_status":"closed","template":"","meta":{"_acf_changed":false,"inline_featured_image":false,"footnotes":""},"class_list":["post-116","page","type-page","status-publish","has-post-thumbnail","hentry"],"acf":{"page_package_ids":"TVT-AM","is_main_package_page":true,"additional_linked_packages":[],"feed_page_to_atlas":true},"_links":{"self":[{"href":"https:\/\/tvt.travelblox.eu\/fr\/wp-json\/wp\/v2\/pages\/116","targetHints":{"allow":["GET"]}}],"collection":[{"href":"https:\/\/tvt.travelblox.eu\/fr\/wp-json\/wp\/v2\/pages"}],"about":[{"href":"https:\/\/tvt.travelblox.eu\/fr\/wp-json\/wp\/v2\/types\/page"}],"author":[{"embeddable":true,"href":"https:\/\/tvt.travelblox.eu\/fr\/wp-json\/wp\/v2\/users\/46"}],"replies":[{"embeddable":true,"href":"https:\/\/tvt.travelblox.eu\/fr\/wp-json\/wp\/v2\/comments?post=116"}],"version-history":[{"count":50,"href":"https:\/\/tvt.travelblox.eu\/fr\/wp-json\/wp\/v2\/pages\/116\/revisions"}],"predecessor-version":[{"id":5127,"href":"https:\/\/tvt.travelblox.eu\/fr\/wp-json\/wp\/v2\/pages\/116\/revisions\/5127"}],"wp:featuredmedia":[{"embeddable":true,"href":"https:\/\/tvt.travelblox.eu\/fr\/wp-json\/wp\/v2\/media\/502"}],"wp:attachment":[{"href":"https:\/\/tvt.travelblox.eu\/fr\/wp-json\/wp\/v2\/media?parent=116"}],"curies":[{"name":"wp","href":"https:\/\/api.w.org\/{rel}","templated":true}]}}