{"id":116,"date":"2023-09-19T13:01:30","date_gmt":"2023-09-19T13:01:30","guid":{"rendered":"https:\/\/tvt.travelblox.eu\/?page_id=116"},"modified":"2026-04-27T09:41:53","modified_gmt":"2026-04-27T09:41:53","slug":"amalfi","status":"publish","type":"page","link":"https:\/\/tvt.travelblox.eu\/de\/amalfi\/","title":{"rendered":"Amalfik\u00fcste"},"content":{"rendered":"<div class=\"tb-header tb-block align-center background-dark pattern-none variant-none\" id=\"header\" data-fallback-background=\"https:\/\/vz-2d98b19f-729.b-cdn.net\/bf50736c-33e8-47e1-ad1d-4a4ceff5e4d6\/thumbnail_0d806ca7.jpg\" style=\"background-image: url('https:\/\/vz-2d98b19f-729.b-cdn.net\/bf50736c-33e8-47e1-ad1d-4a4ceff5e4d6\/thumbnail_0d806ca7.jpg'); background-position:center;\">\n    <div class=\"tb-header-foreground\">\n        <div class=\"inner-block\">\n\n            <div class=\"main-part\">\n                <div class=\"text-part\">\n                                            <p>Der Vespa Trip<\/p>\n                                                                <h1 class=\"tb-title\">Amalfik\u00fcste<\/h1>\n                                                                <h2 class=\"tb-subtitle\">\t\t<div class=\"translation-block\"><p>Italiens malerischste K\u00fcstenreise<\/p><\/div>\n\t<\/h2>\n                                                                                            <div class=\"tb-properties\">\n                                                                    <div class=\"tb-property\">\n                                                                                    <div class=\"tb-property__icon\">\n                                                \t\t\t\t<i class=\"icon fa-solid fa-calendar-days\" aria-hidden=\"true\"><\/i>\n\t\t\t                                            <\/div>\n                                                                                <div class=\"tb-property__label\">\n                                            5 Tage                                        <\/div>\n                                    <\/div>\n                                    <div class=\"tb-properties__divider\"><\/div>\n                                                                                                    <div class=\"tb-property\">\n                                                                                    <div class=\"tb-property__icon\">\n                                                \t\t\t\t<i class=\"icon fa-solid fa-bed-front\" aria-hidden=\"true\"><\/i>\n\t\t\t                                            <\/div>\n                                                                                <div class=\"tb-property__label\">\n                                            Hotelaufenthalt                                        <\/div>\n                                    <\/div>\n                                    <div class=\"tb-properties__divider\"><\/div>\n                                                                                                    <div class=\"tb-property\">\n                                                                                    <div class=\"tb-property__icon\">\n                                                \t\t\t\t<i class=\"icon fa-solid fa-person-simple\" aria-hidden=\"true\"><\/i>\n\t\t\t                                            <\/div>\n                                                                                <div class=\"tb-property__label\">\n                                            gef\u00fchrt \/ selbstgef\u00fchrt                                        <\/div>\n                                    <\/div>\n                                                            <\/div>\n                                                                                        <div class=\"tb-buttons-part\">\n                                                            \t\t<a href=\"#join\"  target=\"\" class=\"tb-button\">\n\t\t\tJetzt buchen\t\t<\/a>\n\t\t                                                                                        \t\t<a href=\"#more-info\"  target=\"\" class=\"tb-buttonlink\">\n\t\t\tMehr Infos\t\t<\/a>\n\t\t                                                    <\/div>\n                                                        <\/div>\n            <\/div>\n            \n                    <\/div>\n    <\/div>\n\n                        <div class=\"tb-header-background tb-header-background--has-iframe\">\n                        <iframe src=\"https:\/\/iframe.mediadelivery.net\/embed\/306445\/bf50736c-33e8-47e1-ad1d-4a4ceff5e4d6?autoplay=true&#038;preload=true&#038;loop=true&#038;responsive=true&#038;muted=true\" allow=\"accelerometer;gyroscope;encrypted-media;picture-in-picture;autoplay;muted;\" allowfullscreen=\"true\" style=\"border: none;\" loading=\"lazy\"><\/iframe>                    <\/div>\n    \n    \n        <nav class=\"tb-header__subnav\">\n            <div class=\"inner-block\">\n                <div class=\"tb-header__pagename\">\n                    Amalfik\u00fcste                <\/div>\n\n                <ul>\n                                            <li>\n                            <a href=\"#route\">Die Routen<\/a>\n                        <\/li>\n\n                                            <li>\n                            <a href=\"#dayschedule\">Reiseplan<\/a>\n                        <\/li>\n\n                                            <li>\n                            <a href=\"#yourstay-amalfi\">Unterkunft<\/a>\n                        <\/li>\n\n                                            <li>\n                            <a href=\"#practical\">Mehr Infos<\/a>\n                        <\/li>\n\n                                            <li>\n                            <a href=\"#howtogetthere-1\">Anreise<\/a>\n                        <\/li>\n\n                    \n                                                <li class=\"tb-header__subnav_cta\">\n                                <a href=\"#join\" class=\"tb-button\" >Anmelden<\/a>\n                            <\/li>\n                                    <\/ul>\n            <\/div>\n        <\/nav>\n\n    \n<\/div>\n\n\n<div class=\"tb-intro tb-block align-none background-light pattern-default variant-none tb-collapsible-margins\" id=\"intro\">\n    <div class=\"inner-block tb-fade-in tb-fade-in--subtle\">\n\n        \n\n        <div class=\"text-part content-part\">\n            <div class=\"title-meta-inclusive\">\n                <div class=\"title-and-meta\">\n                                            <div class=\"title-part\">\n                                                            <h3>Der Vespa Trip Amalfi<\/h3>\n                                                                                                                            <h5>\t\t<div class=\"translation-block\">Sp\u00fcre den Zauber der Amalfik\u00fcste auf deiner Vespa! Fahre entlang der spektakul\u00e4ren K\u00fcstenstra\u00dfen, durch Zitronenhaine und vorbei an Positano, Amalfi und Ravello \u2013 erlebe das echte Dolce Vita Italiens.<\/div>\n\t<\/h5>\n                                                                                    <\/div>\n                                        <ul class=\"meta-data\">\n                                                    <li>\n                                <i class=\"fa fa-regular fa-tag\"><\/i>\n                                <span>Ab 640 \u20ac<\/span>\n                            <\/li>\n                                                                            <li>\n                                <i class=\"fa fa-regular fa-calendar\"><\/i>\n                                <span><p><a href=\"#join\">17. Mai \u2013 8. Oktober<\/a><\/p>\n<\/span>\n                            <\/li>\n                                            <\/ul>\n                <\/div>\n                                    <div class=\"inclusive inclusive--has-overflow\">\n                                                    <h6>Inklusive<\/h6>\n                                                <ul class=\"\">\n                                                            <li class=\"visible\">\n                                                                            \t\t\t\t<i class=\"icon fa-kit fa-tb-icon-hotel\" aria-hidden=\"true\"><\/i>\n\t\t\t                                                                                                                <span>4 N\u00e4chte in einem charmanten Hotel inkl. Fr\u00fchst\u00fcck<\/span>\n                                                                    <\/li>\n                                                            <li class=\"visible\">\n                                                                            \t\t\t\t<i class=\"icon fa-solid fa-moped\" aria-hidden=\"true\"><\/i>\n\t\t\t                                                                                                                <span>Deine Vespa (3 Tage), Helm(e) und Schloss<\/span>\n                                                                    <\/li>\n                                                            <li class=\"visible\">\n                                                                            \t\t\t\t<i class=\"icon fa-solid fa-route\" aria-hidden=\"true\"><\/i>\n\t\t\t                                                                                                                <span>Maximale Flexibilit\u00e4t: Folge den Guides oder fahre solo<\/span>\n                                                                    <\/li>\n                                                            <li class=\"visible\">\n                                                                            \t\t\t\t<i class=\"icon fa-solid fa-building\" aria-hidden=\"true\"><\/i>\n\t\t\t                                                                                                                <span>Positano, Amalfi, Ravello &amp; Sorrento<\/span>\n                                                                    <\/li>\n                                                            <li class=\"visible\">\n                                                                            \t\t\t\t<i class=\"icon fa-solid fa-volcano\" aria-hidden=\"true\"><\/i>\n\t\t\t                                                                                                                <span>Spektakul\u00e4re Ausblicke auf den Vesuv &amp; die Bucht von Neapel<\/span>\n                                                                    <\/li>\n                                                            <li class=\"hidden inclusive__overflow-item\">\n                                                                            \t\t\t\t<i class=\"icon fa-solid fa-person-simple\" aria-hidden=\"true\"><\/i>\n\t\t\t                                                                                                                <span>Betreuung und Unterst\u00fctzung durch unsere Guides vor Ort<\/span>\n                                                                    <\/li>\n                                                    <\/ul>\n                                                    <div class=\"inclusive__overflow-container\">\n                                                                                                                                                                                                                                                                                                                                                                                                                                                                <div class=\"inclusive__overflow-item\">\n                                                                                            \t\t\t\t<i class=\"icon fa-solid fa-person-simple\" aria-hidden=\"true\"><\/i>\n\t\t\t                                                                                                                                        <span>Betreuung und Unterst\u00fctzung durch unsere Guides vor Ort<\/span>\n                                                                                    <\/div>\n                                                                                                <\/div>\n                            <span class=\"show-more-inclusive\">Mehr anzeigen (1)<\/span>\n                            <span class=\"show-less-inclusive hidden\">Weniger anzeigen<\/span>\n                                            <\/div>\n                            <\/div>\n\n                            <div class=\"tb-buttons desktop-only\">\n                                            <a href=\"#join\" class=\"tb-button\">\n                                                            Termine &amp; Preise                                                    <\/a>\n                                                                <a href=\"#route\" class=\"tb-buttonlink\">\n                                                            Mehr Infos                                                    <\/a>\n                                    <\/div>\n                    <\/div>\n                                    <div class=\"image-part\">\n                    \t\t\t\t<div class=\"inner-block-full-width has-tb-carousel tb-carousel-slider\" >\n\t\t\t<div class=\"tb-carousel-container\">\n\t\t\t\t<div class=\"entries tb-cards\" data-slider-first=\"0\">\n\t\t\t\t\t\t\t\t\t<div class=\"entry\">\n\t\t\t\t<div class=\"tb-image-part\">\n\t\t\t\t\t<figure>\n\t\t\t\t\t\t<img src='https:\/\/tvt.travelblox.eu\/wp-content\/uploads\/sites\/49\/2025\/10\/BrittLeonie-09523-768x1152.jpg' width='768' height='1152' alt='Aussicht auf die Amalfik\u00fcste' style='object-position:50% 50%' loading='lazy' image_size='medium_large'>\t\t\t\t\t\t\t\t\t\t\t\t\t\t\t\t\t\t\t\t\t\t\t\t\t\t\t\t\t\t\t<\/figure>\n\t\t\t\t<\/div>\n\t\t\t<\/div>\n\t\t\t\t\t<div class=\"entry\">\n\t\t\t\t<div class=\"tb-image-part\">\n\t\t\t\t\t<figure>\n\t\t\t\t\t\t<img src='https:\/\/tvt.travelblox.eu\/wp-content\/uploads\/sites\/49\/2025\/10\/BrittLeonie-09987-768x512.jpg' width='768' height='512' alt='view from a red vespa along amalfi coast' style='object-position:50% 50%' loading='lazy' image_size='medium_large'>\t\t\t\t\t\t\t\t\t\t\t\t\t\t\t\t\t\t\t\t\t\t\t\t\t\t\t\t\t\t\t<\/figure>\n\t\t\t\t<\/div>\n\t\t\t<\/div>\n\t\t\t\t\t<div class=\"entry\">\n\t\t\t\t<div class=\"tb-image-part\">\n\t\t\t\t\t<figure>\n\t\t\t\t\t\t<img src='https:\/\/tvt.travelblox.eu\/wp-content\/uploads\/sites\/49\/2025\/10\/BrittLeonie-01356-768x512.jpg' width='768' height='512' alt='sch\u00f6ner blauer Strand in der N\u00e4he von Nerano' style='object-position:50% 50%' loading='lazy' image_size='medium_large'>\t\t\t\t\t\t\t\t\t\t\t\t\t\t\t\t\t\t\t\t\t\t\t\t\t\t\t\t\t\t\t<\/figure>\n\t\t\t\t<\/div>\n\t\t\t<\/div>\n\t\t\t\t\t<div class=\"entry\">\n\t\t\t\t<div class=\"tb-image-part\">\n\t\t\t\t\t<figure>\n\t\t\t\t\t\t<img src='https:\/\/tvt.travelblox.eu\/wp-content\/uploads\/sites\/49\/2025\/10\/BrittLeonie-08366-768x512.jpg' width='768' height='512' alt='zwei Teller k\u00f6stlicher Pasta' style='object-position:50% 50%' loading='lazy' image_size='medium_large'>\t\t\t\t\t\t\t\t\t\t\t\t\t\t\t\t\t\t\t\t\t\t\t\t\t\t\t\t\t\t\t<\/figure>\n\t\t\t\t<\/div>\n\t\t\t<\/div>\n\t\t\t\t\t<div class=\"entry\">\n\t\t\t\t<div class=\"tb-image-part\">\n\t\t\t\t\t<figure>\n\t\t\t\t\t\t<img src='https:\/\/tvt.travelblox.eu\/wp-content\/uploads\/sites\/49\/2023\/09\/TVT22_MilanPieteraerents_HR-1-103-768x512.jpg' width='768' height='512' loading='lazy' image_size='medium_large'>\t\t\t\t\t\t\t\t\t\t\t\t\t\t\t\t\t\t\t\t\t\t\t\t\t\t\t\t\t\t\t<\/figure>\n\t\t\t\t<\/div>\n\t\t\t<\/div>\n\t\t\t\t\t<div class=\"entry\">\n\t\t\t\t<div class=\"tb-image-part\">\n\t\t\t\t\t<figure>\n\t\t\t\t\t\t<img src='https:\/\/tvt.travelblox.eu\/wp-content\/uploads\/sites\/49\/2025\/10\/lemon-768x725.png' width='768' height='725' loading='lazy' image_size='medium_large'>\t\t\t\t\t\t\t\t\t\t\t\t\t\t\t\t\t\t\t\t\t\t\t\t\t\t\t\t\t\t\t<\/figure>\n\t\t\t\t<\/div>\n\t\t\t<\/div>\n\t\t\t\t\t<div class=\"entry\">\n\t\t\t\t<div class=\"tb-image-part\">\n\t\t\t\t\t<figure>\n\t\t\t\t\t\t<img src='https:\/\/tvt.travelblox.eu\/wp-content\/uploads\/sites\/49\/2023\/09\/TVT22_MilanPieteraerents_HR-1-92-768x512.jpg' width='768' height='512' loading='lazy' image_size='medium_large'>\t\t\t\t\t\t\t\t\t\t\t\t\t\t\t\t\t\t\t\t\t\t\t\t\t\t\t\t\t\t\t<\/figure>\n\t\t\t\t<\/div>\n\t\t\t<\/div>\n\t\t\t\t\t\t\t\t<\/div>\n\t\t\t\t\t\t<div class=\"tb-carousel-nav\">\n\t\t\t<div class=\"dots\">\n\t\t\t\t<div class=\"dot active\"><\/div>\n\t\t\t\t<div class=\"dot\"><\/div>\n\t\t\t\t<div class=\"dot\"><\/div>\n\t\t\t<\/div>\n\t\t\t<div class=\"arrows\">\n\t\t\t\t<div class=\"prev disabled\">\n\t\t\t\t\t<span><i class=\"fa fa-chevron-left\"><\/i><\/span>\n\t\t\t\t<\/div>\n\t\t\t\t<div class=\"next\">\n\t\t\t\t\t<span><i class=\"fa fa-chevron-right\"><\/i><\/span>\n\t\t\t\t<\/div>\n\t\t\t<\/div>\n\t\t<\/div>\n\t\t\t\t<\/div>\n\t\t<\/div>\n\t\t                <\/div>\n                                        <div class=\"tb-buttons mobile-only\">\n                                    <a href=\"#join\" class=\"tb-button\">\n                                                    Termine &amp; Preise                                            <\/a>\n                                                    <a href=\"#route\" class=\"tb-buttonlink\">\n                                                    Mehr Infos                                            <\/a>\n                            <\/div>\n            <\/div>\n<\/div>\n\n\n<div class=\"tb-gallery tb-block align-center background-light pattern-none variant-grid\" id=\"gallery\">\n\t<div>\n\t\t<div class=\"desktop tb-has-popup-content\">\n\t\t\t\t\t\t\t<ul class=\"tb-gallery-grid\">\n\t\t\t\t\t\t\t\t\t\t\t\t\t\t\t\t\t\t<li class=\"slide\">\n\t\t\t\t\t\t\t\t<div class=\"tb-popup-trigger\">\n\t\t\t\t\t\t\t\t\t<img src='https:\/\/tvt.travelblox.eu\/wp-content\/uploads\/sites\/49\/2025\/10\/BrittLeonie-01207-Gemiddeld.jpg' width='1151' height='768' alt='beach' style='object-position:50% 50%' loading='lazy'>\t\t\t\t\t\t\t\t<\/div>\n\t\t\t\t\t\t\t<\/li>\n\t\t\t\t\t\t\t\t\t\t\t\t\t<li class=\"slide\">\n\t\t\t\t\t\t\t\t<div class=\"tb-popup-trigger\">\n\t\t\t\t\t\t\t\t\t<img src='https:\/\/tvt.travelblox.eu\/wp-content\/uploads\/sites\/49\/2025\/10\/BrittLeonie-08274-Gemiddeld.jpg' width='768' height='1152' alt='vespa and fruits' style='object-position:50% 50%' loading='lazy'>\t\t\t\t\t\t\t\t<\/div>\n\t\t\t\t\t\t\t<\/li>\n\t\t\t\t\t\t\t\t\t\t\t\t\t<li class=\"slide\">\n\t\t\t\t\t\t\t\t<div class=\"tb-popup-trigger\">\n\t\t\t\t\t\t\t\t\t<img src='https:\/\/tvt.travelblox.eu\/wp-content\/uploads\/sites\/49\/2025\/10\/BrittLeonie-08591-Gemiddeld.jpg' width='1151' height='768' alt='beach coastline' style='object-position:50% 50%' loading='lazy'>\t\t\t\t\t\t\t\t<\/div>\n\t\t\t\t\t\t\t<\/li>\n\t\t\t\t\t\t\t\t\t\t\t\t\t\t\t<\/ul>\n\t\t\t\t\t\t<div class=\"tb-popup tb-popup--open-clicked-image\">\n\t\t\t\t<div class=\"tb-gallery-popup\">\n\t\t\t\t\t<div class=\"tb-image-part\">\n\t\t\t\t\t\t\t\t\t\t<div class=\"inner-block-full-width has-tb-carousel tb-carousel-slider\" >\n\t\t\t<div class=\"tb-carousel-container\">\n\t\t\t\t<div class=\"entries tb-cards\" data-slider-first=\"2\">\n\t\t\t\t\t\t\t\t\t<div class=\"entry\">\n\t\t\t\t<div class=\"tb-image-part\">\n\t\t\t\t\t<figure>\n\t\t\t\t\t\t<img src='https:\/\/tvt.travelblox.eu\/wp-content\/uploads\/sites\/49\/2025\/10\/BrittLeonie-01207-Gemiddeld.jpg' width='1151' height='768' alt='beach' style='object-position:50% 50%' loading='lazy' image_size='full'>\t\t\t\t\t\t\t\t\t\t\t<\/figure>\n\t\t\t\t<\/div>\n\t\t\t<\/div>\n\t\t\t\t\t<div class=\"entry\">\n\t\t\t\t<div class=\"tb-image-part\">\n\t\t\t\t\t<figure>\n\t\t\t\t\t\t<img src='https:\/\/tvt.travelblox.eu\/wp-content\/uploads\/sites\/49\/2025\/10\/BrittLeonie-08274-Gemiddeld.jpg' width='768' height='1152' alt='vespa and fruits' style='object-position:50% 50%' loading='lazy' image_size='full'>\t\t\t\t\t\t\t\t\t\t\t<\/figure>\n\t\t\t\t<\/div>\n\t\t\t<\/div>\n\t\t\t\t\t<div class=\"entry\">\n\t\t\t\t<div class=\"tb-image-part\">\n\t\t\t\t\t<figure>\n\t\t\t\t\t\t<img src='https:\/\/tvt.travelblox.eu\/wp-content\/uploads\/sites\/49\/2025\/10\/BrittLeonie-08591-Gemiddeld.jpg' width='1151' height='768' alt='beach coastline' style='object-position:50% 50%' loading='lazy' image_size='full'>\t\t\t\t\t\t\t\t\t\t\t<\/figure>\n\t\t\t\t<\/div>\n\t\t\t<\/div>\n\t\t\t\t\t\t\t\t<\/div>\n\t\t\t\t\t\t<div class=\"tb-carousel-nav\">\n\t\t\t<div class=\"dots\">\n\t\t\t\t<div class=\"dot active\"><\/div>\n\t\t\t\t<div class=\"dot\"><\/div>\n\t\t\t\t<div class=\"dot\"><\/div>\n\t\t\t<\/div>\n\t\t\t<div class=\"arrows\">\n\t\t\t\t<div class=\"prev disabled\">\n\t\t\t\t\t<span><i class=\"fa fa-chevron-left\"><\/i><\/span>\n\t\t\t\t<\/div>\n\t\t\t\t<div class=\"next\">\n\t\t\t\t\t<span><i class=\"fa fa-chevron-right\"><\/i><\/span>\n\t\t\t\t<\/div>\n\t\t\t<\/div>\n\t\t<\/div>\n\t\t\t\t<\/div>\n\t\t<\/div>\n\t\t\t\t\t\t\t<\/div>\n\t\t\t\t<\/div>\n\t\t\t<\/div>\n\t\t<\/div>\n\t\t<div class=\"mobile\">\n\t\t\t<div class=\"tb-image-part\">\n\t\t\t\t\t\t\t\t<div class=\"inner-block-full-width has-tb-carousel tb-carousel-slider\" >\n\t\t\t<div class=\"tb-carousel-container\">\n\t\t\t\t<div class=\"entries tb-cards\" data-slider-first=\"0\">\n\t\t\t\t\t\t\t\t\t<div class=\"entry\">\n\t\t\t\t<div class=\"tb-image-part\">\n\t\t\t\t\t<figure>\n\t\t\t\t\t\t<img src='https:\/\/tvt.travelblox.eu\/wp-content\/uploads\/sites\/49\/2025\/10\/BrittLeonie-01207-Gemiddeld-768x512.jpg' width='768' height='512' alt='beach' style='object-position:50% 50%' loading='lazy' image_size='medium_large'>\t\t\t\t\t\t\t\t\t\t\t<\/figure>\n\t\t\t\t<\/div>\n\t\t\t<\/div>\n\t\t\t\t\t<div class=\"entry\">\n\t\t\t\t<div class=\"tb-image-part\">\n\t\t\t\t\t<figure>\n\t\t\t\t\t\t<img src='https:\/\/tvt.travelblox.eu\/wp-content\/uploads\/sites\/49\/2025\/10\/BrittLeonie-08274-Gemiddeld.jpg' width='768' height='1152' alt='vespa and fruits' style='object-position:50% 50%' loading='lazy' image_size='medium_large'>\t\t\t\t\t\t\t\t\t\t\t<\/figure>\n\t\t\t\t<\/div>\n\t\t\t<\/div>\n\t\t\t\t\t<div class=\"entry\">\n\t\t\t\t<div class=\"tb-image-part\">\n\t\t\t\t\t<figure>\n\t\t\t\t\t\t<img src='https:\/\/tvt.travelblox.eu\/wp-content\/uploads\/sites\/49\/2025\/10\/BrittLeonie-08591-Gemiddeld-768x512.jpg' width='768' height='512' alt='beach coastline' style='object-position:50% 50%' loading='lazy' image_size='medium_large'>\t\t\t\t\t\t\t\t\t\t\t<\/figure>\n\t\t\t\t<\/div>\n\t\t\t<\/div>\n\t\t\t\t\t\t\t\t<\/div>\n\t\t\t\t\t\t<div class=\"tb-carousel-nav\">\n\t\t\t<div class=\"dots\">\n\t\t\t\t<div class=\"dot active\"><\/div>\n\t\t\t\t<div class=\"dot\"><\/div>\n\t\t\t\t<div class=\"dot\"><\/div>\n\t\t\t<\/div>\n\t\t\t<div class=\"arrows\">\n\t\t\t\t<div class=\"prev disabled\">\n\t\t\t\t\t<span><i class=\"fa fa-chevron-left\"><\/i><\/span>\n\t\t\t\t<\/div>\n\t\t\t\t<div class=\"next\">\n\t\t\t\t\t<span><i class=\"fa fa-chevron-right\"><\/i><\/span>\n\t\t\t\t<\/div>\n\t\t\t<\/div>\n\t\t<\/div>\n\t\t\t\t<\/div>\n\t\t<\/div>\n\t\t\t\t\t<\/div>\n\t\t<\/div>\n\t<\/div>\n<\/div>\n\n\n\n<div class=\"tb-textimage1 tb-block align-center background-light pattern-none variant-none tb-collapsible-margins\" id=\"route\">\n\t<div class=\"inner-block tb-fade-in tb-fade-in--subtle\">\n\n\t\t\n\t\t<div class=\"text-part\">\n\t\t\t<h2>Unsere Routen an der Amalfik\u00fcste<\/h2>\n\t\t\t\t\t<div class=\"translation-block\"><p>Dein Ausgangspunkt ist ideal gelegen in der kleinen Stadt Sant'Agata, unweit von Sorrento. Von hier aus startest du zu drei einzigartigen Routen, die dir die Amalfik\u00fcste aus jedem Blickwinkel zeigen, von versteckten Buchten bis zu atemberaubenden Panoramablicken.<\/p><p>Jeden Tag hast du die Wahl, ob du auf eigene Faust f\u00e4hrst (mit digitalem Roadbook &amp; GPS) oder unserem Guide folgst und die Gruppenatmosph\u00e4re genie\u00dft!<\/p><\/div>\n\t\t\t<\/div>\n\t<\/div>\n\t<div class=\"inner-block\">\n\t\t\t\t\t\t\t\t\t<div class=\"tb-image-part\">\n\t\t\t\t\t<img src='https:\/\/tvt.travelblox.eu\/wp-content\/uploads\/sites\/49\/2023\/09\/amalfi.svg' width='1' height='1' alt='Karte mit geplanten Routen in Amalfi, Sorrento, Positano, Ravello, Pompeji, Sant&#039;Agata - Karte der Amalfik\u00fcste w\u00e4hrend der Vespa-Tour.' class='no-cut-off' style='object-position:50% 50%' loading='lazy' image_size='1536x1536'>\t\t\t\t<\/div>\n\t\t\t\t\t\t<\/div>\n\t<div class=\"inner-block tb-fade-in tb-fade-in--subtle\">\n\t\t<div class=\"text-part\">\n\t\t\t\t\t<div class=\"translation-block\"><\/div>\n\t\t\t\t<div class=\"tb-buttons-part\">\n\t\t\t\t\t\t\t\t\t\t\t<\/div>\n\t\t<\/div>\n\t<\/div>\n<\/div>\n\n\n<div class=\"tb-dayschedule tb-block align-center background-light pattern-default variant-none tb-collapsible-margins\" id=\"dayschedule\">\n\n\t<div class=\"inner-block tb-fade-in tb-fade-in--subtle\">\n\t\t<div class=\"text-part\">\n\t\t\t<h2>Reiseplan<\/h2>\n\t\t\t\t\t<div class=\"translation-block\"><p>Die Reihenfolge der Routen ist flexibel. Wenn du alleine unterwegs bist, kannst du deine Strecke selbst w\u00e4hlen. In der Gruppe hingegen planen unsere Guides t\u00e4glich die beste Route, abgestimmt auf das Wetter und die Fahrk\u00fcnste der Teilnehmenden. So stellen wir sicher, dass jede Fahrt reibungslos verl\u00e4uft und zu einem unvergesslichen Erlebnis wird.<\/p><\/div>\n\t\t\t\t\t\t\t\t\t\t\t\t\t<\/div>\n\t<\/div>\n\t\t\t<div class=\"tb-sections\">\n\t\t\t\t\t\t\t\t\t\t\t\t\t\t<div class=\"inner-block-full-width has-tb-carousel tb-section\" id=\"dayschedule-section-0\">\n\t\t\t<div class=\"tb-carousel-container\">\n\t\t\t\t<div class=\"entries tb-cards\" data-slider-first=\"1\">\n\t\t\t\t\t\t\t\t\t\t\t\t\t\t\t<div class=\"tb-card entry tb-popup-trigger tb-unfold-on-hover\">\n\t\t\t\t\t\t\t<div class=\"tb-image-part\">\n\t\t\t\t\t\t\t\t<div class=\"tag\">\n\t\t\t\t\t\t\t\t\t<div>TAG 1<\/div>\n\t\t\t\t\t\t\t\t<\/div>\n\n\t\t\t\t\t\t\t\t<img src='https:\/\/tvt.travelblox.eu\/wp-content\/uploads\/sites\/49\/2024\/10\/Untitled-design-9-768x512.jpg' width='768' height='512' alt='Wei\u00dfe Vespa f\u00fcr die Vespa-Tour in Amalfi Vespa f\u00fcr die Vespa-Tour entlang der Amalfik\u00fcste' style='object-position:50% 50%' loading='lazy' image_size='medium_large'>\t\t\t\t\t\t\t<\/div>\n\t\t\t\t\t\t\t<div class=\"tb-card-bottom-wrapper\">\n\t\t\t\t\t\t\t\t<div class=\"tb-card-bottom\">\n\n\t\t\t\t\t\t\t\t\t<span class=\"tb-card-bottom__title\">\n\t\t\t\t\t\t\t\t\t\t<span class=\"tb-card-bottom__place\">\n\t\t\t\t\t\t\t\t\t\t\tANKUNFTSTAG\t\t\t\t\t\t\t\t\t\t\t\t\t\t\t\t\t\t\t\t\t<\/span>\n\n\t\t\t\t\t\t\t\t\t<\/span>\n\t\t\t\t\t\t\t\t\t<div class=\"tb-card-bottom__content\">\n\t\t\t\t\t\t\t\t\t\t<div>\n\t\t\t\t\t\t\t\t\t\t\t\t\t\t\t\t\t\t\t\t\t\t\t<i class=\"icon fa-regular fa-bed\"><\/i> O Sole Mio\t\t\t\t\t\t\t\t\t\t\t\t\t\t\t\t\t\t\t\t\t<\/div>\n\t\t\t\t\t\t\t\t\t<\/div>\n\t\t\t\t\t\t\t\t\t<div class=\"tb-card-bottom__teaser tb-unfold-on-hover__content\" data-no-translation>\n\t\t\t\t\t\t\t\t\t\t\t\t\t\t\t\t\t\t\t\t\t\t\t\t\t\t\t\t\t\tAb 14:00 Uhr kannst du im Hotel einchecken und dich in den stilvollen Komfort einleben. Deine Vespa &#8230; <span class=\"link\">Mehr lesen<\/span>\t\t\t\t\t\t\t\t\t<\/div>\n\t\t\t\t\t\t\t\t<\/div>\n\n\t\t\t\t\t\t\t<\/div>\n\t\t\t\t\t\t\t<dialog class=\"tb-popup tb-popup-with-padding tb-dayschedule-popup-wrapper\">\n\t\t\t\t\t\t\t\t<div class=\"tb-dayschedule-popup\">\n\t\t\t\t\t\t\t\t\t<h5>\n\t\t\t\t\t\t\t\t\t\t\t\t\t\t\t\t\t\t\t\t\t\t\t\t\t\t\t\t\t\t\t<div>\n\t\t\t\t\t\t\t\t\t\t\t\t\t\t\t\t\t\t\t\t\t\t\t\t\tANKUNFTSTAG\t\t\t\t\t\t\t\t\t\t\t\t\t\t\t\t\t\t\t\t\t\t\t\t\t\t\t\t\t\t\t\t\t\t\t<\/div>\n\t\t\t\t\t\t\t\t\t\t\t\t\t\t\t\t\t\t\t<\/h5>\n\t\t\t\t\t\t\t\t\t<div class=\"tb-columns\">\n\t\t\t\t\t\t\t\t\t\t<div class=\"tb-column tb-column--text\">\n\t\t\t\t\t\t\t\t\t\t\t<div class=\"text-part\">\n\t\t\t\t\t\t\t\t\t\t\t\t\t\t\t\t\t\t\t\t\t\t\t\t\t<div class=\"tb-dayschedule-popup__icons\">\n\t\t\t\t\t\t\t\t\t\t\t\t\t\t\t\t\t\t\t\t\t\t\t\t\t\t\t\t\t\t\t\t\t\t\t\t\t\t\t\t\t\t\t<div class=\"tb-dayschedule-popup__icon\">\n\t\t\t\t\t\t\t\t\t\t\t\t\t\t\t\t<i class=\"icon fa-regular fa-bed\"><\/i>\n\t\t\t\t\t\t\t\t\t\t\t\t\t\t\t\t<span>\n\t\t\t\t\t\t\t\t\t\t\t\t\t\t\t\t\tO Sole Mio\t\t\t\t\t\t\t\t\t\t\t\t\t\t\t\t<\/span>\n\t\t\t\t\t\t\t\t\t\t\t\t\t\t\t<\/div>\n\t\t\t\t\t\t\t\t\t\t\t\t\t\t\t\t\t\t\t\t\t\t\t\t\t\t\t<\/div>\n\t\t\t\t\t\t\t\t\t\t\t\t\n\t\t\t\t\t\t\t\t\t\t\t\t\t\t\t\t\t\t\t\t\t\t\t\t\t<div class=\"tb-dayschedule-popup__keywords\">\n\t\t\t\t\t\t\t\t\t\t\t\t\t\t\t\t<div class=\"translation-block\"><p><br data-mce-bogus=\"1\" \/><\/p><\/div>\n\t\t\t\t\t\t\t\t\t\t\t\t\t\t<\/div>\n\t\t\t\t\t\t\t\t\t\t\t\t\n\t\t\t\t\t\t\t\t\t\t\t\t<div>\n\t\t\t\t\t\t\t\t\t\t\t\t\t<strong>TAG 1<\/strong>\n\t\t\t\t\t\t\t\t\t\t\t\t\t\t\t<div class=\"translation-block\"><p>Ab 14:00 Uhr kannst du im Hotel einchecken und dich in den stilvollen Komfort einleben. Deine Vespa steht dir am folgenden Morgen bereit. Sp\u00e4ter am Tag wird dich dein Guide pers\u00f6nlich willkommen hei\u00dfen und dir eine ausf\u00fchrliche Einf\u00fchrung in die bevorstehende Reise geben.<\/p><p>Verbringe den Nachmittag ganz nach deinem Geschmack: Entspanne am Pool, spaziere durch das nahegelegene Dorf oder genie\u00dfe einfach die Sch\u00f6nheit deiner Umgebung.<\/p><p><strong>Neu auf der Vespa?<\/strong><br>Wenn du zum ersten Mal eine Vespa f\u00e4hrst oder deine Erfahrungen auf dem Roller auffrischen m\u00f6chtest, empfehlen wir dir dringend unseren <i>Start to Vespa<\/i>-Kurs (+50\u20ac) zu machen. Nach der Fahrstunde kannst du deine Vespa behalten und weiter damit \u00fcben.<\/p><\/div>\n\t\t\t\t\t\t\t\t\t\t\t\t\t<\/div>\n\n\n\t\t\t\t\t\t\t\t\t\t\t<\/div>\n\t\t\t\t\t\t\t\t\t\t<\/div>\n\t\t\t\t\t\t\t\t\t\t<div class=\"tb-column tb-column--image\">\n\n\t\t\t\t\t\t\t\t\t\t\t<div class=\"tb-image-part\">\n\t\t\t\t\t\t\t\t\t\t\t\t\t\t\t\t<div class=\"inner-block-full-width has-tb-carousel tb-carousel-slider\" >\n\t\t\t<div class=\"tb-carousel-container\">\n\t\t\t\t<div class=\"entries tb-cards\" data-slider-first=\"0\">\n\t\t\t\t\t\t\t\t\t<div class=\"entry\">\n\t\t\t\t<div class=\"tb-image-part\">\n\t\t\t\t\t<figure>\n\t\t\t\t\t\t<img src='https:\/\/tvt.travelblox.eu\/wp-content\/uploads\/sites\/49\/2024\/10\/Untitled-design-9-1024x683.jpg' width='1024' height='683' alt='Wei\u00dfe Vespa f\u00fcr die Vespa-Tour in Amalfi Vespa f\u00fcr die Vespa-Tour entlang der Amalfik\u00fcste' style='object-position:50% 50%' loading='lazy' image_size='large'>\t\t\t\t\t\t\t\t\t\t\t<\/figure>\n\t\t\t\t<\/div>\n\t\t\t<\/div>\n\t\t\t\t\t<div class=\"entry\">\n\t\t\t\t<div class=\"tb-image-part\">\n\t\t\t\t\t<figure>\n\t\t\t\t\t\t<img src='https:\/\/tvt.travelblox.eu\/wp-content\/uploads\/sites\/49\/2023\/12\/DSC07868-1024x682.jpg' width='1024' height='682' alt='bunte Vespa&#039;s Amalfi' loading='lazy' image_size='large'>\t\t\t\t\t\t\t\t\t\t\t<\/figure>\n\t\t\t\t<\/div>\n\t\t\t<\/div>\n\t\t\t\t\t\t\t\t<\/div>\n\t\t\t\t\t\t<div class=\"tb-carousel-nav\">\n\t\t\t<div class=\"dots\">\n\t\t\t\t<div class=\"dot active\"><\/div>\n\t\t\t\t<div class=\"dot\"><\/div>\n\t\t\t\t<div class=\"dot\"><\/div>\n\t\t\t<\/div>\n\t\t\t<div class=\"arrows\">\n\t\t\t\t<div class=\"prev disabled\">\n\t\t\t\t\t<span><i class=\"fa fa-chevron-left\"><\/i><\/span>\n\t\t\t\t<\/div>\n\t\t\t\t<div class=\"next\">\n\t\t\t\t\t<span><i class=\"fa fa-chevron-right\"><\/i><\/span>\n\t\t\t\t<\/div>\n\t\t\t<\/div>\n\t\t<\/div>\n\t\t\t\t<\/div>\n\t\t<\/div>\n\t\t\t\t\t\t\t\t\t\t\t\t\t<\/div>\n\t\t\t\t\t\t\t\t\t\t<\/div>\n\t\t\t\t\t\t\t\t\t<\/div>\n\t\t\t\t\t\t\t\t\t\t\t<div class=\"tb-popup-nav\">\n\t\t\t<a href=\"#\" class=\"tb-buttonlink-with-icon tb-buttonlink-with-arrow icon-first tb-popup-previous\">\n\t\t\t\t<i class=\"icon fa fa-chevron-left\"><\/i>\n\t\t\t\t<span>Vorheriger Tag<\/span>\n\t\t\t<\/a>\n\t\t\t<a href=\"#\" class=\"tb-buttonlink-with-icon tb-buttonlink-with-arrow tb-popup-next\">\n\t\t\t\t<span>N\u00e4chster Tag<\/span>\n\t\t\t\t<i class=\"icon fa fa-chevron-right\"><\/i>\n\t\t\t<\/a>\n\t\t<\/div>\n\t\n\t\t\t\t\t\t\t\t<\/div>\n\t\t\t\t\t\t\t<\/dialog>\n\t\t\t\t\t\t<\/div>\n\t\t\t\t\t\t\t\t\t\t\t<div class=\"tb-card entry tb-popup-trigger tb-unfold-on-hover\">\n\t\t\t\t\t\t\t<div class=\"tb-image-part\">\n\t\t\t\t\t\t\t\t<div class=\"tag\">\n\t\t\t\t\t\t\t\t\t<div>TAG 2<\/div>\n\t\t\t\t\t\t\t\t<\/div>\n\n\t\t\t\t\t\t\t\t<img src='https:\/\/tvt.travelblox.eu\/wp-content\/uploads\/sites\/49\/2024\/01\/TVT_Rache_WorthwhileWanderer_LR-55-768x577.jpg' width='768' height='577' alt='Positano w\u00e4hrend des Sonnenuntergangs auf der Vespa-Tour.' style='object-position:50% 50%' loading='lazy' image_size='medium_large'>\t\t\t\t\t\t\t<\/div>\n\t\t\t\t\t\t\t<div class=\"tb-card-bottom-wrapper\">\n\t\t\t\t\t\t\t\t<div class=\"tb-card-bottom\">\n\n\t\t\t\t\t\t\t\t\t<span class=\"tb-card-bottom__title\">\n\t\t\t\t\t\t\t\t\t\t<span class=\"tb-card-bottom__place\">\n\t\t\t\t\t\t\t\t\t\t\tDIE AMALFIK\u00dcSTE\t\t\t\t\t\t\t\t\t\t\t\t\t\t\t\t\t\t\t\t\t<\/span>\n\n\t\t\t\t\t\t\t\t\t<\/span>\n\t\t\t\t\t\t\t\t\t<div class=\"tb-card-bottom__content\">\n\t\t\t\t\t\t\t\t\t\t<div>\n\t\t\t\t\t\t\t\t\t\t\t\t\t\t\t\t\t\t\t\t\t\t\t<i class=\"icon fa-regular fa-bed\"><\/i> O Sole Mio\t\t\t\t\t\t\t\t\t\t\t\t\t\t\t\t\t\t\t\t\t<\/div>\n\t\t\t\t\t\t\t\t\t<\/div>\n\t\t\t\t\t\t\t\t\t<div class=\"tb-card-bottom__teaser tb-unfold-on-hover__content\" data-no-translation>\n\t\t\t\t\t\t\t\t\t\t\t\t\t\t\t\t\t\t\t\t\t\t\t\t\t\t\t\t\t\tNach dem Verlassen des Hotels erwartet dich ein Tag voller Entdeckungen entlang der Amalfik\u00fcste.Dist&#8230; <span class=\"link\">Mehr lesen<\/span>\t\t\t\t\t\t\t\t\t<\/div>\n\t\t\t\t\t\t\t\t<\/div>\n\n\t\t\t\t\t\t\t<\/div>\n\t\t\t\t\t\t\t<dialog class=\"tb-popup tb-popup-with-padding tb-dayschedule-popup-wrapper\">\n\t\t\t\t\t\t\t\t<div class=\"tb-dayschedule-popup\">\n\t\t\t\t\t\t\t\t\t<h5>\n\t\t\t\t\t\t\t\t\t\t\t\t\t\t\t\t\t\t\t\t\t\t\t\t\t\t\t\t\t\t\t<div>\n\t\t\t\t\t\t\t\t\t\t\t\t\t\t\t\t\t\t\t\t\t\t\t\t\tDIE AMALFIK\u00dcSTE\t\t\t\t\t\t\t\t\t\t\t\t\t\t\t\t\t\t\t\t\t\t\t\t\t\t\t\t\t\t\t\t\t\t\t<\/div>\n\t\t\t\t\t\t\t\t\t\t\t\t\t\t\t\t\t\t\t<\/h5>\n\t\t\t\t\t\t\t\t\t<div class=\"tb-columns\">\n\t\t\t\t\t\t\t\t\t\t<div class=\"tb-column tb-column--text\">\n\t\t\t\t\t\t\t\t\t\t\t<div class=\"text-part\">\n\t\t\t\t\t\t\t\t\t\t\t\t\t\t\t\t\t\t\t\t\t\t\t\t\t<div class=\"tb-dayschedule-popup__icons\">\n\t\t\t\t\t\t\t\t\t\t\t\t\t\t\t\t\t\t\t\t\t\t\t\t\t\t\t\t\t\t\t\t\t\t\t\t\t\t\t\t\t\t\t<div class=\"tb-dayschedule-popup__icon\">\n\t\t\t\t\t\t\t\t\t\t\t\t\t\t\t\t<i class=\"icon fa-regular fa-bed\"><\/i>\n\t\t\t\t\t\t\t\t\t\t\t\t\t\t\t\t<span>\n\t\t\t\t\t\t\t\t\t\t\t\t\t\t\t\t\tO Sole Mio\t\t\t\t\t\t\t\t\t\t\t\t\t\t\t\t<\/span>\n\t\t\t\t\t\t\t\t\t\t\t\t\t\t\t<\/div>\n\t\t\t\t\t\t\t\t\t\t\t\t\t\t\t\t\t\t\t\t\t\t\t\t\t\t\t<\/div>\n\t\t\t\t\t\t\t\t\t\t\t\t\n\t\t\t\t\t\t\t\t\t\t\t\t\n\t\t\t\t\t\t\t\t\t\t\t\t<div>\n\t\t\t\t\t\t\t\t\t\t\t\t\t<strong>TAG 2<\/strong>\n\t\t\t\t\t\t\t\t\t\t\t\t\t\t\t<div class=\"translation-block\"><p>Nach dem Verlassen des Hotels erwartet dich ein Tag voller Entdeckungen entlang der Amalfik\u00fcste.<\/p><ul><li><strong>Distanz: ca. 65km<\/strong><\/li><li>Dein Weg f\u00fchrt dich zuerst nach <strong>Positano<\/strong> \u2013 mit seinen pastellfarbenen H\u00e4usern, die sich an den Steilhang schmiegen, kleinen Boutiquen und der markanten Kuppel der <strong>Chiesa di Santa Maria Assunta<\/strong><\/li><li>Weiter geht's zum Bergdorf <strong>Ravello<\/strong>, wo die <strong>Villa Amore<\/strong> ein idealer Ort f\u00fcr dein Mittagessen ist \u2013 mit einem der besten Ausblicke auf die K\u00fcste<\/li><li>Nimm dir Zeit f\u00fcr die <strong>Villa Cimbrone<\/strong> und ihre beeindruckenden G\u00e4rten \u2013 ein kulturelles Highlight des Tages<\/li><li>Lust auf Erfrischung? In <strong>Marina di Praia<\/strong> kannst du eine Schwimmpause im Mittelmeer einlegen<\/li><\/ul><\/div>\n\t\t\t\t\t\t\t\t\t\t\t\t\t<\/div>\n\n\n\t\t\t\t\t\t\t\t\t\t\t<\/div>\n\t\t\t\t\t\t\t\t\t\t<\/div>\n\t\t\t\t\t\t\t\t\t\t<div class=\"tb-column tb-column--image\">\n\n\t\t\t\t\t\t\t\t\t\t\t<div class=\"tb-image-part\">\n\t\t\t\t\t\t\t\t\t\t\t\t\t\t\t\t<div class=\"inner-block-full-width has-tb-carousel tb-carousel-slider\" >\n\t\t\t<div class=\"tb-carousel-container\">\n\t\t\t\t<div class=\"entries tb-cards\" data-slider-first=\"0\">\n\t\t\t\t\t\t\t\t\t<div class=\"entry\">\n\t\t\t\t<div class=\"tb-image-part\">\n\t\t\t\t\t<figure>\n\t\t\t\t\t\t<img src='https:\/\/tvt.travelblox.eu\/wp-content\/uploads\/sites\/49\/2024\/01\/TVT_Rache_WorthwhileWanderer_LR-55-1024x769.jpg' width='1024' height='769' alt='Positano w\u00e4hrend des Sonnenuntergangs auf der Vespa-Tour.' style='object-position:50% 50%' loading='lazy' image_size='large'>\t\t\t\t\t\t\t\t\t\t\t<\/figure>\n\t\t\t\t<\/div>\n\t\t\t<\/div>\n\t\t\t\t\t<div class=\"entry\">\n\t\t\t\t<div class=\"tb-image-part\">\n\t\t\t\t\t<figure>\n\t\t\t\t\t\t<img src='https:\/\/tvt.travelblox.eu\/wp-content\/uploads\/sites\/49\/2023\/09\/TVT22_MilanPieteraerents_HR-1-184-1024x682.jpg' width='1024' height='682' alt='Drohnenaufnahme \u00fcber die Amalfik\u00fcste' loading='lazy' image_size='large'>\t\t\t\t\t\t\t\t\t\t\t<\/figure>\n\t\t\t\t<\/div>\n\t\t\t<\/div>\n\t\t\t\t\t\t\t\t<\/div>\n\t\t\t\t\t\t<div class=\"tb-carousel-nav\">\n\t\t\t<div class=\"dots\">\n\t\t\t\t<div class=\"dot active\"><\/div>\n\t\t\t\t<div class=\"dot\"><\/div>\n\t\t\t\t<div class=\"dot\"><\/div>\n\t\t\t<\/div>\n\t\t\t<div class=\"arrows\">\n\t\t\t\t<div class=\"prev disabled\">\n\t\t\t\t\t<span><i class=\"fa fa-chevron-left\"><\/i><\/span>\n\t\t\t\t<\/div>\n\t\t\t\t<div class=\"next\">\n\t\t\t\t\t<span><i class=\"fa fa-chevron-right\"><\/i><\/span>\n\t\t\t\t<\/div>\n\t\t\t<\/div>\n\t\t<\/div>\n\t\t\t\t<\/div>\n\t\t<\/div>\n\t\t\t\t\t\t\t\t\t\t\t\t\t<\/div>\n\t\t\t\t\t\t\t\t\t\t<\/div>\n\t\t\t\t\t\t\t\t\t<\/div>\n\t\t\t\t\t\t\t\t\t\t\t<div class=\"tb-popup-nav\">\n\t\t\t<a href=\"#\" class=\"tb-buttonlink-with-icon tb-buttonlink-with-arrow icon-first tb-popup-previous\">\n\t\t\t\t<i class=\"icon fa fa-chevron-left\"><\/i>\n\t\t\t\t<span>Vorheriger Tag<\/span>\n\t\t\t<\/a>\n\t\t\t<a href=\"#\" class=\"tb-buttonlink-with-icon tb-buttonlink-with-arrow tb-popup-next\">\n\t\t\t\t<span>N\u00e4chster Tag<\/span>\n\t\t\t\t<i class=\"icon fa fa-chevron-right\"><\/i>\n\t\t\t<\/a>\n\t\t<\/div>\n\t\n\t\t\t\t\t\t\t\t<\/div>\n\t\t\t\t\t\t\t<\/dialog>\n\t\t\t\t\t\t<\/div>\n\t\t\t\t\t\t\t\t\t\t\t<div class=\"tb-card entry tb-popup-trigger tb-unfold-on-hover\">\n\t\t\t\t\t\t\t<div class=\"tb-image-part\">\n\t\t\t\t\t\t\t\t<div class=\"tag\">\n\t\t\t\t\t\t\t\t\t<div>TAG 3<\/div>\n\t\t\t\t\t\t\t\t<\/div>\n\n\t\t\t\t\t\t\t\t<img src='https:\/\/tvt.travelblox.eu\/wp-content\/uploads\/sites\/49\/2023\/09\/TVT22_MilanPieteraerents_HR-1-70-768x1152.jpg' width='768' height='1152' alt='Pompeji in Amalfi besuchen \u2013 Pompeji w\u00e4hrend einer Vespa-Tour in Amalfi besichtigen.' style='object-position:50% 50%' loading='lazy' image_size='medium_large'>\t\t\t\t\t\t\t<\/div>\n\t\t\t\t\t\t\t<div class=\"tb-card-bottom-wrapper\">\n\t\t\t\t\t\t\t\t<div class=\"tb-card-bottom\">\n\n\t\t\t\t\t\t\t\t\t<span class=\"tb-card-bottom__title\">\n\t\t\t\t\t\t\t\t\t\t<span class=\"tb-card-bottom__place\">\n\t\t\t\t\t\t\t\t\t\t\tPOMPEJI\t\t\t\t\t\t\t\t\t\t\t\t\t\t\t\t\t\t\t\t\t<\/span>\n\n\t\t\t\t\t\t\t\t\t<\/span>\n\t\t\t\t\t\t\t\t\t<div class=\"tb-card-bottom__content\">\n\t\t\t\t\t\t\t\t\t\t<div>\n\t\t\t\t\t\t\t\t\t\t\t\t\t\t\t\t\t\t\t\t\t\t\t<i class=\"icon fa-regular fa-bed\"><\/i> O Sole Mio\t\t\t\t\t\t\t\t\t\t\t\t\t\t\t\t\t\t\t\t\t<\/div>\n\t\t\t\t\t\t\t\t\t<\/div>\n\t\t\t\t\t\t\t\t\t<div class=\"tb-card-bottom__teaser tb-unfold-on-hover__content\" data-no-translation>\n\t\t\t\t\t\t\t\t\t\t\t\t\t\t\t\t\t\t\t\t\t\t\t\t\t\t\t\t\t\tHeute tauchst du in die faszinierende Geschichte einer der ber\u00fchmtesten arch\u00e4ologischen St\u00e4tten der &#8230; <span class=\"link\">Mehr lesen<\/span>\t\t\t\t\t\t\t\t\t<\/div>\n\t\t\t\t\t\t\t\t<\/div>\n\n\t\t\t\t\t\t\t<\/div>\n\t\t\t\t\t\t\t<dialog class=\"tb-popup tb-popup-with-padding tb-dayschedule-popup-wrapper\">\n\t\t\t\t\t\t\t\t<div class=\"tb-dayschedule-popup\">\n\t\t\t\t\t\t\t\t\t<h5>\n\t\t\t\t\t\t\t\t\t\t\t\t\t\t\t\t\t\t\t\t\t\t\t\t\t\t\t\t\t\t\t<div>\n\t\t\t\t\t\t\t\t\t\t\t\t\t\t\t\t\t\t\t\t\t\t\t\t\tPOMPEJI\t\t\t\t\t\t\t\t\t\t\t\t\t\t\t\t\t\t\t\t\t\t\t\t\t\t\t\t\t\t\t\t\t\t\t<\/div>\n\t\t\t\t\t\t\t\t\t\t\t\t\t\t\t\t\t\t\t<\/h5>\n\t\t\t\t\t\t\t\t\t<div class=\"tb-columns\">\n\t\t\t\t\t\t\t\t\t\t<div class=\"tb-column tb-column--text\">\n\t\t\t\t\t\t\t\t\t\t\t<div class=\"text-part\">\n\t\t\t\t\t\t\t\t\t\t\t\t\t\t\t\t\t\t\t\t\t\t\t\t\t<div class=\"tb-dayschedule-popup__icons\">\n\t\t\t\t\t\t\t\t\t\t\t\t\t\t\t\t\t\t\t\t\t\t\t\t\t\t\t\t\t\t\t\t\t\t\t\t\t\t\t\t\t\t\t<div class=\"tb-dayschedule-popup__icon\">\n\t\t\t\t\t\t\t\t\t\t\t\t\t\t\t\t<i class=\"icon fa-regular fa-bed\"><\/i>\n\t\t\t\t\t\t\t\t\t\t\t\t\t\t\t\t<span>\n\t\t\t\t\t\t\t\t\t\t\t\t\t\t\t\t\tO Sole Mio\t\t\t\t\t\t\t\t\t\t\t\t\t\t\t\t<\/span>\n\t\t\t\t\t\t\t\t\t\t\t\t\t\t\t<\/div>\n\t\t\t\t\t\t\t\t\t\t\t\t\t\t\t\t\t\t\t\t\t\t\t\t\t\t\t<\/div>\n\t\t\t\t\t\t\t\t\t\t\t\t\n\t\t\t\t\t\t\t\t\t\t\t\t\t\t\t\t\t\t\t\t\t\t\t\t\t<div class=\"tb-dayschedule-popup__keywords\">\n\t\t\t\t\t\t\t\t\t\t\t\t\t\t\t\t<div class=\"translation-block\"><p><br data-mce-bogus=\"1\" \/><\/p><\/div>\n\t\t\t\t\t\t\t\t\t\t\t\t\t\t<\/div>\n\t\t\t\t\t\t\t\t\t\t\t\t\n\t\t\t\t\t\t\t\t\t\t\t\t<div>\n\t\t\t\t\t\t\t\t\t\t\t\t\t<strong>TAG 3<\/strong>\n\t\t\t\t\t\t\t\t\t\t\t\t\t\t\t<div class=\"translation-block\"><p>Heute tauchst du in die faszinierende Geschichte einer der ber\u00fchmtesten arch\u00e4ologischen St\u00e4tten der Welt ein. Deine Route f\u00fchrt dich nach <strong>Pompeji<\/strong>, die antike Stadt, die vor fast <strong>2000 Jahren<\/strong> beim Ausbruch des Vesuvs unter Asche und Lava begraben wurde.<\/p><p>Das erwartet dich heute:<\/p><ul><li><strong>Distanz: ca. 75km<\/strong><\/li><li>Erkundung der <strong>Ruinenstadt Pompeji<\/strong> \u2013 erlebe gut erhaltene Tempel, Villen und Stra\u00dfen aus der R\u00f6merzeit<\/li><li><strong>Freie Zeit<\/strong>, um auf eigene Faust durch die beeindruckende Ausgrabungsst\u00e4tte zu schlendern<\/li><li>Optional: Weiterfahrt zum <strong>Vesuv<\/strong> \u2013 fahre hinauf und genie\u00dfe einen einzigartigen <strong>Blick in den Krater<\/strong> des ber\u00fchmten Vulkans<\/li><li>Ein Tag voller <strong>Geschichte<\/strong> und beeindruckender <strong>Natur<\/strong> erwartet dich!<\/li><\/ul><\/div>\n\t\t\t\t\t\t\t\t\t\t\t\t\t<\/div>\n\n\n\t\t\t\t\t\t\t\t\t\t\t<\/div>\n\t\t\t\t\t\t\t\t\t\t<\/div>\n\t\t\t\t\t\t\t\t\t\t<div class=\"tb-column tb-column--image\">\n\n\t\t\t\t\t\t\t\t\t\t\t<div class=\"tb-image-part\">\n\t\t\t\t\t\t\t\t\t\t\t\t\t\t\t\t<div class=\"inner-block-full-width has-tb-carousel tb-carousel-slider\" >\n\t\t\t<div class=\"tb-carousel-container\">\n\t\t\t\t<div class=\"entries tb-cards\" data-slider-first=\"0\">\n\t\t\t\t\t\t\t\t\t<div class=\"entry\">\n\t\t\t\t<div class=\"tb-image-part\">\n\t\t\t\t\t<figure>\n\t\t\t\t\t\t<img src='https:\/\/tvt.travelblox.eu\/wp-content\/uploads\/sites\/49\/2023\/09\/TVT22_MilanPieteraerents_HR-1-70-683x1024.jpg' width='683' height='1024' alt='Pompeji in Amalfi besuchen \u2013 Pompeji w\u00e4hrend einer Vespa-Tour in Amalfi besichtigen.' style='object-position:50% 50%' loading='lazy' image_size='large'>\t\t\t\t\t\t\t\t\t\t\t<\/figure>\n\t\t\t\t<\/div>\n\t\t\t<\/div>\n\t\t\t\t\t<div class=\"entry\">\n\t\t\t\t<div class=\"tb-image-part\">\n\t\t\t\t\t<figure>\n\t\t\t\t\t\t<img src='https:\/\/tvt.travelblox.eu\/wp-content\/uploads\/sites\/49\/2024\/01\/3U6A0983-1024x683.jpg' width='1024' height='683' alt='pompeii' style='object-position:50% 50%' loading='lazy' image_size='large'>\t\t\t\t\t\t\t\t\t\t\t<\/figure>\n\t\t\t\t<\/div>\n\t\t\t<\/div>\n\t\t\t\t\t\t\t\t<\/div>\n\t\t\t\t\t\t<div class=\"tb-carousel-nav\">\n\t\t\t<div class=\"dots\">\n\t\t\t\t<div class=\"dot active\"><\/div>\n\t\t\t\t<div class=\"dot\"><\/div>\n\t\t\t\t<div class=\"dot\"><\/div>\n\t\t\t<\/div>\n\t\t\t<div class=\"arrows\">\n\t\t\t\t<div class=\"prev disabled\">\n\t\t\t\t\t<span><i class=\"fa fa-chevron-left\"><\/i><\/span>\n\t\t\t\t<\/div>\n\t\t\t\t<div class=\"next\">\n\t\t\t\t\t<span><i class=\"fa fa-chevron-right\"><\/i><\/span>\n\t\t\t\t<\/div>\n\t\t\t<\/div>\n\t\t<\/div>\n\t\t\t\t<\/div>\n\t\t<\/div>\n\t\t\t\t\t\t\t\t\t\t\t\t\t<\/div>\n\t\t\t\t\t\t\t\t\t\t<\/div>\n\t\t\t\t\t\t\t\t\t<\/div>\n\t\t\t\t\t\t\t\t\t\t\t<div class=\"tb-popup-nav\">\n\t\t\t<a href=\"#\" class=\"tb-buttonlink-with-icon tb-buttonlink-with-arrow icon-first tb-popup-previous\">\n\t\t\t\t<i class=\"icon fa fa-chevron-left\"><\/i>\n\t\t\t\t<span>Vorheriger Tag<\/span>\n\t\t\t<\/a>\n\t\t\t<a href=\"#\" class=\"tb-buttonlink-with-icon tb-buttonlink-with-arrow tb-popup-next\">\n\t\t\t\t<span>N\u00e4chster Tag<\/span>\n\t\t\t\t<i class=\"icon fa fa-chevron-right\"><\/i>\n\t\t\t<\/a>\n\t\t<\/div>\n\t\n\t\t\t\t\t\t\t\t<\/div>\n\t\t\t\t\t\t\t<\/dialog>\n\t\t\t\t\t\t<\/div>\n\t\t\t\t\t\t\t\t\t\t\t<div class=\"tb-card entry tb-popup-trigger tb-unfold-on-hover\">\n\t\t\t\t\t\t\t<div class=\"tb-image-part\">\n\t\t\t\t\t\t\t\t<div class=\"tag\">\n\t\t\t\t\t\t\t\t\t<div>TAG 4<\/div>\n\t\t\t\t\t\t\t\t<\/div>\n\n\t\t\t\t\t\t\t\t<img src='https:\/\/tvt.travelblox.eu\/wp-content\/uploads\/sites\/49\/2023\/09\/TVT22_MilanPieteraerents_HR-1-142-768x512.jpg' width='768' height='512' alt='Paar, das w\u00e4hrend einer Vespa-Tour in Amalfi mit einer Vespa f\u00e4hrt.' style='object-position:50% 50%' loading='lazy' image_size='medium_large'>\t\t\t\t\t\t\t<\/div>\n\t\t\t\t\t\t\t<div class=\"tb-card-bottom-wrapper\">\n\t\t\t\t\t\t\t\t<div class=\"tb-card-bottom\">\n\n\t\t\t\t\t\t\t\t\t<span class=\"tb-card-bottom__title\">\n\t\t\t\t\t\t\t\t\t\t<span class=\"tb-card-bottom__place\">\n\t\t\t\t\t\t\t\t\t\t\tMONTE FAITO &amp; SORRENTO\t\t\t\t\t\t\t\t\t\t\t\t\t\t\t\t\t\t\t\t\t<\/span>\n\n\t\t\t\t\t\t\t\t\t<\/span>\n\t\t\t\t\t\t\t\t\t<div class=\"tb-card-bottom__content\">\n\t\t\t\t\t\t\t\t\t\t<div>\n\t\t\t\t\t\t\t\t\t\t\t\t\t\t\t\t\t\t\t\t\t\t\t<i class=\"icon fa-regular fa-bed\"><\/i> O Sole Mio\t\t\t\t\t\t\t\t\t\t\t\t\t\t\t\t\t\t\t\t\t<\/div>\n\t\t\t\t\t\t\t\t\t<\/div>\n\t\t\t\t\t\t\t\t\t<div class=\"tb-card-bottom__teaser tb-unfold-on-hover__content\" data-no-translation>\n\t\t\t\t\t\t\t\t\t\t\t\t\t\t\t\t\t\t\t\t\t\t\t\t\t\t\t\t\t\tAm letzten Tag entdeckst du das malerische Landesinnere abseits der touristischen Pfade.Distanz: ca&#8230;. <span class=\"link\">Mehr lesen<\/span>\t\t\t\t\t\t\t\t\t<\/div>\n\t\t\t\t\t\t\t\t<\/div>\n\n\t\t\t\t\t\t\t<\/div>\n\t\t\t\t\t\t\t<dialog class=\"tb-popup tb-popup-with-padding tb-dayschedule-popup-wrapper\">\n\t\t\t\t\t\t\t\t<div class=\"tb-dayschedule-popup\">\n\t\t\t\t\t\t\t\t\t<h5>\n\t\t\t\t\t\t\t\t\t\t\t\t\t\t\t\t\t\t\t\t\t\t\t\t\t\t\t\t\t\t\t<div>\n\t\t\t\t\t\t\t\t\t\t\t\t\t\t\t\t\t\t\t\t\t\t\t\t\tMONTE FAITO &amp; SORRENTO\t\t\t\t\t\t\t\t\t\t\t\t\t\t\t\t\t\t\t\t\t\t\t\t\t\t\t\t\t\t\t\t\t\t\t<\/div>\n\t\t\t\t\t\t\t\t\t\t\t\t\t\t\t\t\t\t\t<\/h5>\n\t\t\t\t\t\t\t\t\t<div class=\"tb-columns\">\n\t\t\t\t\t\t\t\t\t\t<div class=\"tb-column tb-column--text\">\n\t\t\t\t\t\t\t\t\t\t\t<div class=\"text-part\">\n\t\t\t\t\t\t\t\t\t\t\t\t\t\t\t\t\t\t\t\t\t\t\t\t\t<div class=\"tb-dayschedule-popup__icons\">\n\t\t\t\t\t\t\t\t\t\t\t\t\t\t\t\t\t\t\t\t\t\t\t\t\t\t\t\t\t\t\t\t\t\t\t\t\t\t\t\t\t\t\t<div class=\"tb-dayschedule-popup__icon\">\n\t\t\t\t\t\t\t\t\t\t\t\t\t\t\t\t<i class=\"icon fa-regular fa-bed\"><\/i>\n\t\t\t\t\t\t\t\t\t\t\t\t\t\t\t\t<span>\n\t\t\t\t\t\t\t\t\t\t\t\t\t\t\t\t\tO Sole Mio\t\t\t\t\t\t\t\t\t\t\t\t\t\t\t\t<\/span>\n\t\t\t\t\t\t\t\t\t\t\t\t\t\t\t<\/div>\n\t\t\t\t\t\t\t\t\t\t\t\t\t\t\t\t\t\t\t\t\t\t\t\t\t\t\t<\/div>\n\t\t\t\t\t\t\t\t\t\t\t\t\n\t\t\t\t\t\t\t\t\t\t\t\t\t\t\t\t\t\t\t\t\t\t\t\t\t<div class=\"tb-dayschedule-popup__keywords\">\n\t\t\t\t\t\t\t\t\t\t\t\t\t\t\t\t<div class=\"translation-block\"><p><br data-mce-bogus=\"1\" \/><\/p><\/div>\n\t\t\t\t\t\t\t\t\t\t\t\t\t\t<\/div>\n\t\t\t\t\t\t\t\t\t\t\t\t\n\t\t\t\t\t\t\t\t\t\t\t\t<div>\n\t\t\t\t\t\t\t\t\t\t\t\t\t<strong>TAG 4<\/strong>\n\t\t\t\t\t\t\t\t\t\t\t\t\t\t\t<div class=\"translation-block\"><p>Am letzten Tag entdeckst du das malerische <strong>Landesinnere<\/strong> abseits der touristischen Pfade.<\/p><ul><li><strong>Distanz: ca. 70km<\/strong><\/li><li>Erkunde das authentische Bergdorf <strong>Villaggio Monte Faito<\/strong>, wo haupts\u00e4chlich Einheimische leben<\/li><li>Genie\u00dfe den spektakul\u00e4ren <strong>Blick auf die Bucht von Neapel<\/strong> mit Sicht auf die Stadt und den <strong>Vesuv<\/strong><\/li><li>Auf dem R\u00fcckweg: Mittagspause in <strong>Sorrento<\/strong> mit Zeit zum Bummeln oder alternativ Besuch des versteckten Badeplatzes <strong>Bagni di Regina Giovanna<\/strong><\/li><li>Von beiden Orten nur <strong>20 Minuten Fahrt<\/strong> zur\u00fcck zum Hotel<\/li><\/ul><\/div>\n\t\t\t\t\t\t\t\t\t\t\t\t\t<\/div>\n\n\n\t\t\t\t\t\t\t\t\t\t\t<\/div>\n\t\t\t\t\t\t\t\t\t\t<\/div>\n\t\t\t\t\t\t\t\t\t\t<div class=\"tb-column tb-column--image\">\n\n\t\t\t\t\t\t\t\t\t\t\t<div class=\"tb-image-part\">\n\t\t\t\t\t\t\t\t\t\t\t\t\t\t\t\t<div class=\"inner-block-full-width has-tb-carousel tb-carousel-slider\" >\n\t\t\t<div class=\"tb-carousel-container\">\n\t\t\t\t<div class=\"entries tb-cards\" data-slider-first=\"0\">\n\t\t\t\t\t\t\t\t\t<div class=\"entry\">\n\t\t\t\t<div class=\"tb-image-part\">\n\t\t\t\t\t<figure>\n\t\t\t\t\t\t<img src='https:\/\/tvt.travelblox.eu\/wp-content\/uploads\/sites\/49\/2023\/09\/TVT22_MilanPieteraerents_HR-1-142-1024x683.jpg' width='1024' height='683' alt='Paar, das w\u00e4hrend einer Vespa-Tour in Amalfi mit einer Vespa f\u00e4hrt.' style='object-position:50% 50%' loading='lazy' image_size='large'>\t\t\t\t\t\t\t\t\t\t\t<\/figure>\n\t\t\t\t<\/div>\n\t\t\t<\/div>\n\t\t\t\t\t<div class=\"entry\">\n\t\t\t\t<div class=\"tb-image-part\">\n\t\t\t\t\t<figure>\n\t\t\t\t\t\t<img src='https:\/\/tvt.travelblox.eu\/wp-content\/uploads\/sites\/49\/2024\/01\/DSC07621-2-1024x682.jpg' width='1024' height='682' alt='sorrento' style='object-position:50% 50%' loading='lazy' image_size='large'>\t\t\t\t\t\t\t\t\t\t\t<\/figure>\n\t\t\t\t<\/div>\n\t\t\t<\/div>\n\t\t\t\t\t\t\t\t<\/div>\n\t\t\t\t\t\t<div class=\"tb-carousel-nav\">\n\t\t\t<div class=\"dots\">\n\t\t\t\t<div class=\"dot active\"><\/div>\n\t\t\t\t<div class=\"dot\"><\/div>\n\t\t\t\t<div class=\"dot\"><\/div>\n\t\t\t<\/div>\n\t\t\t<div class=\"arrows\">\n\t\t\t\t<div class=\"prev disabled\">\n\t\t\t\t\t<span><i class=\"fa fa-chevron-left\"><\/i><\/span>\n\t\t\t\t<\/div>\n\t\t\t\t<div class=\"next\">\n\t\t\t\t\t<span><i class=\"fa fa-chevron-right\"><\/i><\/span>\n\t\t\t\t<\/div>\n\t\t\t<\/div>\n\t\t<\/div>\n\t\t\t\t<\/div>\n\t\t<\/div>\n\t\t\t\t\t\t\t\t\t\t\t\t\t<\/div>\n\t\t\t\t\t\t\t\t\t\t<\/div>\n\t\t\t\t\t\t\t\t\t<\/div>\n\t\t\t\t\t\t\t\t\t\t\t<div class=\"tb-popup-nav\">\n\t\t\t<a href=\"#\" class=\"tb-buttonlink-with-icon tb-buttonlink-with-arrow icon-first tb-popup-previous\">\n\t\t\t\t<i class=\"icon fa fa-chevron-left\"><\/i>\n\t\t\t\t<span>Vorheriger Tag<\/span>\n\t\t\t<\/a>\n\t\t\t<a href=\"#\" class=\"tb-buttonlink-with-icon tb-buttonlink-with-arrow tb-popup-next\">\n\t\t\t\t<span>N\u00e4chster Tag<\/span>\n\t\t\t\t<i class=\"icon fa fa-chevron-right\"><\/i>\n\t\t\t<\/a>\n\t\t<\/div>\n\t\n\t\t\t\t\t\t\t\t<\/div>\n\t\t\t\t\t\t\t<\/dialog>\n\t\t\t\t\t\t<\/div>\n\t\t\t\t\t\t\t\t\t\t\t<div class=\"tb-card entry tb-popup-trigger tb-unfold-on-hover\">\n\t\t\t\t\t\t\t<div class=\"tb-image-part\">\n\t\t\t\t\t\t\t\t<div class=\"tag\">\n\t\t\t\t\t\t\t\t\t<div>TAG 5<\/div>\n\t\t\t\t\t\t\t\t<\/div>\n\n\t\t\t\t\t\t\t\t<img src='https:\/\/tvt.travelblox.eu\/wp-content\/uploads\/sites\/49\/2023\/09\/TVT22_MilanPieteraerents_HR-1-768x1152.jpg' width='768' height='1152' alt='Letzter Tag deiner Vespa-Tour in Amalfi, Italien. Letzter Tag der Vespa-Reise in Amalfi.' style='object-position:50% 50%' loading='lazy' image_size='medium_large'>\t\t\t\t\t\t\t<\/div>\n\t\t\t\t\t\t\t<div class=\"tb-card-bottom-wrapper\">\n\t\t\t\t\t\t\t\t<div class=\"tb-card-bottom\">\n\n\t\t\t\t\t\t\t\t\t<span class=\"tb-card-bottom__title\">\n\t\t\t\t\t\t\t\t\t\t<span class=\"tb-card-bottom__place\">\n\t\t\t\t\t\t\t\t\t\t\tABREISETAG\t\t\t\t\t\t\t\t\t\t\t\t\t\t\t\t\t\t\t\t\t<\/span>\n\n\t\t\t\t\t\t\t\t\t<\/span>\n\t\t\t\t\t\t\t\t\t<div class=\"tb-card-bottom__content\">\n\t\t\t\t\t\t\t\t\t\t<div>\n\t\t\t\t\t\t\t\t\t\t\t\t\t\t\t\t\t\t\t\t\t<\/div>\n\t\t\t\t\t\t\t\t\t<\/div>\n\t\t\t\t\t\t\t\t\t<div class=\"tb-card-bottom__teaser tb-unfold-on-hover__content\" data-no-translation>\n\t\t\t\t\t\t\t\t\t\t\t\t\t\t\t\t\t\t\t\t\t\t\t\t\t\t\t\t\t\tGenie\u00dfe ein letztes Fr\u00fchst\u00fcck im Hotel, bevor du entscheidest, wie es mit deiner Reise weitergeht. O&#8230; <span class=\"link\">Mehr lesen<\/span>\t\t\t\t\t\t\t\t\t<\/div>\n\t\t\t\t\t\t\t\t<\/div>\n\n\t\t\t\t\t\t\t<\/div>\n\t\t\t\t\t\t\t<dialog class=\"tb-popup tb-popup-with-padding tb-dayschedule-popup-wrapper\">\n\t\t\t\t\t\t\t\t<div class=\"tb-dayschedule-popup\">\n\t\t\t\t\t\t\t\t\t<h5>\n\t\t\t\t\t\t\t\t\t\t\t\t\t\t\t\t\t\t\t\t\t\t\t\t\t\t\t\t\t\t\t<div>\n\t\t\t\t\t\t\t\t\t\t\t\t\t\t\t\t\t\t\t\t\t\t\t\t\tABREISETAG\t\t\t\t\t\t\t\t\t\t\t\t\t\t\t\t\t\t\t\t\t\t\t\t\t\t\t\t\t\t\t\t\t\t\t<\/div>\n\t\t\t\t\t\t\t\t\t\t\t\t\t\t\t\t\t\t\t<\/h5>\n\t\t\t\t\t\t\t\t\t<div class=\"tb-columns\">\n\t\t\t\t\t\t\t\t\t\t<div class=\"tb-column tb-column--text\">\n\t\t\t\t\t\t\t\t\t\t\t<div class=\"text-part\">\n\t\t\t\t\t\t\t\t\t\t\t\t\n\t\t\t\t\t\t\t\t\t\t\t\t\t\t\t\t\t\t\t\t\t\t\t\t\t<div class=\"tb-dayschedule-popup__keywords\">\n\t\t\t\t\t\t\t\t\t\t\t\t\t\t\t\t<div class=\"translation-block\"><p><br data-mce-bogus=\"1\" \/><\/p><\/div>\n\t\t\t\t\t\t\t\t\t\t\t\t\t\t<\/div>\n\t\t\t\t\t\t\t\t\t\t\t\t\n\t\t\t\t\t\t\t\t\t\t\t\t<div>\n\t\t\t\t\t\t\t\t\t\t\t\t\t<strong>TAG 5<\/strong>\n\t\t\t\t\t\t\t\t\t\t\t\t\t\t\t<div class=\"translation-block\"><p>Genie\u00dfe ein letztes Fr\u00fchst\u00fcck im Hotel, bevor du entscheidest, wie es mit deiner Reise weitergeht. Ob du nach Hause f\u00e4hrst oder mehr von Italien erkundest, die Wahl liegt bei dir.<\/p><p>Wenn du ein wenig mehr Zeit auf der Vespa haben m\u00f6chtest, w\u00e4hle den Late Check-Out, um sie bis 14 Uhr zu behalten. Mach eine letzte Abschiedsfahrt und genie\u00dfe die Sch\u00f6nheit der Region, bevor du dich verabschiedest.<\/p><\/div>\n\t\t\t\t\t\t\t\t\t\t\t\t\t<\/div>\n\n\n\t\t\t\t\t\t\t\t\t\t\t<\/div>\n\t\t\t\t\t\t\t\t\t\t<\/div>\n\t\t\t\t\t\t\t\t\t\t<div class=\"tb-column tb-column--image\">\n\n\t\t\t\t\t\t\t\t\t\t\t<div class=\"tb-image-part\">\n\t\t\t\t\t\t\t\t\t\t\t\t\t\t\t\t<div class=\"inner-block-full-width has-tb-carousel tb-carousel-slider\" >\n\t\t\t<div class=\"tb-carousel-container\">\n\t\t\t\t<div class=\"entries tb-cards\" data-slider-first=\"0\">\n\t\t\t\t\t\t\t\t\t<div class=\"entry\">\n\t\t\t\t<div class=\"tb-image-part\">\n\t\t\t\t\t<figure>\n\t\t\t\t\t\t<img src='https:\/\/tvt.travelblox.eu\/wp-content\/uploads\/sites\/49\/2023\/09\/TVT22_MilanPieteraerents_HR-1-683x1024.jpg' width='683' height='1024' alt='Letzter Tag deiner Vespa-Tour in Amalfi, Italien. Letzter Tag der Vespa-Reise in Amalfi.' style='object-position:50% 50%' loading='lazy' image_size='large'>\t\t\t\t\t\t\t\t\t\t\t<\/figure>\n\t\t\t\t<\/div>\n\t\t\t<\/div>\n\t\t\t\t\t<div class=\"entry\">\n\t\t\t\t<div class=\"tb-image-part\">\n\t\t\t\t\t<figure>\n\t\t\t\t\t\t<img src='https:\/\/tvt.travelblox.eu\/wp-content\/uploads\/sites\/49\/2024\/01\/TVT22_MilanPieteraerents_HR-1-86-2-1024x683.jpg' width='1024' height='683' alt='zwei Personen genie\u00dfen die K\u00fcstenansicht in Amalfi' style='object-position:50% 50%' loading='lazy' image_size='large'>\t\t\t\t\t\t\t\t\t\t\t<\/figure>\n\t\t\t\t<\/div>\n\t\t\t<\/div>\n\t\t\t\t\t\t\t\t<\/div>\n\t\t\t\t\t\t<div class=\"tb-carousel-nav\">\n\t\t\t<div class=\"dots\">\n\t\t\t\t<div class=\"dot active\"><\/div>\n\t\t\t\t<div class=\"dot\"><\/div>\n\t\t\t\t<div class=\"dot\"><\/div>\n\t\t\t<\/div>\n\t\t\t<div class=\"arrows\">\n\t\t\t\t<div class=\"prev disabled\">\n\t\t\t\t\t<span><i class=\"fa fa-chevron-left\"><\/i><\/span>\n\t\t\t\t<\/div>\n\t\t\t\t<div class=\"next\">\n\t\t\t\t\t<span><i class=\"fa fa-chevron-right\"><\/i><\/span>\n\t\t\t\t<\/div>\n\t\t\t<\/div>\n\t\t<\/div>\n\t\t\t\t<\/div>\n\t\t<\/div>\n\t\t\t\t\t\t\t\t\t\t\t\t\t<\/div>\n\t\t\t\t\t\t\t\t\t\t<\/div>\n\t\t\t\t\t\t\t\t\t<\/div>\n\t\t\t\t\t\t\t\t\t\t\t<div class=\"tb-popup-nav\">\n\t\t\t<a href=\"#\" class=\"tb-buttonlink-with-icon tb-buttonlink-with-arrow icon-first tb-popup-previous\">\n\t\t\t\t<i class=\"icon fa fa-chevron-left\"><\/i>\n\t\t\t\t<span>Vorheriger Tag<\/span>\n\t\t\t<\/a>\n\t\t\t<a href=\"#\" class=\"tb-buttonlink-with-icon tb-buttonlink-with-arrow tb-popup-next\">\n\t\t\t\t<span>N\u00e4chster Tag<\/span>\n\t\t\t\t<i class=\"icon fa fa-chevron-right\"><\/i>\n\t\t\t<\/a>\n\t\t<\/div>\n\t\n\t\t\t\t\t\t\t\t<\/div>\n\t\t\t\t\t\t\t<\/dialog>\n\t\t\t\t\t\t<\/div>\n\t\t\t\t\t\t\t\t\t\t\t\t\t\t<\/div>\n\t\t\t\t\t\t<div class=\"tb-carousel-nav\">\n\t\t\t<div class=\"dots\">\n\t\t\t\t<div class=\"dot active\"><\/div>\n\t\t\t\t<div class=\"dot\"><\/div>\n\t\t\t\t<div class=\"dot\"><\/div>\n\t\t\t<\/div>\n\t\t\t<div class=\"arrows\">\n\t\t\t\t<div class=\"prev disabled\">\n\t\t\t\t\t<span><i class=\"fa fa-chevron-left\"><\/i><\/span>\n\t\t\t\t<\/div>\n\t\t\t\t<div class=\"next\">\n\t\t\t\t\t<span><i class=\"fa fa-chevron-right\"><\/i><\/span>\n\t\t\t\t<\/div>\n\t\t\t<\/div>\n\t\t<\/div>\n\t\t\t\t<\/div>\n\t\t<\/div>\n\t\t\t\t\t\t\t\t\t\t<\/div>\n\t\n<\/div>\n\n<div class=\"tb-magazine tb-block align-none background-light pattern-none variant-none tb-collapsible-margins\" id=\"magazine\">\n\t<div class=\"inner-block tb-image-orientation-landscape tb-fade-in tb-fade-in--subtle\">\n\t\t<div class=\"inner-inner-block tb-image-alignment--center\">\n\t\t\t<div class=\"tb-magazine-image\">\n\t\t\t\t<img src='https:\/\/tvt.travelblox.eu\/wp-content\/uploads\/sites\/49\/2026\/02\/tvt25-nl-9-1.png' width='1439' height='1056' loading='lazy'>\t\t\t<\/div>\n\t\t\t<div class=\"text-part\">\n\t\t\t\t<h2>M\u00f6chtest du mehr \u00fcber Amalfi erfahren?<\/h2>\n\t\t\t\t\t\t<div class=\"translation-block\"><p>In diesem kompakten Reisef\u00fchrer findest du weitere Informationen \u00fcber Amalfi, detaillierte Erkl\u00e4rungen zu den Routen und einige kulinarische Empfehlungen.<\/p><p>Lade dir den F\u00fchrer kostenlos herunter, entdecke neue Orte und nutze dein Abenteuer an der Amalfik\u00fcste optimal aus.<\/p><\/div>\n\t\t\t\t\t<div class=\"tb-buttons-part\">\n\t\t\t\t\t\t\t<a href=\"https:\/\/travelbase.typeform.com\/AMALFI26DE\"  target=\"\" data-mode=\"popup\" data-url=\"https:\/\/travelbase.typeform.com\/AMALFI26EN\" class=\"tb-button typeform-share\">\n\t\t\tJetzt herunterladen\t\t<\/a>\n\t\t\t\t\t<script>\n\t\t\t\t(function() {\n\t\t\t\t\tvar qs, js, q, s, d = document,\n\t\t\t\t\t\tgi = d.getElementById,\n\t\t\t\t\t\tce = d.createElement,\n\t\t\t\t\t\tgt = d.getElementsByTagName,\n\t\t\t\t\t\tid = \"typef_orm_share\",\n\t\t\t\t\t\tb = \"https:\/\/embed.typeform.com\/\";\n\t\t\t\t\tif (!gi.call(d, id)) {\n\t\t\t\t\t\tjs = ce.call(d, \"script\");\n\t\t\t\t\t\tjs.id = id;\n\t\t\t\t\t\tjs.src = b + \"embed.js\";\n\t\t\t\t\t\tq = gt.call(d, \"script\")[0];\n\t\t\t\t\t\tq.parentNode.insertBefore(js, q);\n\t\t\t\t\t}\n\t\t\t\t})();\n\t\t\t<\/script>\n\t\t\t\t\t\t\t\t\t\t\t<\/div>\n\t\t\t<\/div>\n\t\t<\/div>\n\t<\/div>\n<\/div>\n\n\n\n<div class=\"tb-textimage2 tb-block align-left background-light pattern-custom variant-text_first tb-collapsible-margins\" id=\"yourstay-amalfi\" style=\"background-image: url()\">\n\t<div class=\"inner-block tb-fade-in\">\n\n\t\t\n\t\t<div class=\"tb-columns\">\n\t\t\t<div class=\"tb-column\">\n\t\t\t\t<div class=\"tb-text-part\">\n\t\t\t\t\t<h2>Unterkunft<\/h2>\n\t\t\t\t\t\t\t<div class=\"translation-block\"><p>In der N\u00e4he von Sorrent befindet sich das Hotel <strong>O Sole Mio<\/strong>, das den perfekten Ausgangspunkt bietet. Das Hotel bietet ein italienisches Fr\u00fchst\u00fcck, Mittag- und Abendessen, wobei das t\u00e4gliche Fr\u00fchst\u00fcck bei uns inklusive ist.<\/p><p>Du schl\u00e4fst in komfortablen Zimmern und hast Zugang zum sch\u00f6nen Garten mit seinem erfrischenden Pool. Und nur wenige Gehminuten vom Hotel entfernt findest du das charmante Dorfzentrum von Sant'Agata mit vielen leckeren Restaurants.<\/p><\/div>\n\t\t\t\t\t\t\t\t\t\t\t<div class=\"tb-buttons-part\">\n\t\t\t\t\t\t\t\t\t\t\t\t\t\t\t\t\t<\/div>\n\t\t\t\t<\/div>\n\t\t\t<\/div>\n\t\t\t<div class=\"tb-column\">\n\t\t\t\t\t\t\t\t\t\t\t\t\t\t\t<div class=\"tb-image-part\">\n\t\t\t\t\t\t\t\t\t\t\t<div class=\"inner-block-full-width has-tb-carousel tb-carousel-slider\" >\n\t\t\t<div class=\"tb-carousel-container\">\n\t\t\t\t<div class=\"entries tb-cards\" data-slider-first=\"0\">\n\t\t\t\t\t\t\t\t\t<div class=\"entry\">\n\t\t\t\t<div class=\"tb-image-part\">\n\t\t\t\t\t<figure>\n\t\t\t\t\t\t<img src='https:\/\/tvt.travelblox.eu\/wp-content\/uploads\/sites\/49\/2023\/09\/Amalfi-Hotel-O-Sole-Mio-1-768x512.jpeg' width='768' height='512' alt='Hotel in Amalfi, Italien' style='object-position:50% 50%' loading='lazy' image_size='medium_large'>\t\t\t\t\t\t\t\t\t\t\t\t\t\t\t\t\t\t\t\t\t\t\t\t\t\t\t\t\t\t\t<\/figure>\n\t\t\t\t<\/div>\n\t\t\t<\/div>\n\t\t\t\t\t<div class=\"entry\">\n\t\t\t\t<div class=\"tb-image-part\">\n\t\t\t\t\t<figure>\n\t\t\t\t\t\t<img src='https:\/\/tvt.travelblox.eu\/wp-content\/uploads\/sites\/49\/2023\/09\/Amalfi-Hotel-O-Sole-Mio-3-768x512.jpeg' width='768' height='512' alt='Amalfi-Hotel mit Pool w\u00e4hrend der Vespa-Tour, Hotel mit Schwimmbad in Amalfi w\u00e4hrend der Vespa-Reise.' style='object-position:50% 50%' loading='lazy' image_size='medium_large'>\t\t\t\t\t\t\t\t\t\t\t\t\t\t\t\t\t\t\t\t\t\t\t\t\t\t\t\t\t\t\t<\/figure>\n\t\t\t\t<\/div>\n\t\t\t<\/div>\n\t\t\t\t\t<div class=\"entry\">\n\t\t\t\t<div class=\"tb-image-part\">\n\t\t\t\t\t<figure>\n\t\t\t\t\t\t<img src='https:\/\/tvt.travelblox.eu\/wp-content\/uploads\/sites\/49\/2023\/09\/Amalfi-Hotel-O-Sole-Mio-4-768x512.jpeg' width='768' height='512' alt='Hotel Amalfi w\u00e4hrend der Vespa-Tour Amalfi, Hotel mit Pool in Amalfi w\u00e4hrend der Vespa-Tour Amalfi.' style='object-position:50% 50%' loading='lazy' image_size='medium_large'>\t\t\t\t\t\t\t\t\t\t\t\t\t\t\t\t\t\t\t\t\t\t\t\t\t\t\t\t\t\t\t<\/figure>\n\t\t\t\t<\/div>\n\t\t\t<\/div>\n\t\t\t\t\t<div class=\"entry\">\n\t\t\t\t<div class=\"tb-image-part\">\n\t\t\t\t\t<figure>\n\t\t\t\t\t\t<img src='https:\/\/tvt.travelblox.eu\/wp-content\/uploads\/sites\/49\/2023\/09\/Amalfi-Hotel-O-Sole-Mio-2-768x512.jpeg' width='768' height='512' alt='Hotel in Amalfi mit Pool w\u00e4hrend der Vespa-Tour in Amalfi, Italien Hotel mit Schwimmbad w\u00e4hrend der Vespa-Tour Italien Amalfi' style='object-position:50% 50%' loading='lazy' image_size='medium_large'>\t\t\t\t\t\t\t\t\t\t\t\t\t\t\t\t\t\t\t\t\t\t\t\t\t\t\t\t\t\t\t<\/figure>\n\t\t\t\t<\/div>\n\t\t\t<\/div>\n\t\t\t\t\t\t\t\t<\/div>\n\t\t\t\t\t\t<div class=\"tb-carousel-nav\">\n\t\t\t<div class=\"dots\">\n\t\t\t\t<div class=\"dot active\"><\/div>\n\t\t\t\t<div class=\"dot\"><\/div>\n\t\t\t\t<div class=\"dot\"><\/div>\n\t\t\t<\/div>\n\t\t\t<div class=\"arrows\">\n\t\t\t\t<div class=\"prev disabled\">\n\t\t\t\t\t<span><i class=\"fa fa-chevron-left\"><\/i><\/span>\n\t\t\t\t<\/div>\n\t\t\t\t<div class=\"next\">\n\t\t\t\t\t<span><i class=\"fa fa-chevron-right\"><\/i><\/span>\n\t\t\t\t<\/div>\n\t\t\t<\/div>\n\t\t<\/div>\n\t\t\t\t<\/div>\n\t\t<\/div>\n\t\t\t\t\t\t\t\t<\/div>\n\t\t\t\t\t\t\t\t\t\t\t\t<\/div>\n\t\t<\/div>\n\t<\/div>\n<\/div>\n\n\n<div class=\"tb-textimage2 tb-block align-left background-light pattern-none variant-image_first tb-collapsible-margins\" id=\"textimage2\">\n\t<div class=\"inner-block tb-fade-in\">\n\n\t\t\n\t\t<div class=\"tb-columns\">\n\t\t\t<div class=\"tb-column\">\n\t\t\t\t<div class=\"tb-text-part\">\n\t\t\t\t\t<h2>Optionale Zitronen-Tour in Sorrent<\/h2>\n\t\t\t\t\t\t\t<div class=\"translation-block\"><p>Wusstest du, dass <strong>Zitronen<\/strong> das inoffizielle Symbol der Amalfik\u00fcste sind? Sorrent ist sogar als die Zitronenhauptstadt der Region bekannt. Im Rahmen deiner Vespa-Tour hast du die M\u00f6glichkeit, eine einzigartige und authentische Zitronenerfahrung zu genie\u00dfen. Tauche ein in die Welt des traditionellen Zitronenanbaus mit einem Besuch in einem lokalen Hain in <strong>Galano Sorrento<\/strong>. Das kannst du f\u00fcr <strong>40 \u20ac pro Person<\/strong> erwarten:<\/p>\n<ul>\n<li>Gef\u00fchrter Spaziergang durch einen traditionellen Zitronenhain<\/li>\n<li>Besuch des Produktionslabors<\/li>\n<li>Beobachtung einer Sch\u00e4ldemonstration und Verkostung frischer Zitronenschale<\/li>\n<li>Erfahre, wie Sorrent-Zitronen vermarktet und verteilt werden<\/li>\n<li>Erkunde den Ausstellungsraum mit lokal hergestellten Zitronenprodukten<\/li>\n<li>Beende mit einem k\u00f6stlichen hausgemachten Zitronen-Dessert<\/li>\n<\/ul><\/div>\n\t\t\t\t\t\t\t\t\t\t\t<div class=\"tb-buttons-part\">\n\t\t\t\t\t\t\t\t\t\t\t\t\t\t\t\t\t<\/div>\n\t\t\t\t<\/div>\n\t\t\t<\/div>\n\t\t\t<div class=\"tb-column\">\n\t\t\t\t\t\t\t\t\t\t\t\t\t\t\t<div class=\"tb-image-part\">\n\t\t\t\t\t\t\t<img src='https:\/\/tvt.travelblox.eu\/wp-content\/uploads\/sites\/49\/2026\/04\/Untitled-design-34-768x960.jpg' width='768' height='960' style='object-position:58% 57%' loading='lazy' image_size='medium_large'>\t\t\t\t\t\t<\/div>\n\t\t\t\t\t\t\t\t\t\t\t\t<\/div>\n\t\t<\/div>\n\t<\/div>\n<\/div>\n\n\n<div class=\"tb-textimage1 tb-block align-center background-light pattern-none variant-none tb-collapsible-margins\" id=\"textimage1\">\n\t<div class=\"inner-block tb-fade-in tb-fade-in--subtle\">\n\n\t\t\n\t\t<div class=\"text-part\">\n\t\t\t<h2><\/h2>\n\t\t\t\t\t<div class=\"translation-block\"><\/div>\n\t\t\t<\/div>\n\t<\/div>\n\t<div class=\"inner-block\">\n\t\t\t\t\t\t\t\t<\/div>\n\t<div class=\"inner-block tb-fade-in tb-fade-in--subtle\">\n\t\t<div class=\"text-part\">\n\t\t\t\t\t<div class=\"translation-block\"><\/div>\n\t\t\t\t<div class=\"tb-buttons-part\">\n\t\t\t\t\t\t\t\t\t\t\t<\/div>\n\t\t<\/div>\n\t<\/div>\n<\/div>\n\n<div class=\"tb-practical tb-block align-none background-light pattern-default variant-none tb-collapsible-margins\" id=\"practical\">\n\t<div class=\"inner-block tb-fade-in\">\n\t\t<div class=\"text-part\">\n\t\t\t<h2>Mehr Infos<\/h2>\n\t\t\t\t\t<div class=\"translation-block\"><\/div>\n\t\t\t<\/div>\n\t<\/div>\n\t<div class=\"inner-block tb-fade-in\">\n\t\t\t\t\t<div class=\"practical-cols\">\n\t\t\t\t<div class=\"practical-nav-container\">\n\t\t\t\t\t<ul class=\"practical-nav tb-style-block\">\n\t\t\t\t\t\t\t\t\t\t\t\t\t<li><a href=\"#practical-block-0\">IM PREIS ENTHALTEN<\/a><\/li>\n\t\t\t\t\t\t\t\t\t\t\t\t\t<li><a href=\"#practical-block-1\">DEINE VESPA<\/a><\/li>\n\t\t\t\t\t\t\t\t\t\t\t\t\t<li><a href=\"#practical-block-2\">FAHRERLAUBNIS<\/a><\/li>\n\t\t\t\t\t\t\t\t\t\t\t\t\t<li><a href=\"#practical-block-3\">START-TO-VESPA<\/a><\/li>\n\t\t\t\t\t\t\t\t\t\t\t\t\t<li><a href=\"#practical-block-4\">GPS<\/a><\/li>\n\t\t\t\t\t\t\t\t\t\t\t\t\t<li><a href=\"#practical-block-5\">VERPFLEGUNG<\/a><\/li>\n\t\t\t\t\t\t\t\t\t\t\t\t\t<li><a href=\"#practical-block-6\">VESPA VERSICHERUNG<\/a><\/li>\n\t\t\t\t\t\t\t\t\t\t\t\t\t<li><a href=\"#practical-block-7\">WEITERE VERSICHERUNGEN<\/a><\/li>\n\t\t\t\t\t\t\t\t\t\t\t\t\t<li><a href=\"#practical-block-8\">FAQ<\/a><\/li>\n\t\t\t\t\t\t\t\t\t\t\t<\/ul>\n\t\t\t\t<\/div>\n\t\t\t\t<div class=\"tb-accordion tb-accordion--animation tb-accordion-mobile-only text-part\">\n\t\t\t\t\t\t\t\t\t\t\t<div class=\"details\" id=\"practical-block-0\">\n\t\t\t\t\t\t\t<div class=\"summary\">\n\t\t\t\t\t\t\t\t\t\t\t\t<i class=\"icon fa-solid fa-square-check tb-style-block\" aria-hidden=\"true\"><\/i>\n\t\t\t IM PREIS ENTHALTEN\t\t\t\t\t\t\t<\/div>\n\t\t\t\t\t\t\t<div class=\"content\">\n\t\t\t\t\t\t\t\t\t\t<div class=\"translation-block\"><p>Der Preis f\u00fcr Der Vespa Trip Amalfi beginnt bei <strong>640 \u20ac pro Person<\/strong> und beinhaltet:<\/p><ul><li>Vier N\u00e4chte in einem bezaubernden Hotel, einschlie\u00dflich t\u00e4glichem Fr\u00fchst\u00fcck<\/li><li>Die Miete f\u00fcr deine tolle Vespa, Helme und ein Schloss*<\/li><li>Parken am Hotel<\/li><li>Die Betreuung durch die Guides<\/li><li>Ausgew\u00e4hlte Routen<\/li><li>Wahrscheinlich das beste Erlebnis deines Lebens<\/li><\/ul><p>Der Treibstoff f\u00fcr deine Vespa (ca. 30 \u20ac - 40 \u20ac f\u00fcr die ganze Woche), Ausfl\u00fcge, dein Mittag- und Abendessen sind <strong>nicht enthalten<\/strong>.<\/p><p>*Dieser Preis basiert auf zwei Personen pro Vespa. Weitere Informationen \u00fcber das Fahren alleine findest du unter 'deine Vespa'.<\/p><\/div>\n\t\t\t\t\t\t\t\t<\/div>\n\t\t\t\t\t\t<\/div>\n\t\t\t\t\t\t\t\t\t\t\t<div class=\"details\" id=\"practical-block-1\">\n\t\t\t\t\t\t\t<div class=\"summary\">\n\t\t\t\t\t\t\t\t\t\t\t\t<i class=\"icon fa-solid fa-key tb-style-block\" aria-hidden=\"true\"><\/i>\n\t\t\t DEINE VESPA\t\t\t\t\t\t\t<\/div>\n\t\t\t\t\t\t\t<div class=\"content\">\n\t\t\t\t\t\t\t\t\t\t<div class=\"translation-block\"><p>W\u00e4hrend der gesamten Reise steht dir <strong>deine eigene 125cc Vespa<\/strong> zur Verf\u00fcgung. Du bekommst sie am Morgen nach deiner Ankunft und gibst sie am letzten Abend zur\u00fcck. Die Vespa geh\u00f6rt dir f\u00fcr die ganze Reise, auch abends.<\/p><p>Wenn du deine Vespa fr\u00fcher haben oder l\u00e4nger behalten m\u00f6chtest, kannst du die Optionen <strong>Early Pick-Up<\/strong> und\/oder <strong>Late Drop-Off<\/strong> w\u00e4hlen. Damit geh\u00f6rt die Vespa dir ab 14 Uhr am Ankunftstag und\/oder du gibst sie am Abreisetag um 14 Uhr zur\u00fcck (\u20ac 50 pro Option).<\/p><p><strong>Kann ich die Vespa alleine fahren?<\/strong><\/p><p>Die Preise basieren darauf, dass die Vespa von 2 Personen geteilt wird. Wenn du <strong>alleine fahren<\/strong> m\u00f6chtest, gibt es einen Aufpreis von \u20ac 130 pro Fahrer.<\/p><p><strong>Brauche ich Fahrerfahrung mit einer Vespa oder einem Roller, um die Vespa in Amalfi zu fahren?<\/strong><\/p><p>Die Stra\u00dfen und der Verkehr in Amalfi sind etwas anspruchsvoller als an anderen Orten. Wenn du noch nie eine Vespa oder einen Roller gefahren bist oder sehr unsicher bist, empfehlen wir dir <strong>dringend<\/strong>, eine <strong>Start-to-Vespa-Lektion<\/strong> zu buchen. So kannst du sicher fahren, kein Risiko f\u00fcr die Gruppe darstellen und die Fahrten entlang der sch\u00f6nsten Ausblicke in vollen Z\u00fcgen genie\u00dfen.<\/p><\/div>\n\t\t\t\t\t\t\t\t<\/div>\n\t\t\t\t\t\t<\/div>\n\t\t\t\t\t\t\t\t\t\t\t<div class=\"details\" id=\"practical-block-2\">\n\t\t\t\t\t\t\t<div class=\"summary\">\n\t\t\t\t\t\t\t\t\t\t\t\t<i class=\"icon fa-solid fa-id-card tb-style-block\" aria-hidden=\"true\"><\/i>\n\t\t\t FAHRERLAUBNIS\t\t\t\t\t\t\t<\/div>\n\t\t\t\t\t\t\t<div class=\"content\">\n\t\t\t\t\t\t\t\t\t\t<div class=\"translation-block\"><p>Um unsere Vespas in Italien zu fahren, musst du einen <strong>F\u00fchrerschein (B)<\/strong> oder einen Motorradf\u00fchrerschein (A) besitzen und 18+ sein. Der <strong>F\u00fchrerschein (AM)\/<\/strong> ist nicht g\u00fcltig. Der Beifahrer, der hinten sitzt, muss weder 18 Jahre alt sein noch einen F\u00fchrerschein haben. Du hast einen europ\u00e4ischen F\u00fchrerschein? Das ist perfekt! Dein F\u00fchrerschein ist nicht f\u00fcr Europa? Dann musst du einen internationalen F\u00fchrerschein beantragen. Ohne einen internationalen F\u00fchrerschein darfst du die Vespa nicht fahren.<\/p><\/div>\n\t\t\t\t\t\t\t\t<\/div>\n\t\t\t\t\t\t<\/div>\n\t\t\t\t\t\t\t\t\t\t\t<div class=\"details\" id=\"practical-block-3\">\n\t\t\t\t\t\t\t<div class=\"summary\">\n\t\t\t\t\t\t\t\t\t\t\t\t<i class=\"icon fa-solid fa-graduation-cap tb-style-block\" aria-hidden=\"true\"><\/i>\n\t\t\t START-TO-VESPA\t\t\t\t\t\t\t<\/div>\n\t\t\t\t\t\t\t<div class=\"content\">\n\t\t\t\t\t\t\t\t\t\t<div class=\"translation-block\"><p>Bist du noch nie eine Vespa oder einen Roller gefahren? Dann empfehlen wir dir dringend den <strong>Start-to-Vespa-Kurs<\/strong>. Am Anreisetag gibt dir dein Guide eine ausf\u00fchrliche Einf\u00fchrung und erkl\u00e4rt dir alles, was du wissen musst, um sicher mit der Vespa zu fahren und dich im italienischen Verkehr zurechtzufinden. Nach diesem Kurs darfst du deinen Vespa behalten, um noch ein wenig weiter zu \u00fcben und schon mal auf Entdeckungstour zu gehen.<\/p><p>Der Kurs kostet 50 \u20ac pro Person.<\/p><\/div>\n\t\t\t\t\t\t\t\t<\/div>\n\t\t\t\t\t\t<\/div>\n\t\t\t\t\t\t\t\t\t\t\t<div class=\"details\" id=\"practical-block-4\">\n\t\t\t\t\t\t\t<div class=\"summary\">\n\t\t\t\t\t\t\t\t\t\t\t\t<i class=\"icon fa-solid fa-location-arrow tb-style-block\" aria-hidden=\"true\"><\/i>\n\t\t\t GPS\t\t\t\t\t\t\t<\/div>\n\t\t\t\t\t\t\t<div class=\"content\">\n\t\t\t\t\t\t\t\t\t\t<div class=\"translation-block\"><p>Die <strong>geplanten Routen<\/strong> werden auf ein <strong>GPS<\/strong> hochgeladen, das du ganz einfach am Lenkrad deiner Vespa befestigen kannst. Mit diesem GPS (+ 30 \u20ac) f\u00e4hrst du \u00fcber die sch\u00f6nsten Stra\u00dfen und erreichst die beeindruckendsten Stopps an der Amalfik\u00fcste.<\/p><\/div>\n\t\t\t\t\t\t\t\t<\/div>\n\t\t\t\t\t\t<\/div>\n\t\t\t\t\t\t\t\t\t\t\t<div class=\"details\" id=\"practical-block-5\">\n\t\t\t\t\t\t\t<div class=\"summary\">\n\t\t\t\t\t\t\t\t\t\t\t\t<i class=\"icon fa-solid fa-utensils tb-style-block\" aria-hidden=\"true\"><\/i>\n\t\t\t VERPFLEGUNG\t\t\t\t\t\t\t<\/div>\n\t\t\t\t\t\t\t<div class=\"content\">\n\t\t\t\t\t\t\t\t\t\t<div class=\"translation-block\"><p>T\u00e4gliches <strong>Fr\u00fchst\u00fcck<\/strong> ist im Preis <strong>inbegriffen<\/strong>. F\u00fcr ein leckeres Mittag- oder Abendessen empfehlen wir dir immer gerne einige unserer Lieblingsrestaurants. In Sant\u2019Agata, deiner Basis f\u00fcr den Vespa-Trip, findest du viele gem\u00fctliche Restaurants und nette Bars.<\/p><\/div>\n\t\t\t\t\t\t\t\t<\/div>\n\t\t\t\t\t\t<\/div>\n\t\t\t\t\t\t\t\t\t\t\t<div class=\"details\" id=\"practical-block-6\">\n\t\t\t\t\t\t\t<div class=\"summary\">\n\t\t\t\t\t\t\t\t\t\t\t\t<i class=\"icon fa-solid fa-umbrella tb-style-block\" aria-hidden=\"true\"><\/i>\n\t\t\t VESPA VERSICHERUNG\t\t\t\t\t\t\t<\/div>\n\t\t\t\t\t\t\t<div class=\"content\">\n\t\t\t\t\t\t\t\t\t\t<div class=\"translation-block\"><p>Mit deiner Vespa bist du automatisch f\u00fcr Sch\u00e4den an Dritten versichert. F\u00fcr Sch\u00e4den an deiner eigenen Vespa hast du zwei M\u00f6glichkeiten. Entweder du w\u00e4hlst die Vollkaskoversicherung (89 \u20ac pro Vespa), bei der das eigene Risiko 0 \u20ac betr\u00e4gt, oder, wenn du diese Versicherung nicht w\u00fcnschst, ist eine Kaution von 500 \u20ac erforderlich, f\u00fcr die du haftest.<\/p><p>Einen Monat vor der Abreise erh\u00e4ltst du eine E-Mail, in der du eine der beiden Optionen ausw\u00e4hlen kannst.<\/p><\/div>\n\t\t\t\t\t\t\t\t<\/div>\n\t\t\t\t\t\t<\/div>\n\t\t\t\t\t\t\t\t\t\t\t<div class=\"details\" id=\"practical-block-7\">\n\t\t\t\t\t\t\t<div class=\"summary\">\n\t\t\t\t\t\t\t\t\t\t\t\t<i class=\"icon fa-solid fa-umbrella tb-style-block\" aria-hidden=\"true\"><\/i>\n\t\t\t WEITERE VERSICHERUNGEN\t\t\t\t\t\t\t<\/div>\n\t\t\t\t\t\t\t<div class=\"content\">\n\t\t\t\t\t\t\t\t\t\t<div class=\"translation-block\"><p><strong>Stornierungsversicherung<\/strong><\/p><p>Diese Versicherung gibt dir die M\u00f6glichkeit, sorglos zu buchen. Du kannst deine Reise nach Amalfii bis zum Abreisetag stornieren und erh\u00e4lst eine volle R\u00fcckerstattung, vorausgesetzt, du kannst einen g\u00fcltigen Grund daf\u00fcr nachweisen. Die Bedingungen findest du <a href=\"https:\/\/admin.travelbase.eu\/u\/source\/TVT\/TVT26_Cancellation_Policy_DE.pdf\" target=\"_blank\">hier<\/a>.<\/p><p><strong>Reiseversicherung<\/strong><\/p><p>Unsere Reiseversicherung bietet Unterst\u00fctzung im Falle eines Unfalls. Stelle sicher, dass du niemals ohne Versicherung reist! Bewohner Europas k\u00f6nnen bei der Buchung eine <a href=\"https:\/\/thevespatrip.com\/en\/travelinsurance\/\">Reiseversicherung<\/a> \u00fcber uns abschlie\u00dfen.<\/p><\/div>\n\t\t\t\t\t\t\t\t<\/div>\n\t\t\t\t\t\t<\/div>\n\t\t\t\t\t\t\t\t\t\t\t<div class=\"details\" id=\"practical-block-8\">\n\t\t\t\t\t\t\t<div class=\"summary\">\n\t\t\t\t\t\t\t\t\t\t\t\t<i class=\"icon fa-solid fa-question tb-style-block\" aria-hidden=\"true\"><\/i>\n\t\t\t FAQ\t\t\t\t\t\t\t<\/div>\n\t\t\t\t\t\t\t<div class=\"content\">\n\t\t\t\t\t\t\t\t\t\t<div class=\"translation-block\"><p>Willst du mehr \u00fcber diese Reise erfahren? Schau dir die Antworten auf unsere <a href=\"#faq\">h\u00e4ufigsten Fragen<\/a> an.<\/p><\/div>\n\t\t\t\t\t\t\t\t<\/div>\n\t\t\t\t\t\t<\/div>\n\t\t\t\t\t\t\t\t\t<\/div>\n\t\t\t<\/div>\n\t\t\t<\/div>\n<\/div>\n\n\n\n<div class=\"tb-quoteparallax tb-block align-center background-dark pattern-none variant-text_on_image\" id=\"quoteparallax\" style=\"background-image: url('https:\/\/tvt.travelblox.eu\/wp-content\/uploads\/sites\/49\/2024\/10\/Copy-of-10000595141-1-scaled.jpg');\">\n\t\t<div class=\"inner-block tb-fade-in tb-fade-in--subtle\">\n\t\t\t\t\t<div class=\"text-part\">\n\t\t\t\t<h2>Life is a journey, enjoy the ride<\/h2>\n\t\t\t\t\t\t<div class=\"translation-block\"><\/div>\n\t\t\t\t\t\t\t\t<\/div>\n\t\t\t\t\t<\/div>\n<\/div>\n\n\n\n<div class=\"tb-howtogetthere tb-block align-none background-light pattern-none variant-none tb-collapsible-margins\" id=\"howtogetthere-1\">\n\t<div class=\"inner-block tb-fade-in tb-fade-in--subtle\">\n\t\t<div class=\"text-part\">\n\t\t\t<h2>Anreise<\/h2>\n\t\t\t\t\t<div class=\"translation-block\"><p>Der schnellste Weg, um f\u00fcr deine Amalfi-Reise nach Italien zu reisen, ist ein Flug zum <strong>Flughafen Neapel (NAP)<\/strong> zu nehmen.<\/p><\/div>\n\t\t\t\t\t\t\t\t<div class=\"select-part\">\n\t\t\t\t\t<label>Reise aus<\/label>\n\t\t\t\t\t<select>\n\t\t\t\t\t\t\t\t\t\t\t\t\t<option value=\"0\" data-section=\"howtogetthere-1-section-0\">\ud83c\udde7\ud83c\uddea Belgien<\/option>\n\t\t\t\t\t\t\t\t\t\t\t\t\t<option value=\"1\" data-section=\"howtogetthere-1-section-1\">\ud83c\udde9\ud83c\uddea Niederlande<\/option>\n\t\t\t\t\t\t\t\t\t\t\t\t\t<option value=\"2\" data-section=\"howtogetthere-1-section-2\">\ud83c\udde9\ud83c\uddea Deutschland<\/option>\n\t\t\t\t\t\t\t\t\t\t\t\t\t<option value=\"3\" data-section=\"howtogetthere-1-section-3\">\ud83c\uddeb\ud83c\uddf7 Frankreich<\/option>\n\t\t\t\t\t\t\t\t\t\t\t<\/select>\n\t\t\t\t<\/div>\n\t\t\t\t\t<\/div>\n\t<\/div>\n\t\t\t<div class=\"inner-block tb-fade-in tb-fade-in--subtle\">\n\t\t\t\t\t\t\t<div class=\"tb-sections\">\n\t\t\t\t\t\t\t\t\t\t\t\t\t\t\t\t\t\t<div class=\"tb-section entries\" id=\"howtogetthere-1-section-0\">\n\t\t\t\t\t\t\t\t\t\t\t\t\t\t\t\t\t<div class=\"entry\">\n\t\t\t\t\t\t\t\t\t\t\t\t\t\t<i class=\"icon fa-solid fa-plane\" aria-hidden=\"true\"><\/i>\n\t\t\t\t\t\t\t\t\t\t\t\t\t<div class=\"text-part\">\n\t\t\t\t\t\t\t\t\t\t\t<h4>AUS BR\u00dcSSEL<\/h4>\n\t\t\t\t\t\t\t\t\t\t\t\t\t<div class=\"translation-block\"><p><strong>Abflugflug<\/strong> (<em>von Br\u00fcssel nach Neapel<\/em>)<\/p><ul><li>Ryanair: Flugnummer FR 1302, buche den Flug <a href=\"https:\/\/www.ryanair.com\" target=\"_blank\" rel=\"noopener\">hier<\/a><\/li><li>Brussels Airlines: Flugnummer SN 3169, buche den Flug <a href=\"https:\/\/www.brusselsairlines.com\/\" target=\"_blank\" rel=\"noopener\">hier<\/a><\/li><\/ul><p><strong>R\u00fcckflug<\/strong> (<em>von Neapel nach Br\u00fcssel<\/em>)<\/p><ul><li>Ryanair: Flugnummer FR 1303\/1311, buche den Flug <a href=\"https:\/\/www.ryanair.com\" target=\"_blank\" rel=\"noopener\">hier<\/a><\/li><li>Brussels Airlines: Flugnummer SN 3170, buche den Flug <a href=\"https:\/\/www.brusselsairlines.com\/\" target=\"_blank\" rel=\"noopener\">hier<\/a><\/li><\/ul><\/div>\n\t\t\t\t\t\t\t\t\t\t\t<\/div>\n\t\t\t\t\t\t\t\t\t<\/div>\n\t\t\t\t\t\t\t\t\t\t\t\t\t\t\t\t\t<div class=\"entry\">\n\t\t\t\t\t\t\t\t\t\t\t\t\t\t<i class=\"icon fa-solid fa-bus\" aria-hidden=\"true\"><\/i>\n\t\t\t\t\t\t\t\t\t\t\t\t\t<div class=\"text-part\">\n\t\t\t\t\t\t\t\t\t\t\t<h4>Flughafen-Shuttle<\/h4>\n\t\t\t\t\t\t\t\t\t\t\t\t\t<div class=\"translation-block\"><p>Am ersten und letzten Tag deiner Vespa-Reise kannst du einen Shuttle f\u00fcr 40 \u20ac p.P. (pro Fahrt) buchen, der dich direkt vom Flughafen Neapel zum Hotel O Sole Mio und vom Hotel zur\u00fcck zum Flughafen bringt.<\/p><p><strong>Bitte beachte!<\/strong> Du kannst diesen Shuttle nur am ersten Tag (Flughafen zum Hotel) und am letzten Tag (Hotel zum Flughafen) deiner Vespa-Reise buchen. <a href=\"https:\/\/admin.travelbase.eu\/u\/source\/TVT\/TVT26_shuttles_amalfi\/TVT26_Transfers_Amalfi_DE.pdf\" target=\"_blank\">Den vollst\u00e4ndigen Fahrplan findest du hier<\/a>.<\/p><p>Der Shuttle kann am Flughafen bis zu <strong>30 Minuten<\/strong> warten. Da Flugversp\u00e4tungen leider au\u00dferhalb unserer Kontrolle liegen, k\u00f6nnen wir im Falle eines verpassten Shuttles keine R\u00fcckerstattung anbieten.<\/p><\/div>\n\t\t\t\t\t\t\t\t\t\t\t<\/div>\n\t\t\t\t\t\t\t\t\t<\/div>\n\t\t\t\t\t\t\t\t\t\t\t\t\t\t\t\t\t<div class=\"entry\">\n\t\t\t\t\t\t\t\t\t\t\t\t\t\t<i class=\"icon fa-solid fa-train\" aria-hidden=\"true\"><\/i>\n\t\t\t\t\t\t\t\t\t\t\t\t\t<div class=\"text-part\">\n\t\t\t\t\t\t\t\t\t\t\t<h4>\u00d6FFENTLICHER VERKEHR<\/h4>\n\t\t\t\t\t\t\t\t\t\t\t\t\t<div class=\"translation-block\"><p>Von Neapel aus kannst du bequem mit dem Zug nach Sorrento fahren. Von Sorrento aus kannst du dann direkt mit dem Bus nach Sant'Agata fahren, wo du nur 10 Gehminuten vom Hotel entfernt bist. Weitere Informationen zum Zug findest du unter&nbsp;<a href=\"https:\/\/www.trenitalia.com\/en.html\" target=\"_blank\" rel=\"noopener\">diesem Link<\/a>, f\u00fcr Businformationen klicke bitte&nbsp;<a href=\"https:\/\/www.sitasudtrasporti.it\/\" target=\"_blank\" rel=\"noopener\">hier<\/a>.<\/p><\/div>\n\t\t\t\t\t\t\t\t\t\t\t<\/div>\n\t\t\t\t\t\t\t\t\t<\/div>\n\t\t\t\t\t\t\t\t\t\t\t\t\t\t\t\t\t<div class=\"entry\">\n\t\t\t\t\t\t\t\t\t\t\t\t\t\t<i class=\"icon fa-solid fa-taxi\" aria-hidden=\"true\"><\/i>\n\t\t\t\t\t\t\t\t\t\t\t\t\t<div class=\"text-part\">\n\t\t\t\t\t\t\t\t\t\t\t<h4>MIT DEM TAXI<\/h4>\n\t\t\t\t\t\t\t\t\t\t\t\t\t<div class=\"translation-block\">Vom Flughafen Neapel bis zum Hotel (O Sole Mio in Sant'Agata) sind es etwa eine Stunde und f\u00fcnfzehn Minuten mit dem Taxi (60 km). Wenn du ein Taxi im Voraus \u00fcber das Hotel buchen m\u00f6chtest, zahlst du etwa 110 \u20ac - 150 \u20ac. Wenn du kein Taxi buchen und eines am Flughafen nehmen m\u00f6chtest, zahlst du ca. 150 bis 200 \u20ac f\u00fcr eine einfache Fahrt.<\/div>\n\t\t\t\t\t\t\t\t\t\t\t<\/div>\n\t\t\t\t\t\t\t\t\t<\/div>\n\t\t\t\t\t\t\t\t\t\t\t\t\t\t\t\t\t<div class=\"entry\">\n\t\t\t\t\t\t\t\t\t\t\t\t\t\t<i class=\"icon fa-solid fa-car\" aria-hidden=\"true\"><\/i>\n\t\t\t\t\t\t\t\t\t\t\t\t\t<div class=\"text-part\">\n\t\t\t\t\t\t\t\t\t\t\t<h4>MIT DEM AUTO<\/h4>\n\t\t\t\t\t\t\t\t\t\t\t\t\t<div class=\"translation-block\"><p>Wenn du mit dem Auto anreisen m\u00f6chtest, dann kannst du es problemlos und kostenlos auf dem ger\u00e4umigen Parkplatz vor dem Hotel abstellen. Die Adresse des Hotels lautet <a href=\"https:\/\/goo.gl\/maps\/fWfUXQh2nVEm66Hq5\" target=\"_blank\">Via Deserto 13, 80061 Massa Lubrense, Italien<\/a>.<\/p><\/div>\n\t\t\t\t\t\t\t\t\t\t\t<\/div>\n\t\t\t\t\t\t\t\t\t<\/div>\n\t\t\t\t\t\t\t\t\t\t\t\t\t\t\t<\/div>\n\t\t\t\t\t\t\t\t\t\t\t\t\t\t\t\t\t\t\t\t\t\t\t\t<div class=\"tb-section entries hidden\" id=\"howtogetthere-1-section-1\">\n\t\t\t\t\t\t\t\t\t\t\t\t\t\t\t\t\t<div class=\"entry\">\n\t\t\t\t\t\t\t\t\t\t\t\t\t\t<i class=\"icon fa-solid fa-plane\" aria-hidden=\"true\"><\/i>\n\t\t\t\t\t\t\t\t\t\t\t\t\t<div class=\"text-part\">\n\t\t\t\t\t\t\t\t\t\t\t<h4>AUS AMSTERDAM<\/h4>\n\t\t\t\t\t\t\t\t\t\t\t\t\t<div class=\"translation-block\"><p><strong>Abflugflug<\/strong> (<em>von Amsterdam nach Neapel<\/em>)<\/p>\n<ul>\n<li>Transavia: Flugnummer HV 6411 oder HV 6409, buchen Sie ihn <a href=\"https:\/\/www.transavia.com\/\" target=\"_blank\" rel=\"noopener\">hier<\/a><\/li>\n<li>Easyjet: Flugnummer U2 4232 oder U2 4234, buchen Sie ihn <a href=\"https:\/\/www.easyjet.com\/\" target=\"_blank\" rel=\"noopener\">hier<\/a><\/li>\n<\/ul>\n<p><strong>R\u00fcckflug<\/strong> (<em>von Neapel nach Amsterdam<\/em>)<\/p>\n<ul>\n<li>Transavia: Flugnummer HV 6410 oder HV 6412, buchen Sie ihn <a href=\"https:\/\/www.transavia.com\/\" target=\"_blank\" rel=\"noopener\">hier<\/a><\/li>\n<li>Easyjet: Flugnummer U2 4231 oder U2 4233, buchen Sie ihn <a href=\"https:\/\/www.easyjet.com\/\" target=\"_blank\" rel=\"noopener\">hier<\/a><\/li>\n<\/ul><\/div>\n\t\t\t\t\t\t\t\t\t\t\t<\/div>\n\t\t\t\t\t\t\t\t\t<\/div>\n\t\t\t\t\t\t\t\t\t\t\t\t\t\t\t\t\t<div class=\"entry\">\n\t\t\t\t\t\t\t\t\t\t\t\t\t\t<i class=\"icon fa-solid fa-bus-simple\" aria-hidden=\"true\"><\/i>\n\t\t\t\t\t\t\t\t\t\t\t\t\t<div class=\"text-part\">\n\t\t\t\t\t\t\t\t\t\t\t<h4>FLUGHAFENSHUTTLE<\/h4>\n\t\t\t\t\t\t\t\t\t\t\t\t\t<div class=\"translation-block\"><p>An den ersten und letzten Tagen deiner Vespa-Reise kannst du einen Shuttle f\u00fcr 40 \u20ac pro Person buchen, der dich direkt vom Flughafen Neapel zum Hotel O Sole Mio und vom Hotel zur\u00fcck zum Flughafen bringt.<\/p><p><strong>Bitte beachte!<\/strong> Du kannst diesen Shuttle nur am ersten Tag (Flughafen zum Hotel) und am letzten Tag (Hotel zum Flughafen) deiner Vespa-Reise buchen. <a href=\"https:\/\/admin.travelbase.eu\/u\/source\/TVT\/TVT26_shuttles_amalfi\/TVT26_Transfers_Amalfi_DE.pdf\" target=\"_blank\">Den vollst\u00e4ndigen Fahrplan findest du hier.<\/a><\/p><\/div>\n\t\t\t\t\t\t\t\t\t\t\t<\/div>\n\t\t\t\t\t\t\t\t\t<\/div>\n\t\t\t\t\t\t\t\t\t\t\t\t\t\t\t\t\t<div class=\"entry\">\n\t\t\t\t\t\t\t\t\t\t\t\t\t\t<i class=\"icon fa-solid fa-train\" aria-hidden=\"true\"><\/i>\n\t\t\t\t\t\t\t\t\t\t\t\t\t<div class=\"text-part\">\n\t\t\t\t\t\t\t\t\t\t\t<h4>\u00d6FFENTLICHER VERKEHR<\/h4>\n\t\t\t\t\t\t\t\t\t\t\t\t\t<div class=\"translation-block\"><p>Von Neapel aus kannst du bequem mit dem Zug nach Sorrento fahren. Von Sorrento aus kannst du dann direkt mit dem Bus nach Sant'Agata fahren, wo du nur 10 Gehminuten vom Hotel entfernt bist. Weitere Informationen zum Zug findest du unter&nbsp;<a href=\"https:\/\/www.trenitalia.com\/en.html\" target=\"_blank\" rel=\"noopener\">diesem Link<\/a>, f\u00fcr Businformationen klicke bitte&nbsp;<a href=\"https:\/\/www.sitasudtrasporti.it\/\" target=\"_blank\" rel=\"noopener\">hier<\/a>.<\/p><\/div>\n\t\t\t\t\t\t\t\t\t\t\t<\/div>\n\t\t\t\t\t\t\t\t\t<\/div>\n\t\t\t\t\t\t\t\t\t\t\t\t\t\t\t\t\t<div class=\"entry\">\n\t\t\t\t\t\t\t\t\t\t\t\t\t\t<i class=\"icon fa-solid fa-taxi\" aria-hidden=\"true\"><\/i>\n\t\t\t\t\t\t\t\t\t\t\t\t\t<div class=\"text-part\">\n\t\t\t\t\t\t\t\t\t\t\t<h4>MIT DEM TAXI<\/h4>\n\t\t\t\t\t\t\t\t\t\t\t\t\t<div class=\"translation-block\">Vom Flughafen Neapel bis zum Hotel (O Sole Mio in Sant'Agata) sind es etwa eine Stunde und f\u00fcnfzehn Minuten mit dem Taxi (60 km). Wenn du ein Taxi im Voraus \u00fcber das Hotel buchen m\u00f6chtest, zahlst du etwa 110 \u20ac. Wenn du kein Taxi buchen und eines am Flughafen nehmen m\u00f6chtest, zahlst du ca. 150 bis 200 \u20ac f\u00fcr eine einfache Fahrt.<\/div>\n\t\t\t\t\t\t\t\t\t\t\t<\/div>\n\t\t\t\t\t\t\t\t\t<\/div>\n\t\t\t\t\t\t\t\t\t\t\t\t\t\t\t\t\t<div class=\"entry\">\n\t\t\t\t\t\t\t\t\t\t\t\t\t\t<i class=\"icon fa-solid fa-car\" aria-hidden=\"true\"><\/i>\n\t\t\t\t\t\t\t\t\t\t\t\t\t<div class=\"text-part\">\n\t\t\t\t\t\t\t\t\t\t\t<h4>MIT DEM AUTO<\/h4>\n\t\t\t\t\t\t\t\t\t\t\t\t\t<div class=\"translation-block\"><p>Wenn du mit dem Auto anreisen m\u00f6chtest, dann kannst du es problemlos und kostenlos auf dem ger\u00e4umigen Parkplatz vor dem Hotel abstellen. Die Adresse des Hotels lautet <a href=\"https:\/\/goo.gl\/maps\/fWfUXQh2nVEm66Hq5\" target=\"_blank\">Via Deserto 13, 80061 Massa Lubrense, Italien<\/a>.<\/p><\/div>\n\t\t\t\t\t\t\t\t\t\t\t<\/div>\n\t\t\t\t\t\t\t\t\t<\/div>\n\t\t\t\t\t\t\t\t\t\t\t\t\t\t\t<\/div>\n\t\t\t\t\t\t\t\t\t\t\t\t\t\t\t\t\t\t\t\t\t\t\t\t<div class=\"tb-section entries hidden\" id=\"howtogetthere-1-section-2\">\n\t\t\t\t\t\t\t\t\t\t\t\t\t\t\t\t\t<div class=\"entry\">\n\t\t\t\t\t\t\t\t\t\t\t\t\t\t<i class=\"icon fa-solid fa-plane\" aria-hidden=\"true\"><\/i>\n\t\t\t\t\t\t\t\t\t\t\t\t\t<div class=\"text-part\">\n\t\t\t\t\t\t\t\t\t\t\t<h4>AUS DEUTSCHLAND<\/h4>\n\t\t\t\t\t\t\t\t\t\t\t\t\t<div class=\"translation-block\"><p>Von Deutschland aus fliegen mehrmals die Woche Fl\u00fcge nach Neapel von allen gro\u00dfen Flugh\u00e4fen wie <strong>Frankfurt<\/strong>, <strong>M\u00fcnchen<\/strong>, <strong>Hamburg<\/strong>, <strong>K\u00f6ln<\/strong>, <strong>D\u00fcsseldorf<\/strong> oder <strong>Berlin<\/strong>. In der Hochsaison im Sommer gibt es zus\u00e4tzliche Charterfl\u00fcge. Manchmal sind Transfers notwendig. Die Flugzeit ohne Zwischenstopps betr\u00e4gt etwa zwei Stunden, je nach Abflugort.<\/p><p>Wenn du unseren Shuttle-Service nutzen m\u00f6chtest, achte bitte auf die angegebenen Shuttle-Zeiten.<\/p><\/div>\n\t\t\t\t\t\t\t\t\t\t\t<\/div>\n\t\t\t\t\t\t\t\t\t<\/div>\n\t\t\t\t\t\t\t\t\t\t\t\t\t\t\t\t\t<div class=\"entry\">\n\t\t\t\t\t\t\t\t\t\t\t\t\t\t<i class=\"icon fa-solid fa-bus-simple\" aria-hidden=\"true\"><\/i>\n\t\t\t\t\t\t\t\t\t\t\t\t\t<div class=\"text-part\">\n\t\t\t\t\t\t\t\t\t\t\t<h4>FLUGHAFENSHUTTLE<\/h4>\n\t\t\t\t\t\t\t\t\t\t\t\t\t<div class=\"translation-block\"><p>An den ersten und letzten Tagen deiner Vespa-Reise kannst du einen Shuttle f\u00fcr 40 \u20ac pro Person buchen, der dich direkt vom Flughafen Neapel zum Hotel O Sole Mio und vom Hotel zur\u00fcck zum Flughafen bringt.<\/p><p><strong>Bitte beachte!<\/strong> Du kannst diesen Shuttle nur am ersten Tag (Flughafen zum Hotel) und am letzten Tag (Hotel zum Flughafen) deiner Vespa-Reise buchen. <a href=\"https:\/\/admin.travelbase.eu\/u\/source\/TVT\/TVT26_shuttles_amalfi\/TVT26_Transfers_Amalfi_DE.pdf\" target=\"_blank\">Den vollst\u00e4ndigen Fahrplan findest du hier.<\/a><\/p><\/div>\n\t\t\t\t\t\t\t\t\t\t\t<\/div>\n\t\t\t\t\t\t\t\t\t<\/div>\n\t\t\t\t\t\t\t\t\t\t\t\t\t\t\t\t\t<div class=\"entry\">\n\t\t\t\t\t\t\t\t\t\t\t\t\t\t<i class=\"icon fa-solid fa-train\" aria-hidden=\"true\"><\/i>\n\t\t\t\t\t\t\t\t\t\t\t\t\t<div class=\"text-part\">\n\t\t\t\t\t\t\t\t\t\t\t<h4>\u00d6FFENTLICHER VERKEHR<\/h4>\n\t\t\t\t\t\t\t\t\t\t\t\t\t<div class=\"translation-block\"><p>Von Neapel aus kannst du bequem mit dem Zug nach Sorrento fahren. Von Sorrento aus kannst du dann direkt mit dem Bus nach Sant'Agata fahren, wo du nur 10 Gehminuten vom Hotel entfernt bist. Weitere Informationen zum Zug findest du unter&nbsp;<a href=\"https:\/\/www.trenitalia.com\/en.html\" target=\"_blank\" rel=\"noopener\">diesem Link<\/a>, f\u00fcr Businformationen klicke bitte&nbsp;<a href=\"https:\/\/www.sitasudtrasporti.it\/\" target=\"_blank\" rel=\"noopener\">hier<\/a>.<\/p><\/div>\n\t\t\t\t\t\t\t\t\t\t\t<\/div>\n\t\t\t\t\t\t\t\t\t<\/div>\n\t\t\t\t\t\t\t\t\t\t\t\t\t\t\t\t\t<div class=\"entry\">\n\t\t\t\t\t\t\t\t\t\t\t\t\t\t<i class=\"icon fa-solid fa-taxi\" aria-hidden=\"true\"><\/i>\n\t\t\t\t\t\t\t\t\t\t\t\t\t<div class=\"text-part\">\n\t\t\t\t\t\t\t\t\t\t\t<h4>MIT DEM TAXI<\/h4>\n\t\t\t\t\t\t\t\t\t\t\t\t\t<div class=\"translation-block\">Vom Flughafen Neapel bis zum Hotel (O Sole Mio in Sant'Agata) sind es etwa eine Stunde und f\u00fcnfzehn Minuten mit dem Taxi (60 km). Wenn du ein Taxi im Voraus \u00fcber das Hotel buchen m\u00f6chtest, zahlst du etwa 110 \u20ac. Wenn du kein Taxi buchen und eines am Flughafen nehmen m\u00f6chtest, zahlst du ca. 150 bis 200 \u20ac f\u00fcr eine einfache Fahrt.<\/div>\n\t\t\t\t\t\t\t\t\t\t\t<\/div>\n\t\t\t\t\t\t\t\t\t<\/div>\n\t\t\t\t\t\t\t\t\t\t\t\t\t\t\t\t\t<div class=\"entry\">\n\t\t\t\t\t\t\t\t\t\t\t\t\t\t<i class=\"icon fa-solid fa-car\" aria-hidden=\"true\"><\/i>\n\t\t\t\t\t\t\t\t\t\t\t\t\t<div class=\"text-part\">\n\t\t\t\t\t\t\t\t\t\t\t<h4>MIT DEM AUTO<\/h4>\n\t\t\t\t\t\t\t\t\t\t\t\t\t<div class=\"translation-block\"><p>Wenn du mit dem Auto anreisen m\u00f6chtest, dann kannst du es problemlos und kostenlos auf dem ger\u00e4umigen Parkplatz vor dem Hotel abstellen. Die Adresse des Hotels lautet <a href=\"https:\/\/goo.gl\/maps\/fWfUXQh2nVEm66Hq5\" target=\"_blank\">Via Deserto 13, 80061 Massa Lubrense, Italien<\/a>.<\/p><\/div>\n\t\t\t\t\t\t\t\t\t\t\t<\/div>\n\t\t\t\t\t\t\t\t\t<\/div>\n\t\t\t\t\t\t\t\t\t\t\t\t\t\t\t<\/div>\n\t\t\t\t\t\t\t\t\t\t\t\t\t\t\t\t\t\t\t\t\t\t\t\t<div class=\"tb-section entries hidden\" id=\"howtogetthere-1-section-3\">\n\t\t\t\t\t\t\t\t\t\t\t\t\t\t\t\t\t<div class=\"entry\">\n\t\t\t\t\t\t\t\t\t\t\t\t\t\t<i class=\"icon fa-solid fa-plane\" aria-hidden=\"true\"><\/i>\n\t\t\t\t\t\t\t\t\t\t\t\t\t<div class=\"text-part\">\n\t\t\t\t\t\t\t\t\t\t\t<h4>PLANE<\/h4>\n\t\t\t\t\t\t\t\t\t\t\t\t\t<div class=\"translation-block\"><p>Fl\u00fcge von <b>Paris<\/b>:<\/p>\n<ul>\n<li>Ryanair (BVA &#8211; NAP) : FR 7166, buche es <a href=\"https:\/\/www.ryanair.com\/fr\/fr\">hier<\/a>.<\/li>\n<li>Air France (CDG &#8211; NAP) : AF 1578, buche es <a href=\"https:\/\/wwws.airfrance.fr\/\">hier<\/a>.<\/li>\n<\/ul>\n<p>Fl\u00fcge von <b>Lyon<\/b>:<\/p>\n<ul>\n<li>EasyJet (LYS &#8211; NAP) : EJU 4188, buche es <a href=\"https:\/\/www.easyjet.com\/fr\">hier<\/a>.<\/li>\n<\/ul><\/div>\n\t\t\t\t\t\t\t\t\t\t\t<\/div>\n\t\t\t\t\t\t\t\t\t<\/div>\n\t\t\t\t\t\t\t\t\t\t\t\t\t\t\t\t\t<div class=\"entry\">\n\t\t\t\t\t\t\t\t\t\t\t\t\t\t<i class=\"icon fa-solid fa-bus\" aria-hidden=\"true\"><\/i>\n\t\t\t\t\t\t\t\t\t\t\t\t\t<div class=\"text-part\">\n\t\t\t\t\t\t\t\t\t\t\t<h4>Flughafen-Shuttle<\/h4>\n\t\t\t\t\t\t\t\t\t\t\t\t\t<div class=\"translation-block\"><p>Am ersten und letzten Tag deiner Vespa-Reise kannst du einen Shuttle f\u00fcr 40 \u20ac pro Person buchen, der dich direkt vom Flughafen Neapel zum Hotel O Sole Mio und vom Hotel zur\u00fcck zum Flughafen bringt.<\/p><p><strong>Bitte beachten!<\/strong> Du kannst diesen Shuttle nur am ersten Tag (Flughafen zum Hotel) und am letzten Tag (Hotel zum Flughafen) deiner Vespa-Reise buchen. <a href=\"https:\/\/admin.travelbase.eu\/u\/source\/TVT\/TVT26_shuttles_amalfi\/TVT26_Transfers_Amalfi_DE.pdf\" target=\"_blank\">Den vollst\u00e4ndigen Zeitplan findest du hier.<\/a><\/p><\/div>\n\t\t\t\t\t\t\t\t\t\t\t<\/div>\n\t\t\t\t\t\t\t\t\t<\/div>\n\t\t\t\t\t\t\t\t\t\t\t\t\t\t\t\t\t<div class=\"entry\">\n\t\t\t\t\t\t\t\t\t\t\t\t\t\t<i class=\"icon fa-solid fa-train\" aria-hidden=\"true\"><\/i>\n\t\t\t\t\t\t\t\t\t\t\t\t\t<div class=\"text-part\">\n\t\t\t\t\t\t\t\t\t\t\t<h4>\u00d6FFENTLICHER VERKEHR<\/h4>\n\t\t\t\t\t\t\t\t\t\t\t\t\t<div class=\"translation-block\"><p>Von Neapel aus kannst du bequem mit dem Zug nach Sorrento fahren. Von Sorrento aus kannst du dann direkt mit dem Bus nach Sant'Agata fahren, wo du nur 10 Gehminuten vom Hotel entfernt bist. Weitere Informationen zum Zug findest du unter&nbsp;<a href=\"https:\/\/www.trenitalia.com\/en.html\" target=\"_blank\" rel=\"noopener\">diesem Link<\/a>, f\u00fcr Businformationen klicke bitte&nbsp;<a href=\"https:\/\/www.sitasudtrasporti.it\/\" target=\"_blank\" rel=\"noopener\">hier<\/a>.<\/p><\/div>\n\t\t\t\t\t\t\t\t\t\t\t<\/div>\n\t\t\t\t\t\t\t\t\t<\/div>\n\t\t\t\t\t\t\t\t\t\t\t\t\t\t\t\t\t<div class=\"entry\">\n\t\t\t\t\t\t\t\t\t\t\t\t\t\t<i class=\"icon fa-solid fa-taxi\" aria-hidden=\"true\"><\/i>\n\t\t\t\t\t\t\t\t\t\t\t\t\t<div class=\"text-part\">\n\t\t\t\t\t\t\t\t\t\t\t<h4>MIT DEM TAXI<\/h4>\n\t\t\t\t\t\t\t\t\t\t\t\t\t<div class=\"translation-block\"><p>Vom Flughafen Neapel zum Hotel (O Sole Mio in Sant\u2019Agata) sind es etwa eine Stunde und f\u00fcnfzehn Minuten mit dem Taxi (60 km). Wenn du ein Taxi im Voraus \u00fcber das Hotel buchst, zahlst du etwa 110 \u20ac \u2013 150 \u20ac. Wenn du kein Taxi buchst und eines am Flughafen nimmst, zahlst du leicht 190 \u20ac bis 220 \u20ac f\u00fcr eine einfache Fahrt.<\/p><\/div>\n\t\t\t\t\t\t\t\t\t\t\t<\/div>\n\t\t\t\t\t\t\t\t\t<\/div>\n\t\t\t\t\t\t\t\t\t\t\t\t\t\t\t\t\t<div class=\"entry\">\n\t\t\t\t\t\t\t\t\t\t\t\t\t\t<i class=\"icon fa-solid fa-car\" aria-hidden=\"true\"><\/i>\n\t\t\t\t\t\t\t\t\t\t\t\t\t<div class=\"text-part\">\n\t\t\t\t\t\t\t\t\t\t\t<h4>MIT DEM AUTO<\/h4>\n\t\t\t\t\t\t\t\t\t\t\t\t\t<div class=\"translation-block\"><p>Wenn du mit dem Auto kommst, kannst du es ganz einfach kostenlos auf dem ger\u00e4umigen Parkplatz vor dem Hotel parken. Die Adresse des Hotels lautet <a href=\"https:\/\/goo.gl\/maps\/fWfUXQh2nVEm66Hq5\">Via Deserto 13, 80061 Massa Lubrense, Italien<\/a>.<\/p><\/div>\n\t\t\t\t\t\t\t\t\t\t\t<\/div>\n\t\t\t\t\t\t\t\t\t<\/div>\n\t\t\t\t\t\t\t\t\t\t\t\t\t\t\t<\/div>\n\t\t\t\t\t\t\t\t\t\t\t\t\t\t\t<\/div>\n\t\t\t\t\t<\/div>\n\t<\/div>\n\n<div class=\"tb-magazine tb-block align-none background-light pattern-none variant-none tb-collapsible-margins\" id=\"magazine-1\">\n\t<div class=\"inner-block tb-image-orientation-landscape tb-fade-in tb-fade-in--subtle\">\n\t\t<div class=\"inner-inner-block tb-image-alignment--center\">\n\t\t\t<div class=\"tb-magazine-image\">\n\t\t\t\t<img src='https:\/\/tvt.travelblox.eu\/wp-content\/uploads\/sites\/49\/2026\/01\/mockup_Amalfi_DE.png' width='750' height='502' loading='lazy'>\t\t\t<\/div>\n\t\t\t<div class=\"text-part\">\n\t\t\t\t<h2>M\u00f6chtest du mehr \u00fcber die Amalfik\u00fcste erfahren?<\/h2>\n\t\t\t\t\t\t<div class=\"translation-block\"><p>In diesem kompakten Reisef\u00fchrer findest du weitere Informationen \u00fcber die Amalfik\u00fcste, ausf\u00fchrlichere Erkl\u00e4rungen zu den Routen und einige kulinarische Empfehlungen.<\/p>\n<p>Lade den Reisef\u00fchrer kostenlos herunter, lass dich von neuen Orten \u00fcberraschen und hole das Maximum aus deinem Abenteuer an der Amalfik\u00fcste heraus.<\/p><\/div>\n\t\t\t\t\t<div class=\"tb-buttons-part\">\n\t\t\t\t\t\t\t<a href=\"https:\/\/travelbase.typeform.com\/to\/uNMaeosr\"  target=\"\" data-mode=\"popup\" data-url=\"https:\/\/travelbase.typeform.com\/to\/uNMaeosr\" class=\"tb-button typeform-share\">\n\t\t\tReisef\u00fchrer herunterladen\t\t<\/a>\n\t\t\t\t\t<script>\n\t\t\t\t(function() {\n\t\t\t\t\tvar qs, js, q, s, d = document,\n\t\t\t\t\t\tgi = d.getElementById,\n\t\t\t\t\t\tce = d.createElement,\n\t\t\t\t\t\tgt = d.getElementsByTagName,\n\t\t\t\t\t\tid = \"typef_orm_share\",\n\t\t\t\t\t\tb = \"https:\/\/embed.typeform.com\/\";\n\t\t\t\t\tif (!gi.call(d, id)) {\n\t\t\t\t\t\tjs = ce.call(d, \"script\");\n\t\t\t\t\t\tjs.id = id;\n\t\t\t\t\t\tjs.src = b + \"embed.js\";\n\t\t\t\t\t\tq = gt.call(d, \"script\")[0];\n\t\t\t\t\t\tq.parentNode.insertBefore(js, q);\n\t\t\t\t\t}\n\t\t\t\t})();\n\t\t\t<\/script>\n\t\t\t\t\t\t\t\t\t\t\t<\/div>\n\t\t\t<\/div>\n\t\t<\/div>\n\t<\/div>\n<\/div>\n\n\n\n<div class=\"hide-some tb-faq tb-block align-center background-light pattern-custom variant-none tb-collapsible-margins\" id=\"faq\" style=\"background-image: url()\">\n\t<div class=\"inner-block tb-fade-in tb-fade-in--subtle\">\n\t\t<div class=\"text-part\">\n\t\t\t<h2>FAQ<\/h2>\n\t\t\t\t\t<div class=\"translation-block\"><\/div>\n\t\t\t<\/div>\n\t<\/div>\n\t<div class=\"inner-block\">\n\n\t\t\t\t\t<div class=\"faq-list tb-accordion tb-accordion--animation two-col\">\n\t\t\t\t\t\t\t\t\t<details class=\"details\">\n\t\t\t\t\t\t<summary class=\"summary\"><div>Muss ich Fahrpraxis mit einer Vespa oder einem Roller haben? <\/div><\/summary>\n\t\t\t\t\t\t<div class=\"content text-part\">\n\t\t\t\t\t\t\t\t\t<div class=\"translation-block\"><p>Die Stra\u00dfen und der Verkehr in Amalfi sind etwas herausfordernder als an den anderen Reisezielen. Wenn du also noch nie eine Vespa oder einen Roller gefahren hast oder wenn du sehr unerfahren\/unsicher bist, empfehlen wir <strong>dringend<\/strong>, die <strong>Start-to-Vespa<\/strong> Kurs zu buchen, der von unseren Guides angeboten wird. So kannst du sicher fahren, das Risiko f\u00fcr die Gruppe vermeiden und deine Fahrten entlang der sch\u00f6nsten Ausblicke in vollen Z\u00fcgen genie\u00dfen.<\/p><\/div>\n\t\t\t\t\t\t\t<\/div>\n\t\t\t\t\t<\/details>\n\t\t\t\t\t\t\t\t\t<details class=\"details\">\n\t\t\t\t\t\t<summary class=\"summary\"><div>Gibt es bestimmte Kleidungsanforderungen f\u00fcr das Fahren mit einer Vespa?<\/div><\/summary>\n\t\t\t\t\t\t<div class=\"content text-part\">\n\t\t\t\t\t\t\t\t\t<div class=\"translation-block\"><p>Ein&nbsp;<strong>Helm<\/strong>&nbsp;und&nbsp;<strong>geschlossene Schuhe<\/strong>&nbsp;(also keine Flip-Flops oder Sandalen) sind bei unseren Vespa-Ausfl\u00fcgen immer Pflicht.<\/p><\/div>\n\t\t\t\t\t\t\t<\/div>\n\t\t\t\t\t<\/details>\n\t\t\t\t\t\t\t\t\t<details class=\"details\">\n\t\t\t\t\t\t<summary class=\"summary\"><div>Welche extra Optionen kann ich hinzubuchen?<\/div><\/summary>\n\t\t\t\t\t\t<div class=\"content text-part\">\n\t\t\t\t\t\t\t\t\t<div class=\"translation-block\"><ul><li><strong>Early-Pick-Up\/ Late-Drop-Off<\/strong>: 50 \u20ac pro Vespa<\/li><li><strong>Start-to-Vespa-Unterricht<\/strong>: 50 \u20ac pro Person<\/li><li><strong>Zuschlag f\u00fcr Einzelzimmer<\/strong>: 250 \u20ac pro Person<\/li><li><strong>Zuschlag f\u00fcr Einzelfahrer*in auf der Vespa<\/strong>: 130 \u20ac pro Person<\/li><li><strong>GPS<\/strong>: 30 \u20ac<\/li><li><strong>Stornoversicherung<\/strong>: 49 \u20ac pro Person<\/li><li><strong>Vespa-Schadensversicherung<\/strong>: 89 \u20ac pro Vespa<\/li><\/ul><\/div>\n\t\t\t\t\t\t\t<\/div>\n\t\t\t\t\t<\/details>\n\t\t\t\t\t\t\t\t\t<details class=\"details\">\n\t\t\t\t\t\t<summary class=\"summary\"><div>Was ist das Zielpublikum?<\/div><\/summary>\n\t\t\t\t\t\t<div class=\"content text-part\">\n\t\t\t\t\t\t\t\t\t<div class=\"translation-block\"><p>Das Durchschnittsalter der Vespa Tripper im Jahr 2025 lag bei <strong>40 Jahren<\/strong>, wobei die Mehrheit in den mittleren Zwanzigern oder den mittleren F\u00fcnfzigern war. Alle Vespa Tripper, jung oder alt, teilen die gleiche Liebe f\u00fcr das wundersch\u00f6ne Italien und das Abenteuer. Bei der letzten Ausgabe kamen die Teilnehmer haupts\u00e4chlich aus Belgien, Frankreich und den Niederlanden. Dennoch hatten wir Vespa Tripper, die aus <strong>26 verschiedenen L\u00e4ndern<\/strong> teilnahmen.<\/p>\n<p>Im Allgemeinen schlie\u00dfen sich die Leute diesem Abenteuer in einer Gruppe von <strong>zwei oder vier Personen<\/strong> an: eine Mischung aus Freunden und Paaren.<\/p><\/div>\n\t\t\t\t\t\t\t<\/div>\n\t\t\t\t\t<\/details>\n\t\t\t\t\t\t\t\t\t<details class=\"details\">\n\t\t\t\t\t\t<summary class=\"summary\"><div>Fahren wir alleine oder in einer Gruppe?<\/div><\/summary>\n\t\t\t\t\t\t<div class=\"content text-part\">\n\t\t\t\t\t\t\t\t\t<div class=\"translation-block\"><p>Die Wahl liegt bei dir! In unserer App findest du ein digitales Routenbuch und Empfehlungen, so kannst du dich schon vorab informieren.<\/p><p>Wenn du lieber selbst unterwegs bist, brauchst du daf\u00fcr unser GPS-Ger\u00e4t: Unsere Routen sind exklusiv darauf gespeichert und k\u00f6nnen nicht \u00fcber Google Maps oder andere Navigations-Apps nachgefahren werden. So stellst du sicher, dass du alle Strecken und Stopps problemlos findest.<\/p><p>M\u00f6chtest du lieber den Guides folgen? Dann schlie\u00dfe dich der Gruppe an und genie\u00dfe die Aussicht, w\u00e4hrend du entlang der Strecke gef\u00fchrt wirst.<\/p><p>Sie entscheiden jeden Tag, ob Sie alleine fahren oder mit der Gruppe fahren.<\/p><\/div>\n\t\t\t\t\t\t\t<\/div>\n\t\t\t\t\t<\/details>\n\t\t\t\t\t\t\t\t\t<details class=\"details\">\n\t\t\t\t\t\t<summary class=\"summary\"><div>Gib der Natur etwas zur\u00fcck: Kompensiere die CO2-Emissionen deines Vespa Trips.<\/div><\/summary>\n\t\t\t\t\t\t<div class=\"content text-part\">\n\t\t\t\t\t\t\t\t\t<div class=\"translation-block\"><p>Unser Planet bietet uns so viele unglaubliche Dinge, aber wenn wir ihn noch lange genie\u00dfen wollen, m\u00fcssen wir ihn heute mehr denn je sch\u00fctzen. <strong>Im Buchungsformular wird dir daher angeboten, die CO2-Emissionen deiner Reise \u00fcber Greentripper auf einfache und zuverl\u00e4ssige Weise auszugleichen.<\/strong><\/p><\/div>\n\t\t\t\t\t\t\t<\/div>\n\t\t\t\t\t<\/details>\n\t\t\t\t\t\t\t<\/div>\n\t\t\t\t<div class=\"load-more-faqs-container\">\n\t\t\t<div class=\"load-more-faqs-link\">\n\t\t\t\t<a href=\"#\" class=\"tb-buttonlink-with-icon load-more\">\n\t\t\t\t\t<span>Mehr FAQs laden<\/span>\n\t\t\t\t\t<i class=\"icon fa fa-plus\"><\/i>\n\t\t\t\t<\/a>\n\t\t\t\t<a href=\"#\" class=\"tb-buttonlink-with-icon load-less\">\n\t\t\t\t\t<span>Weniger FAQs laden<\/span>\n\t\t\t\t\t<i class=\"icon fa fa-minus\"><\/i>\n\t\t\t\t<\/a>\n\t\t\t<\/div>\n\t\t<\/div>\n\t<\/div>\n\t\t\t<div class=\"inner-block tb-fade-in tb-fade-in--subtle\">\n\t\t\t<div class=\"faq-footer text-part\">\n\t\t\t\t<h3>Hast du noch weitere Fragen? <\/h3>\t\t\t\t\n\t\t\t\t\t<div class=\"contact-team\">\n\t\t\t\t\t\t\t\t\t\t\t\t\t<span style=\"background-image:url('https:\/\/tvt.travelblox.eu\/wp-content\/uploads\/sites\/49\/2024\/10\/Travelbase_Group499-1-150x150.jpg');\"><\/span>\n\t\t\t\t\t\t\t\t\t\t\t<\/div>\n\t\t\t\t\t\t\t\t<p>Wir helfen dir gerne \u00fcber <a href=\"mailto:info@dervespatrip.de\">E-Mail<\/a>!<\/p>\n\t\t\t\t\t\t\t\t\t<a href=\"mailto:info@dervespatrip.de\" class=\"tb-buttonlink-with-icon\">\n\t\t\t\t\t\t<span>Schau dir alle unsere FAQs an<\/span>\n\t\t\t\t\t\t<i class=\"icon fa fa-arrow-right\"><\/i>\n\t\t\t\t\t<\/a>\n\t\t\t\t\t\t\t<\/div>\n\t\t<\/div>\n\t<\/div>\n\n\n<div class=\"tb-gallery tb-block align-center background-light pattern-none variant-grid\" id=\"gallery-1\">\n\t<div>\n\t\t<div class=\"desktop tb-has-popup-content\">\n\t\t\t\t\t\t\t<ul class=\"tb-gallery-grid\">\n\t\t\t\t\t\t\t\t\t\t\t\t\t\t\t\t\t\t<li class=\"slide\">\n\t\t\t\t\t\t\t\t<div class=\"tb-popup-trigger\">\n\t\t\t\t\t\t\t\t\t<img src='https:\/\/tvt.travelblox.eu\/wp-content\/uploads\/sites\/49\/2023\/12\/Untitled-design-25.jpg' width='2000' height='1333' alt='Aussichtspunkt w\u00e4hrend der Vespa-Tour nach Amalfi.' style='object-position:50% 50%' loading='lazy'>\t\t\t\t\t\t\t\t<\/div>\n\t\t\t\t\t\t\t<\/li>\n\t\t\t\t\t\t\t\t\t\t\t\t\t<li class=\"slide\">\n\t\t\t\t\t\t\t\t<div class=\"tb-popup-trigger\">\n\t\t\t\t\t\t\t\t\t<img src='https:\/\/tvt.travelblox.eu\/wp-content\/uploads\/sites\/49\/2024\/10\/Copy-of-IMG_7810-1-scaled.jpg' width='1365' height='2048' alt='Sorrento w\u00e4hrend der Vespa-Tour in Amalfi, Sorrento w\u00e4hrend der Vespa-Reise Amalfi' style='object-position:50% 50%' loading='lazy'>\t\t\t\t\t\t\t\t<\/div>\n\t\t\t\t\t\t\t<\/li>\n\t\t\t\t\t\t\t\t\t\t\t\t\t<li class=\"slide\">\n\t\t\t\t\t\t\t\t<div class=\"tb-popup-trigger\">\n\t\t\t\t\t\t\t\t\t<img src='https:\/\/tvt.travelblox.eu\/wp-content\/uploads\/sites\/49\/2024\/10\/Copy-of-BC31D7E4-3724-4CE3-8A6C-DEED8DF2EAD3-scaled.jpg' width='1153' height='2048' alt='panoramischer Blick auf das Meer w\u00e4hrend der Vespa-Tour Amalfi' style='object-position:50% 50%' loading='lazy'>\t\t\t\t\t\t\t\t<\/div>\n\t\t\t\t\t\t\t<\/li>\n\t\t\t\t\t\t\t\t\t\t\t\t\t\t\t<\/ul>\n\t\t\t\t\t\t<div class=\"tb-popup tb-popup--open-clicked-image\">\n\t\t\t\t<div class=\"tb-gallery-popup\">\n\t\t\t\t\t<div class=\"tb-image-part\">\n\t\t\t\t\t\t\t\t\t\t<div class=\"inner-block-full-width has-tb-carousel tb-carousel-slider\" >\n\t\t\t<div class=\"tb-carousel-container\">\n\t\t\t\t<div class=\"entries tb-cards\" data-slider-first=\"2\">\n\t\t\t\t\t\t\t\t\t<div class=\"entry\">\n\t\t\t\t<div class=\"tb-image-part\">\n\t\t\t\t\t<figure>\n\t\t\t\t\t\t<img src='https:\/\/tvt.travelblox.eu\/wp-content\/uploads\/sites\/49\/2023\/12\/Untitled-design-25.jpg' width='2000' height='1333' alt='Aussichtspunkt w\u00e4hrend der Vespa-Tour nach Amalfi.' style='object-position:50% 50%' loading='lazy' image_size='full'>\t\t\t\t\t\t\t\t\t\t\t<\/figure>\n\t\t\t\t<\/div>\n\t\t\t<\/div>\n\t\t\t\t\t<div class=\"entry\">\n\t\t\t\t<div class=\"tb-image-part\">\n\t\t\t\t\t<figure>\n\t\t\t\t\t\t<img src='https:\/\/tvt.travelblox.eu\/wp-content\/uploads\/sites\/49\/2024\/10\/Copy-of-IMG_7810-1-scaled.jpg' width='1365' height='2048' alt='Sorrento w\u00e4hrend der Vespa-Tour in Amalfi, Sorrento w\u00e4hrend der Vespa-Reise Amalfi' style='object-position:50% 50%' loading='lazy' image_size='full'>\t\t\t\t\t\t\t\t\t\t\t<\/figure>\n\t\t\t\t<\/div>\n\t\t\t<\/div>\n\t\t\t\t\t<div class=\"entry\">\n\t\t\t\t<div class=\"tb-image-part\">\n\t\t\t\t\t<figure>\n\t\t\t\t\t\t<img src='https:\/\/tvt.travelblox.eu\/wp-content\/uploads\/sites\/49\/2024\/10\/Copy-of-BC31D7E4-3724-4CE3-8A6C-DEED8DF2EAD3-scaled.jpg' width='1153' height='2048' alt='panoramischer Blick auf das Meer w\u00e4hrend der Vespa-Tour Amalfi' style='object-position:50% 50%' loading='lazy' image_size='full'>\t\t\t\t\t\t\t\t\t\t\t<\/figure>\n\t\t\t\t<\/div>\n\t\t\t<\/div>\n\t\t\t\t\t\t\t\t<\/div>\n\t\t\t\t\t\t<div class=\"tb-carousel-nav\">\n\t\t\t<div class=\"dots\">\n\t\t\t\t<div class=\"dot active\"><\/div>\n\t\t\t\t<div class=\"dot\"><\/div>\n\t\t\t\t<div class=\"dot\"><\/div>\n\t\t\t<\/div>\n\t\t\t<div class=\"arrows\">\n\t\t\t\t<div class=\"prev disabled\">\n\t\t\t\t\t<span><i class=\"fa fa-chevron-left\"><\/i><\/span>\n\t\t\t\t<\/div>\n\t\t\t\t<div class=\"next\">\n\t\t\t\t\t<span><i class=\"fa fa-chevron-right\"><\/i><\/span>\n\t\t\t\t<\/div>\n\t\t\t<\/div>\n\t\t<\/div>\n\t\t\t\t<\/div>\n\t\t<\/div>\n\t\t\t\t\t\t\t<\/div>\n\t\t\t\t<\/div>\n\t\t\t<\/div>\n\t\t<\/div>\n\t\t<div class=\"mobile\">\n\t\t\t<div class=\"tb-image-part\">\n\t\t\t\t\t\t\t\t<div class=\"inner-block-full-width has-tb-carousel tb-carousel-slider\" >\n\t\t\t<div class=\"tb-carousel-container\">\n\t\t\t\t<div class=\"entries tb-cards\" data-slider-first=\"0\">\n\t\t\t\t\t\t\t\t\t<div class=\"entry\">\n\t\t\t\t<div class=\"tb-image-part\">\n\t\t\t\t\t<figure>\n\t\t\t\t\t\t<img src='https:\/\/tvt.travelblox.eu\/wp-content\/uploads\/sites\/49\/2023\/12\/Untitled-design-25-768x512.jpg' width='768' height='512' alt='Aussichtspunkt w\u00e4hrend der Vespa-Tour nach Amalfi.' style='object-position:50% 50%' loading='lazy' image_size='medium_large'>\t\t\t\t\t\t\t\t\t\t\t<\/figure>\n\t\t\t\t<\/div>\n\t\t\t<\/div>\n\t\t\t\t\t<div class=\"entry\">\n\t\t\t\t<div class=\"tb-image-part\">\n\t\t\t\t\t<figure>\n\t\t\t\t\t\t<img src='https:\/\/tvt.travelblox.eu\/wp-content\/uploads\/sites\/49\/2024\/10\/Copy-of-IMG_7810-1-768x1152.jpg' width='768' height='1152' alt='Sorrento w\u00e4hrend der Vespa-Tour in Amalfi, Sorrento w\u00e4hrend der Vespa-Reise Amalfi' style='object-position:50% 50%' loading='lazy' image_size='medium_large'>\t\t\t\t\t\t\t\t\t\t\t<\/figure>\n\t\t\t\t<\/div>\n\t\t\t<\/div>\n\t\t\t\t\t<div class=\"entry\">\n\t\t\t\t<div class=\"tb-image-part\">\n\t\t\t\t\t<figure>\n\t\t\t\t\t\t<img src='https:\/\/tvt.travelblox.eu\/wp-content\/uploads\/sites\/49\/2024\/10\/Copy-of-BC31D7E4-3724-4CE3-8A6C-DEED8DF2EAD3-768x1364.jpg' width='768' height='1364' alt='panoramischer Blick auf das Meer w\u00e4hrend der Vespa-Tour Amalfi' style='object-position:50% 50%' loading='lazy' image_size='medium_large'>\t\t\t\t\t\t\t\t\t\t\t<\/figure>\n\t\t\t\t<\/div>\n\t\t\t<\/div>\n\t\t\t\t\t\t\t\t<\/div>\n\t\t\t\t\t\t<div class=\"tb-carousel-nav\">\n\t\t\t<div class=\"dots\">\n\t\t\t\t<div class=\"dot active\"><\/div>\n\t\t\t\t<div class=\"dot\"><\/div>\n\t\t\t\t<div class=\"dot\"><\/div>\n\t\t\t<\/div>\n\t\t\t<div class=\"arrows\">\n\t\t\t\t<div class=\"prev disabled\">\n\t\t\t\t\t<span><i class=\"fa fa-chevron-left\"><\/i><\/span>\n\t\t\t\t<\/div>\n\t\t\t\t<div class=\"next\">\n\t\t\t\t\t<span><i class=\"fa fa-chevron-right\"><\/i><\/span>\n\t\t\t\t<\/div>\n\t\t\t<\/div>\n\t\t<\/div>\n\t\t\t\t<\/div>\n\t\t<\/div>\n\t\t\t\t\t<\/div>\n\t\t<\/div>\n\t<\/div>\n<\/div>\n\n\n\n    <div class=\"tb-calendarv2 tb-block align-center background-light pattern-none variant-none tb-collapsible-margins\" id=\"join\" data-field-packages='[{&quot;package_id&quot;:&quot;TVT-AM&quot;,&quot;prereg_url&quot;:&quot;&quot;,&quot;package_summary_content&quot;:&quot;&quot;,&quot;package_summary_inclusive&quot;:false,&quot;rowid&quot;:&quot;6841d081d2015&quot;}]' data-package-ids='[\"TVT-AM\"]' data-brands='[{&quot;type&quot;:&quot;brands&quot;,&quot;id&quot;:&quot;4&quot;,&quot;attributes&quot;:{&quot;name&quot;:&quot;The Vespa Trip&quot;,&quot;translatableName&quot;:{&quot;nl&quot;:&quot;The Vespa Trip&quot;,&quot;en&quot;:&quot;The Vespa Trip&quot;,&quot;fr&quot;:&quot;Le Vespa Trip&quot;,&quot;de&quot;:&quot;Der Vespa Trip&quot;}}}]' data-language='de' data-allow-collapse-consecutive-sold-out-items='1' data-show-prereg-items='1' data-show-participants='0' data-show-departure-hours='0' data-no-participants-title=\"0 Teilnehmer\" data-no-participants-text=\"Es sind noch keine Teilnehmer bekannt.\" data-sold-out-cta=\"&lt;p&gt;Check our other &lt;a href=&quot;https:\/\/thevespatrip.com#destinations&quot;&gt;destinations&lt;\/a&gt;&lt;\/p&gt;\" data-show-months-toggle=\"1\" data-show-waiting-list-buttons=\"1\" data-show-price-toggle=\"1\" data-show-quote-request=\"1\" data-sort-filter-options-by-az-order='0' data-launch-unfiltered='0' data-merge-duplicate-filters='0'>\n        <div class=\"inner-block tb-fade-in tb-fade-in--subtle\">\n            <div class=\"text-part tb-fade-in tb-fade-in--subtle\">\n                                    <h2>Buche deine Reise nach Amalfi<\/h2>\n                                                    \t\t<div class=\"translation-block\"><p>Bereit, Italien auf einer Vespa zu erkunden? Finde unten deinen perfekten Reisezeitraum und buche noch heute dein Abenteuer!<\/p><\/div>\n\t                                                    <div class=\"tb-buttons-part\">\n                                                                            \t\t<a href=\"https:\/\/booking.travelbase.eu\/tvt26\/book?lang=de\"  target=\"\" class=\"tb-button\">\n\t\t\tJetzt buchen\t\t<\/a>\n\t\t                                                                                                                                        <a href=\"https:\/\/booking.travelbase.eu\/tvt26\/quote?lang=de\" class=\"tb-buttonlink tb-quote-request\" target=\"_blank\"><span>Ein Angebot anfordern<\/span><\/a>\n                                                                                                                                                        <\/div>\n                            <\/div>\n\n            \n            \n<div class=\"tb-skeleton tb-skeleton--calendar-v2 tb-skeleton--inactive\">\n    <!-- <div class=\"section-toggler section-toggler--small tb-skeleton__border tb-skeleton__disabled\">\n        <div class=\"section-toggler__inner\">\n            <div class=\"section-toggler__toggle-wrapper\">\n                <div class=\"section-toggler__toggles\">\n                    <input type=\"radio\" name=\"2025\" checked>\n                    <label class=\"tb-skeleton__background tb-skeleton__border\" for=\"\"><span class=\"tb-skeleton__bone\"><span class=\"tb-skeleton__invisible-text\">2025<\/span><\/span><\/label>\n                    <input type=\"radio\" name=\"2026\">\n                    <label class=\"tb-skeleton__border\" for=\"\"><span class=\"tb-skeleton__bone\"><span class=\"tb-skeleton__invisible-text\">2026<\/span><\/span><\/label>\n                <\/div>\n            <\/div>\n        <\/div>\n    <\/div> -->\n    <div class=\"tb-calendar-v2__year\" id=\"year-section-0\">\n        <div class=\"tb-block\">\n            <div class=\"section-toggler section-toggler--fake section-toggler--blocks tb-skeleton__border tb-skeleton__disabled\">\n                <div class=\"section-toggler__inner\">\n                    <div class=\"section-toggler__toggle-wrapper\">\n                        <div class=\"section-toggler__toggles\">\n                            <input type=\"radio\" name=\"Jan\" checked>\n                            <label class=\"tb-skeleton__background tb-skeleton__border\" for=\"\"><span class=\"tb-skeleton__bone\"><span class=\"tb-skeleton__invisible-text\">Jan<\/span><\/span><\/label>\n                            <input type=\"radio\" name=\"Feb\">\n                            <label class=\"tb-skeleton__border\" for=\"\"><span class=\"tb-skeleton__bone\"><span class=\"tb-skeleton__invisible-text\">Feb<\/span><\/span><\/label>\n                            <input type=\"radio\" name=\"Mar\">\n                            <label class=\"tb-skeleton__border\" for=\"\"><span class=\"tb-skeleton__bone\"><span class=\"tb-skeleton__invisible-text\">Mar<\/span><\/span><\/label>\n                            <input type=\"radio\" name=\"Apr\">\n                            <label class=\"tb-skeleton__border\" for=\"\"><span class=\"tb-skeleton__bone\"><span class=\"tb-skeleton__invisible-text\">Apr<\/span><\/span><\/label>\n                            <input type=\"radio\" name=\"May\">\n                            <label class=\"tb-skeleton__border\" for=\"\"><span class=\"tb-skeleton__bone\"><span class=\"tb-skeleton__invisible-text\">May<\/span><\/span><\/label>\n                        <\/div>\n                    <\/div>\n                <\/div>\n            <\/div>\n            <div class=\"tb-calendar-v2__month\" id=\"year-0-month-section-0\">\n                <ul class=\"tb-calendar-v2__departures\">\n                                            <li class=\"tb-calendar-v2__departure tb-calendar-v2-departure tb-skeleton__border\" data-availability=\"free\">\n                            <div class=\"tb-calendar-v2-departure__essential\">\n                                <div class=\"tb-calendar-v2-departure__first-part\">\n                                    <div class=\"tb-calendar-v2-departure__destination desktop-only\">\n                                        <span class=\"tb-skeleton__bone\"><span class=\"tb-skeleton__invisible-text\"><strong>Beispielreise<\/strong><\/span><\/span>\n                                    <\/div>\n                                    <div class=\"tb-calendar-v2-departure__dates\">\n                                        <div class=\"tb-calendar-v2-departure__startdate\">\n                                            <span class=\"tb-skeleton__bone\"><span class=\"tb-skeleton__invisible-text\">Montag<\/span><\/span>\n                                            <span class=\"tb-skeleton__bone\"><span class=\"tb-skeleton__invisible-text\"><strong>20. Jan 2025<\/strong><\/span><\/span>\n                                        <\/div>\n                                        <span class=\"tb-skeleton__bone\"><span class=\"tb-skeleton__invisible-text\"><i class=\"fa-solid fa-arrow-right\"><\/i><\/span><\/span>\n                                        <div class=\"tb-calendar-v2-departure__enddate\">\n                                            <span class=\"tb-skeleton__bone\"><span class=\"tb-skeleton__invisible-text\">Sonntag<\/span><\/span>\n                                            <span class=\"tb-skeleton__bone\"><span class=\"tb-skeleton__invisible-text\"><strong>26. Januar 2025<\/strong><\/span><\/span>\n                                        <\/div>\n                                    <\/div>\n                                    <div class=\"tb-calendar-v2-departure__divider desktop-only tb-skeleton__bone\"><\/div>\n                                    <div class=\"tb-calendar-v2-departure__availability desktop-only\" data-availability=\"free\"><strong>\n                                            <span class=\"tb-skeleton__bone\"><span class=\"tb-skeleton__invisible-text\">Verf\u00fcgbar<\/span><\/span>\n                                        <\/strong><\/div>\n                                    <div class=\"tb-calendar-v2-departure__spots desktop-only\">\n                                        <span class=\"tb-skeleton__bone\"><span class=\"tb-skeleton__invisible-text\">\n                                                                                             <\/span><\/span>\n                                    <\/div>\n                                <\/div>\n                                <div class=\"tb-calendar-v2-departure__last-part\">\n                                    <div class=\"tb-calendar-v2-departure__price\"><span class=\"tb-skeleton__bone\"><span class=\"tb-skeleton__invisible-text\"><strong>\u20ac 1450<\/strong><\/span><\/span><\/div>\n                                    <div class=\"tb-calendar-v2-departure__availability mobile-only\" data-availability=\"free\">\n                                        <strong>\n                                            <span class=\"tb-skeleton__bone\"><span class=\"tb-skeleton__invisible-text\">Verf\u00fcgbar<\/span><\/span>\n                                        <\/strong>\n                                    <\/div>\n                                    <div class=\"tb-calendar-v2-departure__expand-button tb-skeleton__disabled desktop-only\" disabled>\n                                        <span class=\"tb-skeleton__bone\"><span class=\"tb-skeleton__invisible-text\"><i class=\"fa-solid fa-chevron-down\"><\/i><\/span><\/span>\n                                    <\/div>\n                                <\/div>\n                            <\/div>\n                            <div class=\"tb-calendar-v2-departure__divider mobile-only tb-skeleton__bone\"><\/div>\n                            <div class=\"tb-calendar-v2-departure__expand-button mobile-only tb-skeleton__disabled\" disabled>\n                                <span class=\"tb-skeleton__bone\"><span class=\"tb-skeleton__invisible-text\"><span class=\"more-info\">Mehr Infos<\/span> <span class=\"less-info\">Weniger Infos<\/span> <i class=\"fa-solid fa-chevron-down\"><\/i><\/span><\/span>\n                            <\/div>\n                        <\/li>\n                                            <li class=\"tb-calendar-v2__departure tb-calendar-v2-departure tb-skeleton__border\" data-availability=\"free\">\n                            <div class=\"tb-calendar-v2-departure__essential\">\n                                <div class=\"tb-calendar-v2-departure__first-part\">\n                                    <div class=\"tb-calendar-v2-departure__destination desktop-only\">\n                                        <span class=\"tb-skeleton__bone\"><span class=\"tb-skeleton__invisible-text\"><strong>Beispielreise<\/strong><\/span><\/span>\n                                    <\/div>\n                                    <div class=\"tb-calendar-v2-departure__dates\">\n                                        <div class=\"tb-calendar-v2-departure__startdate\">\n                                            <span class=\"tb-skeleton__bone\"><span class=\"tb-skeleton__invisible-text\">Montag<\/span><\/span>\n                                            <span class=\"tb-skeleton__bone\"><span class=\"tb-skeleton__invisible-text\"><strong>20. Jan 2025<\/strong><\/span><\/span>\n                                        <\/div>\n                                        <span class=\"tb-skeleton__bone\"><span class=\"tb-skeleton__invisible-text\"><i class=\"fa-solid fa-arrow-right\"><\/i><\/span><\/span>\n                                        <div class=\"tb-calendar-v2-departure__enddate\">\n                                            <span class=\"tb-skeleton__bone\"><span class=\"tb-skeleton__invisible-text\">Sonntag<\/span><\/span>\n                                            <span class=\"tb-skeleton__bone\"><span class=\"tb-skeleton__invisible-text\"><strong>26. Januar 2025<\/strong><\/span><\/span>\n                                        <\/div>\n                                    <\/div>\n                                    <div class=\"tb-calendar-v2-departure__divider desktop-only tb-skeleton__bone\"><\/div>\n                                    <div class=\"tb-calendar-v2-departure__availability desktop-only\" data-availability=\"free\"><strong>\n                                            <span class=\"tb-skeleton__bone\"><span class=\"tb-skeleton__invisible-text\">Verf\u00fcgbar<\/span><\/span>\n                                        <\/strong><\/div>\n                                    <div class=\"tb-calendar-v2-departure__spots desktop-only\">\n                                        <span class=\"tb-skeleton__bone\"><span class=\"tb-skeleton__invisible-text\">\n                                                                                             <\/span><\/span>\n                                    <\/div>\n                                <\/div>\n                                <div class=\"tb-calendar-v2-departure__last-part\">\n                                    <div class=\"tb-calendar-v2-departure__price\"><span class=\"tb-skeleton__bone\"><span class=\"tb-skeleton__invisible-text\"><strong>\u20ac 1450<\/strong><\/span><\/span><\/div>\n                                    <div class=\"tb-calendar-v2-departure__availability mobile-only\" data-availability=\"free\">\n                                        <strong>\n                                            <span class=\"tb-skeleton__bone\"><span class=\"tb-skeleton__invisible-text\">Verf\u00fcgbar<\/span><\/span>\n                                        <\/strong>\n                                    <\/div>\n                                    <div class=\"tb-calendar-v2-departure__expand-button tb-skeleton__disabled desktop-only\" disabled>\n                                        <span class=\"tb-skeleton__bone\"><span class=\"tb-skeleton__invisible-text\"><i class=\"fa-solid fa-chevron-down\"><\/i><\/span><\/span>\n                                    <\/div>\n                                <\/div>\n                            <\/div>\n                            <div class=\"tb-calendar-v2-departure__divider mobile-only tb-skeleton__bone\"><\/div>\n                            <div class=\"tb-calendar-v2-departure__expand-button mobile-only tb-skeleton__disabled\" disabled>\n                                <span class=\"tb-skeleton__bone\"><span class=\"tb-skeleton__invisible-text\"><span class=\"more-info\">Mehr Infos<\/span> <span class=\"less-info\">Weniger Infos<\/span> <i class=\"fa-solid fa-chevron-down\"><\/i><\/span><\/span>\n                            <\/div>\n                        <\/li>\n                                            <li class=\"tb-calendar-v2__departure tb-calendar-v2-departure tb-skeleton__border\" data-availability=\"free\">\n                            <div class=\"tb-calendar-v2-departure__essential\">\n                                <div class=\"tb-calendar-v2-departure__first-part\">\n                                    <div class=\"tb-calendar-v2-departure__destination desktop-only\">\n                                        <span class=\"tb-skeleton__bone\"><span class=\"tb-skeleton__invisible-text\"><strong>Beispielreise<\/strong><\/span><\/span>\n                                    <\/div>\n                                    <div class=\"tb-calendar-v2-departure__dates\">\n                                        <div class=\"tb-calendar-v2-departure__startdate\">\n                                            <span class=\"tb-skeleton__bone\"><span class=\"tb-skeleton__invisible-text\">Montag<\/span><\/span>\n                                            <span class=\"tb-skeleton__bone\"><span class=\"tb-skeleton__invisible-text\"><strong>20. Jan 2025<\/strong><\/span><\/span>\n                                        <\/div>\n                                        <span class=\"tb-skeleton__bone\"><span class=\"tb-skeleton__invisible-text\"><i class=\"fa-solid fa-arrow-right\"><\/i><\/span><\/span>\n                                        <div class=\"tb-calendar-v2-departure__enddate\">\n                                            <span class=\"tb-skeleton__bone\"><span class=\"tb-skeleton__invisible-text\">Sonntag<\/span><\/span>\n                                            <span class=\"tb-skeleton__bone\"><span class=\"tb-skeleton__invisible-text\"><strong>26. Januar 2025<\/strong><\/span><\/span>\n                                        <\/div>\n                                    <\/div>\n                                    <div class=\"tb-calendar-v2-departure__divider desktop-only tb-skeleton__bone\"><\/div>\n                                    <div class=\"tb-calendar-v2-departure__availability desktop-only\" data-availability=\"free\"><strong>\n                                            <span class=\"tb-skeleton__bone\"><span class=\"tb-skeleton__invisible-text\">Verf\u00fcgbar<\/span><\/span>\n                                        <\/strong><\/div>\n                                    <div class=\"tb-calendar-v2-departure__spots desktop-only\">\n                                        <span class=\"tb-skeleton__bone\"><span class=\"tb-skeleton__invisible-text\">\n                                                                                             <\/span><\/span>\n                                    <\/div>\n                                <\/div>\n                                <div class=\"tb-calendar-v2-departure__last-part\">\n                                    <div class=\"tb-calendar-v2-departure__price\"><span class=\"tb-skeleton__bone\"><span class=\"tb-skeleton__invisible-text\"><strong>\u20ac 1450<\/strong><\/span><\/span><\/div>\n                                    <div class=\"tb-calendar-v2-departure__availability mobile-only\" data-availability=\"free\">\n                                        <strong>\n                                            <span class=\"tb-skeleton__bone\"><span class=\"tb-skeleton__invisible-text\">Verf\u00fcgbar<\/span><\/span>\n                                        <\/strong>\n                                    <\/div>\n                                    <div class=\"tb-calendar-v2-departure__expand-button tb-skeleton__disabled desktop-only\" disabled>\n                                        <span class=\"tb-skeleton__bone\"><span class=\"tb-skeleton__invisible-text\"><i class=\"fa-solid fa-chevron-down\"><\/i><\/span><\/span>\n                                    <\/div>\n                                <\/div>\n                            <\/div>\n                            <div class=\"tb-calendar-v2-departure__divider mobile-only tb-skeleton__bone\"><\/div>\n                            <div class=\"tb-calendar-v2-departure__expand-button mobile-only tb-skeleton__disabled\" disabled>\n                                <span class=\"tb-skeleton__bone\"><span class=\"tb-skeleton__invisible-text\"><span class=\"more-info\">Mehr Infos<\/span> <span class=\"less-info\">Weniger Infos<\/span> <i class=\"fa-solid fa-chevron-down\"><\/i><\/span><\/span>\n                            <\/div>\n                        <\/li>\n                                            <li class=\"tb-calendar-v2__departure tb-calendar-v2-departure tb-skeleton__border\" data-availability=\"free\">\n                            <div class=\"tb-calendar-v2-departure__essential\">\n                                <div class=\"tb-calendar-v2-departure__first-part\">\n                                    <div class=\"tb-calendar-v2-departure__destination desktop-only\">\n                                        <span class=\"tb-skeleton__bone\"><span class=\"tb-skeleton__invisible-text\"><strong>Beispielreise<\/strong><\/span><\/span>\n                                    <\/div>\n                                    <div class=\"tb-calendar-v2-departure__dates\">\n                                        <div class=\"tb-calendar-v2-departure__startdate\">\n                                            <span class=\"tb-skeleton__bone\"><span class=\"tb-skeleton__invisible-text\">Montag<\/span><\/span>\n                                            <span class=\"tb-skeleton__bone\"><span class=\"tb-skeleton__invisible-text\"><strong>20. Jan 2025<\/strong><\/span><\/span>\n                                        <\/div>\n                                        <span class=\"tb-skeleton__bone\"><span class=\"tb-skeleton__invisible-text\"><i class=\"fa-solid fa-arrow-right\"><\/i><\/span><\/span>\n                                        <div class=\"tb-calendar-v2-departure__enddate\">\n                                            <span class=\"tb-skeleton__bone\"><span class=\"tb-skeleton__invisible-text\">Sonntag<\/span><\/span>\n                                            <span class=\"tb-skeleton__bone\"><span class=\"tb-skeleton__invisible-text\"><strong>26. Januar 2025<\/strong><\/span><\/span>\n                                        <\/div>\n                                    <\/div>\n                                    <div class=\"tb-calendar-v2-departure__divider desktop-only tb-skeleton__bone\"><\/div>\n                                    <div class=\"tb-calendar-v2-departure__availability desktop-only\" data-availability=\"free\"><strong>\n                                            <span class=\"tb-skeleton__bone\"><span class=\"tb-skeleton__invisible-text\">Verf\u00fcgbar<\/span><\/span>\n                                        <\/strong><\/div>\n                                    <div class=\"tb-calendar-v2-departure__spots desktop-only\">\n                                        <span class=\"tb-skeleton__bone\"><span class=\"tb-skeleton__invisible-text\">\n                                                                                             <\/span><\/span>\n                                    <\/div>\n                                <\/div>\n                                <div class=\"tb-calendar-v2-departure__last-part\">\n                                    <div class=\"tb-calendar-v2-departure__price\"><span class=\"tb-skeleton__bone\"><span class=\"tb-skeleton__invisible-text\"><strong>\u20ac 1450<\/strong><\/span><\/span><\/div>\n                                    <div class=\"tb-calendar-v2-departure__availability mobile-only\" data-availability=\"free\">\n                                        <strong>\n                                            <span class=\"tb-skeleton__bone\"><span class=\"tb-skeleton__invisible-text\">Verf\u00fcgbar<\/span><\/span>\n                                        <\/strong>\n                                    <\/div>\n                                    <div class=\"tb-calendar-v2-departure__expand-button tb-skeleton__disabled desktop-only\" disabled>\n                                        <span class=\"tb-skeleton__bone\"><span class=\"tb-skeleton__invisible-text\"><i class=\"fa-solid fa-chevron-down\"><\/i><\/span><\/span>\n                                    <\/div>\n                                <\/div>\n                            <\/div>\n                            <div class=\"tb-calendar-v2-departure__divider mobile-only tb-skeleton__bone\"><\/div>\n                            <div class=\"tb-calendar-v2-departure__expand-button mobile-only tb-skeleton__disabled\" disabled>\n                                <span class=\"tb-skeleton__bone\"><span class=\"tb-skeleton__invisible-text\"><span class=\"more-info\">Mehr Infos<\/span> <span class=\"less-info\">Weniger Infos<\/span> <i class=\"fa-solid fa-chevron-down\"><\/i><\/span><\/span>\n                            <\/div>\n                        <\/li>\n                                            <li class=\"tb-calendar-v2__departure tb-calendar-v2-departure tb-skeleton__border\" data-availability=\"free\">\n                            <div class=\"tb-calendar-v2-departure__essential\">\n                                <div class=\"tb-calendar-v2-departure__first-part\">\n                                    <div class=\"tb-calendar-v2-departure__destination desktop-only\">\n                                        <span class=\"tb-skeleton__bone\"><span class=\"tb-skeleton__invisible-text\"><strong>Beispielreise<\/strong><\/span><\/span>\n                                    <\/div>\n                                    <div class=\"tb-calendar-v2-departure__dates\">\n                                        <div class=\"tb-calendar-v2-departure__startdate\">\n                                            <span class=\"tb-skeleton__bone\"><span class=\"tb-skeleton__invisible-text\">Montag<\/span><\/span>\n                                            <span class=\"tb-skeleton__bone\"><span class=\"tb-skeleton__invisible-text\"><strong>20. Jan 2025<\/strong><\/span><\/span>\n                                        <\/div>\n                                        <span class=\"tb-skeleton__bone\"><span class=\"tb-skeleton__invisible-text\"><i class=\"fa-solid fa-arrow-right\"><\/i><\/span><\/span>\n                                        <div class=\"tb-calendar-v2-departure__enddate\">\n                                            <span class=\"tb-skeleton__bone\"><span class=\"tb-skeleton__invisible-text\">Sonntag<\/span><\/span>\n                                            <span class=\"tb-skeleton__bone\"><span class=\"tb-skeleton__invisible-text\"><strong>26. Januar 2025<\/strong><\/span><\/span>\n                                        <\/div>\n                                    <\/div>\n                                    <div class=\"tb-calendar-v2-departure__divider desktop-only tb-skeleton__bone\"><\/div>\n                                    <div class=\"tb-calendar-v2-departure__availability desktop-only\" data-availability=\"free\"><strong>\n                                            <span class=\"tb-skeleton__bone\"><span class=\"tb-skeleton__invisible-text\">Verf\u00fcgbar<\/span><\/span>\n                                        <\/strong><\/div>\n                                    <div class=\"tb-calendar-v2-departure__spots desktop-only\">\n                                        <span class=\"tb-skeleton__bone\"><span class=\"tb-skeleton__invisible-text\">\n                                                                                             <\/span><\/span>\n                                    <\/div>\n                                <\/div>\n                                <div class=\"tb-calendar-v2-departure__last-part\">\n                                    <div class=\"tb-calendar-v2-departure__price\"><span class=\"tb-skeleton__bone\"><span class=\"tb-skeleton__invisible-text\"><strong>\u20ac 1450<\/strong><\/span><\/span><\/div>\n                                    <div class=\"tb-calendar-v2-departure__availability mobile-only\" data-availability=\"free\">\n                                        <strong>\n                                            <span class=\"tb-skeleton__bone\"><span class=\"tb-skeleton__invisible-text\">Verf\u00fcgbar<\/span><\/span>\n                                        <\/strong>\n                                    <\/div>\n                                    <div class=\"tb-calendar-v2-departure__expand-button tb-skeleton__disabled desktop-only\" disabled>\n                                        <span class=\"tb-skeleton__bone\"><span class=\"tb-skeleton__invisible-text\"><i class=\"fa-solid fa-chevron-down\"><\/i><\/span><\/span>\n                                    <\/div>\n                                <\/div>\n                            <\/div>\n                            <div class=\"tb-calendar-v2-departure__divider mobile-only tb-skeleton__bone\"><\/div>\n                            <div class=\"tb-calendar-v2-departure__expand-button mobile-only tb-skeleton__disabled\" disabled>\n                                <span class=\"tb-skeleton__bone\"><span class=\"tb-skeleton__invisible-text\"><span class=\"more-info\">Mehr Infos<\/span> <span class=\"less-info\">Weniger Infos<\/span> <i class=\"fa-solid fa-chevron-down\"><\/i><\/span><\/span>\n                            <\/div>\n                        <\/li>\n                                            <li class=\"tb-calendar-v2__departure tb-calendar-v2-departure tb-skeleton__border\" data-availability=\"free\">\n                            <div class=\"tb-calendar-v2-departure__essential\">\n                                <div class=\"tb-calendar-v2-departure__first-part\">\n                                    <div class=\"tb-calendar-v2-departure__destination desktop-only\">\n                                        <span class=\"tb-skeleton__bone\"><span class=\"tb-skeleton__invisible-text\"><strong>Beispielreise<\/strong><\/span><\/span>\n                                    <\/div>\n                                    <div class=\"tb-calendar-v2-departure__dates\">\n                                        <div class=\"tb-calendar-v2-departure__startdate\">\n                                            <span class=\"tb-skeleton__bone\"><span class=\"tb-skeleton__invisible-text\">Montag<\/span><\/span>\n                                            <span class=\"tb-skeleton__bone\"><span class=\"tb-skeleton__invisible-text\"><strong>20. Jan 2025<\/strong><\/span><\/span>\n                                        <\/div>\n                                        <span class=\"tb-skeleton__bone\"><span class=\"tb-skeleton__invisible-text\"><i class=\"fa-solid fa-arrow-right\"><\/i><\/span><\/span>\n                                        <div class=\"tb-calendar-v2-departure__enddate\">\n                                            <span class=\"tb-skeleton__bone\"><span class=\"tb-skeleton__invisible-text\">Sonntag<\/span><\/span>\n                                            <span class=\"tb-skeleton__bone\"><span class=\"tb-skeleton__invisible-text\"><strong>26. Januar 2025<\/strong><\/span><\/span>\n                                        <\/div>\n                                    <\/div>\n                                    <div class=\"tb-calendar-v2-departure__divider desktop-only tb-skeleton__bone\"><\/div>\n                                    <div class=\"tb-calendar-v2-departure__availability desktop-only\" data-availability=\"free\"><strong>\n                                            <span class=\"tb-skeleton__bone\"><span class=\"tb-skeleton__invisible-text\">Verf\u00fcgbar<\/span><\/span>\n                                        <\/strong><\/div>\n                                    <div class=\"tb-calendar-v2-departure__spots desktop-only\">\n                                        <span class=\"tb-skeleton__bone\"><span class=\"tb-skeleton__invisible-text\">\n                                                                                             <\/span><\/span>\n                                    <\/div>\n                                <\/div>\n                                <div class=\"tb-calendar-v2-departure__last-part\">\n                                    <div class=\"tb-calendar-v2-departure__price\"><span class=\"tb-skeleton__bone\"><span class=\"tb-skeleton__invisible-text\"><strong>\u20ac 1450<\/strong><\/span><\/span><\/div>\n                                    <div class=\"tb-calendar-v2-departure__availability mobile-only\" data-availability=\"free\">\n                                        <strong>\n                                            <span class=\"tb-skeleton__bone\"><span class=\"tb-skeleton__invisible-text\">Verf\u00fcgbar<\/span><\/span>\n                                        <\/strong>\n                                    <\/div>\n                                    <div class=\"tb-calendar-v2-departure__expand-button tb-skeleton__disabled desktop-only\" disabled>\n                                        <span class=\"tb-skeleton__bone\"><span class=\"tb-skeleton__invisible-text\"><i class=\"fa-solid fa-chevron-down\"><\/i><\/span><\/span>\n                                    <\/div>\n                                <\/div>\n                            <\/div>\n                            <div class=\"tb-calendar-v2-departure__divider mobile-only tb-skeleton__bone\"><\/div>\n                            <div class=\"tb-calendar-v2-departure__expand-button mobile-only tb-skeleton__disabled\" disabled>\n                                <span class=\"tb-skeleton__bone\"><span class=\"tb-skeleton__invisible-text\"><span class=\"more-info\">Mehr Infos<\/span> <span class=\"less-info\">Weniger Infos<\/span> <i class=\"fa-solid fa-chevron-down\"><\/i><\/span><\/span>\n                            <\/div>\n                        <\/li>\n                                    <\/ul>\n            <\/div>\n        <\/div>\n    <\/div>\n<\/div>            <div class=\"tb-calendar-v2 tb-sections\" data-calendar-data=\"{&quot;brands&quot;:[{&quot;type&quot;:&quot;brands&quot;,&quot;id&quot;:&quot;4&quot;,&quot;attributes&quot;:{&quot;name&quot;:&quot;The Vespa Trip&quot;,&quot;translatableName&quot;:{&quot;nl&quot;:&quot;The Vespa Trip&quot;,&quot;en&quot;:&quot;The Vespa Trip&quot;,&quot;fr&quot;:&quot;Le Vespa Trip&quot;,&quot;de&quot;:&quot;Der Vespa Trip&quot;}}}],&quot;packages&quot;:[{&quot;type&quot;:&quot;packages&quot;,&quot;id&quot;:&quot;TVT-AM&quot;,&quot;attributes&quot;:{&quot;name&quot;:&quot;The Vespa Trip - Amalfi&quot;,&quot;destinationName&quot;:&quot;Amalfi&quot;,&quot;destinationCountry&quot;:&quot;IT&quot;,&quot;destinationTitle&quot;:{&quot;nl&quot;:&quot;Amalfi&quot;,&quot;en&quot;:&quot;Amalfi&quot;,&quot;fr&quot;:&quot;Amalfi&quot;,&quot;de&quot;:&quot;Amalfik\\u00fcste&quot;},&quot;status&quot;:&quot;active&quot;,&quot;updatedAt&quot;:&quot;2026-04-29T09:49:32.000000Z&quot;},&quot;relationships&quot;:{&quot;brand&quot;:{&quot;data&quot;:{&quot;type&quot;:&quot;brands&quot;,&quot;id&quot;:&quot;4&quot;}}}}],&quot;departures&quot;:[{&quot;type&quot;:&quot;departures&quot;,&quot;id&quot;:&quot;t10520&quot;,&quot;attributes&quot;:{&quot;name&quot;:&quot;A-W21-SUN-4D&quot;,&quot;start&quot;:&quot;2026-05-17T10:00:00.000000Z&quot;,&quot;end&quot;:&quot;2026-05-21T12:00:00.000000Z&quot;,&quot;cheapestPrice&quot;:640,&quot;languages&quot;:[],&quot;availableSpots&quot;:0,&quot;bookedSpots&quot;:30,&quot;fakeLabel&quot;:&quot;sold out&quot;,&quot;availabilityLabel&quot;:&quot;sold out&quot;,&quot;promoLabel&quot;:null,&quot;calendarToggles&quot;:null,&quot;bookable&quot;:false,&quot;bookingUrl&quot;:&quot;https:\\\/\\\/booking.travelbase.eu\\\/tvt26\\\/book?trip=10520&quot;,&quot;packageId&quot;:&quot;TVT-AM&quot;}},{&quot;type&quot;:&quot;departures&quot;,&quot;id&quot;:&quot;t10521&quot;,&quot;attributes&quot;:{&quot;name&quot;:&quot;A-W21-THU-4D&quot;,&quot;start&quot;:&quot;2026-05-21T10:00:00.000000Z&quot;,&quot;end&quot;:&quot;2026-05-25T12:00:00.000000Z&quot;,&quot;cheapestPrice&quot;:640,&quot;languages&quot;:[],&quot;availableSpots&quot;:0,&quot;bookedSpots&quot;:28,&quot;fakeLabel&quot;:&quot;sold out&quot;,&quot;availabilityLabel&quot;:&quot;sold out&quot;,&quot;promoLabel&quot;:null,&quot;calendarToggles&quot;:null,&quot;bookable&quot;:false,&quot;bookingUrl&quot;:&quot;https:\\\/\\\/booking.travelbase.eu\\\/tvt26\\\/book?trip=10521&quot;,&quot;packageId&quot;:&quot;TVT-AM&quot;}},{&quot;type&quot;:&quot;departures&quot;,&quot;id&quot;:&quot;t10522&quot;,&quot;attributes&quot;:{&quot;name&quot;:&quot;A-W22-MON-4D&quot;,&quot;start&quot;:&quot;2026-05-25T10:00:00.000000Z&quot;,&quot;end&quot;:&quot;2026-05-29T12:00:00.000000Z&quot;,&quot;cheapestPrice&quot;:660,&quot;languages&quot;:[],&quot;availableSpots&quot;:0,&quot;bookedSpots&quot;:28,&quot;fakeLabel&quot;:&quot;sold out&quot;,&quot;availabilityLabel&quot;:&quot;sold out&quot;,&quot;promoLabel&quot;:null,&quot;calendarToggles&quot;:null,&quot;bookable&quot;:false,&quot;bookingUrl&quot;:&quot;https:\\\/\\\/booking.travelbase.eu\\\/tvt26\\\/book?trip=10522&quot;,&quot;packageId&quot;:&quot;TVT-AM&quot;}},{&quot;type&quot;:&quot;departures&quot;,&quot;id&quot;:&quot;t10523&quot;,&quot;attributes&quot;:{&quot;name&quot;:&quot;A-W22-FRI-4D&quot;,&quot;start&quot;:&quot;2026-05-29T10:00:00.000000Z&quot;,&quot;end&quot;:&quot;2026-06-02T12:00:00.000000Z&quot;,&quot;cheapestPrice&quot;:640,&quot;languages&quot;:[],&quot;availableSpots&quot;:0,&quot;bookedSpots&quot;:31,&quot;fakeLabel&quot;:&quot;sold out&quot;,&quot;availabilityLabel&quot;:&quot;sold out&quot;,&quot;promoLabel&quot;:null,&quot;calendarToggles&quot;:null,&quot;bookable&quot;:false,&quot;bookingUrl&quot;:&quot;https:\\\/\\\/booking.travelbase.eu\\\/tvt26\\\/book?trip=10523&quot;,&quot;packageId&quot;:&quot;TVT-AM&quot;}},{&quot;type&quot;:&quot;departures&quot;,&quot;id&quot;:&quot;t10524&quot;,&quot;attributes&quot;:{&quot;name&quot;:&quot;A-W23-TUE-4D&quot;,&quot;start&quot;:&quot;2026-06-02T10:00:00.000000Z&quot;,&quot;end&quot;:&quot;2026-06-06T12:00:00.000000Z&quot;,&quot;cheapestPrice&quot;:640,&quot;languages&quot;:[],&quot;availableSpots&quot;:0,&quot;bookedSpots&quot;:33,&quot;fakeLabel&quot;:&quot;sold out&quot;,&quot;availabilityLabel&quot;:&quot;sold out&quot;,&quot;promoLabel&quot;:null,&quot;calendarToggles&quot;:null,&quot;bookable&quot;:false,&quot;bookingUrl&quot;:&quot;https:\\\/\\\/booking.travelbase.eu\\\/tvt26\\\/book?trip=10524&quot;,&quot;packageId&quot;:&quot;TVT-AM&quot;}},{&quot;type&quot;:&quot;departures&quot;,&quot;id&quot;:&quot;t10525&quot;,&quot;attributes&quot;:{&quot;name&quot;:&quot;A-W23-SAT-4D&quot;,&quot;start&quot;:&quot;2026-06-06T10:00:00.000000Z&quot;,&quot;end&quot;:&quot;2026-06-10T12:00:00.000000Z&quot;,&quot;cheapestPrice&quot;:660,&quot;languages&quot;:[],&quot;availableSpots&quot;:0,&quot;bookedSpots&quot;:31,&quot;fakeLabel&quot;:&quot;sold out&quot;,&quot;availabilityLabel&quot;:&quot;sold out&quot;,&quot;promoLabel&quot;:null,&quot;calendarToggles&quot;:null,&quot;bookable&quot;:false,&quot;bookingUrl&quot;:&quot;https:\\\/\\\/booking.travelbase.eu\\\/tvt26\\\/book?trip=10525&quot;,&quot;packageId&quot;:&quot;TVT-AM&quot;}},{&quot;type&quot;:&quot;departures&quot;,&quot;id&quot;:&quot;t10526&quot;,&quot;attributes&quot;:{&quot;name&quot;:&quot;A-W24-WED-4D&quot;,&quot;start&quot;:&quot;2026-06-10T10:00:00.000000Z&quot;,&quot;end&quot;:&quot;2026-06-14T12:00:00.000000Z&quot;,&quot;cheapestPrice&quot;:660,&quot;languages&quot;:[],&quot;availableSpots&quot;:6,&quot;bookedSpots&quot;:24,&quot;fakeLabel&quot;:&quot;sold out&quot;,&quot;availabilityLabel&quot;:&quot;sold out&quot;,&quot;promoLabel&quot;:null,&quot;calendarToggles&quot;:null,&quot;bookable&quot;:false,&quot;bookingUrl&quot;:&quot;https:\\\/\\\/booking.travelbase.eu\\\/tvt26\\\/book?trip=10526&quot;,&quot;packageId&quot;:&quot;TVT-AM&quot;}},{&quot;type&quot;:&quot;departures&quot;,&quot;id&quot;:&quot;t10527&quot;,&quot;attributes&quot;:{&quot;name&quot;:&quot;A-W25-SUN-4D&quot;,&quot;start&quot;:&quot;2026-06-14T10:00:00.000000Z&quot;,&quot;end&quot;:&quot;2026-06-18T12:00:00.000000Z&quot;,&quot;cheapestPrice&quot;:660,&quot;languages&quot;:[],&quot;availableSpots&quot;:8,&quot;bookedSpots&quot;:24,&quot;fakeLabel&quot;:&quot;&quot;,&quot;availabilityLabel&quot;:&quot;&quot;,&quot;promoLabel&quot;:null,&quot;calendarToggles&quot;:null,&quot;bookable&quot;:true,&quot;bookingUrl&quot;:&quot;https:\\\/\\\/booking.travelbase.eu\\\/tvt26\\\/book?trip=10527&quot;,&quot;packageId&quot;:&quot;TVT-AM&quot;}},{&quot;type&quot;:&quot;departures&quot;,&quot;id&quot;:&quot;t10528&quot;,&quot;attributes&quot;:{&quot;name&quot;:&quot;A-W25-THU-4D&quot;,&quot;start&quot;:&quot;2026-06-18T10:00:00.000000Z&quot;,&quot;end&quot;:&quot;2026-06-22T12:00:00.000000Z&quot;,&quot;cheapestPrice&quot;:660,&quot;languages&quot;:[],&quot;availableSpots&quot;:8,&quot;bookedSpots&quot;:23,&quot;fakeLabel&quot;:&quot;last stock&quot;,&quot;availabilityLabel&quot;:&quot;last spots&quot;,&quot;promoLabel&quot;:null,&quot;calendarToggles&quot;:null,&quot;bookable&quot;:true,&quot;bookingUrl&quot;:&quot;https:\\\/\\\/booking.travelbase.eu\\\/tvt26\\\/book?trip=10528&quot;,&quot;packageId&quot;:&quot;TVT-AM&quot;}},{&quot;type&quot;:&quot;departures&quot;,&quot;id&quot;:&quot;t10529&quot;,&quot;attributes&quot;:{&quot;name&quot;:&quot;A-W26-MON-4D&quot;,&quot;start&quot;:&quot;2026-06-22T10:00:00.000000Z&quot;,&quot;end&quot;:&quot;2026-06-26T12:00:00.000000Z&quot;,&quot;cheapestPrice&quot;:660,&quot;languages&quot;:[],&quot;availableSpots&quot;:16,&quot;bookedSpots&quot;:15,&quot;fakeLabel&quot;:&quot;last stock&quot;,&quot;availabilityLabel&quot;:&quot;last spots&quot;,&quot;promoLabel&quot;:null,&quot;calendarToggles&quot;:null,&quot;bookable&quot;:true,&quot;bookingUrl&quot;:&quot;https:\\\/\\\/booking.travelbase.eu\\\/tvt26\\\/book?trip=10529&quot;,&quot;packageId&quot;:&quot;TVT-AM&quot;}},{&quot;type&quot;:&quot;departures&quot;,&quot;id&quot;:&quot;t10530&quot;,&quot;attributes&quot;:{&quot;name&quot;:&quot;A-W26-FRI-4D&quot;,&quot;start&quot;:&quot;2026-06-26T10:00:00.000000Z&quot;,&quot;end&quot;:&quot;2026-06-30T12:00:00.000000Z&quot;,&quot;cheapestPrice&quot;:660,&quot;languages&quot;:[],&quot;availableSpots&quot;:16,&quot;bookedSpots&quot;:13,&quot;fakeLabel&quot;:&quot;last stock&quot;,&quot;availabilityLabel&quot;:&quot;last spots&quot;,&quot;promoLabel&quot;:null,&quot;calendarToggles&quot;:null,&quot;bookable&quot;:true,&quot;bookingUrl&quot;:&quot;https:\\\/\\\/booking.travelbase.eu\\\/tvt26\\\/book?trip=10530&quot;,&quot;packageId&quot;:&quot;TVT-AM&quot;}},{&quot;type&quot;:&quot;departures&quot;,&quot;id&quot;:&quot;t10531&quot;,&quot;attributes&quot;:{&quot;name&quot;:&quot;A-W27-TUE-4D&quot;,&quot;start&quot;:&quot;2026-06-30T10:00:00.000000Z&quot;,&quot;end&quot;:&quot;2026-07-04T12:00:00.000000Z&quot;,&quot;cheapestPrice&quot;:640,&quot;languages&quot;:[],&quot;availableSpots&quot;:26,&quot;bookedSpots&quot;:6,&quot;fakeLabel&quot;:&quot;last stock&quot;,&quot;availabilityLabel&quot;:&quot;last spots&quot;,&quot;promoLabel&quot;:null,&quot;calendarToggles&quot;:null,&quot;bookable&quot;:true,&quot;bookingUrl&quot;:&quot;https:\\\/\\\/booking.travelbase.eu\\\/tvt26\\\/book?trip=10531&quot;,&quot;packageId&quot;:&quot;TVT-AM&quot;}},{&quot;type&quot;:&quot;departures&quot;,&quot;id&quot;:&quot;t10532&quot;,&quot;attributes&quot;:{&quot;name&quot;:&quot;A-W27-SAT-4D&quot;,&quot;start&quot;:&quot;2026-07-04T10:00:00.000000Z&quot;,&quot;end&quot;:&quot;2026-07-08T12:00:00.000000Z&quot;,&quot;cheapestPrice&quot;:640,&quot;languages&quot;:[],&quot;availableSpots&quot;:12,&quot;bookedSpots&quot;:18,&quot;fakeLabel&quot;:&quot;&quot;,&quot;availabilityLabel&quot;:&quot;&quot;,&quot;promoLabel&quot;:null,&quot;calendarToggles&quot;:null,&quot;bookable&quot;:true,&quot;bookingUrl&quot;:&quot;https:\\\/\\\/booking.travelbase.eu\\\/tvt26\\\/book?trip=10532&quot;,&quot;packageId&quot;:&quot;TVT-AM&quot;}},{&quot;type&quot;:&quot;departures&quot;,&quot;id&quot;:&quot;t10533&quot;,&quot;attributes&quot;:{&quot;name&quot;:&quot;A-W28-WED-4D&quot;,&quot;start&quot;:&quot;2026-07-08T10:00:00.000000Z&quot;,&quot;end&quot;:&quot;2026-07-12T12:00:00.000000Z&quot;,&quot;cheapestPrice&quot;:660,&quot;languages&quot;:[],&quot;availableSpots&quot;:10,&quot;bookedSpots&quot;:22,&quot;fakeLabel&quot;:&quot;last stock&quot;,&quot;availabilityLabel&quot;:&quot;last spots&quot;,&quot;promoLabel&quot;:null,&quot;calendarToggles&quot;:null,&quot;bookable&quot;:true,&quot;bookingUrl&quot;:&quot;https:\\\/\\\/booking.travelbase.eu\\\/tvt26\\\/book?trip=10533&quot;,&quot;packageId&quot;:&quot;TVT-AM&quot;}},{&quot;type&quot;:&quot;departures&quot;,&quot;id&quot;:&quot;t10534&quot;,&quot;attributes&quot;:{&quot;name&quot;:&quot;A-W29-SUN-4D&quot;,&quot;start&quot;:&quot;2026-07-12T10:00:00.000000Z&quot;,&quot;end&quot;:&quot;2026-07-16T12:00:00.000000Z&quot;,&quot;cheapestPrice&quot;:640,&quot;languages&quot;:[],&quot;availableSpots&quot;:20,&quot;bookedSpots&quot;:12,&quot;fakeLabel&quot;:&quot;&quot;,&quot;availabilityLabel&quot;:&quot;&quot;,&quot;promoLabel&quot;:null,&quot;calendarToggles&quot;:null,&quot;bookable&quot;:true,&quot;bookingUrl&quot;:&quot;https:\\\/\\\/booking.travelbase.eu\\\/tvt26\\\/book?trip=10534&quot;,&quot;packageId&quot;:&quot;TVT-AM&quot;}},{&quot;type&quot;:&quot;departures&quot;,&quot;id&quot;:&quot;t10535&quot;,&quot;attributes&quot;:{&quot;name&quot;:&quot;A-W29-THU-4D&quot;,&quot;start&quot;:&quot;2026-07-16T10:00:00.000000Z&quot;,&quot;end&quot;:&quot;2026-07-20T12:00:00.000000Z&quot;,&quot;cheapestPrice&quot;:640,&quot;languages&quot;:[],&quot;availableSpots&quot;:16,&quot;bookedSpots&quot;:14,&quot;fakeLabel&quot;:&quot;&quot;,&quot;availabilityLabel&quot;:&quot;&quot;,&quot;promoLabel&quot;:null,&quot;calendarToggles&quot;:null,&quot;bookable&quot;:true,&quot;bookingUrl&quot;:&quot;https:\\\/\\\/booking.travelbase.eu\\\/tvt26\\\/book?trip=10535&quot;,&quot;packageId&quot;:&quot;TVT-AM&quot;}},{&quot;type&quot;:&quot;departures&quot;,&quot;id&quot;:&quot;t10536&quot;,&quot;attributes&quot;:{&quot;name&quot;:&quot;A-W30-MON-4D&quot;,&quot;start&quot;:&quot;2026-07-20T10:00:00.000000Z&quot;,&quot;end&quot;:&quot;2026-07-24T12:00:00.000000Z&quot;,&quot;cheapestPrice&quot;:660,&quot;languages&quot;:[],&quot;availableSpots&quot;:14,&quot;bookedSpots&quot;:16,&quot;fakeLabel&quot;:&quot;last stock&quot;,&quot;availabilityLabel&quot;:&quot;last spots&quot;,&quot;promoLabel&quot;:null,&quot;calendarToggles&quot;:null,&quot;bookable&quot;:true,&quot;bookingUrl&quot;:&quot;https:\\\/\\\/booking.travelbase.eu\\\/tvt26\\\/book?trip=10536&quot;,&quot;packageId&quot;:&quot;TVT-AM&quot;}},{&quot;type&quot;:&quot;departures&quot;,&quot;id&quot;:&quot;t10537&quot;,&quot;attributes&quot;:{&quot;name&quot;:&quot;A-W30-FRI-4D&quot;,&quot;start&quot;:&quot;2026-07-24T10:00:00.000000Z&quot;,&quot;end&quot;:&quot;2026-07-28T12:00:00.000000Z&quot;,&quot;cheapestPrice&quot;:660,&quot;languages&quot;:[],&quot;availableSpots&quot;:30,&quot;bookedSpots&quot;:2,&quot;fakeLabel&quot;:&quot;&quot;,&quot;availabilityLabel&quot;:&quot;&quot;,&quot;promoLabel&quot;:null,&quot;calendarToggles&quot;:null,&quot;bookable&quot;:true,&quot;bookingUrl&quot;:&quot;https:\\\/\\\/booking.travelbase.eu\\\/tvt26\\\/book?trip=10537&quot;,&quot;packageId&quot;:&quot;TVT-AM&quot;}},{&quot;type&quot;:&quot;departures&quot;,&quot;id&quot;:&quot;t10538&quot;,&quot;attributes&quot;:{&quot;name&quot;:&quot;A-W31-TUE-4D&quot;,&quot;start&quot;:&quot;2026-07-28T10:00:00.000000Z&quot;,&quot;end&quot;:&quot;2026-08-01T12:00:00.000000Z&quot;,&quot;cheapestPrice&quot;:660,&quot;languages&quot;:[],&quot;availableSpots&quot;:14,&quot;bookedSpots&quot;:16,&quot;fakeLabel&quot;:&quot;last stock&quot;,&quot;availabilityLabel&quot;:&quot;last spots&quot;,&quot;promoLabel&quot;:null,&quot;calendarToggles&quot;:null,&quot;bookable&quot;:true,&quot;bookingUrl&quot;:&quot;https:\\\/\\\/booking.travelbase.eu\\\/tvt26\\\/book?trip=10538&quot;,&quot;packageId&quot;:&quot;TVT-AM&quot;}},{&quot;type&quot;:&quot;departures&quot;,&quot;id&quot;:&quot;t10539&quot;,&quot;attributes&quot;:{&quot;name&quot;:&quot;A-W31-SAT-4D&quot;,&quot;start&quot;:&quot;2026-08-01T10:00:00.000000Z&quot;,&quot;end&quot;:&quot;2026-08-05T12:00:00.000000Z&quot;,&quot;cheapestPrice&quot;:660,&quot;languages&quot;:[],&quot;availableSpots&quot;:24,&quot;bookedSpots&quot;:8,&quot;fakeLabel&quot;:&quot;&quot;,&quot;availabilityLabel&quot;:&quot;&quot;,&quot;promoLabel&quot;:null,&quot;calendarToggles&quot;:null,&quot;bookable&quot;:true,&quot;bookingUrl&quot;:&quot;https:\\\/\\\/booking.travelbase.eu\\\/tvt26\\\/book?trip=10539&quot;,&quot;packageId&quot;:&quot;TVT-AM&quot;}},{&quot;type&quot;:&quot;departures&quot;,&quot;id&quot;:&quot;t10540&quot;,&quot;attributes&quot;:{&quot;name&quot;:&quot;A-W32-WED-4D&quot;,&quot;start&quot;:&quot;2026-08-05T10:00:00.000000Z&quot;,&quot;end&quot;:&quot;2026-08-09T12:00:00.000000Z&quot;,&quot;cheapestPrice&quot;:660,&quot;languages&quot;:[],&quot;availableSpots&quot;:8,&quot;bookedSpots&quot;:8,&quot;fakeLabel&quot;:&quot;&quot;,&quot;availabilityLabel&quot;:&quot;&quot;,&quot;promoLabel&quot;:null,&quot;calendarToggles&quot;:null,&quot;bookable&quot;:true,&quot;bookingUrl&quot;:&quot;https:\\\/\\\/booking.travelbase.eu\\\/tvt26\\\/book?trip=10540&quot;,&quot;packageId&quot;:&quot;TVT-AM&quot;}},{&quot;type&quot;:&quot;departures&quot;,&quot;id&quot;:&quot;t10541&quot;,&quot;attributes&quot;:{&quot;name&quot;:&quot;A-W33-SUN-4D&quot;,&quot;start&quot;:&quot;2026-08-09T10:00:00.000000Z&quot;,&quot;end&quot;:&quot;2026-08-13T12:00:00.000000Z&quot;,&quot;cheapestPrice&quot;:660,&quot;languages&quot;:[],&quot;availableSpots&quot;:2,&quot;bookedSpots&quot;:14,&quot;fakeLabel&quot;:&quot;last stock&quot;,&quot;availabilityLabel&quot;:&quot;last spots&quot;,&quot;promoLabel&quot;:null,&quot;calendarToggles&quot;:null,&quot;bookable&quot;:true,&quot;bookingUrl&quot;:&quot;https:\\\/\\\/booking.travelbase.eu\\\/tvt26\\\/book?trip=10541&quot;,&quot;packageId&quot;:&quot;TVT-AM&quot;}},{&quot;type&quot;:&quot;departures&quot;,&quot;id&quot;:&quot;t10542&quot;,&quot;attributes&quot;:{&quot;name&quot;:&quot;A-W33-THU-4D&quot;,&quot;start&quot;:&quot;2026-08-13T10:00:00.000000Z&quot;,&quot;end&quot;:&quot;2026-08-17T12:00:00.000000Z&quot;,&quot;cheapestPrice&quot;:660,&quot;languages&quot;:[],&quot;availableSpots&quot;:14,&quot;bookedSpots&quot;:2,&quot;fakeLabel&quot;:&quot;&quot;,&quot;availabilityLabel&quot;:&quot;&quot;,&quot;promoLabel&quot;:null,&quot;calendarToggles&quot;:null,&quot;bookable&quot;:true,&quot;bookingUrl&quot;:&quot;https:\\\/\\\/booking.travelbase.eu\\\/tvt26\\\/book?trip=10542&quot;,&quot;packageId&quot;:&quot;TVT-AM&quot;}},{&quot;type&quot;:&quot;departures&quot;,&quot;id&quot;:&quot;t10543&quot;,&quot;attributes&quot;:{&quot;name&quot;:&quot;A-W34-MON-4D&quot;,&quot;start&quot;:&quot;2026-08-17T10:00:00.000000Z&quot;,&quot;end&quot;:&quot;2026-08-21T12:00:00.000000Z&quot;,&quot;cheapestPrice&quot;:660,&quot;languages&quot;:[],&quot;availableSpots&quot;:4,&quot;bookedSpots&quot;:11,&quot;fakeLabel&quot;:&quot;&quot;,&quot;availabilityLabel&quot;:&quot;&quot;,&quot;promoLabel&quot;:null,&quot;calendarToggles&quot;:null,&quot;bookable&quot;:true,&quot;bookingUrl&quot;:&quot;https:\\\/\\\/booking.travelbase.eu\\\/tvt26\\\/book?trip=10543&quot;,&quot;packageId&quot;:&quot;TVT-AM&quot;}},{&quot;type&quot;:&quot;departures&quot;,&quot;id&quot;:&quot;t10544&quot;,&quot;attributes&quot;:{&quot;name&quot;:&quot;A-W34-FRI-4D&quot;,&quot;start&quot;:&quot;2026-08-21T10:00:00.000000Z&quot;,&quot;end&quot;:&quot;2026-08-25T12:00:00.000000Z&quot;,&quot;cheapestPrice&quot;:660,&quot;languages&quot;:[],&quot;availableSpots&quot;:30,&quot;bookedSpots&quot;:2,&quot;fakeLabel&quot;:&quot;&quot;,&quot;availabilityLabel&quot;:&quot;&quot;,&quot;promoLabel&quot;:null,&quot;calendarToggles&quot;:null,&quot;bookable&quot;:true,&quot;bookingUrl&quot;:&quot;https:\\\/\\\/booking.travelbase.eu\\\/tvt26\\\/book?trip=10544&quot;,&quot;packageId&quot;:&quot;TVT-AM&quot;}},{&quot;type&quot;:&quot;departures&quot;,&quot;id&quot;:&quot;t10545&quot;,&quot;attributes&quot;:{&quot;name&quot;:&quot;A-W35-TUE-4D&quot;,&quot;start&quot;:&quot;2026-08-25T10:00:00.000000Z&quot;,&quot;end&quot;:&quot;2026-08-29T12:00:00.000000Z&quot;,&quot;cheapestPrice&quot;:660,&quot;languages&quot;:[],&quot;availableSpots&quot;:6,&quot;bookedSpots&quot;:7,&quot;fakeLabel&quot;:&quot;&quot;,&quot;availabilityLabel&quot;:&quot;&quot;,&quot;promoLabel&quot;:null,&quot;calendarToggles&quot;:null,&quot;bookable&quot;:true,&quot;bookingUrl&quot;:&quot;https:\\\/\\\/booking.travelbase.eu\\\/tvt26\\\/book?trip=10545&quot;,&quot;packageId&quot;:&quot;TVT-AM&quot;}},{&quot;type&quot;:&quot;departures&quot;,&quot;id&quot;:&quot;t10546&quot;,&quot;attributes&quot;:{&quot;name&quot;:&quot;A-W35-SAT-4D&quot;,&quot;start&quot;:&quot;2026-08-29T10:00:00.000000Z&quot;,&quot;end&quot;:&quot;2026-09-02T12:00:00.000000Z&quot;,&quot;cheapestPrice&quot;:660,&quot;languages&quot;:[],&quot;availableSpots&quot;:16,&quot;bookedSpots&quot;:15,&quot;fakeLabel&quot;:&quot;last stock&quot;,&quot;availabilityLabel&quot;:&quot;last spots&quot;,&quot;promoLabel&quot;:null,&quot;calendarToggles&quot;:null,&quot;bookable&quot;:true,&quot;bookingUrl&quot;:&quot;https:\\\/\\\/booking.travelbase.eu\\\/tvt26\\\/book?trip=10546&quot;,&quot;packageId&quot;:&quot;TVT-AM&quot;}},{&quot;type&quot;:&quot;departures&quot;,&quot;id&quot;:&quot;t10547&quot;,&quot;attributes&quot;:{&quot;name&quot;:&quot;A-W36-WED-4D&quot;,&quot;start&quot;:&quot;2026-09-02T10:00:00.000000Z&quot;,&quot;end&quot;:&quot;2026-09-06T12:00:00.000000Z&quot;,&quot;cheapestPrice&quot;:660,&quot;languages&quot;:[],&quot;availableSpots&quot;:8,&quot;bookedSpots&quot;:24,&quot;fakeLabel&quot;:&quot;last stock&quot;,&quot;availabilityLabel&quot;:&quot;last spots&quot;,&quot;promoLabel&quot;:null,&quot;calendarToggles&quot;:null,&quot;bookable&quot;:true,&quot;bookingUrl&quot;:&quot;https:\\\/\\\/booking.travelbase.eu\\\/tvt26\\\/book?trip=10547&quot;,&quot;packageId&quot;:&quot;TVT-AM&quot;}},{&quot;type&quot;:&quot;departures&quot;,&quot;id&quot;:&quot;t10548&quot;,&quot;attributes&quot;:{&quot;name&quot;:&quot;A-W37-SUN-4D&quot;,&quot;start&quot;:&quot;2026-09-06T10:00:00.000000Z&quot;,&quot;end&quot;:&quot;2026-09-10T12:00:00.000000Z&quot;,&quot;cheapestPrice&quot;:660,&quot;languages&quot;:[],&quot;availableSpots&quot;:0,&quot;bookedSpots&quot;:26,&quot;fakeLabel&quot;:&quot;sold out&quot;,&quot;availabilityLabel&quot;:&quot;sold out&quot;,&quot;promoLabel&quot;:null,&quot;calendarToggles&quot;:null,&quot;bookable&quot;:false,&quot;bookingUrl&quot;:&quot;https:\\\/\\\/booking.travelbase.eu\\\/tvt26\\\/book?trip=10548&quot;,&quot;packageId&quot;:&quot;TVT-AM&quot;}},{&quot;type&quot;:&quot;departures&quot;,&quot;id&quot;:&quot;t10549&quot;,&quot;attributes&quot;:{&quot;name&quot;:&quot;A-W37-THU-4D&quot;,&quot;start&quot;:&quot;2026-09-10T10:00:00.000000Z&quot;,&quot;end&quot;:&quot;2026-09-14T12:00:00.000000Z&quot;,&quot;cheapestPrice&quot;:660,&quot;languages&quot;:[],&quot;availableSpots&quot;:4,&quot;bookedSpots&quot;:25,&quot;fakeLabel&quot;:&quot;last stock&quot;,&quot;availabilityLabel&quot;:&quot;last spots&quot;,&quot;promoLabel&quot;:null,&quot;calendarToggles&quot;:null,&quot;bookable&quot;:true,&quot;bookingUrl&quot;:&quot;https:\\\/\\\/booking.travelbase.eu\\\/tvt26\\\/book?trip=10549&quot;,&quot;packageId&quot;:&quot;TVT-AM&quot;}},{&quot;type&quot;:&quot;departures&quot;,&quot;id&quot;:&quot;t10550&quot;,&quot;attributes&quot;:{&quot;name&quot;:&quot;A-W38-MON-4D&quot;,&quot;start&quot;:&quot;2026-09-14T10:00:00.000000Z&quot;,&quot;end&quot;:&quot;2026-09-18T12:00:00.000000Z&quot;,&quot;cheapestPrice&quot;:660,&quot;languages&quot;:[],&quot;availableSpots&quot;:8,&quot;bookedSpots&quot;:24,&quot;fakeLabel&quot;:&quot;last stock&quot;,&quot;availabilityLabel&quot;:&quot;last spots&quot;,&quot;promoLabel&quot;:null,&quot;calendarToggles&quot;:null,&quot;bookable&quot;:true,&quot;bookingUrl&quot;:&quot;https:\\\/\\\/booking.travelbase.eu\\\/tvt26\\\/book?trip=10550&quot;,&quot;packageId&quot;:&quot;TVT-AM&quot;}},{&quot;type&quot;:&quot;departures&quot;,&quot;id&quot;:&quot;t10551&quot;,&quot;attributes&quot;:{&quot;name&quot;:&quot;A-W38-FRI-4D&quot;,&quot;start&quot;:&quot;2026-09-18T10:00:00.000000Z&quot;,&quot;end&quot;:&quot;2026-09-22T12:00:00.000000Z&quot;,&quot;cheapestPrice&quot;:660,&quot;languages&quot;:[],&quot;availableSpots&quot;:12,&quot;bookedSpots&quot;:15,&quot;fakeLabel&quot;:&quot;last stock&quot;,&quot;availabilityLabel&quot;:&quot;last spots&quot;,&quot;promoLabel&quot;:null,&quot;calendarToggles&quot;:null,&quot;bookable&quot;:true,&quot;bookingUrl&quot;:&quot;https:\\\/\\\/booking.travelbase.eu\\\/tvt26\\\/book?trip=10551&quot;,&quot;packageId&quot;:&quot;TVT-AM&quot;}},{&quot;type&quot;:&quot;departures&quot;,&quot;id&quot;:&quot;t10552&quot;,&quot;attributes&quot;:{&quot;name&quot;:&quot;A-W39-TUE-4D&quot;,&quot;start&quot;:&quot;2026-09-22T10:00:00.000000Z&quot;,&quot;end&quot;:&quot;2026-09-26T12:00:00.000000Z&quot;,&quot;cheapestPrice&quot;:660,&quot;languages&quot;:[],&quot;availableSpots&quot;:24,&quot;bookedSpots&quot;:7,&quot;fakeLabel&quot;:&quot;&quot;,&quot;availabilityLabel&quot;:&quot;&quot;,&quot;promoLabel&quot;:null,&quot;calendarToggles&quot;:null,&quot;bookable&quot;:true,&quot;bookingUrl&quot;:&quot;https:\\\/\\\/booking.travelbase.eu\\\/tvt26\\\/book?trip=10552&quot;,&quot;packageId&quot;:&quot;TVT-AM&quot;}},{&quot;type&quot;:&quot;departures&quot;,&quot;id&quot;:&quot;t10553&quot;,&quot;attributes&quot;:{&quot;name&quot;:&quot;A-W39-SAT-4D&quot;,&quot;start&quot;:&quot;2026-09-26T10:00:00.000000Z&quot;,&quot;end&quot;:&quot;2026-09-30T12:00:00.000000Z&quot;,&quot;cheapestPrice&quot;:660,&quot;languages&quot;:[],&quot;availableSpots&quot;:24,&quot;bookedSpots&quot;:8,&quot;fakeLabel&quot;:&quot;&quot;,&quot;availabilityLabel&quot;:&quot;&quot;,&quot;promoLabel&quot;:null,&quot;calendarToggles&quot;:null,&quot;bookable&quot;:true,&quot;bookingUrl&quot;:&quot;https:\\\/\\\/booking.travelbase.eu\\\/tvt26\\\/book?trip=10553&quot;,&quot;packageId&quot;:&quot;TVT-AM&quot;}},{&quot;type&quot;:&quot;departures&quot;,&quot;id&quot;:&quot;t10554&quot;,&quot;attributes&quot;:{&quot;name&quot;:&quot;A-W40-WED-4D&quot;,&quot;start&quot;:&quot;2026-09-30T10:00:00.000000Z&quot;,&quot;end&quot;:&quot;2026-10-04T12:00:00.000000Z&quot;,&quot;cheapestPrice&quot;:660,&quot;languages&quot;:[],&quot;availableSpots&quot;:16,&quot;bookedSpots&quot;:15,&quot;fakeLabel&quot;:&quot;last stock&quot;,&quot;availabilityLabel&quot;:&quot;last spots&quot;,&quot;promoLabel&quot;:null,&quot;calendarToggles&quot;:null,&quot;bookable&quot;:true,&quot;bookingUrl&quot;:&quot;https:\\\/\\\/booking.travelbase.eu\\\/tvt26\\\/book?trip=10554&quot;,&quot;packageId&quot;:&quot;TVT-AM&quot;}},{&quot;type&quot;:&quot;departures&quot;,&quot;id&quot;:&quot;t10555&quot;,&quot;attributes&quot;:{&quot;name&quot;:&quot;A-W41-SUN-4D&quot;,&quot;start&quot;:&quot;2026-10-04T10:00:00.000000Z&quot;,&quot;end&quot;:&quot;2026-10-08T12:00:00.000000Z&quot;,&quot;cheapestPrice&quot;:660,&quot;languages&quot;:[],&quot;availableSpots&quot;:32,&quot;bookedSpots&quot;:0,&quot;fakeLabel&quot;:&quot;&quot;,&quot;availabilityLabel&quot;:&quot;&quot;,&quot;promoLabel&quot;:null,&quot;calendarToggles&quot;:null,&quot;bookable&quot;:true,&quot;bookingUrl&quot;:&quot;https:\\\/\\\/booking.travelbase.eu\\\/tvt26\\\/book?trip=10555&quot;,&quot;packageId&quot;:&quot;TVT-AM&quot;}}]}\" data-summary-content=\"Only 30% to confirm your booking\" data-summary-inclusive='[{&quot;remark&quot;:&quot;Four nights in an amazing hotel&quot;,&quot;rowid&quot;:&quot;6841d081d1f73&quot;},{&quot;remark&quot;:&quot;Breakfast included&quot;,&quot;rowid&quot;:&quot;68f9f60c60df4&quot;},{&quot;remark&quot;:&quot;The rent of your Vespa, helmet(s) and lock&quot;,&quot;rowid&quot;:&quot;6841d081d1f91&quot;},{&quot;remark&quot;:&quot;The care of our guides&quot;,&quot;rowid&quot;:&quot;6841d081d1fc8&quot;}]'><\/div>\n        <\/div>\n    <\/div>","protected":false},"excerpt":{"rendered":"","protected":false},"author":46,"featured_media":502,"parent":0,"menu_order":0,"comment_status":"closed","ping_status":"closed","template":"","meta":{"_acf_changed":false,"inline_featured_image":false,"footnotes":""},"class_list":["post-116","page","type-page","status-publish","has-post-thumbnail","hentry"],"acf":{"page_package_ids":"TVT-AM","is_main_package_page":true,"additional_linked_packages":[],"feed_page_to_atlas":true},"_links":{"self":[{"href":"https:\/\/tvt.travelblox.eu\/de\/wp-json\/wp\/v2\/pages\/116","targetHints":{"allow":["GET"]}}],"collection":[{"href":"https:\/\/tvt.travelblox.eu\/de\/wp-json\/wp\/v2\/pages"}],"about":[{"href":"https:\/\/tvt.travelblox.eu\/de\/wp-json\/wp\/v2\/types\/page"}],"author":[{"embeddable":true,"href":"https:\/\/tvt.travelblox.eu\/de\/wp-json\/wp\/v2\/users\/46"}],"replies":[{"embeddable":true,"href":"https:\/\/tvt.travelblox.eu\/de\/wp-json\/wp\/v2\/comments?post=116"}],"version-history":[{"count":50,"href":"https:\/\/tvt.travelblox.eu\/de\/wp-json\/wp\/v2\/pages\/116\/revisions"}],"predecessor-version":[{"id":5127,"href":"https:\/\/tvt.travelblox.eu\/de\/wp-json\/wp\/v2\/pages\/116\/revisions\/5127"}],"wp:featuredmedia":[{"embeddable":true,"href":"https:\/\/tvt.travelblox.eu\/de\/wp-json\/wp\/v2\/media\/502"}],"wp:attachment":[{"href":"https:\/\/tvt.travelblox.eu\/de\/wp-json\/wp\/v2\/media?parent=116"}],"curies":[{"name":"wp","href":"https:\/\/api.w.org\/{rel}","templated":true}]}}